{"id":11876,"date":"2023-11-08T12:06:05","date_gmt":"2023-11-08T15:06:05","guid":{"rendered":"https:\/\/www.pacoteshyatt.com.br\/rio-de-janeiro\/?page_id=11876"},"modified":"2025-10-07T17:03:09","modified_gmt":"2025-10-07T20:03:09","slug":"galeria-acomodacoes","status":"publish","type":"page","link":"https:\/\/www.pacoteshyatt.com.br\/rio-de-janeiro\/galeria-acomodacoes\/","title":{"rendered":"Galeria &#8211; Acomoda\u00e7\u00f5es"},"content":{"rendered":"<div class=\"gb-container gb-container-ced0f595\">\n\n<div class=\"wp-block-cover is-light\" style=\"padding-top:70px;padding-left:0px;min-height:791px\"><span aria-hidden=\"true\" class=\"has-background-dim-0 wp-block-cover__gradient-background has-background-dim\"><\/span><img loading=\"lazy\" width=\"2560\" height=\"1707\" class=\"wp-block-cover__image-background wp-image-11877\" alt=\"\" src=\"https:\/\/www.pacoteshyatt.com.br\/rio-de-janeiro\/wp-content\/uploads\/sites\/2\/2023\/10\/Grand-Hyatt-Rio-de-Janeiro-Presidential-Suite-Ocean-Front-View-scaled.jpg\" style=\"object-position:50% 50%\" data-object-fit=\"cover\" data-object-position=\"50% 50%\" srcset=\"https:\/\/www.pacoteshyatt.com.br\/rio-de-janeiro\/wp-content\/uploads\/sites\/2\/2023\/10\/Grand-Hyatt-Rio-de-Janeiro-Presidential-Suite-Ocean-Front-View-scaled.jpg 2560w, https:\/\/www.pacoteshyatt.com.br\/rio-de-janeiro\/wp-content\/uploads\/sites\/2\/2023\/10\/Grand-Hyatt-Rio-de-Janeiro-Presidential-Suite-Ocean-Front-View-300x200.jpg 300w, https:\/\/www.pacoteshyatt.com.br\/rio-de-janeiro\/wp-content\/uploads\/sites\/2\/2023\/10\/Grand-Hyatt-Rio-de-Janeiro-Presidential-Suite-Ocean-Front-View-1024x683.jpg 1024w, https:\/\/www.pacoteshyatt.com.br\/rio-de-janeiro\/wp-content\/uploads\/sites\/2\/2023\/10\/Grand-Hyatt-Rio-de-Janeiro-Presidential-Suite-Ocean-Front-View-768x512.jpg 768w, https:\/\/www.pacoteshyatt.com.br\/rio-de-janeiro\/wp-content\/uploads\/sites\/2\/2023\/10\/Grand-Hyatt-Rio-de-Janeiro-Presidential-Suite-Ocean-Front-View-1536x1024.jpg 1536w, https:\/\/www.pacoteshyatt.com.br\/rio-de-janeiro\/wp-content\/uploads\/sites\/2\/2023\/10\/Grand-Hyatt-Rio-de-Janeiro-Presidential-Suite-Ocean-Front-View-2048x1365.jpg 2048w, https:\/\/www.pacoteshyatt.com.br\/rio-de-janeiro\/wp-content\/uploads\/sites\/2\/2023\/10\/Grand-Hyatt-Rio-de-Janeiro-Presidential-Suite-Ocean-Front-View-438x292.jpg 438w, https:\/\/www.pacoteshyatt.com.br\/rio-de-janeiro\/wp-content\/uploads\/sites\/2\/2023\/10\/Grand-Hyatt-Rio-de-Janeiro-Presidential-Suite-Ocean-Front-View-237x158.jpg 237w, https:\/\/www.pacoteshyatt.com.br\/rio-de-janeiro\/wp-content\/uploads\/sites\/2\/2023\/10\/Grand-Hyatt-Rio-de-Janeiro-Presidential-Suite-Ocean-Front-View-348x232.jpg 348w\" sizes=\"(max-width: 2560px) 100vw, 2560px\" \/><div class=\"wp-block-cover__inner-container\"><div class=\"gb-container gb-container-1ef1e03e\">\n<div class=\"wp-bootstrap-blocks-container container mb-2\">\n\t\n<div class=\"gb-container gb-container-b26b3a72\">\n\n<h2 class=\"has-white-color has-text-color\" style=\"line-height:1.2;margin-bottom:20px;text-transform:uppercase;letter-spacing:3px\"><strong><strong>Acomoda\u00e7\u00f5es<\/strong><\/strong><\/h2>\n\n\n\n<p class=\"has-white-color has-text-color\" style=\"line-height:1.4\">S\u00e3o 436 quartos, todos com varanda, incluindo 43 elegantes su\u00edtes projetadas pelo renomado escrit\u00f3rio de design internacional Yabu Pushelberg. Escolha a vista para o azul do mar ou a tranquilidade da Lagoa de Marapendi. <\/p>\n\n<\/div>\n<\/div>\n\n<\/div><\/div><\/div>\n\n<\/div>\n\n\n<div id=\"grandrooms\" class=\"wp-container-69f25774ec3fa wp-block-group has-border-color-background-color has-background\" style=\"padding-top:30px;padding-right:0px;padding-bottom:30px;padding-left:0px\"><div class=\"wp-bootstrap-blocks-container container mb-0\">\n\t\n\n<h2 class=\"gb-headline gb-headline-f8574e16 gb-headline-text\">Grand Rooms &#8211; Frente Mar<\/h2>\n\n\n\n<figure class=\"wp-block-gallery has-nested-images columns-3 is-cropped\" id=\"hotel\">\n<figure class=\"wp-block-image size-full\"><a href=\"https:\/\/www.pacoteshyatt.com.br\/rio-de-janeiro\/wp-content\/uploads\/sites\/2\/2024\/03\/Ocean-Front-Balcony-scaled.jpg\"><img loading=\"lazy\" width=\"2560\" height=\"1704\" src=\"https:\/\/www.pacoteshyatt.com.br\/rio-de-janeiro\/wp-content\/uploads\/sites\/2\/2024\/03\/Ocean-Front-Balcony-scaled.jpg\" alt=\"\" class=\"wp-image-13960\" srcset=\"https:\/\/www.pacoteshyatt.com.br\/rio-de-janeiro\/wp-content\/uploads\/sites\/2\/2024\/03\/Ocean-Front-Balcony-scaled.jpg 2560w, https:\/\/www.pacoteshyatt.com.br\/rio-de-janeiro\/wp-content\/uploads\/sites\/2\/2024\/03\/Ocean-Front-Balcony-300x200.jpg 300w, https:\/\/www.pacoteshyatt.com.br\/rio-de-janeiro\/wp-content\/uploads\/sites\/2\/2024\/03\/Ocean-Front-Balcony-1024x682.jpg 1024w, https:\/\/www.pacoteshyatt.com.br\/rio-de-janeiro\/wp-content\/uploads\/sites\/2\/2024\/03\/Ocean-Front-Balcony-768x511.jpg 768w, https:\/\/www.pacoteshyatt.com.br\/rio-de-janeiro\/wp-content\/uploads\/sites\/2\/2024\/03\/Ocean-Front-Balcony-1536x1022.jpg 1536w, https:\/\/www.pacoteshyatt.com.br\/rio-de-janeiro\/wp-content\/uploads\/sites\/2\/2024\/03\/Ocean-Front-Balcony-2048x1363.jpg 2048w, https:\/\/www.pacoteshyatt.com.br\/rio-de-janeiro\/wp-content\/uploads\/sites\/2\/2024\/03\/Ocean-Front-Balcony-438x292.jpg 438w, https:\/\/www.pacoteshyatt.com.br\/rio-de-janeiro\/wp-content\/uploads\/sites\/2\/2024\/03\/Ocean-Front-Balcony-237x158.jpg 237w, https:\/\/www.pacoteshyatt.com.br\/rio-de-janeiro\/wp-content\/uploads\/sites\/2\/2024\/03\/Ocean-Front-Balcony-348x232.jpg 348w\" sizes=\"(max-width: 2560px) 100vw, 2560px\" \/><\/a><\/figure>\n\n\n\n<figure class=\"wp-block-image size-full\"><a href=\"https:\/\/www.pacoteshyatt.com.br\/rio-de-janeiro\/wp-content\/uploads\/sites\/2\/2024\/03\/HYATT_TBF7195-scaled.jpg\"><img loading=\"lazy\" width=\"2560\" height=\"1704\" src=\"https:\/\/www.pacoteshyatt.com.br\/rio-de-janeiro\/wp-content\/uploads\/sites\/2\/2024\/03\/HYATT_TBF7195-scaled.jpg\" alt=\"\" class=\"wp-image-13962\" srcset=\"https:\/\/www.pacoteshyatt.com.br\/rio-de-janeiro\/wp-content\/uploads\/sites\/2\/2024\/03\/HYATT_TBF7195-scaled.jpg 2560w, https:\/\/www.pacoteshyatt.com.br\/rio-de-janeiro\/wp-content\/uploads\/sites\/2\/2024\/03\/HYATT_TBF7195-300x200.jpg 300w, https:\/\/www.pacoteshyatt.com.br\/rio-de-janeiro\/wp-content\/uploads\/sites\/2\/2024\/03\/HYATT_TBF7195-1024x682.jpg 1024w, https:\/\/www.pacoteshyatt.com.br\/rio-de-janeiro\/wp-content\/uploads\/sites\/2\/2024\/03\/HYATT_TBF7195-768x511.jpg 768w, https:\/\/www.pacoteshyatt.com.br\/rio-de-janeiro\/wp-content\/uploads\/sites\/2\/2024\/03\/HYATT_TBF7195-1536x1022.jpg 1536w, https:\/\/www.pacoteshyatt.com.br\/rio-de-janeiro\/wp-content\/uploads\/sites\/2\/2024\/03\/HYATT_TBF7195-2048x1363.jpg 2048w, https:\/\/www.pacoteshyatt.com.br\/rio-de-janeiro\/wp-content\/uploads\/sites\/2\/2024\/03\/HYATT_TBF7195-438x292.jpg 438w, https:\/\/www.pacoteshyatt.com.br\/rio-de-janeiro\/wp-content\/uploads\/sites\/2\/2024\/03\/HYATT_TBF7195-237x158.jpg 237w, https:\/\/www.pacoteshyatt.com.br\/rio-de-janeiro\/wp-content\/uploads\/sites\/2\/2024\/03\/HYATT_TBF7195-348x232.jpg 348w\" sizes=\"(max-width: 2560px) 100vw, 2560px\" \/><\/a><\/figure>\n\n\n\n<figure class=\"wp-block-image size-full\"><a href=\"https:\/\/www.pacoteshyatt.com.br\/rio-de-janeiro\/wp-content\/uploads\/sites\/2\/2024\/03\/HYATT_TBF7170-scaled.jpg\"><img loading=\"lazy\" width=\"2560\" height=\"1704\" src=\"https:\/\/www.pacoteshyatt.com.br\/rio-de-janeiro\/wp-content\/uploads\/sites\/2\/2024\/03\/HYATT_TBF7170-scaled.jpg\" alt=\"\" class=\"wp-image-13959\" srcset=\"https:\/\/www.pacoteshyatt.com.br\/rio-de-janeiro\/wp-content\/uploads\/sites\/2\/2024\/03\/HYATT_TBF7170-scaled.jpg 2560w, https:\/\/www.pacoteshyatt.com.br\/rio-de-janeiro\/wp-content\/uploads\/sites\/2\/2024\/03\/HYATT_TBF7170-300x200.jpg 300w, https:\/\/www.pacoteshyatt.com.br\/rio-de-janeiro\/wp-content\/uploads\/sites\/2\/2024\/03\/HYATT_TBF7170-1024x682.jpg 1024w, https:\/\/www.pacoteshyatt.com.br\/rio-de-janeiro\/wp-content\/uploads\/sites\/2\/2024\/03\/HYATT_TBF7170-768x511.jpg 768w, https:\/\/www.pacoteshyatt.com.br\/rio-de-janeiro\/wp-content\/uploads\/sites\/2\/2024\/03\/HYATT_TBF7170-1536x1022.jpg 1536w, https:\/\/www.pacoteshyatt.com.br\/rio-de-janeiro\/wp-content\/uploads\/sites\/2\/2024\/03\/HYATT_TBF7170-2048x1363.jpg 2048w, https:\/\/www.pacoteshyatt.com.br\/rio-de-janeiro\/wp-content\/uploads\/sites\/2\/2024\/03\/HYATT_TBF7170-438x292.jpg 438w, https:\/\/www.pacoteshyatt.com.br\/rio-de-janeiro\/wp-content\/uploads\/sites\/2\/2024\/03\/HYATT_TBF7170-237x158.jpg 237w, https:\/\/www.pacoteshyatt.com.br\/rio-de-janeiro\/wp-content\/uploads\/sites\/2\/2024\/03\/HYATT_TBF7170-348x232.jpg 348w\" sizes=\"(max-width: 2560px) 100vw, 2560px\" \/><\/a><\/figure>\n\n\n\n<figure class=\"wp-block-image size-full\"><a href=\"https:\/\/www.pacoteshyatt.com.br\/rio-de-janeiro\/wp-content\/uploads\/sites\/2\/2024\/03\/HYATT_TBF7125-scaled.jpg\"><img loading=\"lazy\" width=\"2560\" height=\"1704\" src=\"https:\/\/www.pacoteshyatt.com.br\/rio-de-janeiro\/wp-content\/uploads\/sites\/2\/2024\/03\/HYATT_TBF7125-scaled.jpg\" alt=\"\" class=\"wp-image-13961\" srcset=\"https:\/\/www.pacoteshyatt.com.br\/rio-de-janeiro\/wp-content\/uploads\/sites\/2\/2024\/03\/HYATT_TBF7125-scaled.jpg 2560w, https:\/\/www.pacoteshyatt.com.br\/rio-de-janeiro\/wp-content\/uploads\/sites\/2\/2024\/03\/HYATT_TBF7125-300x200.jpg 300w, https:\/\/www.pacoteshyatt.com.br\/rio-de-janeiro\/wp-content\/uploads\/sites\/2\/2024\/03\/HYATT_TBF7125-1024x682.jpg 1024w, https:\/\/www.pacoteshyatt.com.br\/rio-de-janeiro\/wp-content\/uploads\/sites\/2\/2024\/03\/HYATT_TBF7125-768x511.jpg 768w, https:\/\/www.pacoteshyatt.com.br\/rio-de-janeiro\/wp-content\/uploads\/sites\/2\/2024\/03\/HYATT_TBF7125-1536x1022.jpg 1536w, https:\/\/www.pacoteshyatt.com.br\/rio-de-janeiro\/wp-content\/uploads\/sites\/2\/2024\/03\/HYATT_TBF7125-2048x1363.jpg 2048w, https:\/\/www.pacoteshyatt.com.br\/rio-de-janeiro\/wp-content\/uploads\/sites\/2\/2024\/03\/HYATT_TBF7125-438x292.jpg 438w, https:\/\/www.pacoteshyatt.com.br\/rio-de-janeiro\/wp-content\/uploads\/sites\/2\/2024\/03\/HYATT_TBF7125-237x158.jpg 237w, https:\/\/www.pacoteshyatt.com.br\/rio-de-janeiro\/wp-content\/uploads\/sites\/2\/2024\/03\/HYATT_TBF7125-348x232.jpg 348w\" sizes=\"(max-width: 2560px) 100vw, 2560px\" \/><\/a><\/figure>\n\n\n\n<figure class=\"wp-block-image size-full\"><a href=\"https:\/\/www.pacoteshyatt.com.br\/rio-de-janeiro\/wp-content\/uploads\/sites\/2\/2024\/03\/HYATT_TBF5547-scaled.jpg\"><img loading=\"lazy\" width=\"2560\" height=\"1704\" src=\"https:\/\/www.pacoteshyatt.com.br\/rio-de-janeiro\/wp-content\/uploads\/sites\/2\/2024\/03\/HYATT_TBF5547-scaled.jpg\" alt=\"\" class=\"wp-image-13971\" srcset=\"https:\/\/www.pacoteshyatt.com.br\/rio-de-janeiro\/wp-content\/uploads\/sites\/2\/2024\/03\/HYATT_TBF5547-scaled.jpg 2560w, https:\/\/www.pacoteshyatt.com.br\/rio-de-janeiro\/wp-content\/uploads\/sites\/2\/2024\/03\/HYATT_TBF5547-300x200.jpg 300w, https:\/\/www.pacoteshyatt.com.br\/rio-de-janeiro\/wp-content\/uploads\/sites\/2\/2024\/03\/HYATT_TBF5547-1024x682.jpg 1024w, https:\/\/www.pacoteshyatt.com.br\/rio-de-janeiro\/wp-content\/uploads\/sites\/2\/2024\/03\/HYATT_TBF5547-768x511.jpg 768w, https:\/\/www.pacoteshyatt.com.br\/rio-de-janeiro\/wp-content\/uploads\/sites\/2\/2024\/03\/HYATT_TBF5547-1536x1022.jpg 1536w, https:\/\/www.pacoteshyatt.com.br\/rio-de-janeiro\/wp-content\/uploads\/sites\/2\/2024\/03\/HYATT_TBF5547-2048x1363.jpg 2048w, https:\/\/www.pacoteshyatt.com.br\/rio-de-janeiro\/wp-content\/uploads\/sites\/2\/2024\/03\/HYATT_TBF5547-438x292.jpg 438w, https:\/\/www.pacoteshyatt.com.br\/rio-de-janeiro\/wp-content\/uploads\/sites\/2\/2024\/03\/HYATT_TBF5547-237x158.jpg 237w, https:\/\/www.pacoteshyatt.com.br\/rio-de-janeiro\/wp-content\/uploads\/sites\/2\/2024\/03\/HYATT_TBF5547-348x232.jpg 348w\" sizes=\"(max-width: 2560px) 100vw, 2560px\" \/><\/a><\/figure>\n\n\n\n<figure class=\"wp-block-image size-full\"><a href=\"https:\/\/www.pacoteshyatt.com.br\/rio-de-janeiro\/wp-content\/uploads\/sites\/2\/2024\/03\/Grand-Room-Ocean-Front-1_RIOGH_P107-Grand-King-Room-Bathroom-scaled.jpg\"><img loading=\"lazy\" width=\"2560\" height=\"1704\" src=\"https:\/\/www.pacoteshyatt.com.br\/rio-de-janeiro\/wp-content\/uploads\/sites\/2\/2024\/03\/Grand-Room-Ocean-Front-1_RIOGH_P107-Grand-King-Room-Bathroom-scaled.jpg\" alt=\"\" class=\"wp-image-13963\" srcset=\"https:\/\/www.pacoteshyatt.com.br\/rio-de-janeiro\/wp-content\/uploads\/sites\/2\/2024\/03\/Grand-Room-Ocean-Front-1_RIOGH_P107-Grand-King-Room-Bathroom-scaled.jpg 2560w, https:\/\/www.pacoteshyatt.com.br\/rio-de-janeiro\/wp-content\/uploads\/sites\/2\/2024\/03\/Grand-Room-Ocean-Front-1_RIOGH_P107-Grand-King-Room-Bathroom-300x200.jpg 300w, https:\/\/www.pacoteshyatt.com.br\/rio-de-janeiro\/wp-content\/uploads\/sites\/2\/2024\/03\/Grand-Room-Ocean-Front-1_RIOGH_P107-Grand-King-Room-Bathroom-1024x682.jpg 1024w, https:\/\/www.pacoteshyatt.com.br\/rio-de-janeiro\/wp-content\/uploads\/sites\/2\/2024\/03\/Grand-Room-Ocean-Front-1_RIOGH_P107-Grand-King-Room-Bathroom-768x511.jpg 768w, https:\/\/www.pacoteshyatt.com.br\/rio-de-janeiro\/wp-content\/uploads\/sites\/2\/2024\/03\/Grand-Room-Ocean-Front-1_RIOGH_P107-Grand-King-Room-Bathroom-1536x1022.jpg 1536w, https:\/\/www.pacoteshyatt.com.br\/rio-de-janeiro\/wp-content\/uploads\/sites\/2\/2024\/03\/Grand-Room-Ocean-Front-1_RIOGH_P107-Grand-King-Room-Bathroom-2048x1363.jpg 2048w, https:\/\/www.pacoteshyatt.com.br\/rio-de-janeiro\/wp-content\/uploads\/sites\/2\/2024\/03\/Grand-Room-Ocean-Front-1_RIOGH_P107-Grand-King-Room-Bathroom-438x292.jpg 438w, https:\/\/www.pacoteshyatt.com.br\/rio-de-janeiro\/wp-content\/uploads\/sites\/2\/2024\/03\/Grand-Room-Ocean-Front-1_RIOGH_P107-Grand-King-Room-Bathroom-237x158.jpg 237w, https:\/\/www.pacoteshyatt.com.br\/rio-de-janeiro\/wp-content\/uploads\/sites\/2\/2024\/03\/Grand-Room-Ocean-Front-1_RIOGH_P107-Grand-King-Room-Bathroom-348x232.jpg 348w\" sizes=\"(max-width: 2560px) 100vw, 2560px\" \/><\/a><\/figure>\n<\/figure>\n\n<\/div>\n<\/div>\n\n\n\n<div id=\"vistamar\" class=\"wp-container-69f25774eca40 wp-block-group has-border-color-background-color has-background\" style=\"padding-top:30px;padding-right:0px;padding-bottom:30px;padding-left:0px\"><div class=\"wp-bootstrap-blocks-container container mb-0\">\n\t\n\n<h2 class=\"gb-headline gb-headline-21c07d79 gb-headline-text\">Grand Rooms &#8211; Vista Mar<\/h2>\n\n\n\n<figure class=\"wp-block-gallery has-nested-images columns-3 is-cropped\" id=\"hotel\">\n<figure class=\"wp-block-image size-full\"><a href=\"https:\/\/www.pacoteshyatt.com.br\/rio-de-janeiro\/wp-content\/uploads\/sites\/2\/2024\/03\/RIOGH_P441-Grand-Room-King-View-scaled.jpg\"><img loading=\"lazy\" width=\"2560\" height=\"1704\" src=\"https:\/\/www.pacoteshyatt.com.br\/rio-de-janeiro\/wp-content\/uploads\/sites\/2\/2024\/03\/RIOGH_P441-Grand-Room-King-View-scaled.jpg\" alt=\"\" class=\"wp-image-13965\" srcset=\"https:\/\/www.pacoteshyatt.com.br\/rio-de-janeiro\/wp-content\/uploads\/sites\/2\/2024\/03\/RIOGH_P441-Grand-Room-King-View-scaled.jpg 2560w, https:\/\/www.pacoteshyatt.com.br\/rio-de-janeiro\/wp-content\/uploads\/sites\/2\/2024\/03\/RIOGH_P441-Grand-Room-King-View-300x200.jpg 300w, https:\/\/www.pacoteshyatt.com.br\/rio-de-janeiro\/wp-content\/uploads\/sites\/2\/2024\/03\/RIOGH_P441-Grand-Room-King-View-1024x682.jpg 1024w, https:\/\/www.pacoteshyatt.com.br\/rio-de-janeiro\/wp-content\/uploads\/sites\/2\/2024\/03\/RIOGH_P441-Grand-Room-King-View-768x511.jpg 768w, https:\/\/www.pacoteshyatt.com.br\/rio-de-janeiro\/wp-content\/uploads\/sites\/2\/2024\/03\/RIOGH_P441-Grand-Room-King-View-1536x1022.jpg 1536w, https:\/\/www.pacoteshyatt.com.br\/rio-de-janeiro\/wp-content\/uploads\/sites\/2\/2024\/03\/RIOGH_P441-Grand-Room-King-View-2048x1363.jpg 2048w, https:\/\/www.pacoteshyatt.com.br\/rio-de-janeiro\/wp-content\/uploads\/sites\/2\/2024\/03\/RIOGH_P441-Grand-Room-King-View-438x292.jpg 438w, https:\/\/www.pacoteshyatt.com.br\/rio-de-janeiro\/wp-content\/uploads\/sites\/2\/2024\/03\/RIOGH_P441-Grand-Room-King-View-237x158.jpg 237w, https:\/\/www.pacoteshyatt.com.br\/rio-de-janeiro\/wp-content\/uploads\/sites\/2\/2024\/03\/RIOGH_P441-Grand-Room-King-View-348x232.jpg 348w\" sizes=\"(max-width: 2560px) 100vw, 2560px\" \/><\/a><\/figure>\n\n\n\n<figure class=\"wp-block-image size-full\"><a href=\"https:\/\/www.pacoteshyatt.com.br\/rio-de-janeiro\/wp-content\/uploads\/sites\/2\/2024\/03\/Grand-Hyatt-Rio-de-Janeiro-King-Bed-Ocean-View-scaled.jpg\"><img loading=\"lazy\" width=\"2560\" height=\"1707\" src=\"https:\/\/www.pacoteshyatt.com.br\/rio-de-janeiro\/wp-content\/uploads\/sites\/2\/2024\/03\/Grand-Hyatt-Rio-de-Janeiro-King-Bed-Ocean-View-scaled.jpg\" alt=\"\" class=\"wp-image-13967\" srcset=\"https:\/\/www.pacoteshyatt.com.br\/rio-de-janeiro\/wp-content\/uploads\/sites\/2\/2024\/03\/Grand-Hyatt-Rio-de-Janeiro-King-Bed-Ocean-View-scaled.jpg 2560w, https:\/\/www.pacoteshyatt.com.br\/rio-de-janeiro\/wp-content\/uploads\/sites\/2\/2024\/03\/Grand-Hyatt-Rio-de-Janeiro-King-Bed-Ocean-View-300x200.jpg 300w, https:\/\/www.pacoteshyatt.com.br\/rio-de-janeiro\/wp-content\/uploads\/sites\/2\/2024\/03\/Grand-Hyatt-Rio-de-Janeiro-King-Bed-Ocean-View-1024x683.jpg 1024w, https:\/\/www.pacoteshyatt.com.br\/rio-de-janeiro\/wp-content\/uploads\/sites\/2\/2024\/03\/Grand-Hyatt-Rio-de-Janeiro-King-Bed-Ocean-View-768x512.jpg 768w, https:\/\/www.pacoteshyatt.com.br\/rio-de-janeiro\/wp-content\/uploads\/sites\/2\/2024\/03\/Grand-Hyatt-Rio-de-Janeiro-King-Bed-Ocean-View-1536x1024.jpg 1536w, https:\/\/www.pacoteshyatt.com.br\/rio-de-janeiro\/wp-content\/uploads\/sites\/2\/2024\/03\/Grand-Hyatt-Rio-de-Janeiro-King-Bed-Ocean-View-2048x1365.jpg 2048w, https:\/\/www.pacoteshyatt.com.br\/rio-de-janeiro\/wp-content\/uploads\/sites\/2\/2024\/03\/Grand-Hyatt-Rio-de-Janeiro-King-Bed-Ocean-View-438x292.jpg 438w, https:\/\/www.pacoteshyatt.com.br\/rio-de-janeiro\/wp-content\/uploads\/sites\/2\/2024\/03\/Grand-Hyatt-Rio-de-Janeiro-King-Bed-Ocean-View-237x158.jpg 237w, https:\/\/www.pacoteshyatt.com.br\/rio-de-janeiro\/wp-content\/uploads\/sites\/2\/2024\/03\/Grand-Hyatt-Rio-de-Janeiro-King-Bed-Ocean-View-348x232.jpg 348w\" sizes=\"(max-width: 2560px) 100vw, 2560px\" \/><\/a><\/figure>\n\n\n\n<figure class=\"wp-block-image size-full\"><a href=\"https:\/\/www.pacoteshyatt.com.br\/rio-de-janeiro\/wp-content\/uploads\/sites\/2\/2024\/03\/Grand-Hyatt-Rio-de-Janeiro-Twin-Room-Ocean-View-scaled.jpg\"><img loading=\"lazy\" width=\"2560\" height=\"1707\" src=\"https:\/\/www.pacoteshyatt.com.br\/rio-de-janeiro\/wp-content\/uploads\/sites\/2\/2024\/03\/Grand-Hyatt-Rio-de-Janeiro-Twin-Room-Ocean-View-scaled.jpg\" alt=\"\" class=\"wp-image-13972\" srcset=\"https:\/\/www.pacoteshyatt.com.br\/rio-de-janeiro\/wp-content\/uploads\/sites\/2\/2024\/03\/Grand-Hyatt-Rio-de-Janeiro-Twin-Room-Ocean-View-scaled.jpg 2560w, https:\/\/www.pacoteshyatt.com.br\/rio-de-janeiro\/wp-content\/uploads\/sites\/2\/2024\/03\/Grand-Hyatt-Rio-de-Janeiro-Twin-Room-Ocean-View-300x200.jpg 300w, https:\/\/www.pacoteshyatt.com.br\/rio-de-janeiro\/wp-content\/uploads\/sites\/2\/2024\/03\/Grand-Hyatt-Rio-de-Janeiro-Twin-Room-Ocean-View-1024x683.jpg 1024w, https:\/\/www.pacoteshyatt.com.br\/rio-de-janeiro\/wp-content\/uploads\/sites\/2\/2024\/03\/Grand-Hyatt-Rio-de-Janeiro-Twin-Room-Ocean-View-768x512.jpg 768w, https:\/\/www.pacoteshyatt.com.br\/rio-de-janeiro\/wp-content\/uploads\/sites\/2\/2024\/03\/Grand-Hyatt-Rio-de-Janeiro-Twin-Room-Ocean-View-1536x1024.jpg 1536w, https:\/\/www.pacoteshyatt.com.br\/rio-de-janeiro\/wp-content\/uploads\/sites\/2\/2024\/03\/Grand-Hyatt-Rio-de-Janeiro-Twin-Room-Ocean-View-2048x1365.jpg 2048w, https:\/\/www.pacoteshyatt.com.br\/rio-de-janeiro\/wp-content\/uploads\/sites\/2\/2024\/03\/Grand-Hyatt-Rio-de-Janeiro-Twin-Room-Ocean-View-438x292.jpg 438w, https:\/\/www.pacoteshyatt.com.br\/rio-de-janeiro\/wp-content\/uploads\/sites\/2\/2024\/03\/Grand-Hyatt-Rio-de-Janeiro-Twin-Room-Ocean-View-237x158.jpg 237w, https:\/\/www.pacoteshyatt.com.br\/rio-de-janeiro\/wp-content\/uploads\/sites\/2\/2024\/03\/Grand-Hyatt-Rio-de-Janeiro-Twin-Room-Ocean-View-348x232.jpg 348w\" sizes=\"(max-width: 2560px) 100vw, 2560px\" \/><\/a><\/figure>\n\n\n\n<figure class=\"wp-block-image size-full\"><a href=\"https:\/\/www.pacoteshyatt.com.br\/rio-de-janeiro\/wp-content\/uploads\/sites\/2\/2024\/03\/HYATT_TBF7418-scaled.jpg\"><img loading=\"lazy\" width=\"2560\" height=\"1704\" src=\"https:\/\/www.pacoteshyatt.com.br\/rio-de-janeiro\/wp-content\/uploads\/sites\/2\/2024\/03\/HYATT_TBF7418-scaled.jpg\" alt=\"\" class=\"wp-image-13968\" srcset=\"https:\/\/www.pacoteshyatt.com.br\/rio-de-janeiro\/wp-content\/uploads\/sites\/2\/2024\/03\/HYATT_TBF7418-scaled.jpg 2560w, https:\/\/www.pacoteshyatt.com.br\/rio-de-janeiro\/wp-content\/uploads\/sites\/2\/2024\/03\/HYATT_TBF7418-300x200.jpg 300w, https:\/\/www.pacoteshyatt.com.br\/rio-de-janeiro\/wp-content\/uploads\/sites\/2\/2024\/03\/HYATT_TBF7418-1024x682.jpg 1024w, https:\/\/www.pacoteshyatt.com.br\/rio-de-janeiro\/wp-content\/uploads\/sites\/2\/2024\/03\/HYATT_TBF7418-768x511.jpg 768w, https:\/\/www.pacoteshyatt.com.br\/rio-de-janeiro\/wp-content\/uploads\/sites\/2\/2024\/03\/HYATT_TBF7418-1536x1022.jpg 1536w, https:\/\/www.pacoteshyatt.com.br\/rio-de-janeiro\/wp-content\/uploads\/sites\/2\/2024\/03\/HYATT_TBF7418-2048x1363.jpg 2048w, https:\/\/www.pacoteshyatt.com.br\/rio-de-janeiro\/wp-content\/uploads\/sites\/2\/2024\/03\/HYATT_TBF7418-438x292.jpg 438w, https:\/\/www.pacoteshyatt.com.br\/rio-de-janeiro\/wp-content\/uploads\/sites\/2\/2024\/03\/HYATT_TBF7418-237x158.jpg 237w, https:\/\/www.pacoteshyatt.com.br\/rio-de-janeiro\/wp-content\/uploads\/sites\/2\/2024\/03\/HYATT_TBF7418-348x232.jpg 348w\" sizes=\"(max-width: 2560px) 100vw, 2560px\" \/><\/a><\/figure>\n\n\n\n<figure class=\"wp-block-image size-full\"><a href=\"https:\/\/www.pacoteshyatt.com.br\/rio-de-janeiro\/wp-content\/uploads\/sites\/2\/2024\/03\/Ocean-View-1_RIOGH_P158-Grand-King-Room-scaled.jpg\"><img loading=\"lazy\" width=\"2560\" height=\"1704\" src=\"https:\/\/www.pacoteshyatt.com.br\/rio-de-janeiro\/wp-content\/uploads\/sites\/2\/2024\/03\/Ocean-View-1_RIOGH_P158-Grand-King-Room-scaled.jpg\" alt=\"\" class=\"wp-image-13969\" srcset=\"https:\/\/www.pacoteshyatt.com.br\/rio-de-janeiro\/wp-content\/uploads\/sites\/2\/2024\/03\/Ocean-View-1_RIOGH_P158-Grand-King-Room-scaled.jpg 2560w, https:\/\/www.pacoteshyatt.com.br\/rio-de-janeiro\/wp-content\/uploads\/sites\/2\/2024\/03\/Ocean-View-1_RIOGH_P158-Grand-King-Room-300x200.jpg 300w, https:\/\/www.pacoteshyatt.com.br\/rio-de-janeiro\/wp-content\/uploads\/sites\/2\/2024\/03\/Ocean-View-1_RIOGH_P158-Grand-King-Room-1024x682.jpg 1024w, https:\/\/www.pacoteshyatt.com.br\/rio-de-janeiro\/wp-content\/uploads\/sites\/2\/2024\/03\/Ocean-View-1_RIOGH_P158-Grand-King-Room-768x511.jpg 768w, https:\/\/www.pacoteshyatt.com.br\/rio-de-janeiro\/wp-content\/uploads\/sites\/2\/2024\/03\/Ocean-View-1_RIOGH_P158-Grand-King-Room-1536x1022.jpg 1536w, https:\/\/www.pacoteshyatt.com.br\/rio-de-janeiro\/wp-content\/uploads\/sites\/2\/2024\/03\/Ocean-View-1_RIOGH_P158-Grand-King-Room-2048x1363.jpg 2048w, https:\/\/www.pacoteshyatt.com.br\/rio-de-janeiro\/wp-content\/uploads\/sites\/2\/2024\/03\/Ocean-View-1_RIOGH_P158-Grand-King-Room-438x292.jpg 438w, https:\/\/www.pacoteshyatt.com.br\/rio-de-janeiro\/wp-content\/uploads\/sites\/2\/2024\/03\/Ocean-View-1_RIOGH_P158-Grand-King-Room-237x158.jpg 237w, https:\/\/www.pacoteshyatt.com.br\/rio-de-janeiro\/wp-content\/uploads\/sites\/2\/2024\/03\/Ocean-View-1_RIOGH_P158-Grand-King-Room-348x232.jpg 348w\" sizes=\"(max-width: 2560px) 100vw, 2560px\" \/><\/a><\/figure>\n\n\n\n<figure class=\"wp-block-image size-full\"><a href=\"https:\/\/www.pacoteshyatt.com.br\/rio-de-janeiro\/wp-content\/uploads\/sites\/2\/2024\/03\/Grand-Room_RIOGH_P103-Bathroom-scaled.jpg\"><img loading=\"lazy\" width=\"2560\" height=\"1704\" src=\"https:\/\/www.pacoteshyatt.com.br\/rio-de-janeiro\/wp-content\/uploads\/sites\/2\/2024\/03\/Grand-Room_RIOGH_P103-Bathroom-scaled.jpg\" alt=\"\" class=\"wp-image-13966\" srcset=\"https:\/\/www.pacoteshyatt.com.br\/rio-de-janeiro\/wp-content\/uploads\/sites\/2\/2024\/03\/Grand-Room_RIOGH_P103-Bathroom-scaled.jpg 2560w, https:\/\/www.pacoteshyatt.com.br\/rio-de-janeiro\/wp-content\/uploads\/sites\/2\/2024\/03\/Grand-Room_RIOGH_P103-Bathroom-300x200.jpg 300w, https:\/\/www.pacoteshyatt.com.br\/rio-de-janeiro\/wp-content\/uploads\/sites\/2\/2024\/03\/Grand-Room_RIOGH_P103-Bathroom-1024x682.jpg 1024w, https:\/\/www.pacoteshyatt.com.br\/rio-de-janeiro\/wp-content\/uploads\/sites\/2\/2024\/03\/Grand-Room_RIOGH_P103-Bathroom-768x511.jpg 768w, https:\/\/www.pacoteshyatt.com.br\/rio-de-janeiro\/wp-content\/uploads\/sites\/2\/2024\/03\/Grand-Room_RIOGH_P103-Bathroom-1536x1022.jpg 1536w, https:\/\/www.pacoteshyatt.com.br\/rio-de-janeiro\/wp-content\/uploads\/sites\/2\/2024\/03\/Grand-Room_RIOGH_P103-Bathroom-2048x1363.jpg 2048w, https:\/\/www.pacoteshyatt.com.br\/rio-de-janeiro\/wp-content\/uploads\/sites\/2\/2024\/03\/Grand-Room_RIOGH_P103-Bathroom-438x292.jpg 438w, https:\/\/www.pacoteshyatt.com.br\/rio-de-janeiro\/wp-content\/uploads\/sites\/2\/2024\/03\/Grand-Room_RIOGH_P103-Bathroom-237x158.jpg 237w, https:\/\/www.pacoteshyatt.com.br\/rio-de-janeiro\/wp-content\/uploads\/sites\/2\/2024\/03\/Grand-Room_RIOGH_P103-Bathroom-348x232.jpg 348w\" sizes=\"(max-width: 2560px) 100vw, 2560px\" \/><\/a><\/figure>\n<\/figure>\n\n<\/div>\n<\/div>\n\n\n\n<div id=\"vistalagoa\" class=\"wp-container-69f25774ed132 wp-block-group has-border-color-background-color has-background\" style=\"padding-top:30px;padding-right:0px;padding-bottom:30px;padding-left:0px\"><div class=\"wp-bootstrap-blocks-container container mb-0\">\n\t\n\n<h2 class=\"gb-headline gb-headline-2bb8f08d gb-headline-text\">Grand Rooms &#8211; Vista Lagoa<\/h2>\n\n\n\n<figure class=\"wp-block-gallery has-nested-images columns-3 is-cropped\" id=\"hotel\">\n<figure class=\"wp-block-image size-full\"><a href=\"https:\/\/www.pacoteshyatt.com.br\/rio-de-janeiro\/wp-content\/uploads\/sites\/2\/2024\/03\/Hyatt-Grand-Rio-Room-View.jpeg-rotated.jpg\"><img loading=\"lazy\" width=\"900\" height=\"599\" src=\"https:\/\/www.pacoteshyatt.com.br\/rio-de-janeiro\/wp-content\/uploads\/sites\/2\/2024\/03\/Hyatt-Grand-Rio-Room-View.jpeg-rotated.jpg\" alt=\"\" class=\"wp-image-13976\" srcset=\"https:\/\/www.pacoteshyatt.com.br\/rio-de-janeiro\/wp-content\/uploads\/sites\/2\/2024\/03\/Hyatt-Grand-Rio-Room-View.jpeg-rotated.jpg 900w, https:\/\/www.pacoteshyatt.com.br\/rio-de-janeiro\/wp-content\/uploads\/sites\/2\/2024\/03\/Hyatt-Grand-Rio-Room-View.jpeg-300x200.jpg 300w, https:\/\/www.pacoteshyatt.com.br\/rio-de-janeiro\/wp-content\/uploads\/sites\/2\/2024\/03\/Hyatt-Grand-Rio-Room-View.jpeg-768x511.jpg 768w, https:\/\/www.pacoteshyatt.com.br\/rio-de-janeiro\/wp-content\/uploads\/sites\/2\/2024\/03\/Hyatt-Grand-Rio-Room-View.jpeg-438x292.jpg 438w, https:\/\/www.pacoteshyatt.com.br\/rio-de-janeiro\/wp-content\/uploads\/sites\/2\/2024\/03\/Hyatt-Grand-Rio-Room-View.jpeg-237x158.jpg 237w, https:\/\/www.pacoteshyatt.com.br\/rio-de-janeiro\/wp-content\/uploads\/sites\/2\/2024\/03\/Hyatt-Grand-Rio-Room-View.jpeg-301x200.jpg 301w, https:\/\/www.pacoteshyatt.com.br\/rio-de-janeiro\/wp-content\/uploads\/sites\/2\/2024\/03\/Hyatt-Grand-Rio-Room-View.jpeg-348x232.jpg 348w\" sizes=\"(max-width: 900px) 100vw, 900px\" \/><\/a><\/figure>\n\n\n\n<figure class=\"wp-block-image size-full\"><a href=\"https:\/\/www.pacoteshyatt.com.br\/rio-de-janeiro\/wp-content\/uploads\/sites\/2\/2024\/03\/HYATT_TBF7030-rotated.jpg\"><img loading=\"lazy\" width=\"900\" height=\"599\" src=\"https:\/\/www.pacoteshyatt.com.br\/rio-de-janeiro\/wp-content\/uploads\/sites\/2\/2024\/03\/HYATT_TBF7030-rotated.jpg\" alt=\"\" class=\"wp-image-13973\" srcset=\"https:\/\/www.pacoteshyatt.com.br\/rio-de-janeiro\/wp-content\/uploads\/sites\/2\/2024\/03\/HYATT_TBF7030-rotated.jpg 900w, https:\/\/www.pacoteshyatt.com.br\/rio-de-janeiro\/wp-content\/uploads\/sites\/2\/2024\/03\/HYATT_TBF7030-300x200.jpg 300w, https:\/\/www.pacoteshyatt.com.br\/rio-de-janeiro\/wp-content\/uploads\/sites\/2\/2024\/03\/HYATT_TBF7030-768x511.jpg 768w, https:\/\/www.pacoteshyatt.com.br\/rio-de-janeiro\/wp-content\/uploads\/sites\/2\/2024\/03\/HYATT_TBF7030-438x292.jpg 438w, https:\/\/www.pacoteshyatt.com.br\/rio-de-janeiro\/wp-content\/uploads\/sites\/2\/2024\/03\/HYATT_TBF7030-237x158.jpg 237w, https:\/\/www.pacoteshyatt.com.br\/rio-de-janeiro\/wp-content\/uploads\/sites\/2\/2024\/03\/HYATT_TBF7030-301x200.jpg 301w, https:\/\/www.pacoteshyatt.com.br\/rio-de-janeiro\/wp-content\/uploads\/sites\/2\/2024\/03\/HYATT_TBF7030-348x232.jpg 348w\" sizes=\"(max-width: 900px) 100vw, 900px\" \/><\/a><\/figure>\n\n\n\n<figure class=\"wp-block-image size-full\"><a href=\"https:\/\/www.pacoteshyatt.com.br\/rio-de-janeiro\/wp-content\/uploads\/sites\/2\/2024\/03\/HYATT_TBF7230-scaled.jpg\"><img loading=\"lazy\" width=\"2560\" height=\"1704\" src=\"https:\/\/www.pacoteshyatt.com.br\/rio-de-janeiro\/wp-content\/uploads\/sites\/2\/2024\/03\/HYATT_TBF7230-scaled.jpg\" alt=\"\" class=\"wp-image-13974\" srcset=\"https:\/\/www.pacoteshyatt.com.br\/rio-de-janeiro\/wp-content\/uploads\/sites\/2\/2024\/03\/HYATT_TBF7230-scaled.jpg 2560w, https:\/\/www.pacoteshyatt.com.br\/rio-de-janeiro\/wp-content\/uploads\/sites\/2\/2024\/03\/HYATT_TBF7230-300x200.jpg 300w, https:\/\/www.pacoteshyatt.com.br\/rio-de-janeiro\/wp-content\/uploads\/sites\/2\/2024\/03\/HYATT_TBF7230-1024x682.jpg 1024w, https:\/\/www.pacoteshyatt.com.br\/rio-de-janeiro\/wp-content\/uploads\/sites\/2\/2024\/03\/HYATT_TBF7230-768x511.jpg 768w, https:\/\/www.pacoteshyatt.com.br\/rio-de-janeiro\/wp-content\/uploads\/sites\/2\/2024\/03\/HYATT_TBF7230-1536x1022.jpg 1536w, https:\/\/www.pacoteshyatt.com.br\/rio-de-janeiro\/wp-content\/uploads\/sites\/2\/2024\/03\/HYATT_TBF7230-2048x1363.jpg 2048w, https:\/\/www.pacoteshyatt.com.br\/rio-de-janeiro\/wp-content\/uploads\/sites\/2\/2024\/03\/HYATT_TBF7230-438x292.jpg 438w, https:\/\/www.pacoteshyatt.com.br\/rio-de-janeiro\/wp-content\/uploads\/sites\/2\/2024\/03\/HYATT_TBF7230-237x158.jpg 237w, https:\/\/www.pacoteshyatt.com.br\/rio-de-janeiro\/wp-content\/uploads\/sites\/2\/2024\/03\/HYATT_TBF7230-348x232.jpg 348w\" sizes=\"(max-width: 2560px) 100vw, 2560px\" \/><\/a><\/figure>\n\n\n\n<figure class=\"wp-block-image size-full\"><a href=\"https:\/\/www.pacoteshyatt.com.br\/rio-de-janeiro\/wp-content\/uploads\/sites\/2\/2024\/03\/HYATT_TBF5565-scaled.jpg\"><img loading=\"lazy\" width=\"2560\" height=\"1704\" src=\"https:\/\/www.pacoteshyatt.com.br\/rio-de-janeiro\/wp-content\/uploads\/sites\/2\/2024\/03\/HYATT_TBF5565-scaled.jpg\" alt=\"\" class=\"wp-image-13977\" srcset=\"https:\/\/www.pacoteshyatt.com.br\/rio-de-janeiro\/wp-content\/uploads\/sites\/2\/2024\/03\/HYATT_TBF5565-scaled.jpg 2560w, https:\/\/www.pacoteshyatt.com.br\/rio-de-janeiro\/wp-content\/uploads\/sites\/2\/2024\/03\/HYATT_TBF5565-300x200.jpg 300w, https:\/\/www.pacoteshyatt.com.br\/rio-de-janeiro\/wp-content\/uploads\/sites\/2\/2024\/03\/HYATT_TBF5565-1024x682.jpg 1024w, https:\/\/www.pacoteshyatt.com.br\/rio-de-janeiro\/wp-content\/uploads\/sites\/2\/2024\/03\/HYATT_TBF5565-768x511.jpg 768w, https:\/\/www.pacoteshyatt.com.br\/rio-de-janeiro\/wp-content\/uploads\/sites\/2\/2024\/03\/HYATT_TBF5565-1536x1022.jpg 1536w, https:\/\/www.pacoteshyatt.com.br\/rio-de-janeiro\/wp-content\/uploads\/sites\/2\/2024\/03\/HYATT_TBF5565-2048x1363.jpg 2048w, https:\/\/www.pacoteshyatt.com.br\/rio-de-janeiro\/wp-content\/uploads\/sites\/2\/2024\/03\/HYATT_TBF5565-438x292.jpg 438w, https:\/\/www.pacoteshyatt.com.br\/rio-de-janeiro\/wp-content\/uploads\/sites\/2\/2024\/03\/HYATT_TBF5565-237x158.jpg 237w, https:\/\/www.pacoteshyatt.com.br\/rio-de-janeiro\/wp-content\/uploads\/sites\/2\/2024\/03\/HYATT_TBF5565-348x232.jpg 348w\" sizes=\"(max-width: 2560px) 100vw, 2560px\" \/><\/a><\/figure>\n\n\n\n<figure class=\"wp-block-image size-full\"><a href=\"https:\/\/www.pacoteshyatt.com.br\/rio-de-janeiro\/wp-content\/uploads\/sites\/2\/2024\/03\/HYATT_TBF6307-scaled.jpg\"><img loading=\"lazy\" width=\"1704\" height=\"2560\" src=\"https:\/\/www.pacoteshyatt.com.br\/rio-de-janeiro\/wp-content\/uploads\/sites\/2\/2024\/03\/HYATT_TBF6307-scaled.jpg\" alt=\"\" class=\"wp-image-13975\" srcset=\"https:\/\/www.pacoteshyatt.com.br\/rio-de-janeiro\/wp-content\/uploads\/sites\/2\/2024\/03\/HYATT_TBF6307-scaled.jpg 1704w, https:\/\/www.pacoteshyatt.com.br\/rio-de-janeiro\/wp-content\/uploads\/sites\/2\/2024\/03\/HYATT_TBF6307-200x300.jpg 200w, https:\/\/www.pacoteshyatt.com.br\/rio-de-janeiro\/wp-content\/uploads\/sites\/2\/2024\/03\/HYATT_TBF6307-682x1024.jpg 682w, https:\/\/www.pacoteshyatt.com.br\/rio-de-janeiro\/wp-content\/uploads\/sites\/2\/2024\/03\/HYATT_TBF6307-768x1154.jpg 768w, https:\/\/www.pacoteshyatt.com.br\/rio-de-janeiro\/wp-content\/uploads\/sites\/2\/2024\/03\/HYATT_TBF6307-1022x1536.jpg 1022w, https:\/\/www.pacoteshyatt.com.br\/rio-de-janeiro\/wp-content\/uploads\/sites\/2\/2024\/03\/HYATT_TBF6307-1363x2048.jpg 1363w, https:\/\/www.pacoteshyatt.com.br\/rio-de-janeiro\/wp-content\/uploads\/sites\/2\/2024\/03\/HYATT_TBF6307-110x165.jpg 110w, https:\/\/www.pacoteshyatt.com.br\/rio-de-janeiro\/wp-content\/uploads\/sites\/2\/2024\/03\/HYATT_TBF6307-133x200.jpg 133w, https:\/\/www.pacoteshyatt.com.br\/rio-de-janeiro\/wp-content\/uploads\/sites\/2\/2024\/03\/HYATT_TBF6307-348x523.jpg 348w\" sizes=\"(max-width: 1704px) 100vw, 1704px\" \/><\/a><\/figure>\n\n\n\n<figure class=\"wp-block-image size-full\"><a href=\"https:\/\/www.pacoteshyatt.com.br\/rio-de-janeiro\/wp-content\/uploads\/sites\/2\/2024\/03\/HYATT_TBF7283-scaled.jpg\"><img loading=\"lazy\" width=\"2560\" height=\"1704\" src=\"https:\/\/www.pacoteshyatt.com.br\/rio-de-janeiro\/wp-content\/uploads\/sites\/2\/2024\/03\/HYATT_TBF7283-scaled.jpg\" alt=\"\" class=\"wp-image-13978\" srcset=\"https:\/\/www.pacoteshyatt.com.br\/rio-de-janeiro\/wp-content\/uploads\/sites\/2\/2024\/03\/HYATT_TBF7283-scaled.jpg 2560w, https:\/\/www.pacoteshyatt.com.br\/rio-de-janeiro\/wp-content\/uploads\/sites\/2\/2024\/03\/HYATT_TBF7283-300x200.jpg 300w, https:\/\/www.pacoteshyatt.com.br\/rio-de-janeiro\/wp-content\/uploads\/sites\/2\/2024\/03\/HYATT_TBF7283-1024x682.jpg 1024w, https:\/\/www.pacoteshyatt.com.br\/rio-de-janeiro\/wp-content\/uploads\/sites\/2\/2024\/03\/HYATT_TBF7283-768x511.jpg 768w, https:\/\/www.pacoteshyatt.com.br\/rio-de-janeiro\/wp-content\/uploads\/sites\/2\/2024\/03\/HYATT_TBF7283-1536x1022.jpg 1536w, https:\/\/www.pacoteshyatt.com.br\/rio-de-janeiro\/wp-content\/uploads\/sites\/2\/2024\/03\/HYATT_TBF7283-2048x1363.jpg 2048w, https:\/\/www.pacoteshyatt.com.br\/rio-de-janeiro\/wp-content\/uploads\/sites\/2\/2024\/03\/HYATT_TBF7283-438x292.jpg 438w, https:\/\/www.pacoteshyatt.com.br\/rio-de-janeiro\/wp-content\/uploads\/sites\/2\/2024\/03\/HYATT_TBF7283-237x158.jpg 237w, https:\/\/www.pacoteshyatt.com.br\/rio-de-janeiro\/wp-content\/uploads\/sites\/2\/2024\/03\/HYATT_TBF7283-348x232.jpg 348w\" sizes=\"(max-width: 2560px) 100vw, 2560px\" \/><\/a><\/figure>\n<\/figure>\n\n<\/div>\n<\/div>\n\n\n\n<div id=\"grandroomsacessivel\" class=\"wp-container-69f25774ed830 wp-block-group has-border-color-background-color has-background\" style=\"padding-top:30px;padding-right:0px;padding-bottom:30px;padding-left:0px\"><div class=\"wp-bootstrap-blocks-container container mb-0\">\n\t\n\n<h2 class=\"gb-headline gb-headline-69e416c4 gb-headline-text\">Grand Rooms &#8211; Acess\u00edvel<\/h2>\n\n\n\n<figure class=\"wp-block-gallery has-nested-images columns-2 is-cropped\" id=\"hotel\">\n<figure class=\"wp-block-image size-full\"><a href=\"https:\/\/www.pacoteshyatt.com.br\/rio-de-janeiro\/wp-content\/uploads\/sites\/2\/2024\/03\/Grand-Hyatt-Rio-de-Janeiro-ADA-Room-With-a-Extra-Bed-scaled.jpg\"><img loading=\"lazy\" width=\"2560\" height=\"1707\" src=\"https:\/\/www.pacoteshyatt.com.br\/rio-de-janeiro\/wp-content\/uploads\/sites\/2\/2024\/03\/Grand-Hyatt-Rio-de-Janeiro-ADA-Room-With-a-Extra-Bed-scaled.jpg\" alt=\"\" class=\"wp-image-13956\" srcset=\"https:\/\/www.pacoteshyatt.com.br\/rio-de-janeiro\/wp-content\/uploads\/sites\/2\/2024\/03\/Grand-Hyatt-Rio-de-Janeiro-ADA-Room-With-a-Extra-Bed-scaled.jpg 2560w, https:\/\/www.pacoteshyatt.com.br\/rio-de-janeiro\/wp-content\/uploads\/sites\/2\/2024\/03\/Grand-Hyatt-Rio-de-Janeiro-ADA-Room-With-a-Extra-Bed-300x200.jpg 300w, https:\/\/www.pacoteshyatt.com.br\/rio-de-janeiro\/wp-content\/uploads\/sites\/2\/2024\/03\/Grand-Hyatt-Rio-de-Janeiro-ADA-Room-With-a-Extra-Bed-1024x683.jpg 1024w, https:\/\/www.pacoteshyatt.com.br\/rio-de-janeiro\/wp-content\/uploads\/sites\/2\/2024\/03\/Grand-Hyatt-Rio-de-Janeiro-ADA-Room-With-a-Extra-Bed-768x512.jpg 768w, https:\/\/www.pacoteshyatt.com.br\/rio-de-janeiro\/wp-content\/uploads\/sites\/2\/2024\/03\/Grand-Hyatt-Rio-de-Janeiro-ADA-Room-With-a-Extra-Bed-1536x1024.jpg 1536w, https:\/\/www.pacoteshyatt.com.br\/rio-de-janeiro\/wp-content\/uploads\/sites\/2\/2024\/03\/Grand-Hyatt-Rio-de-Janeiro-ADA-Room-With-a-Extra-Bed-2048x1365.jpg 2048w, https:\/\/www.pacoteshyatt.com.br\/rio-de-janeiro\/wp-content\/uploads\/sites\/2\/2024\/03\/Grand-Hyatt-Rio-de-Janeiro-ADA-Room-With-a-Extra-Bed-438x292.jpg 438w, https:\/\/www.pacoteshyatt.com.br\/rio-de-janeiro\/wp-content\/uploads\/sites\/2\/2024\/03\/Grand-Hyatt-Rio-de-Janeiro-ADA-Room-With-a-Extra-Bed-237x158.jpg 237w, https:\/\/www.pacoteshyatt.com.br\/rio-de-janeiro\/wp-content\/uploads\/sites\/2\/2024\/03\/Grand-Hyatt-Rio-de-Janeiro-ADA-Room-With-a-Extra-Bed-348x232.jpg 348w\" sizes=\"(max-width: 2560px) 100vw, 2560px\" \/><\/a><\/figure>\n\n\n\n<figure class=\"wp-block-image size-full\"><a href=\"https:\/\/www.pacoteshyatt.com.br\/rio-de-janeiro\/wp-content\/uploads\/sites\/2\/2024\/03\/RIOGH_P429-Grand-King-Accessible-scaled.jpg\"><img loading=\"lazy\" width=\"2560\" height=\"1704\" src=\"https:\/\/www.pacoteshyatt.com.br\/rio-de-janeiro\/wp-content\/uploads\/sites\/2\/2024\/03\/RIOGH_P429-Grand-King-Accessible-scaled.jpg\" alt=\"\" class=\"wp-image-13958\" srcset=\"https:\/\/www.pacoteshyatt.com.br\/rio-de-janeiro\/wp-content\/uploads\/sites\/2\/2024\/03\/RIOGH_P429-Grand-King-Accessible-scaled.jpg 2560w, https:\/\/www.pacoteshyatt.com.br\/rio-de-janeiro\/wp-content\/uploads\/sites\/2\/2024\/03\/RIOGH_P429-Grand-King-Accessible-300x200.jpg 300w, https:\/\/www.pacoteshyatt.com.br\/rio-de-janeiro\/wp-content\/uploads\/sites\/2\/2024\/03\/RIOGH_P429-Grand-King-Accessible-1024x682.jpg 1024w, https:\/\/www.pacoteshyatt.com.br\/rio-de-janeiro\/wp-content\/uploads\/sites\/2\/2024\/03\/RIOGH_P429-Grand-King-Accessible-768x511.jpg 768w, https:\/\/www.pacoteshyatt.com.br\/rio-de-janeiro\/wp-content\/uploads\/sites\/2\/2024\/03\/RIOGH_P429-Grand-King-Accessible-1536x1022.jpg 1536w, https:\/\/www.pacoteshyatt.com.br\/rio-de-janeiro\/wp-content\/uploads\/sites\/2\/2024\/03\/RIOGH_P429-Grand-King-Accessible-2048x1363.jpg 2048w, https:\/\/www.pacoteshyatt.com.br\/rio-de-janeiro\/wp-content\/uploads\/sites\/2\/2024\/03\/RIOGH_P429-Grand-King-Accessible-438x292.jpg 438w, https:\/\/www.pacoteshyatt.com.br\/rio-de-janeiro\/wp-content\/uploads\/sites\/2\/2024\/03\/RIOGH_P429-Grand-King-Accessible-237x158.jpg 237w, https:\/\/www.pacoteshyatt.com.br\/rio-de-janeiro\/wp-content\/uploads\/sites\/2\/2024\/03\/RIOGH_P429-Grand-King-Accessible-348x232.jpg 348w\" sizes=\"(max-width: 2560px) 100vw, 2560px\" \/><\/a><\/figure>\n\n\n\n<figure class=\"wp-block-image size-full\"><a href=\"https:\/\/www.pacoteshyatt.com.br\/rio-de-janeiro\/wp-content\/uploads\/sites\/2\/2024\/03\/RIOGH_P481-Accessible-Room-scaled.jpg\"><img loading=\"lazy\" width=\"2560\" height=\"1704\" src=\"https:\/\/www.pacoteshyatt.com.br\/rio-de-janeiro\/wp-content\/uploads\/sites\/2\/2024\/03\/RIOGH_P481-Accessible-Room-scaled.jpg\" alt=\"\" class=\"wp-image-13970\" srcset=\"https:\/\/www.pacoteshyatt.com.br\/rio-de-janeiro\/wp-content\/uploads\/sites\/2\/2024\/03\/RIOGH_P481-Accessible-Room-scaled.jpg 2560w, https:\/\/www.pacoteshyatt.com.br\/rio-de-janeiro\/wp-content\/uploads\/sites\/2\/2024\/03\/RIOGH_P481-Accessible-Room-300x200.jpg 300w, https:\/\/www.pacoteshyatt.com.br\/rio-de-janeiro\/wp-content\/uploads\/sites\/2\/2024\/03\/RIOGH_P481-Accessible-Room-1024x682.jpg 1024w, https:\/\/www.pacoteshyatt.com.br\/rio-de-janeiro\/wp-content\/uploads\/sites\/2\/2024\/03\/RIOGH_P481-Accessible-Room-768x511.jpg 768w, https:\/\/www.pacoteshyatt.com.br\/rio-de-janeiro\/wp-content\/uploads\/sites\/2\/2024\/03\/RIOGH_P481-Accessible-Room-1536x1022.jpg 1536w, https:\/\/www.pacoteshyatt.com.br\/rio-de-janeiro\/wp-content\/uploads\/sites\/2\/2024\/03\/RIOGH_P481-Accessible-Room-2048x1363.jpg 2048w, https:\/\/www.pacoteshyatt.com.br\/rio-de-janeiro\/wp-content\/uploads\/sites\/2\/2024\/03\/RIOGH_P481-Accessible-Room-438x292.jpg 438w, https:\/\/www.pacoteshyatt.com.br\/rio-de-janeiro\/wp-content\/uploads\/sites\/2\/2024\/03\/RIOGH_P481-Accessible-Room-237x158.jpg 237w, https:\/\/www.pacoteshyatt.com.br\/rio-de-janeiro\/wp-content\/uploads\/sites\/2\/2024\/03\/RIOGH_P481-Accessible-Room-348x232.jpg 348w\" sizes=\"(max-width: 2560px) 100vw, 2560px\" \/><\/a><\/figure>\n\n\n\n<figure class=\"wp-block-image size-full\"><a href=\"https:\/\/www.pacoteshyatt.com.br\/rio-de-janeiro\/wp-content\/uploads\/sites\/2\/2024\/03\/RIOGH_P482-Accessible-Bathroom-scaled.jpg\"><img loading=\"lazy\" width=\"2560\" height=\"1704\" src=\"https:\/\/www.pacoteshyatt.com.br\/rio-de-janeiro\/wp-content\/uploads\/sites\/2\/2024\/03\/RIOGH_P482-Accessible-Bathroom-scaled.jpg\" alt=\"\" class=\"wp-image-13955\" srcset=\"https:\/\/www.pacoteshyatt.com.br\/rio-de-janeiro\/wp-content\/uploads\/sites\/2\/2024\/03\/RIOGH_P482-Accessible-Bathroom-scaled.jpg 2560w, https:\/\/www.pacoteshyatt.com.br\/rio-de-janeiro\/wp-content\/uploads\/sites\/2\/2024\/03\/RIOGH_P482-Accessible-Bathroom-300x200.jpg 300w, https:\/\/www.pacoteshyatt.com.br\/rio-de-janeiro\/wp-content\/uploads\/sites\/2\/2024\/03\/RIOGH_P482-Accessible-Bathroom-1024x682.jpg 1024w, https:\/\/www.pacoteshyatt.com.br\/rio-de-janeiro\/wp-content\/uploads\/sites\/2\/2024\/03\/RIOGH_P482-Accessible-Bathroom-768x511.jpg 768w, https:\/\/www.pacoteshyatt.com.br\/rio-de-janeiro\/wp-content\/uploads\/sites\/2\/2024\/03\/RIOGH_P482-Accessible-Bathroom-1536x1022.jpg 1536w, https:\/\/www.pacoteshyatt.com.br\/rio-de-janeiro\/wp-content\/uploads\/sites\/2\/2024\/03\/RIOGH_P482-Accessible-Bathroom-2048x1363.jpg 2048w, https:\/\/www.pacoteshyatt.com.br\/rio-de-janeiro\/wp-content\/uploads\/sites\/2\/2024\/03\/RIOGH_P482-Accessible-Bathroom-438x292.jpg 438w, https:\/\/www.pacoteshyatt.com.br\/rio-de-janeiro\/wp-content\/uploads\/sites\/2\/2024\/03\/RIOGH_P482-Accessible-Bathroom-237x158.jpg 237w, https:\/\/www.pacoteshyatt.com.br\/rio-de-janeiro\/wp-content\/uploads\/sites\/2\/2024\/03\/RIOGH_P482-Accessible-Bathroom-348x232.jpg 348w\" sizes=\"(max-width: 2560px) 100vw, 2560px\" \/><\/a><\/figure>\n<\/figure>\n\n<\/div>\n<\/div>\n\n\n\n<div id=\"grandsuites\" class=\"wp-container-69f25774ede64 wp-block-group\"><div class=\"wp-bootstrap-blocks-container container mb-0\">\n\t\n\n<h2 class=\"gb-headline gb-headline-256f2304 gb-headline-text\">Grand Suites &#8211; Ocean Front<\/h2>\n\n\n\n<figure class=\"wp-block-gallery has-nested-images columns-3 is-cropped\" id=\"hotel\">\n<figure class=\"wp-block-image size-full is-style-default\"><a href=\"https:\/\/www.pacoteshyatt.com.br\/rio-de-janeiro\/wp-content\/uploads\/sites\/2\/2023\/11\/Grand-Room-with-bathroom-scaled.jpg\"><img loading=\"lazy\" width=\"2560\" height=\"1704\" src=\"https:\/\/www.pacoteshyatt.com.br\/rio-de-janeiro\/wp-content\/uploads\/sites\/2\/2023\/11\/Grand-Room-with-bathroom-scaled.jpg\" alt=\"\" class=\"wp-image-11920\" srcset=\"https:\/\/www.pacoteshyatt.com.br\/rio-de-janeiro\/wp-content\/uploads\/sites\/2\/2023\/11\/Grand-Room-with-bathroom-scaled.jpg 2560w, https:\/\/www.pacoteshyatt.com.br\/rio-de-janeiro\/wp-content\/uploads\/sites\/2\/2023\/11\/Grand-Room-with-bathroom-300x200.jpg 300w, https:\/\/www.pacoteshyatt.com.br\/rio-de-janeiro\/wp-content\/uploads\/sites\/2\/2023\/11\/Grand-Room-with-bathroom-1024x682.jpg 1024w, https:\/\/www.pacoteshyatt.com.br\/rio-de-janeiro\/wp-content\/uploads\/sites\/2\/2023\/11\/Grand-Room-with-bathroom-768x511.jpg 768w, https:\/\/www.pacoteshyatt.com.br\/rio-de-janeiro\/wp-content\/uploads\/sites\/2\/2023\/11\/Grand-Room-with-bathroom-1536x1022.jpg 1536w, https:\/\/www.pacoteshyatt.com.br\/rio-de-janeiro\/wp-content\/uploads\/sites\/2\/2023\/11\/Grand-Room-with-bathroom-2048x1363.jpg 2048w, https:\/\/www.pacoteshyatt.com.br\/rio-de-janeiro\/wp-content\/uploads\/sites\/2\/2023\/11\/Grand-Room-with-bathroom-438x292.jpg 438w, https:\/\/www.pacoteshyatt.com.br\/rio-de-janeiro\/wp-content\/uploads\/sites\/2\/2023\/11\/Grand-Room-with-bathroom-237x158.jpg 237w, https:\/\/www.pacoteshyatt.com.br\/rio-de-janeiro\/wp-content\/uploads\/sites\/2\/2023\/11\/Grand-Room-with-bathroom-348x232.jpg 348w\" sizes=\"(max-width: 2560px) 100vw, 2560px\" \/><\/a><\/figure>\n\n\n\n<figure class=\"wp-block-image size-full is-style-default\"><a href=\"https:\/\/www.pacoteshyatt.com.br\/rio-de-janeiro\/wp-content\/uploads\/sites\/2\/2023\/11\/RIOGH_P105-Grand-King-Room-scaled.jpg\"><img loading=\"lazy\" width=\"2560\" height=\"1704\" src=\"https:\/\/www.pacoteshyatt.com.br\/rio-de-janeiro\/wp-content\/uploads\/sites\/2\/2023\/11\/RIOGH_P105-Grand-King-Room-scaled.jpg\" alt=\"\" class=\"wp-image-11917\" srcset=\"https:\/\/www.pacoteshyatt.com.br\/rio-de-janeiro\/wp-content\/uploads\/sites\/2\/2023\/11\/RIOGH_P105-Grand-King-Room-scaled.jpg 2560w, https:\/\/www.pacoteshyatt.com.br\/rio-de-janeiro\/wp-content\/uploads\/sites\/2\/2023\/11\/RIOGH_P105-Grand-King-Room-300x200.jpg 300w, https:\/\/www.pacoteshyatt.com.br\/rio-de-janeiro\/wp-content\/uploads\/sites\/2\/2023\/11\/RIOGH_P105-Grand-King-Room-1024x682.jpg 1024w, https:\/\/www.pacoteshyatt.com.br\/rio-de-janeiro\/wp-content\/uploads\/sites\/2\/2023\/11\/RIOGH_P105-Grand-King-Room-768x511.jpg 768w, https:\/\/www.pacoteshyatt.com.br\/rio-de-janeiro\/wp-content\/uploads\/sites\/2\/2023\/11\/RIOGH_P105-Grand-King-Room-1536x1022.jpg 1536w, https:\/\/www.pacoteshyatt.com.br\/rio-de-janeiro\/wp-content\/uploads\/sites\/2\/2023\/11\/RIOGH_P105-Grand-King-Room-2048x1363.jpg 2048w, https:\/\/www.pacoteshyatt.com.br\/rio-de-janeiro\/wp-content\/uploads\/sites\/2\/2023\/11\/RIOGH_P105-Grand-King-Room-438x292.jpg 438w, https:\/\/www.pacoteshyatt.com.br\/rio-de-janeiro\/wp-content\/uploads\/sites\/2\/2023\/11\/RIOGH_P105-Grand-King-Room-237x158.jpg 237w, https:\/\/www.pacoteshyatt.com.br\/rio-de-janeiro\/wp-content\/uploads\/sites\/2\/2023\/11\/RIOGH_P105-Grand-King-Room-348x232.jpg 348w\" sizes=\"(max-width: 2560px) 100vw, 2560px\" \/><\/a><\/figure>\n\n\n\n<figure class=\"wp-block-image size-full is-style-default\"><a href=\"https:\/\/www.pacoteshyatt.com.br\/rio-de-janeiro\/wp-content\/uploads\/sites\/2\/2023\/11\/RIOGH_P106-Grand-King-Room-Ocean-View-scaled.jpg\"><img loading=\"lazy\" width=\"2560\" height=\"1704\" src=\"https:\/\/www.pacoteshyatt.com.br\/rio-de-janeiro\/wp-content\/uploads\/sites\/2\/2023\/11\/RIOGH_P106-Grand-King-Room-Ocean-View-scaled.jpg\" alt=\"\" class=\"wp-image-11918\" srcset=\"https:\/\/www.pacoteshyatt.com.br\/rio-de-janeiro\/wp-content\/uploads\/sites\/2\/2023\/11\/RIOGH_P106-Grand-King-Room-Ocean-View-scaled.jpg 2560w, https:\/\/www.pacoteshyatt.com.br\/rio-de-janeiro\/wp-content\/uploads\/sites\/2\/2023\/11\/RIOGH_P106-Grand-King-Room-Ocean-View-300x200.jpg 300w, https:\/\/www.pacoteshyatt.com.br\/rio-de-janeiro\/wp-content\/uploads\/sites\/2\/2023\/11\/RIOGH_P106-Grand-King-Room-Ocean-View-1024x682.jpg 1024w, https:\/\/www.pacoteshyatt.com.br\/rio-de-janeiro\/wp-content\/uploads\/sites\/2\/2023\/11\/RIOGH_P106-Grand-King-Room-Ocean-View-768x511.jpg 768w, https:\/\/www.pacoteshyatt.com.br\/rio-de-janeiro\/wp-content\/uploads\/sites\/2\/2023\/11\/RIOGH_P106-Grand-King-Room-Ocean-View-1536x1022.jpg 1536w, https:\/\/www.pacoteshyatt.com.br\/rio-de-janeiro\/wp-content\/uploads\/sites\/2\/2023\/11\/RIOGH_P106-Grand-King-Room-Ocean-View-2048x1363.jpg 2048w, https:\/\/www.pacoteshyatt.com.br\/rio-de-janeiro\/wp-content\/uploads\/sites\/2\/2023\/11\/RIOGH_P106-Grand-King-Room-Ocean-View-438x292.jpg 438w, https:\/\/www.pacoteshyatt.com.br\/rio-de-janeiro\/wp-content\/uploads\/sites\/2\/2023\/11\/RIOGH_P106-Grand-King-Room-Ocean-View-237x158.jpg 237w, https:\/\/www.pacoteshyatt.com.br\/rio-de-janeiro\/wp-content\/uploads\/sites\/2\/2023\/11\/RIOGH_P106-Grand-King-Room-Ocean-View-348x232.jpg 348w\" sizes=\"(max-width: 2560px) 100vw, 2560px\" \/><\/a><\/figure>\n\n\n\n<figure class=\"wp-block-image size-full is-style-default\"><a href=\"https:\/\/www.pacoteshyatt.com.br\/rio-de-janeiro\/wp-content\/uploads\/sites\/2\/2023\/11\/RIOGH_P151-Balcony-Ocean-View-scaled.jpg\"><img loading=\"lazy\" width=\"2560\" height=\"1704\" src=\"https:\/\/www.pacoteshyatt.com.br\/rio-de-janeiro\/wp-content\/uploads\/sites\/2\/2023\/11\/RIOGH_P151-Balcony-Ocean-View-scaled.jpg\" alt=\"\" class=\"wp-image-11922\" srcset=\"https:\/\/www.pacoteshyatt.com.br\/rio-de-janeiro\/wp-content\/uploads\/sites\/2\/2023\/11\/RIOGH_P151-Balcony-Ocean-View-scaled.jpg 2560w, https:\/\/www.pacoteshyatt.com.br\/rio-de-janeiro\/wp-content\/uploads\/sites\/2\/2023\/11\/RIOGH_P151-Balcony-Ocean-View-300x200.jpg 300w, https:\/\/www.pacoteshyatt.com.br\/rio-de-janeiro\/wp-content\/uploads\/sites\/2\/2023\/11\/RIOGH_P151-Balcony-Ocean-View-1024x682.jpg 1024w, https:\/\/www.pacoteshyatt.com.br\/rio-de-janeiro\/wp-content\/uploads\/sites\/2\/2023\/11\/RIOGH_P151-Balcony-Ocean-View-768x511.jpg 768w, https:\/\/www.pacoteshyatt.com.br\/rio-de-janeiro\/wp-content\/uploads\/sites\/2\/2023\/11\/RIOGH_P151-Balcony-Ocean-View-1536x1022.jpg 1536w, https:\/\/www.pacoteshyatt.com.br\/rio-de-janeiro\/wp-content\/uploads\/sites\/2\/2023\/11\/RIOGH_P151-Balcony-Ocean-View-2048x1363.jpg 2048w, https:\/\/www.pacoteshyatt.com.br\/rio-de-janeiro\/wp-content\/uploads\/sites\/2\/2023\/11\/RIOGH_P151-Balcony-Ocean-View-438x292.jpg 438w, https:\/\/www.pacoteshyatt.com.br\/rio-de-janeiro\/wp-content\/uploads\/sites\/2\/2023\/11\/RIOGH_P151-Balcony-Ocean-View-237x158.jpg 237w, https:\/\/www.pacoteshyatt.com.br\/rio-de-janeiro\/wp-content\/uploads\/sites\/2\/2023\/11\/RIOGH_P151-Balcony-Ocean-View-348x232.jpg 348w\" sizes=\"(max-width: 2560px) 100vw, 2560px\" \/><\/a><\/figure>\n\n\n\n<figure class=\"wp-block-image size-full is-style-default\"><a href=\"https:\/\/www.pacoteshyatt.com.br\/rio-de-janeiro\/wp-content\/uploads\/sites\/2\/2023\/11\/Grand-Hyatt-Rio-de-Janeiro-Grand-Suite-New-Living-Room-scaled.jpg\"><img loading=\"lazy\" width=\"2560\" height=\"1704\" src=\"https:\/\/www.pacoteshyatt.com.br\/rio-de-janeiro\/wp-content\/uploads\/sites\/2\/2023\/11\/Grand-Hyatt-Rio-de-Janeiro-Grand-Suite-New-Living-Room-scaled.jpg\" alt=\"\" class=\"wp-image-11919\" srcset=\"https:\/\/www.pacoteshyatt.com.br\/rio-de-janeiro\/wp-content\/uploads\/sites\/2\/2023\/11\/Grand-Hyatt-Rio-de-Janeiro-Grand-Suite-New-Living-Room-scaled.jpg 2560w, https:\/\/www.pacoteshyatt.com.br\/rio-de-janeiro\/wp-content\/uploads\/sites\/2\/2023\/11\/Grand-Hyatt-Rio-de-Janeiro-Grand-Suite-New-Living-Room-300x200.jpg 300w, https:\/\/www.pacoteshyatt.com.br\/rio-de-janeiro\/wp-content\/uploads\/sites\/2\/2023\/11\/Grand-Hyatt-Rio-de-Janeiro-Grand-Suite-New-Living-Room-1024x682.jpg 1024w, https:\/\/www.pacoteshyatt.com.br\/rio-de-janeiro\/wp-content\/uploads\/sites\/2\/2023\/11\/Grand-Hyatt-Rio-de-Janeiro-Grand-Suite-New-Living-Room-768x511.jpg 768w, https:\/\/www.pacoteshyatt.com.br\/rio-de-janeiro\/wp-content\/uploads\/sites\/2\/2023\/11\/Grand-Hyatt-Rio-de-Janeiro-Grand-Suite-New-Living-Room-1536x1022.jpg 1536w, https:\/\/www.pacoteshyatt.com.br\/rio-de-janeiro\/wp-content\/uploads\/sites\/2\/2023\/11\/Grand-Hyatt-Rio-de-Janeiro-Grand-Suite-New-Living-Room-2048x1363.jpg 2048w, https:\/\/www.pacoteshyatt.com.br\/rio-de-janeiro\/wp-content\/uploads\/sites\/2\/2023\/11\/Grand-Hyatt-Rio-de-Janeiro-Grand-Suite-New-Living-Room-438x292.jpg 438w, https:\/\/www.pacoteshyatt.com.br\/rio-de-janeiro\/wp-content\/uploads\/sites\/2\/2023\/11\/Grand-Hyatt-Rio-de-Janeiro-Grand-Suite-New-Living-Room-237x158.jpg 237w, https:\/\/www.pacoteshyatt.com.br\/rio-de-janeiro\/wp-content\/uploads\/sites\/2\/2023\/11\/Grand-Hyatt-Rio-de-Janeiro-Grand-Suite-New-Living-Room-348x232.jpg 348w\" sizes=\"(max-width: 2560px) 100vw, 2560px\" \/><\/a><\/figure>\n\n\n\n<figure class=\"wp-block-image size-full is-style-default\"><a href=\"https:\/\/www.pacoteshyatt.com.br\/rio-de-janeiro\/wp-content\/uploads\/sites\/2\/2023\/11\/RIOGH_P177-Grand-Suite-Bathroom-scaled.jpg\"><img loading=\"lazy\" width=\"2560\" height=\"1704\" src=\"https:\/\/www.pacoteshyatt.com.br\/rio-de-janeiro\/wp-content\/uploads\/sites\/2\/2023\/11\/RIOGH_P177-Grand-Suite-Bathroom-scaled.jpg\" alt=\"\" class=\"wp-image-11921\" srcset=\"https:\/\/www.pacoteshyatt.com.br\/rio-de-janeiro\/wp-content\/uploads\/sites\/2\/2023\/11\/RIOGH_P177-Grand-Suite-Bathroom-scaled.jpg 2560w, https:\/\/www.pacoteshyatt.com.br\/rio-de-janeiro\/wp-content\/uploads\/sites\/2\/2023\/11\/RIOGH_P177-Grand-Suite-Bathroom-300x200.jpg 300w, https:\/\/www.pacoteshyatt.com.br\/rio-de-janeiro\/wp-content\/uploads\/sites\/2\/2023\/11\/RIOGH_P177-Grand-Suite-Bathroom-1024x682.jpg 1024w, https:\/\/www.pacoteshyatt.com.br\/rio-de-janeiro\/wp-content\/uploads\/sites\/2\/2023\/11\/RIOGH_P177-Grand-Suite-Bathroom-768x511.jpg 768w, https:\/\/www.pacoteshyatt.com.br\/rio-de-janeiro\/wp-content\/uploads\/sites\/2\/2023\/11\/RIOGH_P177-Grand-Suite-Bathroom-1536x1022.jpg 1536w, https:\/\/www.pacoteshyatt.com.br\/rio-de-janeiro\/wp-content\/uploads\/sites\/2\/2023\/11\/RIOGH_P177-Grand-Suite-Bathroom-2048x1363.jpg 2048w, https:\/\/www.pacoteshyatt.com.br\/rio-de-janeiro\/wp-content\/uploads\/sites\/2\/2023\/11\/RIOGH_P177-Grand-Suite-Bathroom-438x292.jpg 438w, https:\/\/www.pacoteshyatt.com.br\/rio-de-janeiro\/wp-content\/uploads\/sites\/2\/2023\/11\/RIOGH_P177-Grand-Suite-Bathroom-237x158.jpg 237w, https:\/\/www.pacoteshyatt.com.br\/rio-de-janeiro\/wp-content\/uploads\/sites\/2\/2023\/11\/RIOGH_P177-Grand-Suite-Bathroom-348x232.jpg 348w\" sizes=\"(max-width: 2560px) 100vw, 2560px\" \/><\/a><\/figure>\n<\/figure>\n\n<\/div>\n<\/div>\n\n\n\n<div id=\"grandsuites\" class=\"wp-container-69f25774ee465 wp-block-group\"><div class=\"wp-bootstrap-blocks-container container mb-0\">\n\t\n\n<h2 class=\"gb-headline gb-headline-0dcd2506 gb-headline-text\">Grand Suites &#8211; Ocean Lagoon<\/h2>\n\n\n\n<figure class=\"wp-block-gallery has-nested-images columns-3 is-cropped\" id=\"hotel\">\n<figure class=\"wp-block-image size-full is-style-default\"><a href=\"https:\/\/www.pacoteshyatt.com.br\/rio-de-janeiro\/wp-content\/uploads\/sites\/2\/2023\/11\/Grand-Room-with-bathroom-scaled.jpg\"><img loading=\"lazy\" width=\"2560\" height=\"1704\" src=\"https:\/\/www.pacoteshyatt.com.br\/rio-de-janeiro\/wp-content\/uploads\/sites\/2\/2023\/11\/Grand-Room-with-bathroom-scaled.jpg\" alt=\"\" class=\"wp-image-11920\" srcset=\"https:\/\/www.pacoteshyatt.com.br\/rio-de-janeiro\/wp-content\/uploads\/sites\/2\/2023\/11\/Grand-Room-with-bathroom-scaled.jpg 2560w, https:\/\/www.pacoteshyatt.com.br\/rio-de-janeiro\/wp-content\/uploads\/sites\/2\/2023\/11\/Grand-Room-with-bathroom-300x200.jpg 300w, https:\/\/www.pacoteshyatt.com.br\/rio-de-janeiro\/wp-content\/uploads\/sites\/2\/2023\/11\/Grand-Room-with-bathroom-1024x682.jpg 1024w, https:\/\/www.pacoteshyatt.com.br\/rio-de-janeiro\/wp-content\/uploads\/sites\/2\/2023\/11\/Grand-Room-with-bathroom-768x511.jpg 768w, https:\/\/www.pacoteshyatt.com.br\/rio-de-janeiro\/wp-content\/uploads\/sites\/2\/2023\/11\/Grand-Room-with-bathroom-1536x1022.jpg 1536w, https:\/\/www.pacoteshyatt.com.br\/rio-de-janeiro\/wp-content\/uploads\/sites\/2\/2023\/11\/Grand-Room-with-bathroom-2048x1363.jpg 2048w, https:\/\/www.pacoteshyatt.com.br\/rio-de-janeiro\/wp-content\/uploads\/sites\/2\/2023\/11\/Grand-Room-with-bathroom-438x292.jpg 438w, https:\/\/www.pacoteshyatt.com.br\/rio-de-janeiro\/wp-content\/uploads\/sites\/2\/2023\/11\/Grand-Room-with-bathroom-237x158.jpg 237w, https:\/\/www.pacoteshyatt.com.br\/rio-de-janeiro\/wp-content\/uploads\/sites\/2\/2023\/11\/Grand-Room-with-bathroom-348x232.jpg 348w\" sizes=\"(max-width: 2560px) 100vw, 2560px\" \/><\/a><\/figure>\n\n\n\n<figure class=\"wp-block-image size-full is-style-default\"><a href=\"https:\/\/www.pacoteshyatt.com.br\/rio-de-janeiro\/wp-content\/uploads\/sites\/2\/2023\/11\/RIOGH_P182-Grand-Suite-Ocean-Lagoon-Bedroom-scaled.jpg\"><img src=\"https:\/\/www.pacoteshyatt.com.br\/rio-de-janeiro\/wp-content\/uploads\/sites\/2\/2023\/11\/RIOGH_P182-Grand-Suite-Ocean-Lagoon-Bedroom-scaled.jpg\" alt=\"\" class=\"wp-image-11926\" \/><\/a><\/figure>\n\n\n\n<figure class=\"wp-block-image size-full is-style-default\"><a href=\"https:\/\/www.pacoteshyatt.com.br\/rio-de-janeiro\/wp-content\/uploads\/sites\/2\/2023\/11\/RIOGH_P184-Grand-Suite-Ocean-Lagoon-Living-Room-with-TV-scaled.jpg\"><img loading=\"lazy\" width=\"2560\" height=\"1704\" src=\"https:\/\/www.pacoteshyatt.com.br\/rio-de-janeiro\/wp-content\/uploads\/sites\/2\/2023\/11\/RIOGH_P184-Grand-Suite-Ocean-Lagoon-Living-Room-with-TV-scaled.jpg\" alt=\"\" class=\"wp-image-11924\" srcset=\"https:\/\/www.pacoteshyatt.com.br\/rio-de-janeiro\/wp-content\/uploads\/sites\/2\/2023\/11\/RIOGH_P184-Grand-Suite-Ocean-Lagoon-Living-Room-with-TV-scaled.jpg 2560w, https:\/\/www.pacoteshyatt.com.br\/rio-de-janeiro\/wp-content\/uploads\/sites\/2\/2023\/11\/RIOGH_P184-Grand-Suite-Ocean-Lagoon-Living-Room-with-TV-300x200.jpg 300w, https:\/\/www.pacoteshyatt.com.br\/rio-de-janeiro\/wp-content\/uploads\/sites\/2\/2023\/11\/RIOGH_P184-Grand-Suite-Ocean-Lagoon-Living-Room-with-TV-1024x682.jpg 1024w, https:\/\/www.pacoteshyatt.com.br\/rio-de-janeiro\/wp-content\/uploads\/sites\/2\/2023\/11\/RIOGH_P184-Grand-Suite-Ocean-Lagoon-Living-Room-with-TV-768x511.jpg 768w, https:\/\/www.pacoteshyatt.com.br\/rio-de-janeiro\/wp-content\/uploads\/sites\/2\/2023\/11\/RIOGH_P184-Grand-Suite-Ocean-Lagoon-Living-Room-with-TV-1536x1022.jpg 1536w, https:\/\/www.pacoteshyatt.com.br\/rio-de-janeiro\/wp-content\/uploads\/sites\/2\/2023\/11\/RIOGH_P184-Grand-Suite-Ocean-Lagoon-Living-Room-with-TV-2048x1363.jpg 2048w, https:\/\/www.pacoteshyatt.com.br\/rio-de-janeiro\/wp-content\/uploads\/sites\/2\/2023\/11\/RIOGH_P184-Grand-Suite-Ocean-Lagoon-Living-Room-with-TV-438x292.jpg 438w, https:\/\/www.pacoteshyatt.com.br\/rio-de-janeiro\/wp-content\/uploads\/sites\/2\/2023\/11\/RIOGH_P184-Grand-Suite-Ocean-Lagoon-Living-Room-with-TV-237x158.jpg 237w, https:\/\/www.pacoteshyatt.com.br\/rio-de-janeiro\/wp-content\/uploads\/sites\/2\/2023\/11\/RIOGH_P184-Grand-Suite-Ocean-Lagoon-Living-Room-with-TV-348x232.jpg 348w\" sizes=\"(max-width: 2560px) 100vw, 2560px\" \/><\/a><\/figure>\n\n\n\n<figure class=\"wp-block-image size-full is-style-default\"><a href=\"https:\/\/www.pacoteshyatt.com.br\/rio-de-janeiro\/wp-content\/uploads\/sites\/2\/2023\/11\/Grand-Hyatt-Rio-de-Janeiro-Grand-Suite-Lagoon-Terrace-View-scaled.jpg\"><img loading=\"lazy\" width=\"2560\" height=\"1707\" src=\"https:\/\/www.pacoteshyatt.com.br\/rio-de-janeiro\/wp-content\/uploads\/sites\/2\/2023\/11\/Grand-Hyatt-Rio-de-Janeiro-Grand-Suite-Lagoon-Terrace-View-scaled.jpg\" alt=\"\" class=\"wp-image-11925\" srcset=\"https:\/\/www.pacoteshyatt.com.br\/rio-de-janeiro\/wp-content\/uploads\/sites\/2\/2023\/11\/Grand-Hyatt-Rio-de-Janeiro-Grand-Suite-Lagoon-Terrace-View-scaled.jpg 2560w, https:\/\/www.pacoteshyatt.com.br\/rio-de-janeiro\/wp-content\/uploads\/sites\/2\/2023\/11\/Grand-Hyatt-Rio-de-Janeiro-Grand-Suite-Lagoon-Terrace-View-300x200.jpg 300w, https:\/\/www.pacoteshyatt.com.br\/rio-de-janeiro\/wp-content\/uploads\/sites\/2\/2023\/11\/Grand-Hyatt-Rio-de-Janeiro-Grand-Suite-Lagoon-Terrace-View-1024x683.jpg 1024w, https:\/\/www.pacoteshyatt.com.br\/rio-de-janeiro\/wp-content\/uploads\/sites\/2\/2023\/11\/Grand-Hyatt-Rio-de-Janeiro-Grand-Suite-Lagoon-Terrace-View-768x512.jpg 768w, https:\/\/www.pacoteshyatt.com.br\/rio-de-janeiro\/wp-content\/uploads\/sites\/2\/2023\/11\/Grand-Hyatt-Rio-de-Janeiro-Grand-Suite-Lagoon-Terrace-View-1536x1024.jpg 1536w, https:\/\/www.pacoteshyatt.com.br\/rio-de-janeiro\/wp-content\/uploads\/sites\/2\/2023\/11\/Grand-Hyatt-Rio-de-Janeiro-Grand-Suite-Lagoon-Terrace-View-2048x1365.jpg 2048w, https:\/\/www.pacoteshyatt.com.br\/rio-de-janeiro\/wp-content\/uploads\/sites\/2\/2023\/11\/Grand-Hyatt-Rio-de-Janeiro-Grand-Suite-Lagoon-Terrace-View-438x292.jpg 438w, https:\/\/www.pacoteshyatt.com.br\/rio-de-janeiro\/wp-content\/uploads\/sites\/2\/2023\/11\/Grand-Hyatt-Rio-de-Janeiro-Grand-Suite-Lagoon-Terrace-View-237x158.jpg 237w, https:\/\/www.pacoteshyatt.com.br\/rio-de-janeiro\/wp-content\/uploads\/sites\/2\/2023\/11\/Grand-Hyatt-Rio-de-Janeiro-Grand-Suite-Lagoon-Terrace-View-348x232.jpg 348w\" sizes=\"(max-width: 2560px) 100vw, 2560px\" \/><\/a><\/figure>\n\n\n\n<figure class=\"wp-block-image size-full is-style-default\"><a href=\"https:\/\/www.pacoteshyatt.com.br\/rio-de-janeiro\/wp-content\/uploads\/sites\/2\/2023\/11\/P180-Grand-Suite-Living-Room-scaled.jpg\"><img loading=\"lazy\" width=\"2560\" height=\"1704\" src=\"https:\/\/www.pacoteshyatt.com.br\/rio-de-janeiro\/wp-content\/uploads\/sites\/2\/2023\/11\/P180-Grand-Suite-Living-Room-scaled.jpg\" alt=\"\" class=\"wp-image-11923\" srcset=\"https:\/\/www.pacoteshyatt.com.br\/rio-de-janeiro\/wp-content\/uploads\/sites\/2\/2023\/11\/P180-Grand-Suite-Living-Room-scaled.jpg 2560w, https:\/\/www.pacoteshyatt.com.br\/rio-de-janeiro\/wp-content\/uploads\/sites\/2\/2023\/11\/P180-Grand-Suite-Living-Room-300x200.jpg 300w, https:\/\/www.pacoteshyatt.com.br\/rio-de-janeiro\/wp-content\/uploads\/sites\/2\/2023\/11\/P180-Grand-Suite-Living-Room-1024x682.jpg 1024w, https:\/\/www.pacoteshyatt.com.br\/rio-de-janeiro\/wp-content\/uploads\/sites\/2\/2023\/11\/P180-Grand-Suite-Living-Room-768x511.jpg 768w, https:\/\/www.pacoteshyatt.com.br\/rio-de-janeiro\/wp-content\/uploads\/sites\/2\/2023\/11\/P180-Grand-Suite-Living-Room-1536x1022.jpg 1536w, https:\/\/www.pacoteshyatt.com.br\/rio-de-janeiro\/wp-content\/uploads\/sites\/2\/2023\/11\/P180-Grand-Suite-Living-Room-2048x1363.jpg 2048w, https:\/\/www.pacoteshyatt.com.br\/rio-de-janeiro\/wp-content\/uploads\/sites\/2\/2023\/11\/P180-Grand-Suite-Living-Room-438x292.jpg 438w, https:\/\/www.pacoteshyatt.com.br\/rio-de-janeiro\/wp-content\/uploads\/sites\/2\/2023\/11\/P180-Grand-Suite-Living-Room-237x158.jpg 237w, https:\/\/www.pacoteshyatt.com.br\/rio-de-janeiro\/wp-content\/uploads\/sites\/2\/2023\/11\/P180-Grand-Suite-Living-Room-348x232.jpg 348w\" sizes=\"(max-width: 2560px) 100vw, 2560px\" \/><\/a><\/figure>\n\n\n\n<figure class=\"wp-block-image size-full is-style-default\"><a href=\"https:\/\/www.pacoteshyatt.com.br\/rio-de-janeiro\/wp-content\/uploads\/sites\/2\/2023\/11\/RIOGH_P177-Grand-Suite-Bathroom-scaled.jpg\"><img loading=\"lazy\" width=\"2560\" height=\"1704\" src=\"https:\/\/www.pacoteshyatt.com.br\/rio-de-janeiro\/wp-content\/uploads\/sites\/2\/2023\/11\/RIOGH_P177-Grand-Suite-Bathroom-scaled.jpg\" alt=\"\" class=\"wp-image-11921\" srcset=\"https:\/\/www.pacoteshyatt.com.br\/rio-de-janeiro\/wp-content\/uploads\/sites\/2\/2023\/11\/RIOGH_P177-Grand-Suite-Bathroom-scaled.jpg 2560w, https:\/\/www.pacoteshyatt.com.br\/rio-de-janeiro\/wp-content\/uploads\/sites\/2\/2023\/11\/RIOGH_P177-Grand-Suite-Bathroom-300x200.jpg 300w, https:\/\/www.pacoteshyatt.com.br\/rio-de-janeiro\/wp-content\/uploads\/sites\/2\/2023\/11\/RIOGH_P177-Grand-Suite-Bathroom-1024x682.jpg 1024w, https:\/\/www.pacoteshyatt.com.br\/rio-de-janeiro\/wp-content\/uploads\/sites\/2\/2023\/11\/RIOGH_P177-Grand-Suite-Bathroom-768x511.jpg 768w, https:\/\/www.pacoteshyatt.com.br\/rio-de-janeiro\/wp-content\/uploads\/sites\/2\/2023\/11\/RIOGH_P177-Grand-Suite-Bathroom-1536x1022.jpg 1536w, https:\/\/www.pacoteshyatt.com.br\/rio-de-janeiro\/wp-content\/uploads\/sites\/2\/2023\/11\/RIOGH_P177-Grand-Suite-Bathroom-2048x1363.jpg 2048w, https:\/\/www.pacoteshyatt.com.br\/rio-de-janeiro\/wp-content\/uploads\/sites\/2\/2023\/11\/RIOGH_P177-Grand-Suite-Bathroom-438x292.jpg 438w, https:\/\/www.pacoteshyatt.com.br\/rio-de-janeiro\/wp-content\/uploads\/sites\/2\/2023\/11\/RIOGH_P177-Grand-Suite-Bathroom-237x158.jpg 237w, https:\/\/www.pacoteshyatt.com.br\/rio-de-janeiro\/wp-content\/uploads\/sites\/2\/2023\/11\/RIOGH_P177-Grand-Suite-Bathroom-348x232.jpg 348w\" sizes=\"(max-width: 2560px) 100vw, 2560px\" \/><\/a><\/figure>\n<\/figure>\n\n<\/div>\n<\/div>\n\n\n\n<div id=\"diplomata\" class=\"wp-container-69f25774eea35 wp-block-group has-border-color-background-color has-background\" style=\"padding-top:30px;padding-right:0px;padding-bottom:30px;padding-left:0px\"><div class=\"wp-bootstrap-blocks-container container mb-0\">\n\t\n\n<h2 class=\"gb-headline gb-headline-f9c68ffc gb-headline-text\">Diplomata<\/h2>\n\n\n\n<figure class=\"wp-block-gallery has-nested-images columns-5 is-cropped\" id=\"hotel\">\n<figure class=\"wp-block-image size-full is-style-default\"><a href=\"https:\/\/www.pacoteshyatt.com.br\/rio-de-janeiro\/wp-content\/uploads\/sites\/2\/2023\/11\/Diplomat-Suite-Ocean-View-Living-Room-scaled.jpg\"><img loading=\"lazy\" width=\"2560\" height=\"1704\" src=\"https:\/\/www.pacoteshyatt.com.br\/rio-de-janeiro\/wp-content\/uploads\/sites\/2\/2023\/11\/Diplomat-Suite-Ocean-View-Living-Room-scaled.jpg\" alt=\"\" class=\"wp-image-11902\" srcset=\"https:\/\/www.pacoteshyatt.com.br\/rio-de-janeiro\/wp-content\/uploads\/sites\/2\/2023\/11\/Diplomat-Suite-Ocean-View-Living-Room-scaled.jpg 2560w, https:\/\/www.pacoteshyatt.com.br\/rio-de-janeiro\/wp-content\/uploads\/sites\/2\/2023\/11\/Diplomat-Suite-Ocean-View-Living-Room-300x200.jpg 300w, https:\/\/www.pacoteshyatt.com.br\/rio-de-janeiro\/wp-content\/uploads\/sites\/2\/2023\/11\/Diplomat-Suite-Ocean-View-Living-Room-1024x682.jpg 1024w, https:\/\/www.pacoteshyatt.com.br\/rio-de-janeiro\/wp-content\/uploads\/sites\/2\/2023\/11\/Diplomat-Suite-Ocean-View-Living-Room-768x511.jpg 768w, https:\/\/www.pacoteshyatt.com.br\/rio-de-janeiro\/wp-content\/uploads\/sites\/2\/2023\/11\/Diplomat-Suite-Ocean-View-Living-Room-1536x1022.jpg 1536w, https:\/\/www.pacoteshyatt.com.br\/rio-de-janeiro\/wp-content\/uploads\/sites\/2\/2023\/11\/Diplomat-Suite-Ocean-View-Living-Room-2048x1363.jpg 2048w, https:\/\/www.pacoteshyatt.com.br\/rio-de-janeiro\/wp-content\/uploads\/sites\/2\/2023\/11\/Diplomat-Suite-Ocean-View-Living-Room-438x292.jpg 438w, https:\/\/www.pacoteshyatt.com.br\/rio-de-janeiro\/wp-content\/uploads\/sites\/2\/2023\/11\/Diplomat-Suite-Ocean-View-Living-Room-237x158.jpg 237w, https:\/\/www.pacoteshyatt.com.br\/rio-de-janeiro\/wp-content\/uploads\/sites\/2\/2023\/11\/Diplomat-Suite-Ocean-View-Living-Room-348x232.jpg 348w\" sizes=\"(max-width: 2560px) 100vw, 2560px\" \/><\/a><\/figure>\n\n\n\n<figure class=\"wp-block-image size-full is-style-default\"><a href=\"https:\/\/www.pacoteshyatt.com.br\/rio-de-janeiro\/wp-content\/uploads\/sites\/2\/2023\/11\/RIOGH_P244-Diplomat-Suite-Bedroom-scaled.jpg\"><img loading=\"lazy\" width=\"2560\" height=\"1703\" src=\"https:\/\/www.pacoteshyatt.com.br\/rio-de-janeiro\/wp-content\/uploads\/sites\/2\/2023\/11\/RIOGH_P244-Diplomat-Suite-Bedroom-scaled.jpg\" alt=\"\" class=\"wp-image-11911\" srcset=\"https:\/\/www.pacoteshyatt.com.br\/rio-de-janeiro\/wp-content\/uploads\/sites\/2\/2023\/11\/RIOGH_P244-Diplomat-Suite-Bedroom-scaled.jpg 2560w, https:\/\/www.pacoteshyatt.com.br\/rio-de-janeiro\/wp-content\/uploads\/sites\/2\/2023\/11\/RIOGH_P244-Diplomat-Suite-Bedroom-300x200.jpg 300w, https:\/\/www.pacoteshyatt.com.br\/rio-de-janeiro\/wp-content\/uploads\/sites\/2\/2023\/11\/RIOGH_P244-Diplomat-Suite-Bedroom-1024x681.jpg 1024w, https:\/\/www.pacoteshyatt.com.br\/rio-de-janeiro\/wp-content\/uploads\/sites\/2\/2023\/11\/RIOGH_P244-Diplomat-Suite-Bedroom-768x511.jpg 768w, https:\/\/www.pacoteshyatt.com.br\/rio-de-janeiro\/wp-content\/uploads\/sites\/2\/2023\/11\/RIOGH_P244-Diplomat-Suite-Bedroom-1536x1022.jpg 1536w, https:\/\/www.pacoteshyatt.com.br\/rio-de-janeiro\/wp-content\/uploads\/sites\/2\/2023\/11\/RIOGH_P244-Diplomat-Suite-Bedroom-2048x1363.jpg 2048w, https:\/\/www.pacoteshyatt.com.br\/rio-de-janeiro\/wp-content\/uploads\/sites\/2\/2023\/11\/RIOGH_P244-Diplomat-Suite-Bedroom-438x292.jpg 438w, https:\/\/www.pacoteshyatt.com.br\/rio-de-janeiro\/wp-content\/uploads\/sites\/2\/2023\/11\/RIOGH_P244-Diplomat-Suite-Bedroom-237x158.jpg 237w, https:\/\/www.pacoteshyatt.com.br\/rio-de-janeiro\/wp-content\/uploads\/sites\/2\/2023\/11\/RIOGH_P244-Diplomat-Suite-Bedroom-301x200.jpg 301w, https:\/\/www.pacoteshyatt.com.br\/rio-de-janeiro\/wp-content\/uploads\/sites\/2\/2023\/11\/RIOGH_P244-Diplomat-Suite-Bedroom-348x232.jpg 348w\" sizes=\"(max-width: 2560px) 100vw, 2560px\" \/><\/a><\/figure>\n\n\n\n<figure class=\"wp-block-image size-full is-style-default\"><a href=\"https:\/\/www.pacoteshyatt.com.br\/rio-de-janeiro\/wp-content\/uploads\/sites\/2\/2023\/11\/Diplomat-Suite-with-bathroom-scaled.jpg\"><img loading=\"lazy\" width=\"2560\" height=\"1704\" src=\"https:\/\/www.pacoteshyatt.com.br\/rio-de-janeiro\/wp-content\/uploads\/sites\/2\/2023\/11\/Diplomat-Suite-with-bathroom-scaled.jpg\" alt=\"\" class=\"wp-image-11905\" srcset=\"https:\/\/www.pacoteshyatt.com.br\/rio-de-janeiro\/wp-content\/uploads\/sites\/2\/2023\/11\/Diplomat-Suite-with-bathroom-scaled.jpg 2560w, https:\/\/www.pacoteshyatt.com.br\/rio-de-janeiro\/wp-content\/uploads\/sites\/2\/2023\/11\/Diplomat-Suite-with-bathroom-300x200.jpg 300w, https:\/\/www.pacoteshyatt.com.br\/rio-de-janeiro\/wp-content\/uploads\/sites\/2\/2023\/11\/Diplomat-Suite-with-bathroom-1024x682.jpg 1024w, https:\/\/www.pacoteshyatt.com.br\/rio-de-janeiro\/wp-content\/uploads\/sites\/2\/2023\/11\/Diplomat-Suite-with-bathroom-768x511.jpg 768w, https:\/\/www.pacoteshyatt.com.br\/rio-de-janeiro\/wp-content\/uploads\/sites\/2\/2023\/11\/Diplomat-Suite-with-bathroom-1536x1022.jpg 1536w, https:\/\/www.pacoteshyatt.com.br\/rio-de-janeiro\/wp-content\/uploads\/sites\/2\/2023\/11\/Diplomat-Suite-with-bathroom-2048x1363.jpg 2048w, https:\/\/www.pacoteshyatt.com.br\/rio-de-janeiro\/wp-content\/uploads\/sites\/2\/2023\/11\/Diplomat-Suite-with-bathroom-438x292.jpg 438w, https:\/\/www.pacoteshyatt.com.br\/rio-de-janeiro\/wp-content\/uploads\/sites\/2\/2023\/11\/Diplomat-Suite-with-bathroom-237x158.jpg 237w, https:\/\/www.pacoteshyatt.com.br\/rio-de-janeiro\/wp-content\/uploads\/sites\/2\/2023\/11\/Diplomat-Suite-with-bathroom-348x232.jpg 348w\" sizes=\"(max-width: 2560px) 100vw, 2560px\" \/><\/a><\/figure>\n\n\n\n<figure class=\"wp-block-image size-full is-style-default\"><a href=\"https:\/\/www.pacoteshyatt.com.br\/rio-de-janeiro\/wp-content\/uploads\/sites\/2\/2023\/11\/Diplomat-Suite-Ocean-View-Terrace-scaled.jpg\"><img loading=\"lazy\" width=\"2560\" height=\"1704\" src=\"https:\/\/www.pacoteshyatt.com.br\/rio-de-janeiro\/wp-content\/uploads\/sites\/2\/2023\/11\/Diplomat-Suite-Ocean-View-Terrace-scaled.jpg\" alt=\"\" class=\"wp-image-11913\" srcset=\"https:\/\/www.pacoteshyatt.com.br\/rio-de-janeiro\/wp-content\/uploads\/sites\/2\/2023\/11\/Diplomat-Suite-Ocean-View-Terrace-scaled.jpg 2560w, https:\/\/www.pacoteshyatt.com.br\/rio-de-janeiro\/wp-content\/uploads\/sites\/2\/2023\/11\/Diplomat-Suite-Ocean-View-Terrace-300x200.jpg 300w, https:\/\/www.pacoteshyatt.com.br\/rio-de-janeiro\/wp-content\/uploads\/sites\/2\/2023\/11\/Diplomat-Suite-Ocean-View-Terrace-1024x682.jpg 1024w, https:\/\/www.pacoteshyatt.com.br\/rio-de-janeiro\/wp-content\/uploads\/sites\/2\/2023\/11\/Diplomat-Suite-Ocean-View-Terrace-768x511.jpg 768w, https:\/\/www.pacoteshyatt.com.br\/rio-de-janeiro\/wp-content\/uploads\/sites\/2\/2023\/11\/Diplomat-Suite-Ocean-View-Terrace-1536x1022.jpg 1536w, https:\/\/www.pacoteshyatt.com.br\/rio-de-janeiro\/wp-content\/uploads\/sites\/2\/2023\/11\/Diplomat-Suite-Ocean-View-Terrace-2048x1363.jpg 2048w, https:\/\/www.pacoteshyatt.com.br\/rio-de-janeiro\/wp-content\/uploads\/sites\/2\/2023\/11\/Diplomat-Suite-Ocean-View-Terrace-438x292.jpg 438w, https:\/\/www.pacoteshyatt.com.br\/rio-de-janeiro\/wp-content\/uploads\/sites\/2\/2023\/11\/Diplomat-Suite-Ocean-View-Terrace-237x158.jpg 237w, https:\/\/www.pacoteshyatt.com.br\/rio-de-janeiro\/wp-content\/uploads\/sites\/2\/2023\/11\/Diplomat-Suite-Ocean-View-Terrace-348x232.jpg 348w\" sizes=\"(max-width: 2560px) 100vw, 2560px\" \/><\/a><\/figure>\n\n\n\n<figure class=\"wp-block-image size-full is-style-default\"><a href=\"https:\/\/www.pacoteshyatt.com.br\/rio-de-janeiro\/wp-content\/uploads\/sites\/2\/2023\/11\/Diplomat-Suite-Closet-scaled.jpg\"><img loading=\"lazy\" width=\"2560\" height=\"1704\" src=\"https:\/\/www.pacoteshyatt.com.br\/rio-de-janeiro\/wp-content\/uploads\/sites\/2\/2023\/11\/Diplomat-Suite-Closet-scaled.jpg\" alt=\"\" class=\"wp-image-11906\" srcset=\"https:\/\/www.pacoteshyatt.com.br\/rio-de-janeiro\/wp-content\/uploads\/sites\/2\/2023\/11\/Diplomat-Suite-Closet-scaled.jpg 2560w, https:\/\/www.pacoteshyatt.com.br\/rio-de-janeiro\/wp-content\/uploads\/sites\/2\/2023\/11\/Diplomat-Suite-Closet-300x200.jpg 300w, https:\/\/www.pacoteshyatt.com.br\/rio-de-janeiro\/wp-content\/uploads\/sites\/2\/2023\/11\/Diplomat-Suite-Closet-1024x682.jpg 1024w, https:\/\/www.pacoteshyatt.com.br\/rio-de-janeiro\/wp-content\/uploads\/sites\/2\/2023\/11\/Diplomat-Suite-Closet-768x511.jpg 768w, https:\/\/www.pacoteshyatt.com.br\/rio-de-janeiro\/wp-content\/uploads\/sites\/2\/2023\/11\/Diplomat-Suite-Closet-1536x1022.jpg 1536w, https:\/\/www.pacoteshyatt.com.br\/rio-de-janeiro\/wp-content\/uploads\/sites\/2\/2023\/11\/Diplomat-Suite-Closet-2048x1363.jpg 2048w, https:\/\/www.pacoteshyatt.com.br\/rio-de-janeiro\/wp-content\/uploads\/sites\/2\/2023\/11\/Diplomat-Suite-Closet-438x292.jpg 438w, https:\/\/www.pacoteshyatt.com.br\/rio-de-janeiro\/wp-content\/uploads\/sites\/2\/2023\/11\/Diplomat-Suite-Closet-237x158.jpg 237w, https:\/\/www.pacoteshyatt.com.br\/rio-de-janeiro\/wp-content\/uploads\/sites\/2\/2023\/11\/Diplomat-Suite-Closet-348x232.jpg 348w\" sizes=\"(max-width: 2560px) 100vw, 2560px\" \/><\/a><\/figure>\n\n\n\n<figure class=\"wp-block-image size-full is-style-default\"><a href=\"https:\/\/www.pacoteshyatt.com.br\/rio-de-janeiro\/wp-content\/uploads\/sites\/2\/2023\/11\/Diplomat-Suite-Living-Room-scaled.jpg\"><img loading=\"lazy\" width=\"2560\" height=\"1704\" src=\"https:\/\/www.pacoteshyatt.com.br\/rio-de-janeiro\/wp-content\/uploads\/sites\/2\/2023\/11\/Diplomat-Suite-Living-Room-scaled.jpg\" alt=\"\" class=\"wp-image-11907\" srcset=\"https:\/\/www.pacoteshyatt.com.br\/rio-de-janeiro\/wp-content\/uploads\/sites\/2\/2023\/11\/Diplomat-Suite-Living-Room-scaled.jpg 2560w, https:\/\/www.pacoteshyatt.com.br\/rio-de-janeiro\/wp-content\/uploads\/sites\/2\/2023\/11\/Diplomat-Suite-Living-Room-300x200.jpg 300w, https:\/\/www.pacoteshyatt.com.br\/rio-de-janeiro\/wp-content\/uploads\/sites\/2\/2023\/11\/Diplomat-Suite-Living-Room-1024x682.jpg 1024w, https:\/\/www.pacoteshyatt.com.br\/rio-de-janeiro\/wp-content\/uploads\/sites\/2\/2023\/11\/Diplomat-Suite-Living-Room-768x511.jpg 768w, https:\/\/www.pacoteshyatt.com.br\/rio-de-janeiro\/wp-content\/uploads\/sites\/2\/2023\/11\/Diplomat-Suite-Living-Room-1536x1022.jpg 1536w, https:\/\/www.pacoteshyatt.com.br\/rio-de-janeiro\/wp-content\/uploads\/sites\/2\/2023\/11\/Diplomat-Suite-Living-Room-2048x1363.jpg 2048w, https:\/\/www.pacoteshyatt.com.br\/rio-de-janeiro\/wp-content\/uploads\/sites\/2\/2023\/11\/Diplomat-Suite-Living-Room-438x292.jpg 438w, https:\/\/www.pacoteshyatt.com.br\/rio-de-janeiro\/wp-content\/uploads\/sites\/2\/2023\/11\/Diplomat-Suite-Living-Room-237x158.jpg 237w, https:\/\/www.pacoteshyatt.com.br\/rio-de-janeiro\/wp-content\/uploads\/sites\/2\/2023\/11\/Diplomat-Suite-Living-Room-348x232.jpg 348w\" sizes=\"(max-width: 2560px) 100vw, 2560px\" \/><\/a><\/figure>\n\n\n\n<figure class=\"wp-block-image size-full is-style-default\"><a href=\"https:\/\/www.pacoteshyatt.com.br\/rio-de-janeiro\/wp-content\/uploads\/sites\/2\/2023\/11\/Diplomat-Suite-Bathroom-scaled.jpg\"><img loading=\"lazy\" width=\"2560\" height=\"1704\" src=\"https:\/\/www.pacoteshyatt.com.br\/rio-de-janeiro\/wp-content\/uploads\/sites\/2\/2023\/11\/Diplomat-Suite-Bathroom-scaled.jpg\" alt=\"\" class=\"wp-image-11908\" srcset=\"https:\/\/www.pacoteshyatt.com.br\/rio-de-janeiro\/wp-content\/uploads\/sites\/2\/2023\/11\/Diplomat-Suite-Bathroom-scaled.jpg 2560w, https:\/\/www.pacoteshyatt.com.br\/rio-de-janeiro\/wp-content\/uploads\/sites\/2\/2023\/11\/Diplomat-Suite-Bathroom-300x200.jpg 300w, https:\/\/www.pacoteshyatt.com.br\/rio-de-janeiro\/wp-content\/uploads\/sites\/2\/2023\/11\/Diplomat-Suite-Bathroom-1024x682.jpg 1024w, https:\/\/www.pacoteshyatt.com.br\/rio-de-janeiro\/wp-content\/uploads\/sites\/2\/2023\/11\/Diplomat-Suite-Bathroom-768x511.jpg 768w, https:\/\/www.pacoteshyatt.com.br\/rio-de-janeiro\/wp-content\/uploads\/sites\/2\/2023\/11\/Diplomat-Suite-Bathroom-1536x1022.jpg 1536w, https:\/\/www.pacoteshyatt.com.br\/rio-de-janeiro\/wp-content\/uploads\/sites\/2\/2023\/11\/Diplomat-Suite-Bathroom-2048x1363.jpg 2048w, https:\/\/www.pacoteshyatt.com.br\/rio-de-janeiro\/wp-content\/uploads\/sites\/2\/2023\/11\/Diplomat-Suite-Bathroom-438x292.jpg 438w, https:\/\/www.pacoteshyatt.com.br\/rio-de-janeiro\/wp-content\/uploads\/sites\/2\/2023\/11\/Diplomat-Suite-Bathroom-237x158.jpg 237w, https:\/\/www.pacoteshyatt.com.br\/rio-de-janeiro\/wp-content\/uploads\/sites\/2\/2023\/11\/Diplomat-Suite-Bathroom-348x232.jpg 348w\" sizes=\"(max-width: 2560px) 100vw, 2560px\" \/><\/a><\/figure>\n\n\n\n<figure class=\"wp-block-image size-full is-style-default\"><a href=\"https:\/\/www.pacoteshyatt.com.br\/rio-de-janeiro\/wp-content\/uploads\/sites\/2\/2023\/11\/Diplomat-Suite-Bathroom-Bathtub-scaled.jpg\"><img loading=\"lazy\" width=\"2560\" height=\"1704\" src=\"https:\/\/www.pacoteshyatt.com.br\/rio-de-janeiro\/wp-content\/uploads\/sites\/2\/2023\/11\/Diplomat-Suite-Bathroom-Bathtub-scaled.jpg\" alt=\"\" class=\"wp-image-11910\" srcset=\"https:\/\/www.pacoteshyatt.com.br\/rio-de-janeiro\/wp-content\/uploads\/sites\/2\/2023\/11\/Diplomat-Suite-Bathroom-Bathtub-scaled.jpg 2560w, https:\/\/www.pacoteshyatt.com.br\/rio-de-janeiro\/wp-content\/uploads\/sites\/2\/2023\/11\/Diplomat-Suite-Bathroom-Bathtub-300x200.jpg 300w, https:\/\/www.pacoteshyatt.com.br\/rio-de-janeiro\/wp-content\/uploads\/sites\/2\/2023\/11\/Diplomat-Suite-Bathroom-Bathtub-1024x682.jpg 1024w, https:\/\/www.pacoteshyatt.com.br\/rio-de-janeiro\/wp-content\/uploads\/sites\/2\/2023\/11\/Diplomat-Suite-Bathroom-Bathtub-768x511.jpg 768w, https:\/\/www.pacoteshyatt.com.br\/rio-de-janeiro\/wp-content\/uploads\/sites\/2\/2023\/11\/Diplomat-Suite-Bathroom-Bathtub-1536x1022.jpg 1536w, https:\/\/www.pacoteshyatt.com.br\/rio-de-janeiro\/wp-content\/uploads\/sites\/2\/2023\/11\/Diplomat-Suite-Bathroom-Bathtub-2048x1363.jpg 2048w, https:\/\/www.pacoteshyatt.com.br\/rio-de-janeiro\/wp-content\/uploads\/sites\/2\/2023\/11\/Diplomat-Suite-Bathroom-Bathtub-438x292.jpg 438w, https:\/\/www.pacoteshyatt.com.br\/rio-de-janeiro\/wp-content\/uploads\/sites\/2\/2023\/11\/Diplomat-Suite-Bathroom-Bathtub-237x158.jpg 237w, https:\/\/www.pacoteshyatt.com.br\/rio-de-janeiro\/wp-content\/uploads\/sites\/2\/2023\/11\/Diplomat-Suite-Bathroom-Bathtub-348x232.jpg 348w\" sizes=\"(max-width: 2560px) 100vw, 2560px\" \/><\/a><\/figure>\n<\/figure>\n\n<\/div>\n<\/div>\n\n\n\n<div id=\"presidencial\" class=\"wp-container-69f25774ef1df wp-block-group\" style=\"padding-top:30px;padding-right:0px;padding-bottom:30px;padding-left:0px\"><div class=\"wp-bootstrap-blocks-container container mb-0\">\n\t\n\n<h2 class=\"gb-headline gb-headline-b504be16 gb-headline-text\">Presidencial<\/h2>\n\n\n\n<figure class=\"wp-block-gallery has-nested-images columns-5 is-cropped\" id=\"teste\">\n<figure class=\"wp-block-image size-full is-style-default\"><a href=\"https:\/\/www.pacoteshyatt.com.br\/rio-de-janeiro\/wp-content\/uploads\/sites\/2\/2023\/11\/Grand-Hyatt-Rio-de-Janeiro-Presidential-Suite-Ocean-Front-View-scaled.jpg\"><img loading=\"lazy\" width=\"2560\" height=\"1707\" src=\"https:\/\/www.pacoteshyatt.com.br\/rio-de-janeiro\/wp-content\/uploads\/sites\/2\/2023\/11\/Grand-Hyatt-Rio-de-Janeiro-Presidential-Suite-Ocean-Front-View-scaled.jpg\" alt=\"\" class=\"wp-image-11900\" srcset=\"https:\/\/www.pacoteshyatt.com.br\/rio-de-janeiro\/wp-content\/uploads\/sites\/2\/2023\/11\/Grand-Hyatt-Rio-de-Janeiro-Presidential-Suite-Ocean-Front-View-scaled.jpg 2560w, https:\/\/www.pacoteshyatt.com.br\/rio-de-janeiro\/wp-content\/uploads\/sites\/2\/2023\/11\/Grand-Hyatt-Rio-de-Janeiro-Presidential-Suite-Ocean-Front-View-300x200.jpg 300w, https:\/\/www.pacoteshyatt.com.br\/rio-de-janeiro\/wp-content\/uploads\/sites\/2\/2023\/11\/Grand-Hyatt-Rio-de-Janeiro-Presidential-Suite-Ocean-Front-View-1024x683.jpg 1024w, https:\/\/www.pacoteshyatt.com.br\/rio-de-janeiro\/wp-content\/uploads\/sites\/2\/2023\/11\/Grand-Hyatt-Rio-de-Janeiro-Presidential-Suite-Ocean-Front-View-768x512.jpg 768w, https:\/\/www.pacoteshyatt.com.br\/rio-de-janeiro\/wp-content\/uploads\/sites\/2\/2023\/11\/Grand-Hyatt-Rio-de-Janeiro-Presidential-Suite-Ocean-Front-View-1536x1024.jpg 1536w, https:\/\/www.pacoteshyatt.com.br\/rio-de-janeiro\/wp-content\/uploads\/sites\/2\/2023\/11\/Grand-Hyatt-Rio-de-Janeiro-Presidential-Suite-Ocean-Front-View-2048x1365.jpg 2048w, https:\/\/www.pacoteshyatt.com.br\/rio-de-janeiro\/wp-content\/uploads\/sites\/2\/2023\/11\/Grand-Hyatt-Rio-de-Janeiro-Presidential-Suite-Ocean-Front-View-438x292.jpg 438w, https:\/\/www.pacoteshyatt.com.br\/rio-de-janeiro\/wp-content\/uploads\/sites\/2\/2023\/11\/Grand-Hyatt-Rio-de-Janeiro-Presidential-Suite-Ocean-Front-View-237x158.jpg 237w, https:\/\/www.pacoteshyatt.com.br\/rio-de-janeiro\/wp-content\/uploads\/sites\/2\/2023\/11\/Grand-Hyatt-Rio-de-Janeiro-Presidential-Suite-Ocean-Front-View-348x232.jpg 348w\" sizes=\"(max-width: 2560px) 100vw, 2560px\" \/><\/a><\/figure>\n\n\n\n<figure class=\"wp-block-image size-full is-style-default\"><a href=\"https:\/\/www.pacoteshyatt.com.br\/rio-de-janeiro\/wp-content\/uploads\/sites\/2\/2023\/11\/HYATT_TBF6852-scaled.jpg\"><img loading=\"lazy\" width=\"2560\" height=\"1704\" src=\"https:\/\/www.pacoteshyatt.com.br\/rio-de-janeiro\/wp-content\/uploads\/sites\/2\/2023\/11\/HYATT_TBF6852-scaled.jpg\" alt=\"\" class=\"wp-image-11895\" srcset=\"https:\/\/www.pacoteshyatt.com.br\/rio-de-janeiro\/wp-content\/uploads\/sites\/2\/2023\/11\/HYATT_TBF6852-scaled.jpg 2560w, https:\/\/www.pacoteshyatt.com.br\/rio-de-janeiro\/wp-content\/uploads\/sites\/2\/2023\/11\/HYATT_TBF6852-300x200.jpg 300w, https:\/\/www.pacoteshyatt.com.br\/rio-de-janeiro\/wp-content\/uploads\/sites\/2\/2023\/11\/HYATT_TBF6852-1024x682.jpg 1024w, https:\/\/www.pacoteshyatt.com.br\/rio-de-janeiro\/wp-content\/uploads\/sites\/2\/2023\/11\/HYATT_TBF6852-768x511.jpg 768w, https:\/\/www.pacoteshyatt.com.br\/rio-de-janeiro\/wp-content\/uploads\/sites\/2\/2023\/11\/HYATT_TBF6852-1536x1022.jpg 1536w, https:\/\/www.pacoteshyatt.com.br\/rio-de-janeiro\/wp-content\/uploads\/sites\/2\/2023\/11\/HYATT_TBF6852-2048x1363.jpg 2048w, https:\/\/www.pacoteshyatt.com.br\/rio-de-janeiro\/wp-content\/uploads\/sites\/2\/2023\/11\/HYATT_TBF6852-438x292.jpg 438w, https:\/\/www.pacoteshyatt.com.br\/rio-de-janeiro\/wp-content\/uploads\/sites\/2\/2023\/11\/HYATT_TBF6852-237x158.jpg 237w, https:\/\/www.pacoteshyatt.com.br\/rio-de-janeiro\/wp-content\/uploads\/sites\/2\/2023\/11\/HYATT_TBF6852-348x232.jpg 348w\" sizes=\"(max-width: 2560px) 100vw, 2560px\" \/><\/a><\/figure>\n\n\n\n<figure class=\"wp-block-image size-full is-style-default\"><a href=\"https:\/\/www.pacoteshyatt.com.br\/rio-de-janeiro\/wp-content\/uploads\/sites\/2\/2023\/11\/Grand-Hyatt-Rio-de-Janeiro-Presidential-Suite-Bedroom-View-scaled.jpg\"><img loading=\"lazy\" width=\"2560\" height=\"1707\" src=\"https:\/\/www.pacoteshyatt.com.br\/rio-de-janeiro\/wp-content\/uploads\/sites\/2\/2023\/11\/Grand-Hyatt-Rio-de-Janeiro-Presidential-Suite-Bedroom-View-scaled.jpg\" alt=\"\" class=\"wp-image-11892\" srcset=\"https:\/\/www.pacoteshyatt.com.br\/rio-de-janeiro\/wp-content\/uploads\/sites\/2\/2023\/11\/Grand-Hyatt-Rio-de-Janeiro-Presidential-Suite-Bedroom-View-scaled.jpg 2560w, https:\/\/www.pacoteshyatt.com.br\/rio-de-janeiro\/wp-content\/uploads\/sites\/2\/2023\/11\/Grand-Hyatt-Rio-de-Janeiro-Presidential-Suite-Bedroom-View-300x200.jpg 300w, https:\/\/www.pacoteshyatt.com.br\/rio-de-janeiro\/wp-content\/uploads\/sites\/2\/2023\/11\/Grand-Hyatt-Rio-de-Janeiro-Presidential-Suite-Bedroom-View-1024x683.jpg 1024w, https:\/\/www.pacoteshyatt.com.br\/rio-de-janeiro\/wp-content\/uploads\/sites\/2\/2023\/11\/Grand-Hyatt-Rio-de-Janeiro-Presidential-Suite-Bedroom-View-768x512.jpg 768w, https:\/\/www.pacoteshyatt.com.br\/rio-de-janeiro\/wp-content\/uploads\/sites\/2\/2023\/11\/Grand-Hyatt-Rio-de-Janeiro-Presidential-Suite-Bedroom-View-1536x1024.jpg 1536w, https:\/\/www.pacoteshyatt.com.br\/rio-de-janeiro\/wp-content\/uploads\/sites\/2\/2023\/11\/Grand-Hyatt-Rio-de-Janeiro-Presidential-Suite-Bedroom-View-2048x1365.jpg 2048w, https:\/\/www.pacoteshyatt.com.br\/rio-de-janeiro\/wp-content\/uploads\/sites\/2\/2023\/11\/Grand-Hyatt-Rio-de-Janeiro-Presidential-Suite-Bedroom-View-438x292.jpg 438w, https:\/\/www.pacoteshyatt.com.br\/rio-de-janeiro\/wp-content\/uploads\/sites\/2\/2023\/11\/Grand-Hyatt-Rio-de-Janeiro-Presidential-Suite-Bedroom-View-237x158.jpg 237w, https:\/\/www.pacoteshyatt.com.br\/rio-de-janeiro\/wp-content\/uploads\/sites\/2\/2023\/11\/Grand-Hyatt-Rio-de-Janeiro-Presidential-Suite-Bedroom-View-348x232.jpg 348w\" sizes=\"(max-width: 2560px) 100vw, 2560px\" \/><\/a><\/figure>\n\n\n\n<figure class=\"wp-block-image size-full is-style-default\"><a href=\"https:\/\/www.pacoteshyatt.com.br\/rio-de-janeiro\/wp-content\/uploads\/sites\/2\/2023\/11\/Grand-Hyatt-Rio-de-Janeiro-Fotografo_Gabriel-Cardoso_29deJulho2019-30-scaled.jpg\"><img loading=\"lazy\" width=\"2560\" height=\"1441\" src=\"https:\/\/www.pacoteshyatt.com.br\/rio-de-janeiro\/wp-content\/uploads\/sites\/2\/2023\/11\/Grand-Hyatt-Rio-de-Janeiro-Fotografo_Gabriel-Cardoso_29deJulho2019-30-scaled.jpg\" alt=\"\" class=\"wp-image-11897\" srcset=\"https:\/\/www.pacoteshyatt.com.br\/rio-de-janeiro\/wp-content\/uploads\/sites\/2\/2023\/11\/Grand-Hyatt-Rio-de-Janeiro-Fotografo_Gabriel-Cardoso_29deJulho2019-30-scaled.jpg 2560w, https:\/\/www.pacoteshyatt.com.br\/rio-de-janeiro\/wp-content\/uploads\/sites\/2\/2023\/11\/Grand-Hyatt-Rio-de-Janeiro-Fotografo_Gabriel-Cardoso_29deJulho2019-30-300x169.jpg 300w, https:\/\/www.pacoteshyatt.com.br\/rio-de-janeiro\/wp-content\/uploads\/sites\/2\/2023\/11\/Grand-Hyatt-Rio-de-Janeiro-Fotografo_Gabriel-Cardoso_29deJulho2019-30-1024x576.jpg 1024w, https:\/\/www.pacoteshyatt.com.br\/rio-de-janeiro\/wp-content\/uploads\/sites\/2\/2023\/11\/Grand-Hyatt-Rio-de-Janeiro-Fotografo_Gabriel-Cardoso_29deJulho2019-30-768x432.jpg 768w, https:\/\/www.pacoteshyatt.com.br\/rio-de-janeiro\/wp-content\/uploads\/sites\/2\/2023\/11\/Grand-Hyatt-Rio-de-Janeiro-Fotografo_Gabriel-Cardoso_29deJulho2019-30-1536x864.jpg 1536w, https:\/\/www.pacoteshyatt.com.br\/rio-de-janeiro\/wp-content\/uploads\/sites\/2\/2023\/11\/Grand-Hyatt-Rio-de-Janeiro-Fotografo_Gabriel-Cardoso_29deJulho2019-30-2048x1152.jpg 2048w, https:\/\/www.pacoteshyatt.com.br\/rio-de-janeiro\/wp-content\/uploads\/sites\/2\/2023\/11\/Grand-Hyatt-Rio-de-Janeiro-Fotografo_Gabriel-Cardoso_29deJulho2019-30-308x173.jpg 308w, https:\/\/www.pacoteshyatt.com.br\/rio-de-janeiro\/wp-content\/uploads\/sites\/2\/2023\/11\/Grand-Hyatt-Rio-de-Janeiro-Fotografo_Gabriel-Cardoso_29deJulho2019-30-348x196.jpg 348w\" sizes=\"(max-width: 2560px) 100vw, 2560px\" \/><\/a><\/figure>\n\n\n\n<figure class=\"wp-block-image size-full is-style-default\"><a href=\"https:\/\/www.pacoteshyatt.com.br\/rio-de-janeiro\/wp-content\/uploads\/sites\/2\/2023\/11\/Grande-Hyatt-RiodeJaneiro-Presidential-Living-Room-New-scaled.jpg\"><img loading=\"lazy\" width=\"2560\" height=\"1704\" src=\"https:\/\/www.pacoteshyatt.com.br\/rio-de-janeiro\/wp-content\/uploads\/sites\/2\/2023\/11\/Grande-Hyatt-RiodeJaneiro-Presidential-Living-Room-New-scaled.jpg\" alt=\"\" class=\"wp-image-11896\" srcset=\"https:\/\/www.pacoteshyatt.com.br\/rio-de-janeiro\/wp-content\/uploads\/sites\/2\/2023\/11\/Grande-Hyatt-RiodeJaneiro-Presidential-Living-Room-New-scaled.jpg 2560w, https:\/\/www.pacoteshyatt.com.br\/rio-de-janeiro\/wp-content\/uploads\/sites\/2\/2023\/11\/Grande-Hyatt-RiodeJaneiro-Presidential-Living-Room-New-300x200.jpg 300w, https:\/\/www.pacoteshyatt.com.br\/rio-de-janeiro\/wp-content\/uploads\/sites\/2\/2023\/11\/Grande-Hyatt-RiodeJaneiro-Presidential-Living-Room-New-1024x682.jpg 1024w, https:\/\/www.pacoteshyatt.com.br\/rio-de-janeiro\/wp-content\/uploads\/sites\/2\/2023\/11\/Grande-Hyatt-RiodeJaneiro-Presidential-Living-Room-New-768x511.jpg 768w, https:\/\/www.pacoteshyatt.com.br\/rio-de-janeiro\/wp-content\/uploads\/sites\/2\/2023\/11\/Grande-Hyatt-RiodeJaneiro-Presidential-Living-Room-New-1536x1022.jpg 1536w, https:\/\/www.pacoteshyatt.com.br\/rio-de-janeiro\/wp-content\/uploads\/sites\/2\/2023\/11\/Grande-Hyatt-RiodeJaneiro-Presidential-Living-Room-New-2048x1363.jpg 2048w, https:\/\/www.pacoteshyatt.com.br\/rio-de-janeiro\/wp-content\/uploads\/sites\/2\/2023\/11\/Grande-Hyatt-RiodeJaneiro-Presidential-Living-Room-New-438x292.jpg 438w, https:\/\/www.pacoteshyatt.com.br\/rio-de-janeiro\/wp-content\/uploads\/sites\/2\/2023\/11\/Grande-Hyatt-RiodeJaneiro-Presidential-Living-Room-New-237x158.jpg 237w, https:\/\/www.pacoteshyatt.com.br\/rio-de-janeiro\/wp-content\/uploads\/sites\/2\/2023\/11\/Grande-Hyatt-RiodeJaneiro-Presidential-Living-Room-New-348x232.jpg 348w\" sizes=\"(max-width: 2560px) 100vw, 2560px\" \/><\/a><\/figure>\n\n\n\n<figure class=\"wp-block-image size-full is-style-default\"><a href=\"https:\/\/www.pacoteshyatt.com.br\/rio-de-janeiro\/wp-content\/uploads\/sites\/2\/2023\/11\/Grand-Hyatt-19out2016-315-scaled.jpg\"><img loading=\"lazy\" width=\"2560\" height=\"1707\" src=\"https:\/\/www.pacoteshyatt.com.br\/rio-de-janeiro\/wp-content\/uploads\/sites\/2\/2023\/11\/Grand-Hyatt-19out2016-315-scaled.jpg\" alt=\"\" class=\"wp-image-11898\" srcset=\"https:\/\/www.pacoteshyatt.com.br\/rio-de-janeiro\/wp-content\/uploads\/sites\/2\/2023\/11\/Grand-Hyatt-19out2016-315-scaled.jpg 2560w, https:\/\/www.pacoteshyatt.com.br\/rio-de-janeiro\/wp-content\/uploads\/sites\/2\/2023\/11\/Grand-Hyatt-19out2016-315-300x200.jpg 300w, https:\/\/www.pacoteshyatt.com.br\/rio-de-janeiro\/wp-content\/uploads\/sites\/2\/2023\/11\/Grand-Hyatt-19out2016-315-1024x683.jpg 1024w, https:\/\/www.pacoteshyatt.com.br\/rio-de-janeiro\/wp-content\/uploads\/sites\/2\/2023\/11\/Grand-Hyatt-19out2016-315-768x512.jpg 768w, https:\/\/www.pacoteshyatt.com.br\/rio-de-janeiro\/wp-content\/uploads\/sites\/2\/2023\/11\/Grand-Hyatt-19out2016-315-1536x1024.jpg 1536w, https:\/\/www.pacoteshyatt.com.br\/rio-de-janeiro\/wp-content\/uploads\/sites\/2\/2023\/11\/Grand-Hyatt-19out2016-315-2048x1366.jpg 2048w, https:\/\/www.pacoteshyatt.com.br\/rio-de-janeiro\/wp-content\/uploads\/sites\/2\/2023\/11\/Grand-Hyatt-19out2016-315-438x292.jpg 438w, https:\/\/www.pacoteshyatt.com.br\/rio-de-janeiro\/wp-content\/uploads\/sites\/2\/2023\/11\/Grand-Hyatt-19out2016-315-237x158.jpg 237w, https:\/\/www.pacoteshyatt.com.br\/rio-de-janeiro\/wp-content\/uploads\/sites\/2\/2023\/11\/Grand-Hyatt-19out2016-315-348x232.jpg 348w\" sizes=\"(max-width: 2560px) 100vw, 2560px\" \/><\/a><\/figure>\n\n\n\n<figure class=\"wp-block-image size-full is-style-default\"><a href=\"https:\/\/www.pacoteshyatt.com.br\/rio-de-janeiro\/wp-content\/uploads\/sites\/2\/2023\/11\/Grand-Hyatt-Rio-de-Janeiro-Pesidential-Suite-Lounge-scaled.jpg\"><img loading=\"lazy\" width=\"2560\" height=\"1707\" src=\"https:\/\/www.pacoteshyatt.com.br\/rio-de-janeiro\/wp-content\/uploads\/sites\/2\/2023\/11\/Grand-Hyatt-Rio-de-Janeiro-Pesidential-Suite-Lounge-scaled.jpg\" alt=\"\" class=\"wp-image-11899\" srcset=\"https:\/\/www.pacoteshyatt.com.br\/rio-de-janeiro\/wp-content\/uploads\/sites\/2\/2023\/11\/Grand-Hyatt-Rio-de-Janeiro-Pesidential-Suite-Lounge-scaled.jpg 2560w, https:\/\/www.pacoteshyatt.com.br\/rio-de-janeiro\/wp-content\/uploads\/sites\/2\/2023\/11\/Grand-Hyatt-Rio-de-Janeiro-Pesidential-Suite-Lounge-300x200.jpg 300w, https:\/\/www.pacoteshyatt.com.br\/rio-de-janeiro\/wp-content\/uploads\/sites\/2\/2023\/11\/Grand-Hyatt-Rio-de-Janeiro-Pesidential-Suite-Lounge-1024x683.jpg 1024w, https:\/\/www.pacoteshyatt.com.br\/rio-de-janeiro\/wp-content\/uploads\/sites\/2\/2023\/11\/Grand-Hyatt-Rio-de-Janeiro-Pesidential-Suite-Lounge-768x512.jpg 768w, https:\/\/www.pacoteshyatt.com.br\/rio-de-janeiro\/wp-content\/uploads\/sites\/2\/2023\/11\/Grand-Hyatt-Rio-de-Janeiro-Pesidential-Suite-Lounge-1536x1024.jpg 1536w, https:\/\/www.pacoteshyatt.com.br\/rio-de-janeiro\/wp-content\/uploads\/sites\/2\/2023\/11\/Grand-Hyatt-Rio-de-Janeiro-Pesidential-Suite-Lounge-2048x1365.jpg 2048w, https:\/\/www.pacoteshyatt.com.br\/rio-de-janeiro\/wp-content\/uploads\/sites\/2\/2023\/11\/Grand-Hyatt-Rio-de-Janeiro-Pesidential-Suite-Lounge-438x292.jpg 438w, https:\/\/www.pacoteshyatt.com.br\/rio-de-janeiro\/wp-content\/uploads\/sites\/2\/2023\/11\/Grand-Hyatt-Rio-de-Janeiro-Pesidential-Suite-Lounge-237x158.jpg 237w, https:\/\/www.pacoteshyatt.com.br\/rio-de-janeiro\/wp-content\/uploads\/sites\/2\/2023\/11\/Grand-Hyatt-Rio-de-Janeiro-Pesidential-Suite-Lounge-348x232.jpg 348w\" sizes=\"(max-width: 2560px) 100vw, 2560px\" \/><\/a><\/figure>\n\n\n\n<figure class=\"wp-block-image size-full is-style-default\"><a href=\"https:\/\/www.pacoteshyatt.com.br\/rio-de-janeiro\/wp-content\/uploads\/sites\/2\/2023\/11\/Grand-Hyatt-Rio-de-Janeiro-Presidential-Suite-Closet-View-scaled.jpg\"><img loading=\"lazy\" width=\"2560\" height=\"1707\" src=\"https:\/\/www.pacoteshyatt.com.br\/rio-de-janeiro\/wp-content\/uploads\/sites\/2\/2023\/11\/Grand-Hyatt-Rio-de-Janeiro-Presidential-Suite-Closet-View-scaled.jpg\" alt=\"\" class=\"wp-image-11893\" srcset=\"https:\/\/www.pacoteshyatt.com.br\/rio-de-janeiro\/wp-content\/uploads\/sites\/2\/2023\/11\/Grand-Hyatt-Rio-de-Janeiro-Presidential-Suite-Closet-View-scaled.jpg 2560w, https:\/\/www.pacoteshyatt.com.br\/rio-de-janeiro\/wp-content\/uploads\/sites\/2\/2023\/11\/Grand-Hyatt-Rio-de-Janeiro-Presidential-Suite-Closet-View-300x200.jpg 300w, https:\/\/www.pacoteshyatt.com.br\/rio-de-janeiro\/wp-content\/uploads\/sites\/2\/2023\/11\/Grand-Hyatt-Rio-de-Janeiro-Presidential-Suite-Closet-View-1024x683.jpg 1024w, https:\/\/www.pacoteshyatt.com.br\/rio-de-janeiro\/wp-content\/uploads\/sites\/2\/2023\/11\/Grand-Hyatt-Rio-de-Janeiro-Presidential-Suite-Closet-View-768x512.jpg 768w, https:\/\/www.pacoteshyatt.com.br\/rio-de-janeiro\/wp-content\/uploads\/sites\/2\/2023\/11\/Grand-Hyatt-Rio-de-Janeiro-Presidential-Suite-Closet-View-1536x1024.jpg 1536w, https:\/\/www.pacoteshyatt.com.br\/rio-de-janeiro\/wp-content\/uploads\/sites\/2\/2023\/11\/Grand-Hyatt-Rio-de-Janeiro-Presidential-Suite-Closet-View-2048x1365.jpg 2048w, https:\/\/www.pacoteshyatt.com.br\/rio-de-janeiro\/wp-content\/uploads\/sites\/2\/2023\/11\/Grand-Hyatt-Rio-de-Janeiro-Presidential-Suite-Closet-View-438x292.jpg 438w, https:\/\/www.pacoteshyatt.com.br\/rio-de-janeiro\/wp-content\/uploads\/sites\/2\/2023\/11\/Grand-Hyatt-Rio-de-Janeiro-Presidential-Suite-Closet-View-237x158.jpg 237w, https:\/\/www.pacoteshyatt.com.br\/rio-de-janeiro\/wp-content\/uploads\/sites\/2\/2023\/11\/Grand-Hyatt-Rio-de-Janeiro-Presidential-Suite-Closet-View-348x232.jpg 348w\" sizes=\"(max-width: 2560px) 100vw, 2560px\" \/><\/a><\/figure>\n\n\n\n<figure class=\"wp-block-image size-full is-style-default\"><a href=\"https:\/\/www.pacoteshyatt.com.br\/rio-de-janeiro\/wp-content\/uploads\/sites\/2\/2023\/11\/HYATT_TBF_3863-scaled.jpg\"><img loading=\"lazy\" width=\"2560\" height=\"1704\" src=\"https:\/\/www.pacoteshyatt.com.br\/rio-de-janeiro\/wp-content\/uploads\/sites\/2\/2023\/11\/HYATT_TBF_3863-scaled.jpg\" alt=\"\" class=\"wp-image-11894\" srcset=\"https:\/\/www.pacoteshyatt.com.br\/rio-de-janeiro\/wp-content\/uploads\/sites\/2\/2023\/11\/HYATT_TBF_3863-scaled.jpg 2560w, https:\/\/www.pacoteshyatt.com.br\/rio-de-janeiro\/wp-content\/uploads\/sites\/2\/2023\/11\/HYATT_TBF_3863-300x200.jpg 300w, https:\/\/www.pacoteshyatt.com.br\/rio-de-janeiro\/wp-content\/uploads\/sites\/2\/2023\/11\/HYATT_TBF_3863-1024x682.jpg 1024w, https:\/\/www.pacoteshyatt.com.br\/rio-de-janeiro\/wp-content\/uploads\/sites\/2\/2023\/11\/HYATT_TBF_3863-768x511.jpg 768w, https:\/\/www.pacoteshyatt.com.br\/rio-de-janeiro\/wp-content\/uploads\/sites\/2\/2023\/11\/HYATT_TBF_3863-1536x1022.jpg 1536w, https:\/\/www.pacoteshyatt.com.br\/rio-de-janeiro\/wp-content\/uploads\/sites\/2\/2023\/11\/HYATT_TBF_3863-2048x1363.jpg 2048w, https:\/\/www.pacoteshyatt.com.br\/rio-de-janeiro\/wp-content\/uploads\/sites\/2\/2023\/11\/HYATT_TBF_3863-438x292.jpg 438w, https:\/\/www.pacoteshyatt.com.br\/rio-de-janeiro\/wp-content\/uploads\/sites\/2\/2023\/11\/HYATT_TBF_3863-237x158.jpg 237w, https:\/\/www.pacoteshyatt.com.br\/rio-de-janeiro\/wp-content\/uploads\/sites\/2\/2023\/11\/HYATT_TBF_3863-348x232.jpg 348w\" sizes=\"(max-width: 2560px) 100vw, 2560px\" \/><\/a><\/figure>\n<\/figure>\n\n<\/div>\n<\/div>\n\n\n\n<div id=\"penthouse\" class=\"wp-container-69f25774ef854 wp-block-group has-border-color-background-color has-background\" style=\"padding-top:30px;padding-right:0px;padding-bottom:30px;padding-left:0px\"><div class=\"wp-bootstrap-blocks-container container mb-0\">\n\t\n\n<h2 class=\"gb-headline gb-headline-26b7ca66 gb-headline-text\">Penthouse<\/h2>\n\n\n\n<figure class=\"wp-block-gallery has-nested-images columns-4 is-cropped\" id=\"spa\">\n<figure class=\"wp-block-image size-full is-style-default\"><a href=\"https:\/\/www.pacoteshyatt.com.br\/rio-de-janeiro\/wp-content\/uploads\/sites\/2\/2023\/10\/Penthouse-3-scaled.jpg\"><img loading=\"lazy\" width=\"2560\" height=\"1704\" src=\"https:\/\/www.pacoteshyatt.com.br\/rio-de-janeiro\/wp-content\/uploads\/sites\/2\/2023\/10\/Penthouse-3-scaled.jpg\" alt=\"\" class=\"wp-image-11880\" srcset=\"https:\/\/www.pacoteshyatt.com.br\/rio-de-janeiro\/wp-content\/uploads\/sites\/2\/2023\/10\/Penthouse-3-scaled.jpg 2560w, https:\/\/www.pacoteshyatt.com.br\/rio-de-janeiro\/wp-content\/uploads\/sites\/2\/2023\/10\/Penthouse-3-300x200.jpg 300w, https:\/\/www.pacoteshyatt.com.br\/rio-de-janeiro\/wp-content\/uploads\/sites\/2\/2023\/10\/Penthouse-3-1024x682.jpg 1024w, https:\/\/www.pacoteshyatt.com.br\/rio-de-janeiro\/wp-content\/uploads\/sites\/2\/2023\/10\/Penthouse-3-768x511.jpg 768w, https:\/\/www.pacoteshyatt.com.br\/rio-de-janeiro\/wp-content\/uploads\/sites\/2\/2023\/10\/Penthouse-3-1536x1022.jpg 1536w, https:\/\/www.pacoteshyatt.com.br\/rio-de-janeiro\/wp-content\/uploads\/sites\/2\/2023\/10\/Penthouse-3-2048x1363.jpg 2048w, https:\/\/www.pacoteshyatt.com.br\/rio-de-janeiro\/wp-content\/uploads\/sites\/2\/2023\/10\/Penthouse-3-438x292.jpg 438w, https:\/\/www.pacoteshyatt.com.br\/rio-de-janeiro\/wp-content\/uploads\/sites\/2\/2023\/10\/Penthouse-3-237x158.jpg 237w, https:\/\/www.pacoteshyatt.com.br\/rio-de-janeiro\/wp-content\/uploads\/sites\/2\/2023\/10\/Penthouse-3-348x232.jpg 348w\" sizes=\"(max-width: 2560px) 100vw, 2560px\" \/><\/a><\/figure>\n\n\n\n<figure class=\"wp-block-image size-full is-style-default\"><a href=\"https:\/\/www.pacoteshyatt.com.br\/rio-de-janeiro\/wp-content\/uploads\/sites\/2\/2023\/11\/Grand-Hyatt-Rio-de-Janeiro-Penthouse-Varanda-Wendy-Andrade-Marco-2020-2-scaled.jpg\"><img loading=\"lazy\" width=\"2560\" height=\"1709\" src=\"https:\/\/www.pacoteshyatt.com.br\/rio-de-janeiro\/wp-content\/uploads\/sites\/2\/2023\/11\/Grand-Hyatt-Rio-de-Janeiro-Penthouse-Varanda-Wendy-Andrade-Marco-2020-2-scaled.jpg\" alt=\"\" class=\"wp-image-11914\" srcset=\"https:\/\/www.pacoteshyatt.com.br\/rio-de-janeiro\/wp-content\/uploads\/sites\/2\/2023\/11\/Grand-Hyatt-Rio-de-Janeiro-Penthouse-Varanda-Wendy-Andrade-Marco-2020-2-scaled.jpg 2560w, https:\/\/www.pacoteshyatt.com.br\/rio-de-janeiro\/wp-content\/uploads\/sites\/2\/2023\/11\/Grand-Hyatt-Rio-de-Janeiro-Penthouse-Varanda-Wendy-Andrade-Marco-2020-2-300x200.jpg 300w, https:\/\/www.pacoteshyatt.com.br\/rio-de-janeiro\/wp-content\/uploads\/sites\/2\/2023\/11\/Grand-Hyatt-Rio-de-Janeiro-Penthouse-Varanda-Wendy-Andrade-Marco-2020-2-1024x684.jpg 1024w, https:\/\/www.pacoteshyatt.com.br\/rio-de-janeiro\/wp-content\/uploads\/sites\/2\/2023\/11\/Grand-Hyatt-Rio-de-Janeiro-Penthouse-Varanda-Wendy-Andrade-Marco-2020-2-768x513.jpg 768w, https:\/\/www.pacoteshyatt.com.br\/rio-de-janeiro\/wp-content\/uploads\/sites\/2\/2023\/11\/Grand-Hyatt-Rio-de-Janeiro-Penthouse-Varanda-Wendy-Andrade-Marco-2020-2-1536x1025.jpg 1536w, https:\/\/www.pacoteshyatt.com.br\/rio-de-janeiro\/wp-content\/uploads\/sites\/2\/2023\/11\/Grand-Hyatt-Rio-de-Janeiro-Penthouse-Varanda-Wendy-Andrade-Marco-2020-2-2048x1367.jpg 2048w, https:\/\/www.pacoteshyatt.com.br\/rio-de-janeiro\/wp-content\/uploads\/sites\/2\/2023\/11\/Grand-Hyatt-Rio-de-Janeiro-Penthouse-Varanda-Wendy-Andrade-Marco-2020-2-438x292.jpg 438w, https:\/\/www.pacoteshyatt.com.br\/rio-de-janeiro\/wp-content\/uploads\/sites\/2\/2023\/11\/Grand-Hyatt-Rio-de-Janeiro-Penthouse-Varanda-Wendy-Andrade-Marco-2020-2-237x158.jpg 237w, https:\/\/www.pacoteshyatt.com.br\/rio-de-janeiro\/wp-content\/uploads\/sites\/2\/2023\/11\/Grand-Hyatt-Rio-de-Janeiro-Penthouse-Varanda-Wendy-Andrade-Marco-2020-2-348x232.jpg 348w\" sizes=\"(max-width: 2560px) 100vw, 2560px\" \/><\/a><\/figure>\n\n\n\n<figure class=\"wp-block-image size-full is-style-default\"><a href=\"https:\/\/www.pacoteshyatt.com.br\/rio-de-janeiro\/wp-content\/uploads\/sites\/2\/2023\/10\/HYATT_TBF5951-scaled.jpg\"><img loading=\"lazy\" width=\"2560\" height=\"1704\" src=\"https:\/\/www.pacoteshyatt.com.br\/rio-de-janeiro\/wp-content\/uploads\/sites\/2\/2023\/10\/HYATT_TBF5951-scaled.jpg\" alt=\"\" class=\"wp-image-11879\" srcset=\"https:\/\/www.pacoteshyatt.com.br\/rio-de-janeiro\/wp-content\/uploads\/sites\/2\/2023\/10\/HYATT_TBF5951-scaled.jpg 2560w, https:\/\/www.pacoteshyatt.com.br\/rio-de-janeiro\/wp-content\/uploads\/sites\/2\/2023\/10\/HYATT_TBF5951-300x200.jpg 300w, https:\/\/www.pacoteshyatt.com.br\/rio-de-janeiro\/wp-content\/uploads\/sites\/2\/2023\/10\/HYATT_TBF5951-1024x682.jpg 1024w, https:\/\/www.pacoteshyatt.com.br\/rio-de-janeiro\/wp-content\/uploads\/sites\/2\/2023\/10\/HYATT_TBF5951-768x511.jpg 768w, https:\/\/www.pacoteshyatt.com.br\/rio-de-janeiro\/wp-content\/uploads\/sites\/2\/2023\/10\/HYATT_TBF5951-1536x1022.jpg 1536w, https:\/\/www.pacoteshyatt.com.br\/rio-de-janeiro\/wp-content\/uploads\/sites\/2\/2023\/10\/HYATT_TBF5951-2048x1363.jpg 2048w, https:\/\/www.pacoteshyatt.com.br\/rio-de-janeiro\/wp-content\/uploads\/sites\/2\/2023\/10\/HYATT_TBF5951-438x292.jpg 438w, https:\/\/www.pacoteshyatt.com.br\/rio-de-janeiro\/wp-content\/uploads\/sites\/2\/2023\/10\/HYATT_TBF5951-237x158.jpg 237w, https:\/\/www.pacoteshyatt.com.br\/rio-de-janeiro\/wp-content\/uploads\/sites\/2\/2023\/10\/HYATT_TBF5951-348x232.jpg 348w\" sizes=\"(max-width: 2560px) 100vw, 2560px\" \/><\/a><\/figure>\n\n\n\n<figure class=\"wp-block-image size-full is-style-default\"><a href=\"https:\/\/www.pacoteshyatt.com.br\/rio-de-janeiro\/wp-content\/uploads\/sites\/2\/2023\/10\/Grand-Hyatt-Rio-de-Janeiro-Penthouse-Quarto-Cama-Wendy-Andrade-Marco-2020-6-scaled.jpg\"><img loading=\"lazy\" width=\"2560\" height=\"1709\" src=\"https:\/\/www.pacoteshyatt.com.br\/rio-de-janeiro\/wp-content\/uploads\/sites\/2\/2023\/10\/Grand-Hyatt-Rio-de-Janeiro-Penthouse-Quarto-Cama-Wendy-Andrade-Marco-2020-6-scaled.jpg\" alt=\"\" class=\"wp-image-11886\" srcset=\"https:\/\/www.pacoteshyatt.com.br\/rio-de-janeiro\/wp-content\/uploads\/sites\/2\/2023\/10\/Grand-Hyatt-Rio-de-Janeiro-Penthouse-Quarto-Cama-Wendy-Andrade-Marco-2020-6-scaled.jpg 2560w, https:\/\/www.pacoteshyatt.com.br\/rio-de-janeiro\/wp-content\/uploads\/sites\/2\/2023\/10\/Grand-Hyatt-Rio-de-Janeiro-Penthouse-Quarto-Cama-Wendy-Andrade-Marco-2020-6-300x200.jpg 300w, https:\/\/www.pacoteshyatt.com.br\/rio-de-janeiro\/wp-content\/uploads\/sites\/2\/2023\/10\/Grand-Hyatt-Rio-de-Janeiro-Penthouse-Quarto-Cama-Wendy-Andrade-Marco-2020-6-1024x684.jpg 1024w, https:\/\/www.pacoteshyatt.com.br\/rio-de-janeiro\/wp-content\/uploads\/sites\/2\/2023\/10\/Grand-Hyatt-Rio-de-Janeiro-Penthouse-Quarto-Cama-Wendy-Andrade-Marco-2020-6-768x513.jpg 768w, https:\/\/www.pacoteshyatt.com.br\/rio-de-janeiro\/wp-content\/uploads\/sites\/2\/2023\/10\/Grand-Hyatt-Rio-de-Janeiro-Penthouse-Quarto-Cama-Wendy-Andrade-Marco-2020-6-1536x1025.jpg 1536w, https:\/\/www.pacoteshyatt.com.br\/rio-de-janeiro\/wp-content\/uploads\/sites\/2\/2023\/10\/Grand-Hyatt-Rio-de-Janeiro-Penthouse-Quarto-Cama-Wendy-Andrade-Marco-2020-6-2048x1367.jpg 2048w, https:\/\/www.pacoteshyatt.com.br\/rio-de-janeiro\/wp-content\/uploads\/sites\/2\/2023\/10\/Grand-Hyatt-Rio-de-Janeiro-Penthouse-Quarto-Cama-Wendy-Andrade-Marco-2020-6-438x292.jpg 438w, https:\/\/www.pacoteshyatt.com.br\/rio-de-janeiro\/wp-content\/uploads\/sites\/2\/2023\/10\/Grand-Hyatt-Rio-de-Janeiro-Penthouse-Quarto-Cama-Wendy-Andrade-Marco-2020-6-237x158.jpg 237w, https:\/\/www.pacoteshyatt.com.br\/rio-de-janeiro\/wp-content\/uploads\/sites\/2\/2023\/10\/Grand-Hyatt-Rio-de-Janeiro-Penthouse-Quarto-Cama-Wendy-Andrade-Marco-2020-6-348x232.jpg 348w\" sizes=\"(max-width: 2560px) 100vw, 2560px\" \/><\/a><\/figure>\n\n\n\n<figure class=\"wp-block-image size-full is-style-default\"><a href=\"https:\/\/www.pacoteshyatt.com.br\/rio-de-janeiro\/wp-content\/uploads\/sites\/2\/2023\/10\/HYATT_TBF6212-scaled.jpg\"><img loading=\"lazy\" width=\"2560\" height=\"1704\" src=\"https:\/\/www.pacoteshyatt.com.br\/rio-de-janeiro\/wp-content\/uploads\/sites\/2\/2023\/10\/HYATT_TBF6212-scaled.jpg\" alt=\"\" class=\"wp-image-11884\" srcset=\"https:\/\/www.pacoteshyatt.com.br\/rio-de-janeiro\/wp-content\/uploads\/sites\/2\/2023\/10\/HYATT_TBF6212-scaled.jpg 2560w, https:\/\/www.pacoteshyatt.com.br\/rio-de-janeiro\/wp-content\/uploads\/sites\/2\/2023\/10\/HYATT_TBF6212-300x200.jpg 300w, https:\/\/www.pacoteshyatt.com.br\/rio-de-janeiro\/wp-content\/uploads\/sites\/2\/2023\/10\/HYATT_TBF6212-1024x682.jpg 1024w, https:\/\/www.pacoteshyatt.com.br\/rio-de-janeiro\/wp-content\/uploads\/sites\/2\/2023\/10\/HYATT_TBF6212-768x511.jpg 768w, https:\/\/www.pacoteshyatt.com.br\/rio-de-janeiro\/wp-content\/uploads\/sites\/2\/2023\/10\/HYATT_TBF6212-1536x1022.jpg 1536w, https:\/\/www.pacoteshyatt.com.br\/rio-de-janeiro\/wp-content\/uploads\/sites\/2\/2023\/10\/HYATT_TBF6212-2048x1363.jpg 2048w, https:\/\/www.pacoteshyatt.com.br\/rio-de-janeiro\/wp-content\/uploads\/sites\/2\/2023\/10\/HYATT_TBF6212-438x292.jpg 438w, https:\/\/www.pacoteshyatt.com.br\/rio-de-janeiro\/wp-content\/uploads\/sites\/2\/2023\/10\/HYATT_TBF6212-237x158.jpg 237w, https:\/\/www.pacoteshyatt.com.br\/rio-de-janeiro\/wp-content\/uploads\/sites\/2\/2023\/10\/HYATT_TBF6212-348x232.jpg 348w\" sizes=\"(max-width: 2560px) 100vw, 2560px\" \/><\/a><\/figure>\n\n\n\n<figure class=\"wp-block-image size-full\"><a href=\"https:\/\/www.pacoteshyatt.com.br\/rio-de-janeiro\/wp-content\/uploads\/sites\/2\/2024\/03\/HYATT_TBF6019-scaled.jpg\"><img loading=\"lazy\" width=\"2560\" height=\"1704\" src=\"https:\/\/www.pacoteshyatt.com.br\/rio-de-janeiro\/wp-content\/uploads\/sites\/2\/2024\/03\/HYATT_TBF6019-scaled.jpg\" alt=\"\" class=\"wp-image-14029\" srcset=\"https:\/\/www.pacoteshyatt.com.br\/rio-de-janeiro\/wp-content\/uploads\/sites\/2\/2024\/03\/HYATT_TBF6019-scaled.jpg 2560w, https:\/\/www.pacoteshyatt.com.br\/rio-de-janeiro\/wp-content\/uploads\/sites\/2\/2024\/03\/HYATT_TBF6019-300x200.jpg 300w, https:\/\/www.pacoteshyatt.com.br\/rio-de-janeiro\/wp-content\/uploads\/sites\/2\/2024\/03\/HYATT_TBF6019-1024x682.jpg 1024w, https:\/\/www.pacoteshyatt.com.br\/rio-de-janeiro\/wp-content\/uploads\/sites\/2\/2024\/03\/HYATT_TBF6019-768x511.jpg 768w, https:\/\/www.pacoteshyatt.com.br\/rio-de-janeiro\/wp-content\/uploads\/sites\/2\/2024\/03\/HYATT_TBF6019-1536x1022.jpg 1536w, https:\/\/www.pacoteshyatt.com.br\/rio-de-janeiro\/wp-content\/uploads\/sites\/2\/2024\/03\/HYATT_TBF6019-2048x1363.jpg 2048w, https:\/\/www.pacoteshyatt.com.br\/rio-de-janeiro\/wp-content\/uploads\/sites\/2\/2024\/03\/HYATT_TBF6019-438x292.jpg 438w, https:\/\/www.pacoteshyatt.com.br\/rio-de-janeiro\/wp-content\/uploads\/sites\/2\/2024\/03\/HYATT_TBF6019-237x158.jpg 237w, https:\/\/www.pacoteshyatt.com.br\/rio-de-janeiro\/wp-content\/uploads\/sites\/2\/2024\/03\/HYATT_TBF6019-348x232.jpg 348w\" sizes=\"(max-width: 2560px) 100vw, 2560px\" \/><\/a><\/figure>\n\n\n\n<figure class=\"wp-block-image size-full is-style-default\"><a href=\"https:\/\/www.pacoteshyatt.com.br\/rio-de-janeiro\/wp-content\/uploads\/sites\/2\/2023\/10\/HYATT_TBF6016-scaled.jpg\"><img loading=\"lazy\" width=\"2560\" height=\"1704\" src=\"https:\/\/www.pacoteshyatt.com.br\/rio-de-janeiro\/wp-content\/uploads\/sites\/2\/2023\/10\/HYATT_TBF6016-scaled.jpg\" alt=\"\" class=\"wp-image-11885\" srcset=\"https:\/\/www.pacoteshyatt.com.br\/rio-de-janeiro\/wp-content\/uploads\/sites\/2\/2023\/10\/HYATT_TBF6016-scaled.jpg 2560w, https:\/\/www.pacoteshyatt.com.br\/rio-de-janeiro\/wp-content\/uploads\/sites\/2\/2023\/10\/HYATT_TBF6016-300x200.jpg 300w, https:\/\/www.pacoteshyatt.com.br\/rio-de-janeiro\/wp-content\/uploads\/sites\/2\/2023\/10\/HYATT_TBF6016-1024x682.jpg 1024w, https:\/\/www.pacoteshyatt.com.br\/rio-de-janeiro\/wp-content\/uploads\/sites\/2\/2023\/10\/HYATT_TBF6016-768x511.jpg 768w, https:\/\/www.pacoteshyatt.com.br\/rio-de-janeiro\/wp-content\/uploads\/sites\/2\/2023\/10\/HYATT_TBF6016-1536x1022.jpg 1536w, https:\/\/www.pacoteshyatt.com.br\/rio-de-janeiro\/wp-content\/uploads\/sites\/2\/2023\/10\/HYATT_TBF6016-2048x1363.jpg 2048w, https:\/\/www.pacoteshyatt.com.br\/rio-de-janeiro\/wp-content\/uploads\/sites\/2\/2023\/10\/HYATT_TBF6016-438x292.jpg 438w, https:\/\/www.pacoteshyatt.com.br\/rio-de-janeiro\/wp-content\/uploads\/sites\/2\/2023\/10\/HYATT_TBF6016-237x158.jpg 237w, https:\/\/www.pacoteshyatt.com.br\/rio-de-janeiro\/wp-content\/uploads\/sites\/2\/2023\/10\/HYATT_TBF6016-348x232.jpg 348w\" sizes=\"(max-width: 2560px) 100vw, 2560px\" \/><\/a><\/figure>\n\n\n\n<figure class=\"wp-block-image size-full is-style-default\"><a href=\"https:\/\/www.pacoteshyatt.com.br\/rio-de-janeiro\/wp-content\/uploads\/sites\/2\/2023\/10\/HYATT_TBF5906-scaled.jpg\"><img loading=\"lazy\" width=\"2560\" height=\"1704\" src=\"https:\/\/www.pacoteshyatt.com.br\/rio-de-janeiro\/wp-content\/uploads\/sites\/2\/2023\/10\/HYATT_TBF5906-scaled.jpg\" alt=\"\" class=\"wp-image-11888\" srcset=\"https:\/\/www.pacoteshyatt.com.br\/rio-de-janeiro\/wp-content\/uploads\/sites\/2\/2023\/10\/HYATT_TBF5906-scaled.jpg 2560w, https:\/\/www.pacoteshyatt.com.br\/rio-de-janeiro\/wp-content\/uploads\/sites\/2\/2023\/10\/HYATT_TBF5906-300x200.jpg 300w, https:\/\/www.pacoteshyatt.com.br\/rio-de-janeiro\/wp-content\/uploads\/sites\/2\/2023\/10\/HYATT_TBF5906-1024x682.jpg 1024w, https:\/\/www.pacoteshyatt.com.br\/rio-de-janeiro\/wp-content\/uploads\/sites\/2\/2023\/10\/HYATT_TBF5906-768x511.jpg 768w, https:\/\/www.pacoteshyatt.com.br\/rio-de-janeiro\/wp-content\/uploads\/sites\/2\/2023\/10\/HYATT_TBF5906-1536x1022.jpg 1536w, https:\/\/www.pacoteshyatt.com.br\/rio-de-janeiro\/wp-content\/uploads\/sites\/2\/2023\/10\/HYATT_TBF5906-2048x1363.jpg 2048w, https:\/\/www.pacoteshyatt.com.br\/rio-de-janeiro\/wp-content\/uploads\/sites\/2\/2023\/10\/HYATT_TBF5906-438x292.jpg 438w, https:\/\/www.pacoteshyatt.com.br\/rio-de-janeiro\/wp-content\/uploads\/sites\/2\/2023\/10\/HYATT_TBF5906-237x158.jpg 237w, https:\/\/www.pacoteshyatt.com.br\/rio-de-janeiro\/wp-content\/uploads\/sites\/2\/2023\/10\/HYATT_TBF5906-348x232.jpg 348w\" sizes=\"(max-width: 2560px) 100vw, 2560px\" \/><\/a><\/figure>\n\n\n\n<figure class=\"wp-block-image size-full is-style-default\"><a href=\"https:\/\/www.pacoteshyatt.com.br\/rio-de-janeiro\/wp-content\/uploads\/sites\/2\/2023\/10\/HYATT_TBF6046-scaled.jpg\"><img loading=\"lazy\" width=\"2560\" height=\"1704\" src=\"https:\/\/www.pacoteshyatt.com.br\/rio-de-janeiro\/wp-content\/uploads\/sites\/2\/2023\/10\/HYATT_TBF6046-scaled.jpg\" alt=\"\" class=\"wp-image-11883\" srcset=\"https:\/\/www.pacoteshyatt.com.br\/rio-de-janeiro\/wp-content\/uploads\/sites\/2\/2023\/10\/HYATT_TBF6046-scaled.jpg 2560w, https:\/\/www.pacoteshyatt.com.br\/rio-de-janeiro\/wp-content\/uploads\/sites\/2\/2023\/10\/HYATT_TBF6046-300x200.jpg 300w, https:\/\/www.pacoteshyatt.com.br\/rio-de-janeiro\/wp-content\/uploads\/sites\/2\/2023\/10\/HYATT_TBF6046-1024x682.jpg 1024w, https:\/\/www.pacoteshyatt.com.br\/rio-de-janeiro\/wp-content\/uploads\/sites\/2\/2023\/10\/HYATT_TBF6046-768x511.jpg 768w, https:\/\/www.pacoteshyatt.com.br\/rio-de-janeiro\/wp-content\/uploads\/sites\/2\/2023\/10\/HYATT_TBF6046-1536x1022.jpg 1536w, https:\/\/www.pacoteshyatt.com.br\/rio-de-janeiro\/wp-content\/uploads\/sites\/2\/2023\/10\/HYATT_TBF6046-2048x1363.jpg 2048w, https:\/\/www.pacoteshyatt.com.br\/rio-de-janeiro\/wp-content\/uploads\/sites\/2\/2023\/10\/HYATT_TBF6046-438x292.jpg 438w, https:\/\/www.pacoteshyatt.com.br\/rio-de-janeiro\/wp-content\/uploads\/sites\/2\/2023\/10\/HYATT_TBF6046-237x158.jpg 237w, https:\/\/www.pacoteshyatt.com.br\/rio-de-janeiro\/wp-content\/uploads\/sites\/2\/2023\/10\/HYATT_TBF6046-348x232.jpg 348w\" sizes=\"(max-width: 2560px) 100vw, 2560px\" \/><\/a><\/figure>\n\n\n\n<figure class=\"wp-block-image size-full\"><a href=\"https:\/\/www.pacoteshyatt.com.br\/rio-de-janeiro\/wp-content\/uploads\/sites\/2\/2024\/03\/HYATT_TBF6150-scaled.jpg\"><img loading=\"lazy\" width=\"2560\" height=\"1704\" src=\"https:\/\/www.pacoteshyatt.com.br\/rio-de-janeiro\/wp-content\/uploads\/sites\/2\/2024\/03\/HYATT_TBF6150-scaled.jpg\" alt=\"\" class=\"wp-image-14031\" srcset=\"https:\/\/www.pacoteshyatt.com.br\/rio-de-janeiro\/wp-content\/uploads\/sites\/2\/2024\/03\/HYATT_TBF6150-scaled.jpg 2560w, https:\/\/www.pacoteshyatt.com.br\/rio-de-janeiro\/wp-content\/uploads\/sites\/2\/2024\/03\/HYATT_TBF6150-300x200.jpg 300w, https:\/\/www.pacoteshyatt.com.br\/rio-de-janeiro\/wp-content\/uploads\/sites\/2\/2024\/03\/HYATT_TBF6150-1024x682.jpg 1024w, https:\/\/www.pacoteshyatt.com.br\/rio-de-janeiro\/wp-content\/uploads\/sites\/2\/2024\/03\/HYATT_TBF6150-768x511.jpg 768w, https:\/\/www.pacoteshyatt.com.br\/rio-de-janeiro\/wp-content\/uploads\/sites\/2\/2024\/03\/HYATT_TBF6150-1536x1022.jpg 1536w, https:\/\/www.pacoteshyatt.com.br\/rio-de-janeiro\/wp-content\/uploads\/sites\/2\/2024\/03\/HYATT_TBF6150-2048x1363.jpg 2048w, https:\/\/www.pacoteshyatt.com.br\/rio-de-janeiro\/wp-content\/uploads\/sites\/2\/2024\/03\/HYATT_TBF6150-438x292.jpg 438w, https:\/\/www.pacoteshyatt.com.br\/rio-de-janeiro\/wp-content\/uploads\/sites\/2\/2024\/03\/HYATT_TBF6150-237x158.jpg 237w, https:\/\/www.pacoteshyatt.com.br\/rio-de-janeiro\/wp-content\/uploads\/sites\/2\/2024\/03\/HYATT_TBF6150-348x232.jpg 348w\" sizes=\"(max-width: 2560px) 100vw, 2560px\" \/><\/a><\/figure>\n\n\n\n<figure class=\"wp-block-image size-full is-style-default\"><a href=\"https:\/\/www.pacoteshyatt.com.br\/rio-de-janeiro\/wp-content\/uploads\/sites\/2\/2023\/11\/Grand-Hyatt-Rio-de-Janeiro-Penthouse-Banheiro-Wendy-Andrade-Marco-2020-2-scaled.jpg\"><img loading=\"lazy\" width=\"2560\" height=\"1709\" src=\"https:\/\/www.pacoteshyatt.com.br\/rio-de-janeiro\/wp-content\/uploads\/sites\/2\/2023\/11\/Grand-Hyatt-Rio-de-Janeiro-Penthouse-Banheiro-Wendy-Andrade-Marco-2020-2-scaled.jpg\" alt=\"\" class=\"wp-image-11916\" srcset=\"https:\/\/www.pacoteshyatt.com.br\/rio-de-janeiro\/wp-content\/uploads\/sites\/2\/2023\/11\/Grand-Hyatt-Rio-de-Janeiro-Penthouse-Banheiro-Wendy-Andrade-Marco-2020-2-scaled.jpg 2560w, https:\/\/www.pacoteshyatt.com.br\/rio-de-janeiro\/wp-content\/uploads\/sites\/2\/2023\/11\/Grand-Hyatt-Rio-de-Janeiro-Penthouse-Banheiro-Wendy-Andrade-Marco-2020-2-300x200.jpg 300w, https:\/\/www.pacoteshyatt.com.br\/rio-de-janeiro\/wp-content\/uploads\/sites\/2\/2023\/11\/Grand-Hyatt-Rio-de-Janeiro-Penthouse-Banheiro-Wendy-Andrade-Marco-2020-2-1024x684.jpg 1024w, https:\/\/www.pacoteshyatt.com.br\/rio-de-janeiro\/wp-content\/uploads\/sites\/2\/2023\/11\/Grand-Hyatt-Rio-de-Janeiro-Penthouse-Banheiro-Wendy-Andrade-Marco-2020-2-768x513.jpg 768w, https:\/\/www.pacoteshyatt.com.br\/rio-de-janeiro\/wp-content\/uploads\/sites\/2\/2023\/11\/Grand-Hyatt-Rio-de-Janeiro-Penthouse-Banheiro-Wendy-Andrade-Marco-2020-2-1536x1025.jpg 1536w, https:\/\/www.pacoteshyatt.com.br\/rio-de-janeiro\/wp-content\/uploads\/sites\/2\/2023\/11\/Grand-Hyatt-Rio-de-Janeiro-Penthouse-Banheiro-Wendy-Andrade-Marco-2020-2-2048x1367.jpg 2048w, https:\/\/www.pacoteshyatt.com.br\/rio-de-janeiro\/wp-content\/uploads\/sites\/2\/2023\/11\/Grand-Hyatt-Rio-de-Janeiro-Penthouse-Banheiro-Wendy-Andrade-Marco-2020-2-438x292.jpg 438w, https:\/\/www.pacoteshyatt.com.br\/rio-de-janeiro\/wp-content\/uploads\/sites\/2\/2023\/11\/Grand-Hyatt-Rio-de-Janeiro-Penthouse-Banheiro-Wendy-Andrade-Marco-2020-2-237x158.jpg 237w, https:\/\/www.pacoteshyatt.com.br\/rio-de-janeiro\/wp-content\/uploads\/sites\/2\/2023\/11\/Grand-Hyatt-Rio-de-Janeiro-Penthouse-Banheiro-Wendy-Andrade-Marco-2020-2-348x232.jpg 348w\" sizes=\"(max-width: 2560px) 100vw, 2560px\" \/><\/a><\/figure>\n<\/figure>\n\n<\/div>\n<\/div>\n","protected":false},"excerpt":{"rendered":"","protected":false},"author":106058,"featured_media":0,"parent":0,"menu_order":0,"comment_status":"closed","ping_status":"closed","template":"template-full-page.php","meta":{"_eb_attr":""},"yoast_head":"<!-- This site is optimized with the Yoast SEO plugin v18.4.1 - https:\/\/yoast.com\/wordpress\/plugins\/seo\/ -->\n<title>Galeria - Acomoda\u00e7\u00f5es - GRAND HYATT RIO DE JANEIRO<\/title>\n<meta name=\"robots\" content=\"index, follow, max-snippet:-1, max-image-preview:large, max-video-preview:-1\" \/>\n<link rel=\"canonical\" href=\"https:\/\/www.pacoteshyatt.com.br\/rio-de-janeiro\/galeria-acomodacoes\/\" \/>\n<meta property=\"og:locale\" content=\"pt_BR\" \/>\n<meta property=\"og:type\" content=\"article\" \/>\n<meta property=\"og:title\" content=\"Galeria - Acomoda\u00e7\u00f5es - GRAND HYATT RIO DE JANEIRO\" \/>\n<meta property=\"og:url\" content=\"https:\/\/www.pacoteshyatt.com.br\/rio-de-janeiro\/galeria-acomodacoes\/\" \/>\n<meta property=\"og:site_name\" content=\"GRAND HYATT RIO DE JANEIRO\" \/>\n<meta property=\"article:modified_time\" content=\"2025-10-07T20:03:09+00:00\" \/>\n<meta property=\"og:image\" content=\"https:\/\/www.pacoteshyatt.com.br\/rio-de-janeiro\/wp-content\/uploads\/sites\/2\/2023\/10\/Grand-Hyatt-Rio-de-Janeiro-Presidential-Suite-Ocean-Front-View-scaled.jpg\" \/>\n<meta name=\"twitter:card\" content=\"summary_large_image\" \/>\n<meta name=\"twitter:label1\" content=\"Est. tempo de leitura\" \/>\n\t<meta name=\"twitter:data1\" content=\"13 minutos\" \/>\n<script type=\"application\/ld+json\" class=\"yoast-schema-graph\">{\"@context\":\"https:\/\/schema.org\",\"@graph\":[{\"@type\":\"WebSite\",\"@id\":\"https:\/\/www.pacoteshyatt.com.br\/rio-de-janeiro\/#website\",\"url\":\"https:\/\/www.pacoteshyatt.com.br\/rio-de-janeiro\/\",\"name\":\"GRAND HYATT RIO DE JANEIRO\",\"description\":\"Um verdadeiro resort urbano na Barra da Tijuca!\",\"potentialAction\":[{\"@type\":\"SearchAction\",\"target\":{\"@type\":\"EntryPoint\",\"urlTemplate\":\"https:\/\/www.pacoteshyatt.com.br\/rio-de-janeiro\/?s={search_term_string}\"},\"query-input\":\"required name=search_term_string\"}],\"inLanguage\":\"pt-BR\"},{\"@type\":\"ImageObject\",\"@id\":\"https:\/\/www.pacoteshyatt.com.br\/rio-de-janeiro\/galeria-acomodacoes\/#primaryimage\",\"inLanguage\":\"pt-BR\",\"url\":\"https:\/\/www.pacoteshyatt.com.br\/rio-de-janeiro\/wp-content\/uploads\/sites\/2\/2023\/10\/Grand-Hyatt-Rio-de-Janeiro-Presidential-Suite-Ocean-Front-View-scaled.jpg\",\"contentUrl\":\"https:\/\/www.pacoteshyatt.com.br\/rio-de-janeiro\/wp-content\/uploads\/sites\/2\/2023\/10\/Grand-Hyatt-Rio-de-Janeiro-Presidential-Suite-Ocean-Front-View-scaled.jpg\",\"width\":2560,\"height\":1707,\"caption\":\"www.tbfoto.com.br GRAND HYATT - RJ\/RJ - 12\/03\/2019 Foto: Tadeu Brunelli ATENCAO: Toda foto deve ser publicada com o credito do autor, na sua integra sem cortes ou modificacoes, de acordo com a Lei N\u00ba 9.610 de 19\/02\/1998.\"},{\"@type\":\"WebPage\",\"@id\":\"https:\/\/www.pacoteshyatt.com.br\/rio-de-janeiro\/galeria-acomodacoes\/#webpage\",\"url\":\"https:\/\/www.pacoteshyatt.com.br\/rio-de-janeiro\/galeria-acomodacoes\/\",\"name\":\"Galeria - Acomoda\u00e7\u00f5es - GRAND HYATT RIO DE JANEIRO\",\"isPartOf\":{\"@id\":\"https:\/\/www.pacoteshyatt.com.br\/rio-de-janeiro\/#website\"},\"primaryImageOfPage\":{\"@id\":\"https:\/\/www.pacoteshyatt.com.br\/rio-de-janeiro\/galeria-acomodacoes\/#primaryimage\"},\"datePublished\":\"2023-11-08T15:06:05+00:00\",\"dateModified\":\"2025-10-07T20:03:09+00:00\",\"breadcrumb\":{\"@id\":\"https:\/\/www.pacoteshyatt.com.br\/rio-de-janeiro\/galeria-acomodacoes\/#breadcrumb\"},\"inLanguage\":\"pt-BR\",\"potentialAction\":[{\"@type\":\"ReadAction\",\"target\":[\"https:\/\/www.pacoteshyatt.com.br\/rio-de-janeiro\/galeria-acomodacoes\/\"]}]},{\"@type\":\"BreadcrumbList\",\"@id\":\"https:\/\/www.pacoteshyatt.com.br\/rio-de-janeiro\/galeria-acomodacoes\/#breadcrumb\",\"itemListElement\":[{\"@type\":\"ListItem\",\"position\":1,\"name\":\"Home\",\"item\":\"https:\/\/www.pacoteshyatt.com.br\/rio-de-janeiro\/\"},{\"@type\":\"ListItem\",\"position\":2,\"name\":\"Galeria &#8211; Acomoda\u00e7\u00f5es\"}]}]}<\/script>\n<!-- \/ Yoast SEO plugin. -->","yoast_head_json":{"title":"Galeria - Acomoda\u00e7\u00f5es - GRAND HYATT RIO DE JANEIRO","robots":{"index":"index","follow":"follow","max-snippet":"max-snippet:-1","max-image-preview":"max-image-preview:large","max-video-preview":"max-video-preview:-1"},"canonical":"https:\/\/www.pacoteshyatt.com.br\/rio-de-janeiro\/galeria-acomodacoes\/","og_locale":"pt_BR","og_type":"article","og_title":"Galeria - Acomoda\u00e7\u00f5es - GRAND HYATT RIO DE JANEIRO","og_url":"https:\/\/www.pacoteshyatt.com.br\/rio-de-janeiro\/galeria-acomodacoes\/","og_site_name":"GRAND HYATT RIO DE JANEIRO","article_modified_time":"2025-10-07T20:03:09+00:00","og_image":[{"url":"https:\/\/www.pacoteshyatt.com.br\/rio-de-janeiro\/wp-content\/uploads\/sites\/2\/2023\/10\/Grand-Hyatt-Rio-de-Janeiro-Presidential-Suite-Ocean-Front-View-scaled.jpg"}],"twitter_card":"summary_large_image","twitter_misc":{"Est. tempo de leitura":"13 minutos"},"schema":{"@context":"https:\/\/schema.org","@graph":[{"@type":"WebSite","@id":"https:\/\/www.pacoteshyatt.com.br\/rio-de-janeiro\/#website","url":"https:\/\/www.pacoteshyatt.com.br\/rio-de-janeiro\/","name":"GRAND HYATT RIO DE JANEIRO","description":"Um verdadeiro resort urbano na Barra da Tijuca!","potentialAction":[{"@type":"SearchAction","target":{"@type":"EntryPoint","urlTemplate":"https:\/\/www.pacoteshyatt.com.br\/rio-de-janeiro\/?s={search_term_string}"},"query-input":"required name=search_term_string"}],"inLanguage":"pt-BR"},{"@type":"ImageObject","@id":"https:\/\/www.pacoteshyatt.com.br\/rio-de-janeiro\/galeria-acomodacoes\/#primaryimage","inLanguage":"pt-BR","url":"https:\/\/www.pacoteshyatt.com.br\/rio-de-janeiro\/wp-content\/uploads\/sites\/2\/2023\/10\/Grand-Hyatt-Rio-de-Janeiro-Presidential-Suite-Ocean-Front-View-scaled.jpg","contentUrl":"https:\/\/www.pacoteshyatt.com.br\/rio-de-janeiro\/wp-content\/uploads\/sites\/2\/2023\/10\/Grand-Hyatt-Rio-de-Janeiro-Presidential-Suite-Ocean-Front-View-scaled.jpg","width":2560,"height":1707,"caption":"www.tbfoto.com.br GRAND HYATT - RJ\/RJ - 12\/03\/2019 Foto: Tadeu Brunelli ATENCAO: Toda foto deve ser publicada com o credito do autor, na sua integra sem cortes ou modificacoes, de acordo com a Lei N\u00ba 9.610 de 19\/02\/1998."},{"@type":"WebPage","@id":"https:\/\/www.pacoteshyatt.com.br\/rio-de-janeiro\/galeria-acomodacoes\/#webpage","url":"https:\/\/www.pacoteshyatt.com.br\/rio-de-janeiro\/galeria-acomodacoes\/","name":"Galeria - Acomoda\u00e7\u00f5es - GRAND HYATT RIO DE JANEIRO","isPartOf":{"@id":"https:\/\/www.pacoteshyatt.com.br\/rio-de-janeiro\/#website"},"primaryImageOfPage":{"@id":"https:\/\/www.pacoteshyatt.com.br\/rio-de-janeiro\/galeria-acomodacoes\/#primaryimage"},"datePublished":"2023-11-08T15:06:05+00:00","dateModified":"2025-10-07T20:03:09+00:00","breadcrumb":{"@id":"https:\/\/www.pacoteshyatt.com.br\/rio-de-janeiro\/galeria-acomodacoes\/#breadcrumb"},"inLanguage":"pt-BR","potentialAction":[{"@type":"ReadAction","target":["https:\/\/www.pacoteshyatt.com.br\/rio-de-janeiro\/galeria-acomodacoes\/"]}]},{"@type":"BreadcrumbList","@id":"https:\/\/www.pacoteshyatt.com.br\/rio-de-janeiro\/galeria-acomodacoes\/#breadcrumb","itemListElement":[{"@type":"ListItem","position":1,"name":"Home","item":"https:\/\/www.pacoteshyatt.com.br\/rio-de-janeiro\/"},{"@type":"ListItem","position":2,"name":"Galeria &#8211; Acomoda\u00e7\u00f5es"}]}]}},"_links":{"self":[{"href":"https:\/\/www.pacoteshyatt.com.br\/rio-de-janeiro\/wp-json\/wp\/v2\/pages\/11876"}],"collection":[{"href":"https:\/\/www.pacoteshyatt.com.br\/rio-de-janeiro\/wp-json\/wp\/v2\/pages"}],"about":[{"href":"https:\/\/www.pacoteshyatt.com.br\/rio-de-janeiro\/wp-json\/wp\/v2\/types\/page"}],"author":[{"embeddable":true,"href":"https:\/\/www.pacoteshyatt.com.br\/rio-de-janeiro\/wp-json\/wp\/v2\/users\/106058"}],"replies":[{"embeddable":true,"href":"https:\/\/www.pacoteshyatt.com.br\/rio-de-janeiro\/wp-json\/wp\/v2\/comments?post=11876"}],"version-history":[{"count":13,"href":"https:\/\/www.pacoteshyatt.com.br\/rio-de-janeiro\/wp-json\/wp\/v2\/pages\/11876\/revisions"}],"predecessor-version":[{"id":14033,"href":"https:\/\/www.pacoteshyatt.com.br\/rio-de-janeiro\/wp-json\/wp\/v2\/pages\/11876\/revisions\/14033"}],"wp:attachment":[{"href":"https:\/\/www.pacoteshyatt.com.br\/rio-de-janeiro\/wp-json\/wp\/v2\/media?parent=11876"}],"curies":[{"name":"wp","href":"https:\/\/api.w.org\/{rel}","templated":true}]}}