{"id":14341,"date":"2024-04-04T16:21:08","date_gmt":"2024-04-04T19:21:08","guid":{"rendered":"https:\/\/www.pacoteshyatt.com.br\/rio-de-janeiro\/?page_id=14341"},"modified":"2025-07-24T09:59:05","modified_gmt":"2025-07-24T12:59:05","slug":"especial-canto","status":"publish","type":"page","link":"https:\/\/www.pacoteshyatt.com.br\/rio-de-janeiro\/especial-canto\/","title":{"rendered":"Especial Cant\u00f4"},"content":{"rendered":"\n<div class=\"wp-container-69f2a33a6fd0a wp-block-group intro-content-home text-center\"><div class=\"wp-bootstrap-blocks-container container mb-2\">\n\t\n<div class=\"wp-bootstrap-blocks-row row\">\n\t\n\n<div class=\"col-12 col-md-12 inner-intro-content\">\n\t\t\t\n\n<div class=\"wp-container-69f2a33a6f529 wp-block-group inner-content\">\n<div class=\"wp-container-69f2a33a6ede9 wp-block-group\">\n<h1 class=\"has-pink-color has-white-background-color has-text-color has-background\">Noites musicais no Rio de Janeiro no Restaurante Cant\u00f4<\/h1>\n<\/div>\n\n\n\n<p class=\"has-black-color has-white-background-color has-text-color has-background has-medium-font-size\">O clima descontra\u00eddo do Rio de Janeiro se traduz nas <strong>noites de m\u00fasica no Rio de Janeiro<\/strong> no Restaurante Cant\u00f4.<br><br>De quinta \u00e0 s\u00e1bado, viva momentos especiais com a gastronomia requintada no Grand Hyatt Rio de Janeiro, hamornizadas com musica ao vivo e um ambiente aconchegante e sofisticado. <br><\/p>\n<\/div>\n\n\t<\/div>\n\n<\/div>\n\n<\/div>\n<\/div>\n\n\n\n<div class=\"wp-container-69f2a33a72aa3 wp-block-group grand-taste-top-section\"><div class=\"wp-bootstrap-blocks-container container mb-2 product-descrip-section\">\n\t\n<div class=\"wp-bootstrap-blocks-row row inner-taste-col\">\n\t\n\n<div class=\"col-12 col-md-6\">\n\t\t\t\n                <div class=\"gallery-top-col\">\n                    <div class=\"swiper-container gallery-top\">\n                        <div class=\"swiper-wrapper\">\n                                                            <div class=\"swiper-slide\">\n                                    <img width=\"611\" height=\"410\" src=\"https:\/\/www.pacoteshyatt.com.br\/rio-de-janeiro\/wp-content\/uploads\/sites\/2\/2024\/08\/GHRJ_BannerOfertaLP_NoitesMusicais_649x435px_2024_v1APT.jpg\" class=\"attachment-611x621 size-611x621\" alt=\"\" loading=\"lazy\" srcset=\"https:\/\/www.pacoteshyatt.com.br\/rio-de-janeiro\/wp-content\/uploads\/sites\/2\/2024\/08\/GHRJ_BannerOfertaLP_NoitesMusicais_649x435px_2024_v1APT.jpg 649w, https:\/\/www.pacoteshyatt.com.br\/rio-de-janeiro\/wp-content\/uploads\/sites\/2\/2024\/08\/GHRJ_BannerOfertaLP_NoitesMusicais_649x435px_2024_v1APT-300x201.jpg 300w, https:\/\/www.pacoteshyatt.com.br\/rio-de-janeiro\/wp-content\/uploads\/sites\/2\/2024\/08\/GHRJ_BannerOfertaLP_NoitesMusicais_649x435px_2024_v1APT-237x158.jpg 237w, https:\/\/www.pacoteshyatt.com.br\/rio-de-janeiro\/wp-content\/uploads\/sites\/2\/2024\/08\/GHRJ_BannerOfertaLP_NoitesMusicais_649x435px_2024_v1APT-298x200.jpg 298w, https:\/\/www.pacoteshyatt.com.br\/rio-de-janeiro\/wp-content\/uploads\/sites\/2\/2024\/08\/GHRJ_BannerOfertaLP_NoitesMusicais_649x435px_2024_v1APT-348x233.jpg 348w\" sizes=\"(max-width: 611px) 100vw, 611px\" \/>                                <\/div>\n                                                            <div class=\"swiper-slide\">\n                                    <img width=\"611\" height=\"410\" src=\"https:\/\/www.pacoteshyatt.com.br\/rio-de-janeiro\/wp-content\/uploads\/sites\/2\/2024\/04\/7.png\" class=\"attachment-611x621 size-611x621\" alt=\"\" loading=\"lazy\" srcset=\"https:\/\/www.pacoteshyatt.com.br\/rio-de-janeiro\/wp-content\/uploads\/sites\/2\/2024\/04\/7.png 649w, https:\/\/www.pacoteshyatt.com.br\/rio-de-janeiro\/wp-content\/uploads\/sites\/2\/2024\/04\/7-300x201.png 300w, https:\/\/www.pacoteshyatt.com.br\/rio-de-janeiro\/wp-content\/uploads\/sites\/2\/2024\/04\/7-237x158.png 237w, https:\/\/www.pacoteshyatt.com.br\/rio-de-janeiro\/wp-content\/uploads\/sites\/2\/2024\/04\/7-298x200.png 298w, https:\/\/www.pacoteshyatt.com.br\/rio-de-janeiro\/wp-content\/uploads\/sites\/2\/2024\/04\/7-348x233.png 348w\" sizes=\"(max-width: 611px) 100vw, 611px\" \/>                                <\/div>\n                                                            <div class=\"swiper-slide\">\n                                    <img width=\"611\" height=\"410\" src=\"https:\/\/www.pacoteshyatt.com.br\/rio-de-janeiro\/wp-content\/uploads\/sites\/2\/2024\/04\/9.png\" class=\"attachment-611x621 size-611x621\" alt=\"\" loading=\"lazy\" srcset=\"https:\/\/www.pacoteshyatt.com.br\/rio-de-janeiro\/wp-content\/uploads\/sites\/2\/2024\/04\/9.png 649w, https:\/\/www.pacoteshyatt.com.br\/rio-de-janeiro\/wp-content\/uploads\/sites\/2\/2024\/04\/9-300x201.png 300w, https:\/\/www.pacoteshyatt.com.br\/rio-de-janeiro\/wp-content\/uploads\/sites\/2\/2024\/04\/9-237x158.png 237w, https:\/\/www.pacoteshyatt.com.br\/rio-de-janeiro\/wp-content\/uploads\/sites\/2\/2024\/04\/9-298x200.png 298w, https:\/\/www.pacoteshyatt.com.br\/rio-de-janeiro\/wp-content\/uploads\/sites\/2\/2024\/04\/9-348x233.png 348w\" sizes=\"(max-width: 611px) 100vw, 611px\" \/>                                <\/div>\n                                                            <div class=\"swiper-slide\">\n                                    <img width=\"611\" height=\"410\" src=\"https:\/\/www.pacoteshyatt.com.br\/rio-de-janeiro\/wp-content\/uploads\/sites\/2\/2024\/04\/8.png\" class=\"attachment-611x621 size-611x621\" alt=\"\" loading=\"lazy\" srcset=\"https:\/\/www.pacoteshyatt.com.br\/rio-de-janeiro\/wp-content\/uploads\/sites\/2\/2024\/04\/8.png 649w, https:\/\/www.pacoteshyatt.com.br\/rio-de-janeiro\/wp-content\/uploads\/sites\/2\/2024\/04\/8-300x201.png 300w, https:\/\/www.pacoteshyatt.com.br\/rio-de-janeiro\/wp-content\/uploads\/sites\/2\/2024\/04\/8-237x158.png 237w, https:\/\/www.pacoteshyatt.com.br\/rio-de-janeiro\/wp-content\/uploads\/sites\/2\/2024\/04\/8-298x200.png 298w, https:\/\/www.pacoteshyatt.com.br\/rio-de-janeiro\/wp-content\/uploads\/sites\/2\/2024\/04\/8-348x233.png 348w\" sizes=\"(max-width: 611px) 100vw, 611px\" \/>                                <\/div>\n                                                    <\/div>\n                    <\/div>\n                    <div class=\"swiper-button-next swiper-button-white\"><\/div>\n                    <div class=\"swiper-button-prev swiper-button-white\"><\/div>\n                <\/div>\n                <div class=\"gallery-thumbs-col\">\n                    <div class=\"swiper-container gallery-thumbs\">\n                        <div class=\"swiper-wrapper\">\n                                                            <div class=\"swiper-slide\">\n                                   <img width=\"153\" height=\"104\" src=\"https:\/\/www.pacoteshyatt.com.br\/rio-de-janeiro\/wp-content\/uploads\/sites\/2\/2024\/08\/GHRJ_BannerOfertaLP_NoitesMusicais_649x435px_2024_v1APT-298x200.jpg\" class=\"attachment-153x104 size-153x104\" alt=\"\" loading=\"lazy\" srcset=\"https:\/\/www.pacoteshyatt.com.br\/rio-de-janeiro\/wp-content\/uploads\/sites\/2\/2024\/08\/GHRJ_BannerOfertaLP_NoitesMusicais_649x435px_2024_v1APT-298x200.jpg 298w, https:\/\/www.pacoteshyatt.com.br\/rio-de-janeiro\/wp-content\/uploads\/sites\/2\/2024\/08\/GHRJ_BannerOfertaLP_NoitesMusicais_649x435px_2024_v1APT-300x201.jpg 300w, https:\/\/www.pacoteshyatt.com.br\/rio-de-janeiro\/wp-content\/uploads\/sites\/2\/2024\/08\/GHRJ_BannerOfertaLP_NoitesMusicais_649x435px_2024_v1APT.jpg 649w\" sizes=\"(max-width: 153px) 100vw, 153px\" \/>                                <\/div>\n                                                            <div class=\"swiper-slide\">\n                                   <img width=\"153\" height=\"104\" src=\"https:\/\/www.pacoteshyatt.com.br\/rio-de-janeiro\/wp-content\/uploads\/sites\/2\/2024\/04\/7-298x200.png\" class=\"attachment-153x104 size-153x104\" alt=\"\" loading=\"lazy\" srcset=\"https:\/\/www.pacoteshyatt.com.br\/rio-de-janeiro\/wp-content\/uploads\/sites\/2\/2024\/04\/7-298x200.png 298w, https:\/\/www.pacoteshyatt.com.br\/rio-de-janeiro\/wp-content\/uploads\/sites\/2\/2024\/04\/7-300x201.png 300w, https:\/\/www.pacoteshyatt.com.br\/rio-de-janeiro\/wp-content\/uploads\/sites\/2\/2024\/04\/7.png 649w\" sizes=\"(max-width: 153px) 100vw, 153px\" \/>                                <\/div>\n                                                            <div class=\"swiper-slide\">\n                                   <img width=\"153\" height=\"104\" src=\"https:\/\/www.pacoteshyatt.com.br\/rio-de-janeiro\/wp-content\/uploads\/sites\/2\/2024\/04\/9-298x200.png\" class=\"attachment-153x104 size-153x104\" alt=\"\" loading=\"lazy\" srcset=\"https:\/\/www.pacoteshyatt.com.br\/rio-de-janeiro\/wp-content\/uploads\/sites\/2\/2024\/04\/9-298x200.png 298w, https:\/\/www.pacoteshyatt.com.br\/rio-de-janeiro\/wp-content\/uploads\/sites\/2\/2024\/04\/9-300x201.png 300w, https:\/\/www.pacoteshyatt.com.br\/rio-de-janeiro\/wp-content\/uploads\/sites\/2\/2024\/04\/9.png 649w\" sizes=\"(max-width: 153px) 100vw, 153px\" \/>                                <\/div>\n                                                            <div class=\"swiper-slide\">\n                                   <img width=\"153\" height=\"104\" src=\"https:\/\/www.pacoteshyatt.com.br\/rio-de-janeiro\/wp-content\/uploads\/sites\/2\/2024\/04\/8-298x200.png\" class=\"attachment-153x104 size-153x104\" alt=\"\" loading=\"lazy\" srcset=\"https:\/\/www.pacoteshyatt.com.br\/rio-de-janeiro\/wp-content\/uploads\/sites\/2\/2024\/04\/8-298x200.png 298w, https:\/\/www.pacoteshyatt.com.br\/rio-de-janeiro\/wp-content\/uploads\/sites\/2\/2024\/04\/8-300x201.png 300w, https:\/\/www.pacoteshyatt.com.br\/rio-de-janeiro\/wp-content\/uploads\/sites\/2\/2024\/04\/8.png 649w\" sizes=\"(max-width: 153px) 100vw, 153px\" \/>                                <\/div>\n                                                    <\/div>\n                    <\/div>\n                <\/div>\n        \n\t<\/div>\n\n\n\n<div class=\"col-12 col-md-6\">\n\t\t\t\n\n<div class=\"wp-container-69f2a33a722c1 wp-block-group description-content\">\n<h2>Quinta | Jazz and Oysters<\/h2>\n\n\n\n<p>Nas quintas, das 19h \u00e0s 21h, viva um momento de aproveitar os<strong> sabores do mar<\/strong> embalados em uma<strong> noite de Jazz<\/strong>. Aproveite o <strong>espumante liberado, com ostras a vontade<\/strong> ambientados no restaurante de arquitetura renomada e sofistica\u00e7\u00e3o. <\/p>\n\n\n\n<p class=\"has-text-align-center\"><a href=\"https:\/\/www.pacoteshyatt.com.br\/rio-de-janeiro\/product\/quintas-no-canto\/\">Aproveite!<\/a><\/p>\n<\/div>\n\n\t<\/div>\n\n<\/div>\n\n<\/div>\n<\/div>\n\n\n\n<div class=\"wp-container-69f2a33a75c5f wp-block-group grand-taste-top-section d-none\"><div class=\"wp-bootstrap-blocks-container container mb-2 product-descrip-section\">\n\t\n<div class=\"wp-bootstrap-blocks-row row inner-taste-col\">\n\t\n\n<div class=\"col-12 col-md-6 order-1 order-lg-0\">\n\t\t\t\n\n<div class=\"wp-container-69f2a33a74d08 wp-block-group\">\n<div class=\"wp-block-columns are-vertically-aligned-top\">\n<div class=\"wp-block-column is-vertically-aligned-top\" style=\"flex-basis:100%\">\n<div class=\"wp-container-69f2a33a74625 wp-block-group\">                <div class=\"gallery-top-col\">\n                    <div class=\"swiper-container gallery-top\">\n                        <div class=\"swiper-wrapper\">\n                                                            <div class=\"swiper-slide\">\n                                    <img width=\"611\" height=\"410\" src=\"https:\/\/www.pacoteshyatt.com.br\/rio-de-janeiro\/wp-content\/uploads\/sites\/2\/2024\/08\/GHRJ_BannerOfertaLP_NoitesMusicais_649x435px_2024_v1BPt.jpg\" class=\"attachment-611x621 size-611x621\" alt=\"\" loading=\"lazy\" srcset=\"https:\/\/www.pacoteshyatt.com.br\/rio-de-janeiro\/wp-content\/uploads\/sites\/2\/2024\/08\/GHRJ_BannerOfertaLP_NoitesMusicais_649x435px_2024_v1BPt.jpg 649w, https:\/\/www.pacoteshyatt.com.br\/rio-de-janeiro\/wp-content\/uploads\/sites\/2\/2024\/08\/GHRJ_BannerOfertaLP_NoitesMusicais_649x435px_2024_v1BPt-300x201.jpg 300w, https:\/\/www.pacoteshyatt.com.br\/rio-de-janeiro\/wp-content\/uploads\/sites\/2\/2024\/08\/GHRJ_BannerOfertaLP_NoitesMusicais_649x435px_2024_v1BPt-237x158.jpg 237w, https:\/\/www.pacoteshyatt.com.br\/rio-de-janeiro\/wp-content\/uploads\/sites\/2\/2024\/08\/GHRJ_BannerOfertaLP_NoitesMusicais_649x435px_2024_v1BPt-298x200.jpg 298w, https:\/\/www.pacoteshyatt.com.br\/rio-de-janeiro\/wp-content\/uploads\/sites\/2\/2024\/08\/GHRJ_BannerOfertaLP_NoitesMusicais_649x435px_2024_v1BPt-348x233.jpg 348w\" sizes=\"(max-width: 611px) 100vw, 611px\" \/>                                <\/div>\n                                                            <div class=\"swiper-slide\">\n                                    <img width=\"611\" height=\"410\" src=\"https:\/\/www.pacoteshyatt.com.br\/rio-de-janeiro\/wp-content\/uploads\/sites\/2\/2024\/04\/1.png\" class=\"attachment-611x621 size-611x621\" alt=\"\" loading=\"lazy\" srcset=\"https:\/\/www.pacoteshyatt.com.br\/rio-de-janeiro\/wp-content\/uploads\/sites\/2\/2024\/04\/1.png 649w, https:\/\/www.pacoteshyatt.com.br\/rio-de-janeiro\/wp-content\/uploads\/sites\/2\/2024\/04\/1-300x201.png 300w, https:\/\/www.pacoteshyatt.com.br\/rio-de-janeiro\/wp-content\/uploads\/sites\/2\/2024\/04\/1-237x158.png 237w, https:\/\/www.pacoteshyatt.com.br\/rio-de-janeiro\/wp-content\/uploads\/sites\/2\/2024\/04\/1-298x200.png 298w, https:\/\/www.pacoteshyatt.com.br\/rio-de-janeiro\/wp-content\/uploads\/sites\/2\/2024\/04\/1-348x233.png 348w\" sizes=\"(max-width: 611px) 100vw, 611px\" \/>                                <\/div>\n                                                            <div class=\"swiper-slide\">\n                                    <img width=\"611\" height=\"410\" src=\"https:\/\/www.pacoteshyatt.com.br\/rio-de-janeiro\/wp-content\/uploads\/sites\/2\/2024\/04\/6.png\" class=\"attachment-611x621 size-611x621\" alt=\"\" loading=\"lazy\" srcset=\"https:\/\/www.pacoteshyatt.com.br\/rio-de-janeiro\/wp-content\/uploads\/sites\/2\/2024\/04\/6.png 649w, https:\/\/www.pacoteshyatt.com.br\/rio-de-janeiro\/wp-content\/uploads\/sites\/2\/2024\/04\/6-300x201.png 300w, https:\/\/www.pacoteshyatt.com.br\/rio-de-janeiro\/wp-content\/uploads\/sites\/2\/2024\/04\/6-237x158.png 237w, https:\/\/www.pacoteshyatt.com.br\/rio-de-janeiro\/wp-content\/uploads\/sites\/2\/2024\/04\/6-298x200.png 298w, https:\/\/www.pacoteshyatt.com.br\/rio-de-janeiro\/wp-content\/uploads\/sites\/2\/2024\/04\/6-348x233.png 348w\" sizes=\"(max-width: 611px) 100vw, 611px\" \/>                                <\/div>\n                                                            <div class=\"swiper-slide\">\n                                    <img width=\"611\" height=\"410\" src=\"https:\/\/www.pacoteshyatt.com.br\/rio-de-janeiro\/wp-content\/uploads\/sites\/2\/2024\/04\/2.png\" class=\"attachment-611x621 size-611x621\" alt=\"\" loading=\"lazy\" srcset=\"https:\/\/www.pacoteshyatt.com.br\/rio-de-janeiro\/wp-content\/uploads\/sites\/2\/2024\/04\/2.png 649w, https:\/\/www.pacoteshyatt.com.br\/rio-de-janeiro\/wp-content\/uploads\/sites\/2\/2024\/04\/2-300x201.png 300w, https:\/\/www.pacoteshyatt.com.br\/rio-de-janeiro\/wp-content\/uploads\/sites\/2\/2024\/04\/2-237x158.png 237w, https:\/\/www.pacoteshyatt.com.br\/rio-de-janeiro\/wp-content\/uploads\/sites\/2\/2024\/04\/2-298x200.png 298w, https:\/\/www.pacoteshyatt.com.br\/rio-de-janeiro\/wp-content\/uploads\/sites\/2\/2024\/04\/2-348x233.png 348w\" sizes=\"(max-width: 611px) 100vw, 611px\" \/>                                <\/div>\n                                                    <\/div>\n                    <\/div>\n                    <div class=\"swiper-button-next swiper-button-white\"><\/div>\n                    <div class=\"swiper-button-prev swiper-button-white\"><\/div>\n                <\/div>\n                <div class=\"gallery-thumbs-col\">\n                    <div class=\"swiper-container gallery-thumbs\">\n                        <div class=\"swiper-wrapper\">\n                                                            <div class=\"swiper-slide\">\n                                   <img width=\"153\" height=\"104\" src=\"https:\/\/www.pacoteshyatt.com.br\/rio-de-janeiro\/wp-content\/uploads\/sites\/2\/2024\/08\/GHRJ_BannerOfertaLP_NoitesMusicais_649x435px_2024_v1BPt-298x200.jpg\" class=\"attachment-153x104 size-153x104\" alt=\"\" loading=\"lazy\" srcset=\"https:\/\/www.pacoteshyatt.com.br\/rio-de-janeiro\/wp-content\/uploads\/sites\/2\/2024\/08\/GHRJ_BannerOfertaLP_NoitesMusicais_649x435px_2024_v1BPt-298x200.jpg 298w, https:\/\/www.pacoteshyatt.com.br\/rio-de-janeiro\/wp-content\/uploads\/sites\/2\/2024\/08\/GHRJ_BannerOfertaLP_NoitesMusicais_649x435px_2024_v1BPt-300x201.jpg 300w, https:\/\/www.pacoteshyatt.com.br\/rio-de-janeiro\/wp-content\/uploads\/sites\/2\/2024\/08\/GHRJ_BannerOfertaLP_NoitesMusicais_649x435px_2024_v1BPt.jpg 649w\" sizes=\"(max-width: 153px) 100vw, 153px\" \/>                                <\/div>\n                                                            <div class=\"swiper-slide\">\n                                   <img width=\"153\" height=\"104\" src=\"https:\/\/www.pacoteshyatt.com.br\/rio-de-janeiro\/wp-content\/uploads\/sites\/2\/2024\/04\/1-298x200.png\" class=\"attachment-153x104 size-153x104\" alt=\"\" loading=\"lazy\" srcset=\"https:\/\/www.pacoteshyatt.com.br\/rio-de-janeiro\/wp-content\/uploads\/sites\/2\/2024\/04\/1-298x200.png 298w, https:\/\/www.pacoteshyatt.com.br\/rio-de-janeiro\/wp-content\/uploads\/sites\/2\/2024\/04\/1-300x201.png 300w, https:\/\/www.pacoteshyatt.com.br\/rio-de-janeiro\/wp-content\/uploads\/sites\/2\/2024\/04\/1.png 649w\" sizes=\"(max-width: 153px) 100vw, 153px\" \/>                                <\/div>\n                                                            <div class=\"swiper-slide\">\n                                   <img width=\"153\" height=\"104\" src=\"https:\/\/www.pacoteshyatt.com.br\/rio-de-janeiro\/wp-content\/uploads\/sites\/2\/2024\/04\/6-298x200.png\" class=\"attachment-153x104 size-153x104\" alt=\"\" loading=\"lazy\" srcset=\"https:\/\/www.pacoteshyatt.com.br\/rio-de-janeiro\/wp-content\/uploads\/sites\/2\/2024\/04\/6-298x200.png 298w, https:\/\/www.pacoteshyatt.com.br\/rio-de-janeiro\/wp-content\/uploads\/sites\/2\/2024\/04\/6-300x201.png 300w, https:\/\/www.pacoteshyatt.com.br\/rio-de-janeiro\/wp-content\/uploads\/sites\/2\/2024\/04\/6.png 649w\" sizes=\"(max-width: 153px) 100vw, 153px\" \/>                                <\/div>\n                                                            <div class=\"swiper-slide\">\n                                   <img width=\"153\" height=\"104\" src=\"https:\/\/www.pacoteshyatt.com.br\/rio-de-janeiro\/wp-content\/uploads\/sites\/2\/2024\/04\/2-298x200.png\" class=\"attachment-153x104 size-153x104\" alt=\"\" loading=\"lazy\" srcset=\"https:\/\/www.pacoteshyatt.com.br\/rio-de-janeiro\/wp-content\/uploads\/sites\/2\/2024\/04\/2-298x200.png 298w, https:\/\/www.pacoteshyatt.com.br\/rio-de-janeiro\/wp-content\/uploads\/sites\/2\/2024\/04\/2-300x201.png 300w, https:\/\/www.pacoteshyatt.com.br\/rio-de-janeiro\/wp-content\/uploads\/sites\/2\/2024\/04\/2.png 649w\" sizes=\"(max-width: 153px) 100vw, 153px\" \/>                                <\/div>\n                                                    <\/div>\n                    <\/div>\n                <\/div>\n        <\/div>\n<\/div>\n<\/div>\n<\/div>\n\n\t<\/div>\n\n\n\n<div class=\"col-12 col-md-6\">\n\t\t\t\n\n<div class=\"wp-container-69f2a33a7548c wp-block-group description-content\">\n<p><br><\/p>\n\n\n\n<h2>Sexta | Wine Nights<\/h2>\n\n\n\n<p>\u00c0s Sextas, no Restaurante Cant\u00f4, das 20h \u00e0s 23h, receberemos <strong>Theo Bial <\/strong>trazendo sua voz e viol\u00e3o, com refer\u00eancias \u00e0 <strong>bossa nova, jazz e aos tradicionais estilos da MPB<\/strong>. Junto \u00e0 atra\u00e7\u00e3o, o <strong>Wine Nights<\/strong> comp\u00f5e com uma <strong>degusta\u00e7\u00e3o de vinhos<\/strong> harmonizando com os pratos da casa, desde a entrada at\u00e9 a sobremesa.<\/p>\n\n\n\n<p class=\"has-text-align-center\"><a href=\"https:\/\/www.pacoteshyatt.com.br\/rio-de-janeiro\/product\/quartas-no-canto\/\">Conhe\u00e7a!<\/a><\/p>\n<\/div>\n\n\t<\/div>\n\n<\/div>\n\n<\/div>\n<\/div>\n\n\n\n<div class=\"wp-container-69f2a33a77d68 wp-block-group grand-taste-top-section\"><div class=\"wp-bootstrap-blocks-container container mb-2 product-descrip-section\">\n\t\n<div class=\"wp-bootstrap-blocks-row row inner-taste-col\">\n\t\n\n<div class=\"col-12 col-md-6\">\n\t\t\t\n\n<div class=\"wp-container-69f2a33a76401 wp-block-group description-content\">\n<h2>S\u00e1bado | Carioca Nights<\/h2>\n\n\n\n<p>Venha viver uma experi\u00eancia Maravilhosa, assim como nossa cidade, no restaurante&nbsp;<strong>Cant\u00f4 Gastr\u00f4 &amp; Lounge<\/strong>. Experimente os mais deliciosos drinks de nossa carta especial, e como cortesia, desfrute de uma t\u00e1bua com petiscos selecionados para acompanhar. <\/p>\n\n\n\n<p>Hor\u00e1rio: 20h \u00e0s 22h<\/p>\n\n\n\n<p class=\"has-text-align-center\"><a href=\"https:\/\/www.pacoteshyatt.com.br\/rio-de-janeiro\/product\/carioca-nights\/\">Aproveite!<\/a><\/p>\n<\/div>\n\n\t<\/div>\n\n\n\n<div class=\"col-12 col-md-6\">\n\t\t\t\n                <div class=\"gallery-top-col\">\n                    <div class=\"swiper-container gallery-top\">\n                        <div class=\"swiper-wrapper\">\n                                                            <div class=\"swiper-slide\">\n                                    <img width=\"611\" height=\"410\" src=\"https:\/\/www.pacoteshyatt.com.br\/rio-de-janeiro\/wp-content\/uploads\/sites\/2\/2024\/04\/7.png\" class=\"attachment-611x621 size-611x621\" alt=\"\" loading=\"lazy\" srcset=\"https:\/\/www.pacoteshyatt.com.br\/rio-de-janeiro\/wp-content\/uploads\/sites\/2\/2024\/04\/7.png 649w, https:\/\/www.pacoteshyatt.com.br\/rio-de-janeiro\/wp-content\/uploads\/sites\/2\/2024\/04\/7-300x201.png 300w, https:\/\/www.pacoteshyatt.com.br\/rio-de-janeiro\/wp-content\/uploads\/sites\/2\/2024\/04\/7-237x158.png 237w, https:\/\/www.pacoteshyatt.com.br\/rio-de-janeiro\/wp-content\/uploads\/sites\/2\/2024\/04\/7-298x200.png 298w, https:\/\/www.pacoteshyatt.com.br\/rio-de-janeiro\/wp-content\/uploads\/sites\/2\/2024\/04\/7-348x233.png 348w\" sizes=\"(max-width: 611px) 100vw, 611px\" \/>                                <\/div>\n                                                            <div class=\"swiper-slide\">\n                                    <img width=\"611\" height=\"406\" src=\"https:\/\/www.pacoteshyatt.com.br\/rio-de-janeiro\/wp-content\/uploads\/sites\/2\/2025\/02\/647x430.png\" class=\"attachment-611x621 size-611x621\" alt=\"\" loading=\"lazy\" srcset=\"https:\/\/www.pacoteshyatt.com.br\/rio-de-janeiro\/wp-content\/uploads\/sites\/2\/2025\/02\/647x430.png 647w, https:\/\/www.pacoteshyatt.com.br\/rio-de-janeiro\/wp-content\/uploads\/sites\/2\/2025\/02\/647x430-300x199.png 300w, https:\/\/www.pacoteshyatt.com.br\/rio-de-janeiro\/wp-content\/uploads\/sites\/2\/2025\/02\/647x430-438x292.png 438w, https:\/\/www.pacoteshyatt.com.br\/rio-de-janeiro\/wp-content\/uploads\/sites\/2\/2025\/02\/647x430-237x158.png 237w, https:\/\/www.pacoteshyatt.com.br\/rio-de-janeiro\/wp-content\/uploads\/sites\/2\/2025\/02\/647x430-301x200.png 301w, https:\/\/www.pacoteshyatt.com.br\/rio-de-janeiro\/wp-content\/uploads\/sites\/2\/2025\/02\/647x430-348x231.png 348w\" sizes=\"(max-width: 611px) 100vw, 611px\" \/>                                <\/div>\n                                                            <div class=\"swiper-slide\">\n                                    <img width=\"611\" height=\"406\" src=\"https:\/\/www.pacoteshyatt.com.br\/rio-de-janeiro\/wp-content\/uploads\/sites\/2\/2025\/02\/647x430-1.png\" class=\"attachment-611x621 size-611x621\" alt=\"\" loading=\"lazy\" srcset=\"https:\/\/www.pacoteshyatt.com.br\/rio-de-janeiro\/wp-content\/uploads\/sites\/2\/2025\/02\/647x430-1.png 647w, https:\/\/www.pacoteshyatt.com.br\/rio-de-janeiro\/wp-content\/uploads\/sites\/2\/2025\/02\/647x430-1-300x199.png 300w, https:\/\/www.pacoteshyatt.com.br\/rio-de-janeiro\/wp-content\/uploads\/sites\/2\/2025\/02\/647x430-1-438x292.png 438w, https:\/\/www.pacoteshyatt.com.br\/rio-de-janeiro\/wp-content\/uploads\/sites\/2\/2025\/02\/647x430-1-237x158.png 237w, https:\/\/www.pacoteshyatt.com.br\/rio-de-janeiro\/wp-content\/uploads\/sites\/2\/2025\/02\/647x430-1-301x200.png 301w, https:\/\/www.pacoteshyatt.com.br\/rio-de-janeiro\/wp-content\/uploads\/sites\/2\/2025\/02\/647x430-1-348x231.png 348w\" sizes=\"(max-width: 611px) 100vw, 611px\" \/>                                <\/div>\n                                                    <\/div>\n                    <\/div>\n                    <div class=\"swiper-button-next swiper-button-white\"><\/div>\n                    <div class=\"swiper-button-prev swiper-button-white\"><\/div>\n                <\/div>\n                <div class=\"gallery-thumbs-col\">\n                    <div class=\"swiper-container gallery-thumbs\">\n                        <div class=\"swiper-wrapper\">\n                                                            <div class=\"swiper-slide\">\n                                   <img width=\"153\" height=\"104\" src=\"https:\/\/www.pacoteshyatt.com.br\/rio-de-janeiro\/wp-content\/uploads\/sites\/2\/2024\/04\/7-298x200.png\" class=\"attachment-153x104 size-153x104\" alt=\"\" loading=\"lazy\" srcset=\"https:\/\/www.pacoteshyatt.com.br\/rio-de-janeiro\/wp-content\/uploads\/sites\/2\/2024\/04\/7-298x200.png 298w, https:\/\/www.pacoteshyatt.com.br\/rio-de-janeiro\/wp-content\/uploads\/sites\/2\/2024\/04\/7-300x201.png 300w, https:\/\/www.pacoteshyatt.com.br\/rio-de-janeiro\/wp-content\/uploads\/sites\/2\/2024\/04\/7.png 649w\" sizes=\"(max-width: 153px) 100vw, 153px\" \/>                                <\/div>\n                                                            <div class=\"swiper-slide\">\n                                   <img width=\"153\" height=\"102\" src=\"https:\/\/www.pacoteshyatt.com.br\/rio-de-janeiro\/wp-content\/uploads\/sites\/2\/2025\/02\/647x430.png\" class=\"attachment-153x104 size-153x104\" alt=\"\" loading=\"lazy\" srcset=\"https:\/\/www.pacoteshyatt.com.br\/rio-de-janeiro\/wp-content\/uploads\/sites\/2\/2025\/02\/647x430.png 647w, https:\/\/www.pacoteshyatt.com.br\/rio-de-janeiro\/wp-content\/uploads\/sites\/2\/2025\/02\/647x430-300x199.png 300w, https:\/\/www.pacoteshyatt.com.br\/rio-de-janeiro\/wp-content\/uploads\/sites\/2\/2025\/02\/647x430-438x292.png 438w, https:\/\/www.pacoteshyatt.com.br\/rio-de-janeiro\/wp-content\/uploads\/sites\/2\/2025\/02\/647x430-237x158.png 237w, https:\/\/www.pacoteshyatt.com.br\/rio-de-janeiro\/wp-content\/uploads\/sites\/2\/2025\/02\/647x430-301x200.png 301w, https:\/\/www.pacoteshyatt.com.br\/rio-de-janeiro\/wp-content\/uploads\/sites\/2\/2025\/02\/647x430-348x231.png 348w\" sizes=\"(max-width: 153px) 100vw, 153px\" \/>                                <\/div>\n                                                            <div class=\"swiper-slide\">\n                                   <img width=\"153\" height=\"102\" src=\"https:\/\/www.pacoteshyatt.com.br\/rio-de-janeiro\/wp-content\/uploads\/sites\/2\/2025\/02\/647x430-1.png\" class=\"attachment-153x104 size-153x104\" alt=\"\" loading=\"lazy\" srcset=\"https:\/\/www.pacoteshyatt.com.br\/rio-de-janeiro\/wp-content\/uploads\/sites\/2\/2025\/02\/647x430-1.png 647w, https:\/\/www.pacoteshyatt.com.br\/rio-de-janeiro\/wp-content\/uploads\/sites\/2\/2025\/02\/647x430-1-300x199.png 300w, https:\/\/www.pacoteshyatt.com.br\/rio-de-janeiro\/wp-content\/uploads\/sites\/2\/2025\/02\/647x430-1-438x292.png 438w, https:\/\/www.pacoteshyatt.com.br\/rio-de-janeiro\/wp-content\/uploads\/sites\/2\/2025\/02\/647x430-1-237x158.png 237w, https:\/\/www.pacoteshyatt.com.br\/rio-de-janeiro\/wp-content\/uploads\/sites\/2\/2025\/02\/647x430-1-301x200.png 301w, https:\/\/www.pacoteshyatt.com.br\/rio-de-janeiro\/wp-content\/uploads\/sites\/2\/2025\/02\/647x430-1-348x231.png 348w\" sizes=\"(max-width: 153px) 100vw, 153px\" \/>                                <\/div>\n                                                    <\/div>\n                    <\/div>\n                <\/div>\n        \n\t<\/div>\n\n<\/div>\n\n<\/div>\n<\/div>\n\n\n\n<div class=\"wp-container-69f2a33a7ac43 wp-block-group grand-taste-top-section\"><div class=\"wp-bootstrap-blocks-container container mb-2 product-descrip-section\">\n\t\n<div class=\"wp-bootstrap-blocks-row row inner-taste-col\">\n\t\n\n<div class=\"col-12 col-md-6 order-1 order-lg-0\">\n\t\t\t\n\n<div class=\"wp-container-69f2a33a79d29 wp-block-group\">\n<div class=\"wp-block-columns are-vertically-aligned-top\">\n<div class=\"wp-block-column is-vertically-aligned-top\" style=\"flex-basis:100%\">\n<div class=\"wp-container-69f2a33a7961a wp-block-group\">                <div class=\"gallery-top-col\">\n                    <div class=\"swiper-container gallery-top\">\n                        <div class=\"swiper-wrapper\">\n                                                            <div class=\"swiper-slide\">\n                                    <img width=\"611\" height=\"407\" src=\"https:\/\/www.pacoteshyatt.com.br\/rio-de-janeiro\/wp-content\/uploads\/sites\/2\/2023\/07\/MicrosoftTeams-image-9.jpg\" class=\"attachment-611x621 size-611x621\" alt=\"Feijoada de Final e In\u00edcio de Ano no Grand Hyatt RJ\" loading=\"lazy\" srcset=\"https:\/\/www.pacoteshyatt.com.br\/rio-de-janeiro\/wp-content\/uploads\/sites\/2\/2023\/07\/MicrosoftTeams-image-9.jpg 2500w, https:\/\/www.pacoteshyatt.com.br\/rio-de-janeiro\/wp-content\/uploads\/sites\/2\/2023\/07\/MicrosoftTeams-image-9-300x200.jpg 300w, https:\/\/www.pacoteshyatt.com.br\/rio-de-janeiro\/wp-content\/uploads\/sites\/2\/2023\/07\/MicrosoftTeams-image-9-1024x682.jpg 1024w, https:\/\/www.pacoteshyatt.com.br\/rio-de-janeiro\/wp-content\/uploads\/sites\/2\/2023\/07\/MicrosoftTeams-image-9-768x512.jpg 768w, https:\/\/www.pacoteshyatt.com.br\/rio-de-janeiro\/wp-content\/uploads\/sites\/2\/2023\/07\/MicrosoftTeams-image-9-1536x1024.jpg 1536w, https:\/\/www.pacoteshyatt.com.br\/rio-de-janeiro\/wp-content\/uploads\/sites\/2\/2023\/07\/MicrosoftTeams-image-9-2048x1365.jpg 2048w, https:\/\/www.pacoteshyatt.com.br\/rio-de-janeiro\/wp-content\/uploads\/sites\/2\/2023\/07\/MicrosoftTeams-image-9-438x292.jpg 438w, https:\/\/www.pacoteshyatt.com.br\/rio-de-janeiro\/wp-content\/uploads\/sites\/2\/2023\/07\/MicrosoftTeams-image-9-237x158.jpg 237w, https:\/\/www.pacoteshyatt.com.br\/rio-de-janeiro\/wp-content\/uploads\/sites\/2\/2023\/07\/MicrosoftTeams-image-9-348x232.jpg 348w\" sizes=\"(max-width: 611px) 100vw, 611px\" \/>                                <\/div>\n                                                            <div class=\"swiper-slide\">\n                                    <img width=\"611\" height=\"410\" src=\"https:\/\/www.pacoteshyatt.com.br\/rio-de-janeiro\/wp-content\/uploads\/sites\/2\/2024\/04\/11.png\" class=\"attachment-611x621 size-611x621\" alt=\"\" loading=\"lazy\" srcset=\"https:\/\/www.pacoteshyatt.com.br\/rio-de-janeiro\/wp-content\/uploads\/sites\/2\/2024\/04\/11.png 649w, https:\/\/www.pacoteshyatt.com.br\/rio-de-janeiro\/wp-content\/uploads\/sites\/2\/2024\/04\/11-300x201.png 300w, https:\/\/www.pacoteshyatt.com.br\/rio-de-janeiro\/wp-content\/uploads\/sites\/2\/2024\/04\/11-237x158.png 237w, https:\/\/www.pacoteshyatt.com.br\/rio-de-janeiro\/wp-content\/uploads\/sites\/2\/2024\/04\/11-298x200.png 298w, https:\/\/www.pacoteshyatt.com.br\/rio-de-janeiro\/wp-content\/uploads\/sites\/2\/2024\/04\/11-348x233.png 348w\" sizes=\"(max-width: 611px) 100vw, 611px\" \/>                                <\/div>\n                                                            <div class=\"swiper-slide\">\n                                    <img width=\"513\" height=\"317\" src=\"https:\/\/www.pacoteshyatt.com.br\/rio-de-janeiro\/wp-content\/uploads\/sites\/2\/2024\/05\/15.png\" class=\"attachment-611x621 size-611x621\" alt=\"Quanto \u00e9 o brunch de dia dos pais?\" loading=\"lazy\" srcset=\"https:\/\/www.pacoteshyatt.com.br\/rio-de-janeiro\/wp-content\/uploads\/sites\/2\/2024\/05\/15.png 513w, https:\/\/www.pacoteshyatt.com.br\/rio-de-janeiro\/wp-content\/uploads\/sites\/2\/2024\/05\/15-300x185.png 300w, https:\/\/www.pacoteshyatt.com.br\/rio-de-janeiro\/wp-content\/uploads\/sites\/2\/2024\/05\/15-308x190.png 308w, https:\/\/www.pacoteshyatt.com.br\/rio-de-janeiro\/wp-content\/uploads\/sites\/2\/2024\/05\/15-348x215.png 348w\" sizes=\"(max-width: 513px) 100vw, 513px\" \/>                                <\/div>\n                                                    <\/div>\n                    <\/div>\n                    <div class=\"swiper-button-next swiper-button-white\"><\/div>\n                    <div class=\"swiper-button-prev swiper-button-white\"><\/div>\n                <\/div>\n                <div class=\"gallery-thumbs-col\">\n                    <div class=\"swiper-container gallery-thumbs\">\n                        <div class=\"swiper-wrapper\">\n                                                            <div class=\"swiper-slide\">\n                                   <img width=\"153\" height=\"102\" src=\"https:\/\/www.pacoteshyatt.com.br\/rio-de-janeiro\/wp-content\/uploads\/sites\/2\/2023\/07\/MicrosoftTeams-image-9.jpg\" class=\"attachment-153x104 size-153x104\" alt=\"Feijoada de Final e In\u00edcio de Ano no Grand Hyatt RJ\" loading=\"lazy\" srcset=\"https:\/\/www.pacoteshyatt.com.br\/rio-de-janeiro\/wp-content\/uploads\/sites\/2\/2023\/07\/MicrosoftTeams-image-9.jpg 2500w, https:\/\/www.pacoteshyatt.com.br\/rio-de-janeiro\/wp-content\/uploads\/sites\/2\/2023\/07\/MicrosoftTeams-image-9-300x200.jpg 300w, https:\/\/www.pacoteshyatt.com.br\/rio-de-janeiro\/wp-content\/uploads\/sites\/2\/2023\/07\/MicrosoftTeams-image-9-1024x682.jpg 1024w, https:\/\/www.pacoteshyatt.com.br\/rio-de-janeiro\/wp-content\/uploads\/sites\/2\/2023\/07\/MicrosoftTeams-image-9-768x512.jpg 768w, https:\/\/www.pacoteshyatt.com.br\/rio-de-janeiro\/wp-content\/uploads\/sites\/2\/2023\/07\/MicrosoftTeams-image-9-1536x1024.jpg 1536w, https:\/\/www.pacoteshyatt.com.br\/rio-de-janeiro\/wp-content\/uploads\/sites\/2\/2023\/07\/MicrosoftTeams-image-9-2048x1365.jpg 2048w, https:\/\/www.pacoteshyatt.com.br\/rio-de-janeiro\/wp-content\/uploads\/sites\/2\/2023\/07\/MicrosoftTeams-image-9-438x292.jpg 438w, https:\/\/www.pacoteshyatt.com.br\/rio-de-janeiro\/wp-content\/uploads\/sites\/2\/2023\/07\/MicrosoftTeams-image-9-237x158.jpg 237w, https:\/\/www.pacoteshyatt.com.br\/rio-de-janeiro\/wp-content\/uploads\/sites\/2\/2023\/07\/MicrosoftTeams-image-9-348x232.jpg 348w\" sizes=\"(max-width: 153px) 100vw, 153px\" \/>                                <\/div>\n                                                            <div class=\"swiper-slide\">\n                                   <img width=\"153\" height=\"104\" src=\"https:\/\/www.pacoteshyatt.com.br\/rio-de-janeiro\/wp-content\/uploads\/sites\/2\/2024\/04\/11-298x200.png\" class=\"attachment-153x104 size-153x104\" alt=\"\" loading=\"lazy\" srcset=\"https:\/\/www.pacoteshyatt.com.br\/rio-de-janeiro\/wp-content\/uploads\/sites\/2\/2024\/04\/11-298x200.png 298w, https:\/\/www.pacoteshyatt.com.br\/rio-de-janeiro\/wp-content\/uploads\/sites\/2\/2024\/04\/11-300x201.png 300w, https:\/\/www.pacoteshyatt.com.br\/rio-de-janeiro\/wp-content\/uploads\/sites\/2\/2024\/04\/11.png 649w\" sizes=\"(max-width: 153px) 100vw, 153px\" \/>                                <\/div>\n                                                            <div class=\"swiper-slide\">\n                                   <img width=\"153\" height=\"104\" src=\"https:\/\/www.pacoteshyatt.com.br\/rio-de-janeiro\/wp-content\/uploads\/sites\/2\/2024\/05\/15-462x317.png\" class=\"attachment-153x104 size-153x104\" alt=\"Quanto \u00e9 o brunch de dia dos pais?\" loading=\"lazy\" \/>                                <\/div>\n                                                    <\/div>\n                    <\/div>\n                <\/div>\n        <\/div>\n<\/div>\n<\/div>\n<\/div>\n\n\t<\/div>\n\n\n\n<div class=\"col-12 col-md-6\">\n\t\t\t\n\n<div class=\"wp-container-69f2a33a7a4bc wp-block-group description-content\">\n<p><br><\/p>\n\n\n\n<h2>S\u00e1bado | Feijoada<\/h2>\n\n\n\n<p><strong>No s\u00e1bado<\/strong> teremos nossa cl\u00e1ssica <strong>feijoada com samba, das 13h \u00e0s 16h<\/strong>, com o tradicional prato nacional, al\u00e9m da sua op\u00e7\u00e3o vegana, <strong>e de boas vindas escolha entre uma cerveja ou uma caiprinha. <\/strong> <\/p>\n\n\n\n<p class=\"has-text-align-center\"><a href=\"https:\/\/www.pacoteshyatt.com.br\/rio-de-janeiro\/product\/feijoada-de-sabado\/\">Saiba Mais!<\/a><\/p>\n<\/div>\n\n\t<\/div>\n\n<\/div>\n\n<\/div>\n<\/div>\n","protected":false},"excerpt":{"rendered":"","protected":false},"author":106058,"featured_media":0,"parent":0,"menu_order":0,"comment_status":"closed","ping_status":"closed","template":"","meta":{"_eb_attr":""},"yoast_head":"<!-- This site is optimized with the Yoast SEO plugin v18.4.1 - https:\/\/yoast.com\/wordpress\/plugins\/seo\/ -->\n<title>Noites Musicais no Rio de Janeiro | Restaurante Cant\u00f4 - Hyatt<\/title>\n<meta name=\"description\" content=\"Experimente o charme das Noites Musicais no Restaurante Cant\u00f4, onde o Rio de Janeiro ganha vida em uma fus\u00e3o de gastronomia refinada e m\u00fasica ao vivo.\" \/>\n<meta name=\"robots\" content=\"index, follow, max-snippet:-1, max-image-preview:large, max-video-preview:-1\" \/>\n<link rel=\"canonical\" href=\"https:\/\/www.pacoteshyatt.com.br\/rio-de-janeiro\/especial-canto\/\" \/>\n<meta property=\"og:locale\" content=\"pt_BR\" \/>\n<meta property=\"og:type\" content=\"article\" \/>\n<meta property=\"og:title\" content=\"Noites Musicais no Rio de Janeiro | Restaurante Cant\u00f4 - Hyatt\" \/>\n<meta property=\"og:description\" content=\"Experimente o charme das Noites Musicais no Restaurante Cant\u00f4, onde o Rio de Janeiro ganha vida em uma fus\u00e3o de gastronomia refinada e m\u00fasica ao vivo.\" \/>\n<meta property=\"og:url\" content=\"https:\/\/www.pacoteshyatt.com.br\/rio-de-janeiro\/especial-canto\/\" \/>\n<meta property=\"og:site_name\" content=\"GRAND HYATT RIO DE JANEIRO\" \/>\n<meta property=\"article:modified_time\" content=\"2025-07-24T12:59:05+00:00\" \/>\n<meta name=\"twitter:card\" content=\"summary_large_image\" \/>\n<meta name=\"twitter:label1\" content=\"Est. tempo de leitura\" \/>\n\t<meta name=\"twitter:data1\" content=\"2 minutos\" \/>\n<script type=\"application\/ld+json\" class=\"yoast-schema-graph\">{\"@context\":\"https:\/\/schema.org\",\"@graph\":[{\"@type\":\"WebSite\",\"@id\":\"https:\/\/www.pacoteshyatt.com.br\/rio-de-janeiro\/#website\",\"url\":\"https:\/\/www.pacoteshyatt.com.br\/rio-de-janeiro\/\",\"name\":\"GRAND HYATT RIO DE JANEIRO\",\"description\":\"Um verdadeiro resort urbano na Barra da Tijuca!\",\"potentialAction\":[{\"@type\":\"SearchAction\",\"target\":{\"@type\":\"EntryPoint\",\"urlTemplate\":\"https:\/\/www.pacoteshyatt.com.br\/rio-de-janeiro\/?s={search_term_string}\"},\"query-input\":\"required name=search_term_string\"}],\"inLanguage\":\"pt-BR\"},{\"@type\":\"WebPage\",\"@id\":\"https:\/\/www.pacoteshyatt.com.br\/rio-de-janeiro\/especial-canto\/#webpage\",\"url\":\"https:\/\/www.pacoteshyatt.com.br\/rio-de-janeiro\/especial-canto\/\",\"name\":\"Noites Musicais no Rio de Janeiro | Restaurante Cant\u00f4 - Hyatt\",\"isPartOf\":{\"@id\":\"https:\/\/www.pacoteshyatt.com.br\/rio-de-janeiro\/#website\"},\"datePublished\":\"2024-04-04T19:21:08+00:00\",\"dateModified\":\"2025-07-24T12:59:05+00:00\",\"description\":\"Experimente o charme das Noites Musicais no Restaurante Cant\u00f4, onde o Rio de Janeiro ganha vida em uma fus\u00e3o de gastronomia refinada e m\u00fasica ao vivo.\",\"breadcrumb\":{\"@id\":\"https:\/\/www.pacoteshyatt.com.br\/rio-de-janeiro\/especial-canto\/#breadcrumb\"},\"inLanguage\":\"pt-BR\",\"potentialAction\":[{\"@type\":\"ReadAction\",\"target\":[\"https:\/\/www.pacoteshyatt.com.br\/rio-de-janeiro\/especial-canto\/\"]}]},{\"@type\":\"BreadcrumbList\",\"@id\":\"https:\/\/www.pacoteshyatt.com.br\/rio-de-janeiro\/especial-canto\/#breadcrumb\",\"itemListElement\":[{\"@type\":\"ListItem\",\"position\":1,\"name\":\"Home\",\"item\":\"https:\/\/www.pacoteshyatt.com.br\/rio-de-janeiro\/\"},{\"@type\":\"ListItem\",\"position\":2,\"name\":\"Especial Cant\u00f4\"}]}]}<\/script>\n<!-- \/ Yoast SEO plugin. -->","yoast_head_json":{"title":"Noites Musicais no Rio de Janeiro | Restaurante Cant\u00f4 - Hyatt","description":"Experimente o charme das Noites Musicais no Restaurante Cant\u00f4, onde o Rio de Janeiro ganha vida em uma fus\u00e3o de gastronomia refinada e m\u00fasica ao vivo.","robots":{"index":"index","follow":"follow","max-snippet":"max-snippet:-1","max-image-preview":"max-image-preview:large","max-video-preview":"max-video-preview:-1"},"canonical":"https:\/\/www.pacoteshyatt.com.br\/rio-de-janeiro\/especial-canto\/","og_locale":"pt_BR","og_type":"article","og_title":"Noites Musicais no Rio de Janeiro | Restaurante Cant\u00f4 - Hyatt","og_description":"Experimente o charme das Noites Musicais no Restaurante Cant\u00f4, onde o Rio de Janeiro ganha vida em uma fus\u00e3o de gastronomia refinada e m\u00fasica ao vivo.","og_url":"https:\/\/www.pacoteshyatt.com.br\/rio-de-janeiro\/especial-canto\/","og_site_name":"GRAND HYATT RIO DE JANEIRO","article_modified_time":"2025-07-24T12:59:05+00:00","twitter_card":"summary_large_image","twitter_misc":{"Est. tempo de leitura":"2 minutos"},"schema":{"@context":"https:\/\/schema.org","@graph":[{"@type":"WebSite","@id":"https:\/\/www.pacoteshyatt.com.br\/rio-de-janeiro\/#website","url":"https:\/\/www.pacoteshyatt.com.br\/rio-de-janeiro\/","name":"GRAND HYATT RIO DE JANEIRO","description":"Um verdadeiro resort urbano na Barra da Tijuca!","potentialAction":[{"@type":"SearchAction","target":{"@type":"EntryPoint","urlTemplate":"https:\/\/www.pacoteshyatt.com.br\/rio-de-janeiro\/?s={search_term_string}"},"query-input":"required name=search_term_string"}],"inLanguage":"pt-BR"},{"@type":"WebPage","@id":"https:\/\/www.pacoteshyatt.com.br\/rio-de-janeiro\/especial-canto\/#webpage","url":"https:\/\/www.pacoteshyatt.com.br\/rio-de-janeiro\/especial-canto\/","name":"Noites Musicais no Rio de Janeiro | Restaurante Cant\u00f4 - Hyatt","isPartOf":{"@id":"https:\/\/www.pacoteshyatt.com.br\/rio-de-janeiro\/#website"},"datePublished":"2024-04-04T19:21:08+00:00","dateModified":"2025-07-24T12:59:05+00:00","description":"Experimente o charme das Noites Musicais no Restaurante Cant\u00f4, onde o Rio de Janeiro ganha vida em uma fus\u00e3o de gastronomia refinada e m\u00fasica ao vivo.","breadcrumb":{"@id":"https:\/\/www.pacoteshyatt.com.br\/rio-de-janeiro\/especial-canto\/#breadcrumb"},"inLanguage":"pt-BR","potentialAction":[{"@type":"ReadAction","target":["https:\/\/www.pacoteshyatt.com.br\/rio-de-janeiro\/especial-canto\/"]}]},{"@type":"BreadcrumbList","@id":"https:\/\/www.pacoteshyatt.com.br\/rio-de-janeiro\/especial-canto\/#breadcrumb","itemListElement":[{"@type":"ListItem","position":1,"name":"Home","item":"https:\/\/www.pacoteshyatt.com.br\/rio-de-janeiro\/"},{"@type":"ListItem","position":2,"name":"Especial Cant\u00f4"}]}]}},"_links":{"self":[{"href":"https:\/\/www.pacoteshyatt.com.br\/rio-de-janeiro\/wp-json\/wp\/v2\/pages\/14341"}],"collection":[{"href":"https:\/\/www.pacoteshyatt.com.br\/rio-de-janeiro\/wp-json\/wp\/v2\/pages"}],"about":[{"href":"https:\/\/www.pacoteshyatt.com.br\/rio-de-janeiro\/wp-json\/wp\/v2\/types\/page"}],"author":[{"embeddable":true,"href":"https:\/\/www.pacoteshyatt.com.br\/rio-de-janeiro\/wp-json\/wp\/v2\/users\/106058"}],"replies":[{"embeddable":true,"href":"https:\/\/www.pacoteshyatt.com.br\/rio-de-janeiro\/wp-json\/wp\/v2\/comments?post=14341"}],"version-history":[{"count":43,"href":"https:\/\/www.pacoteshyatt.com.br\/rio-de-janeiro\/wp-json\/wp\/v2\/pages\/14341\/revisions"}],"predecessor-version":[{"id":19921,"href":"https:\/\/www.pacoteshyatt.com.br\/rio-de-janeiro\/wp-json\/wp\/v2\/pages\/14341\/revisions\/19921"}],"wp:attachment":[{"href":"https:\/\/www.pacoteshyatt.com.br\/rio-de-janeiro\/wp-json\/wp\/v2\/media?parent=14341"}],"curies":[{"name":"wp","href":"https:\/\/api.w.org\/{rel}","templated":true}]}}