{"id":883,"date":"2020-12-08T12:15:45","date_gmt":"2020-12-08T15:15:45","guid":{"rendered":"https:\/\/www.pacoteshyatt.com.br\/rio-de-janeiro\/?page_id=883"},"modified":"2025-12-10T10:00:57","modified_gmt":"2025-12-10T13:00:57","slug":"corporativos","status":"publish","type":"page","link":"https:\/\/www.pacoteshyatt.com.br\/rio-de-janeiro\/eventos\/corporativos\/","title":{"rendered":"Eventos Corporativos"},"content":{"rendered":"<div class=\"wp-bootstrap-blocks-container container mb-2\">\n\t\n\n<div class=\"wp-container-69f42c370fd65 wp-block-group grand-taste-top-section\"><div class=\"wp-bootstrap-blocks-container container mb-2 product-descrip-section\">\n\t\n<div class=\"wp-bootstrap-blocks-row row inner-taste-col\">\n\t\n\n<div class=\"col-12 col-md-6\">\n\t\t\t\n\n<figure class=\"wp-block-embed is-type-video is-provider-youtube wp-block-embed-youtube wp-embed-aspect-16-9 wp-has-aspect-ratio\"><div class=\"wp-block-embed__wrapper\">\n<iframe loading=\"lazy\" title=\"Eventos Corporativos em uma experi\u00eancia completa no Grand Hyatt Rio de Janeiro!\" width=\"500\" height=\"281\" src=\"https:\/\/www.youtube.com\/embed\/7dFyJS-LbBE?feature=oembed&#038;enablejsapi=1&#038;origin=https:\/\/www.pacoteshyatt.com.br\" frameborder=\"0\" allow=\"accelerometer; autoplay; clipboard-write; encrypted-media; gyroscope; picture-in-picture; web-share\" referrerpolicy=\"strict-origin-when-cross-origin\" allowfullscreen><\/iframe>\n<\/div><\/figure>\n\n\t<\/div>\n\n\n\n<div class=\"col-12 col-md-6 description-content\">\n\t\t\t\n\n<h1>Espa\u00e7o para <strong>Eventos Corporativos<\/strong> em Hotel <\/h1>\n\n\n\n<p>Para os que buscam <strong>espa\u00e7os para eventos corporativos RJ<\/strong>, o Grand Hyatt tem mais de 2.000m\u00b2 de espa\u00e7o para eventos divididos em salas de reuni\u00f5es com cozinha gourmet, sal\u00f5es com varandas com vista para Lagoa de Marapendi, equipamentos audiovisuais, entrada e check-in especial para grupos, menus personalizados e estacionamento com manobrista.<\/p>\n\n\n\n<p>Aproveite para fazer a <strong>confraterniza\u00e7\u00e3o de fim de ano da sua empresa<\/strong> em um de nossos espa\u00e7os!<\/p>\n\n\n\n<p>Preencha o formul\u00e1rio abaixo e receba mais informa\u00e7\u00f5es! <\/p>\n\n\t<\/div>\n\n<\/div>\n\n\n<div class=\"wp-bootstrap-blocks-row row inner-taste-col\">\n\t\n\n<div class=\"col-12 col-md-6\">\n\t\t\t\n\n<div class=\"wp-block-image\"><figure class=\"alignright size-full is-resized\"><img loading=\"lazy\" src=\"https:\/\/www.pacoteshyatt.com.br\/rio-de-janeiro\/wp-content\/uploads\/sites\/2\/2025\/12\/Captura-de-tela-2025-12-10-094611-1.png\" alt=\"\" class=\"wp-image-21871\" width=\"387\" height=\"121\" srcset=\"https:\/\/www.pacoteshyatt.com.br\/rio-de-janeiro\/wp-content\/uploads\/sites\/2\/2025\/12\/Captura-de-tela-2025-12-10-094611-1.png 1546w, https:\/\/www.pacoteshyatt.com.br\/rio-de-janeiro\/wp-content\/uploads\/sites\/2\/2025\/12\/Captura-de-tela-2025-12-10-094611-1-300x94.png 300w, https:\/\/www.pacoteshyatt.com.br\/rio-de-janeiro\/wp-content\/uploads\/sites\/2\/2025\/12\/Captura-de-tela-2025-12-10-094611-1-1024x319.png 1024w, https:\/\/www.pacoteshyatt.com.br\/rio-de-janeiro\/wp-content\/uploads\/sites\/2\/2025\/12\/Captura-de-tela-2025-12-10-094611-1-768x239.png 768w, https:\/\/www.pacoteshyatt.com.br\/rio-de-janeiro\/wp-content\/uploads\/sites\/2\/2025\/12\/Captura-de-tela-2025-12-10-094611-1-1536x479.png 1536w, https:\/\/www.pacoteshyatt.com.br\/rio-de-janeiro\/wp-content\/uploads\/sites\/2\/2025\/12\/Captura-de-tela-2025-12-10-094611-1-308x96.png 308w, https:\/\/www.pacoteshyatt.com.br\/rio-de-janeiro\/wp-content\/uploads\/sites\/2\/2025\/12\/Captura-de-tela-2025-12-10-094611-1-348x108.png 348w\" sizes=\"(max-width: 387px) 100vw, 387px\" \/><\/figure><\/div>\n\n\t<\/div>\n\n\n\n<div class=\"col-12 col-md-6 description-content\">\n\t\t\t\n\n<p><\/p>\n\n\n\n<p class=\"has-text-align-center\">O pr\u00eamio anual <strong>World Mice Awards <\/strong>reconhece o Grand Hyatt Rio de Janeiro, pelo terceiro ano consecutivo, como melhor hotel do Brasil no turismo de Neg\u00f3cios e Eventos. <\/p>\n\n\t<\/div>\n\n<\/div>\n\n<\/div>\n<\/div>\n\n\n        <div class=\"casamentos-form-section\">\n            <div class=\"container\">\n                <div class=\"row inner-casamentos-form\">\n                    <div role=\"form\" class=\"wpcf7\" id=\"wpcf7-f227-o1\" lang=\"pt-BR\" dir=\"ltr\">\n<div class=\"screen-reader-response\"><p role=\"status\" aria-live=\"polite\" aria-atomic=\"true\"><\/p> <ul><\/ul><\/div>\n<form action=\"\/rio-de-janeiro\/wp-json\/wp\/v2\/pages\/883#wpcf7-f227-o1\" method=\"post\" class=\"wpcf7-form init cf7mls-no-scroll cf7mls-no-moving-animation\" novalidate=\"novalidate\" data-status=\"init\">\n<div style=\"display: none;\">\n<input type=\"hidden\" name=\"_wpcf7\" value=\"227\" \/>\n<input type=\"hidden\" name=\"_wpcf7_version\" value=\"5.5.6\" \/>\n<input type=\"hidden\" name=\"_wpcf7_locale\" value=\"pt_BR\" \/>\n<input type=\"hidden\" name=\"_wpcf7_unit_tag\" value=\"wpcf7-f227-o1\" \/>\n<input type=\"hidden\" name=\"_wpcf7_container_post\" value=\"0\" \/>\n<input type=\"hidden\" name=\"_wpcf7_posted_data_hash\" value=\"\" \/>\n<\/div>\n<div class=\"all-section-title\">\n<h2>Solicitar or\u00e7amento<\/h2>\n<\/div>\n<div class=\"inner-form-col\">\n<ul>\n<li>\n            <label>NOME<\/label><br \/>\n            <span class=\"wpcf7-form-control-wrap nome\"><input type=\"text\" name=\"nome\" value=\"\" size=\"40\" class=\"wpcf7-form-control wpcf7-text\" aria-invalid=\"false\" \/><\/span>\n        <\/li>\n<li>\n            <label>Empresa<\/label><br \/>\n            <span class=\"wpcf7-form-control-wrap empresa\"><input type=\"text\" name=\"empresa\" value=\"\" size=\"40\" class=\"wpcf7-form-control wpcf7-text wpcf7-validates-as-required\" aria-required=\"true\" aria-invalid=\"false\" \/><\/span>\n        <\/li>\n<li>\n            <label>Data do evento<\/label><br \/>\n            <span class=\"wpcf7-form-control-wrap data\"><input type=\"date\" name=\"data\" value=\"\" class=\"wpcf7-form-control wpcf7-date wpcf7-validates-as-required wpcf7-validates-as-date\" aria-required=\"true\" aria-invalid=\"false\" \/><\/span>\n        <\/li>\n<li>\n            <label>Telefone<\/label><br \/>\n            <span class=\"wpcf7-form-control-wrap telefone\"><input type=\"tel\" name=\"telefone\" value=\"\" size=\"40\" class=\"wpcf7-form-control wpcf7-text wpcf7-tel wpcf7-validates-as-required wpcf7-validates-as-tel\" aria-required=\"true\" aria-invalid=\"false\" \/><\/span>\n        <\/li>\n<li>\n            <label>Hor\u00e1rio<\/label><br \/>\n            <span class=\"wpcf7-form-control-wrap horario\"><input type=\"text\" name=\"horario\" value=\"\" size=\"40\" class=\"wpcf7-form-control wpcf7-text\" aria-invalid=\"false\" \/><\/span>\n        <\/li>\n<li>\n            <label>e-mail corporativo<\/label><br \/>\n            <span class=\"wpcf7-form-control-wrap email\"><input type=\"email\" name=\"email\" value=\"\" size=\"40\" class=\"wpcf7-form-control wpcf7-text wpcf7-email wpcf7-validates-as-required wpcf7-validates-as-email\" aria-required=\"true\" aria-invalid=\"false\" \/><\/span>\n        <\/li>\n<li>\n            <label>N\u00famero de participantes<\/label><br \/>\n            <span class=\"wpcf7-form-control-wrap convidados\"><input type=\"number\" name=\"convidados\" value=\"\" class=\"wpcf7-form-control wpcf7-number wpcf7-validates-as-number\" aria-invalid=\"false\" \/><\/span>\n        <\/li>\n<li>\n            <label>Hospedagem<\/label><br \/>\n            <span class=\"wpcf7-form-control-wrap hospedagem\"><select name=\"hospedagem\" class=\"wpcf7-form-control wpcf7-select\" aria-invalid=\"false\"><option value=\"Sim\">Sim<\/option><option value=\"N\u00e3o\">N\u00e3o<\/option><\/select><\/span>\n        <\/li>\n<li class=\"full-width text-center\">\n                    <input type=\"submit\" value=\"SOLICITE SEU OR\u00c7AMENTO\" class=\"wpcf7-form-control has-spinner wpcf7-submit btn\" \/>\n        <\/li>\n<\/ul>\n<\/div>\n<p style=\"display: none !important;\"><label>&#916;<textarea name=\"_wpcf7_ak_hp_textarea\" cols=\"45\" rows=\"8\" maxlength=\"100\"><\/textarea><\/label><input type=\"hidden\" id=\"ak_js_1\" name=\"_wpcf7_ak_js\" value=\"143\"\/><script>document.getElementById( \"ak_js_1\" ).setAttribute( \"value\", ( new Date() ).getTime() );<\/script><\/p><div class=\"wpcf7-response-output\" aria-hidden=\"true\"><\/div><\/form><\/div>                <\/div>\n            <\/div>\n        <\/div>\n        \n\n\n<p><\/p>\n\n<\/div>\n\n\n\n<p><\/p>\n\n\n\n<div class=\"wp-container-69f42c3712ac3 wp-block-group grand-taste-top-section\"><div class=\"wp-bootstrap-blocks-container container mb-2 product-descrip-section\">\n\t\n<div class=\"wp-bootstrap-blocks-row row inner-taste-col\">\n\t\n\n<div class=\"col-12 col-md-6\">\n\t\t\t\n\n<figure class=\"wp-block-image size-large\"><img loading=\"lazy\" width=\"544\" height=\"369\" src=\"https:\/\/www.pacoteshyatt.com.br\/rio-de-janeiro\/wp-content\/uploads\/sites\/2\/2020\/12\/grand-ballroom.jpg\" alt=\"Espa\u00e7o Grand Ballroom para Eventos Corporativos em Hotel no Rio de Janeiro\" class=\"wp-image-1582\" srcset=\"https:\/\/www.pacoteshyatt.com.br\/rio-de-janeiro\/wp-content\/uploads\/sites\/2\/2020\/12\/grand-ballroom.jpg 544w, https:\/\/www.pacoteshyatt.com.br\/rio-de-janeiro\/wp-content\/uploads\/sites\/2\/2020\/12\/grand-ballroom-300x203.jpg 300w, https:\/\/www.pacoteshyatt.com.br\/rio-de-janeiro\/wp-content\/uploads\/sites\/2\/2020\/12\/grand-ballroom-295x200.jpg 295w, https:\/\/www.pacoteshyatt.com.br\/rio-de-janeiro\/wp-content\/uploads\/sites\/2\/2020\/12\/grand-ballroom-348x236.jpg 348w\" sizes=\"(max-width: 544px) 100vw, 544px\" \/><\/figure>\n\n\t<\/div>\n\n\n\n<div class=\"col-12 col-md-6 description-content\">\n\t\t\t\n\n<h2>Grand Ballroom<\/h2>\n\n\n\n<p> Este amplo sal\u00e3o tem capacidade para at\u00e9 720 pessoas no estilo audit\u00f3rio e 600 no modelo banquete e ainda pode ser dividido para comportar eventos menores.&nbsp;Al\u00e9m de ser not\u00e1vel por seu tamanho, o p\u00e9-direito alto, foyer interno e ilumina\u00e7\u00e3o natural contribuem para o clima de sofistica\u00e7\u00e3o. Seu terra\u00e7o privativo, de frente para a Lagoa de Marapendi permite a realiza\u00e7\u00e3o de eventos na parte externa e serve como espa\u00e7o complementar.&nbsp;O&nbsp;Grand Ballroom \u00e9 o sal\u00e3o perfeito para grandes eventos. <\/p>\n\n\n\n<p><\/p>\n\n\n\n<p><a href=\"https:\/\/bit.ly\/3muQGsg\">Conhe\u00e7a o espa\u00e7o em um tour virtual! <\/a><\/p>\n\n\t<\/div>\n\n<\/div>\n\n<\/div>\n\n\n<div class=\"wp-bootstrap-blocks-container container mb-2 product-descrip-section\">\n\t\n<div class=\"wp-bootstrap-blocks-row row inner-taste-col\">\n\t\n\n<div class=\"col-12 col-md-6 description-content\">\n\t\t\t\n\n<h2>Rio Ballroom<\/h2>\n\n\n\n<div class=\"wp-container-69f42c3712086 wp-block-group\">\n<p> Com courtyard privativo e um bel\u00edssimo muro verde, o Rio Ballroom comporta 330 pessoas no estilo audit\u00f3rio e 260 no estilo banquete.&nbsp;Sem&nbsp;perder a versatilidade, a estrutura com&nbsp;p\u00e9-direito alto d\u00e1 ao seu evento um toque especial de glamour e eleg\u00e2ncia. As paredes de&nbsp;vidro permitem a entrada de luz natural.<\/p>\n\n\n\n<p><\/p>\n\n\n\n<p><a href=\"https:\/\/bit.ly\/3ocii68\">Conhe\u00e7a o espa\u00e7o em um tour virtual!<\/a> <\/p>\n\n\n\n<p> <\/p>\n<\/div>\n\n\t<\/div>\n\n\n\n<div class=\"col-12 col-md-6\">\n\t\t\t\n\n<figure class=\"wp-block-image size-large\"><img loading=\"lazy\" width=\"544\" height=\"369\" src=\"https:\/\/www.pacoteshyatt.com.br\/rio-de-janeiro\/wp-content\/uploads\/sites\/2\/2020\/12\/rio-ballroom.jpg\" alt=\"Espa\u00e7o Rio Ballroom para Eventos Corporativos em Hotel no Rio de Janeiro\" class=\"wp-image-1584\" srcset=\"https:\/\/www.pacoteshyatt.com.br\/rio-de-janeiro\/wp-content\/uploads\/sites\/2\/2020\/12\/rio-ballroom.jpg 544w, https:\/\/www.pacoteshyatt.com.br\/rio-de-janeiro\/wp-content\/uploads\/sites\/2\/2020\/12\/rio-ballroom-300x203.jpg 300w, https:\/\/www.pacoteshyatt.com.br\/rio-de-janeiro\/wp-content\/uploads\/sites\/2\/2020\/12\/rio-ballroom-295x200.jpg 295w, https:\/\/www.pacoteshyatt.com.br\/rio-de-janeiro\/wp-content\/uploads\/sites\/2\/2020\/12\/rio-ballroom-348x236.jpg 348w\" sizes=\"(max-width: 544px) 100vw, 544px\" \/><\/figure>\n\n\t<\/div>\n\n<\/div>\n\n<\/div>\n\n\n<div class=\"wp-bootstrap-blocks-container container mb-2 product-descrip-section\">\n\t\n<div class=\"wp-bootstrap-blocks-row row inner-taste-col\">\n\t\n\n<div class=\"col-12 col-md-6\">\n\t\t\t\n\n<div class=\"wp-container-69f42c37125a6 wp-block-group\">\n<figure class=\"wp-block-image size-large\"><img loading=\"lazy\" width=\"544\" height=\"369\" src=\"https:\/\/www.pacoteshyatt.com.br\/rio-de-janeiro\/wp-content\/uploads\/sites\/2\/2020\/12\/lagoas-sala.jpg\" alt=\"Espa\u00e7o Lagoa para Eventos Corporativos em Hotel no Rio de Janeiro\" class=\"wp-image-1585\" srcset=\"https:\/\/www.pacoteshyatt.com.br\/rio-de-janeiro\/wp-content\/uploads\/sites\/2\/2020\/12\/lagoas-sala.jpg 544w, https:\/\/www.pacoteshyatt.com.br\/rio-de-janeiro\/wp-content\/uploads\/sites\/2\/2020\/12\/lagoas-sala-300x203.jpg 300w, https:\/\/www.pacoteshyatt.com.br\/rio-de-janeiro\/wp-content\/uploads\/sites\/2\/2020\/12\/lagoas-sala-295x200.jpg 295w, https:\/\/www.pacoteshyatt.com.br\/rio-de-janeiro\/wp-content\/uploads\/sites\/2\/2020\/12\/lagoas-sala-348x236.jpg 348w\" sizes=\"(max-width: 544px) 100vw, 544px\" \/><\/figure>\n<\/div>\n\n\t<\/div>\n\n\n\n<div class=\"col-12 col-md-6 description-content\">\n\t\t\t\n\n<h2>Espa\u00e7o Lagoa para Eventos no Rio de Janeiro<\/h2>\n\n\n\n<p>Perfeita para a realiza\u00e7\u00e3o de eventos de pequeno a m\u00e9dio porte, o espa\u00e7o conta com 10 salas de reuni\u00e3o multifuncionais, 2 Loft Kitchens &#8211; ideais para eventos de alta gastronomia, um lounge e um terra\u00e7o aberto com vista para a Lagoa de Marapendi.&nbsp;Seus ambientes foram projetados para&nbsp;atender, da melhor forma poss\u00edvel, eventos mais intimistas e fazer com que os participantes se&nbsp;sintam inspirados.&nbsp; <\/p>\n\n\n\n<p><\/p>\n\n\n\n<p><a href=\"https:\/\/bit.ly\/3Myk1g6\">Conhe\u00e7a o espa\u00e7o em um tour virtual! <\/a><\/p>\n\n\t<\/div>\n\n<\/div>\n\n<\/div>\n<\/div>\n\n\n\n<div class=\"wp-container-69f42c37133f7 wp-block-group grand-taste-top-section\"><div class=\"wp-bootstrap-blocks-container container mb-2 product-descrip-section\">\n\t\n<div class=\"wp-bootstrap-blocks-row row inner-taste-col\">\n\t\n\n<div class=\"col-12 col-md-6 description-content\">\n\t\t\t\n\n<h2> Tano<\/h2>\n\n\n\n<div class=\"wp-container-69f42c3712f3a wp-block-group\">\n<p> Suas prateleiras e divis\u00f3rias criam ambientes independentes, proporcionando flexibilidade para que abrigue diversos tamanhos de eventos. Os&nbsp;673m\u00b2 de sal\u00e3o, incluindo 130m\u00b2 de varanda climatizada&nbsp;comportam at\u00e9 300 pessoas no estilo coquetel e 270 no estilo banquete.&nbsp;O espa\u00e7o ainda conta com uma varanda externa aberta de 170m\u00b2 com vista para a maravilhosa Lagoa de Marapendi.&nbsp;A sua cozinha aberta facilita a comunica\u00e7\u00e3o entre os participantes do evento e nossa equipe.  <\/p>\n\n\n\n<p><\/p>\n\n\n\n<p><a href=\"https:\/\/bit.ly\/3KtUl1z\">Conhe\u00e7a o espa\u00e7o em um tour virtual! <\/a><\/p>\n\n\n\n<p> <\/p>\n<\/div>\n\n\t<\/div>\n\n\n\n<div class=\"col-12 col-md-6\">\n\t\t\t\n\n<figure class=\"wp-block-image size-large\"><img loading=\"lazy\" width=\"544\" height=\"369\" src=\"https:\/\/www.pacoteshyatt.com.br\/rio-de-janeiro\/wp-content\/uploads\/sites\/2\/2020\/12\/tano_2.jpg\" alt=\"Espa\u00e7o Tano para Eventos Corporativos em Hotel no Rio de Janeiro\" class=\"wp-image-1586\" srcset=\"https:\/\/www.pacoteshyatt.com.br\/rio-de-janeiro\/wp-content\/uploads\/sites\/2\/2020\/12\/tano_2.jpg 544w, https:\/\/www.pacoteshyatt.com.br\/rio-de-janeiro\/wp-content\/uploads\/sites\/2\/2020\/12\/tano_2-300x203.jpg 300w, https:\/\/www.pacoteshyatt.com.br\/rio-de-janeiro\/wp-content\/uploads\/sites\/2\/2020\/12\/tano_2-295x200.jpg 295w, https:\/\/www.pacoteshyatt.com.br\/rio-de-janeiro\/wp-content\/uploads\/sites\/2\/2020\/12\/tano_2-348x236.jpg 348w\" sizes=\"(max-width: 544px) 100vw, 544px\" \/><\/figure>\n\n\t<\/div>\n\n<\/div>\n\n<\/div>\n<\/div>\n\n\n\n<div class=\"wp-container-69f42c3713d14 wp-block-group grand-taste-top-section\"><div class=\"wp-bootstrap-blocks-container container mb-2 product-descrip-section\">\n\t\n<div class=\"wp-bootstrap-blocks-row row inner-taste-col\">\n\t\n\n<div class=\"col-12 col-md-6\">\n\t\t\t\n\n<div class=\"wp-container-69f42c3713838 wp-block-group\">\n<figure class=\"wp-block-image size-large\"><img loading=\"lazy\" width=\"544\" height=\"369\" src=\"https:\/\/www.pacoteshyatt.com.br\/rio-de-janeiro\/wp-content\/uploads\/sites\/2\/2020\/12\/sundeck.jpg\" alt=\"Espa\u00e7o Sundeck para Eventos Corporativos  descontra\u00eddos em Hotel no Rio de Janeiro\" class=\"wp-image-1588\" srcset=\"https:\/\/www.pacoteshyatt.com.br\/rio-de-janeiro\/wp-content\/uploads\/sites\/2\/2020\/12\/sundeck.jpg 544w, https:\/\/www.pacoteshyatt.com.br\/rio-de-janeiro\/wp-content\/uploads\/sites\/2\/2020\/12\/sundeck-300x203.jpg 300w, https:\/\/www.pacoteshyatt.com.br\/rio-de-janeiro\/wp-content\/uploads\/sites\/2\/2020\/12\/sundeck-295x200.jpg 295w, https:\/\/www.pacoteshyatt.com.br\/rio-de-janeiro\/wp-content\/uploads\/sites\/2\/2020\/12\/sundeck-348x236.jpg 348w\" sizes=\"(max-width: 544px) 100vw, 544px\" \/><\/figure>\n<\/div>\n\n\t<\/div>\n\n\n\n<div class=\"col-12 col-md-6 description-content\">\n\t\t\t\n\n<h2>Sundeck<\/h2>\n\n\n\n<p>Outra op\u00e7\u00e3o excelente para quem pesquisa <strong>espa\u00e7os para eventos corporativos RJ <\/strong>\u00e9 o Sundeck. Com 288m\u00b2, deixe seu evento mais descontra\u00eddo aproveitando melhor o clima. Perfeito para confraterniza\u00e7\u00f5es mais informais e que pedem ambiente ao ar livre. A capacidade m\u00e1xima do espa\u00e7o \u00e9 de at\u00e9&nbsp;150 participantes em estilo coquetel. <\/p>\n\n\t<\/div>\n\n<\/div>\n\n<\/div>\n<\/div>\n\n\n<p><!--EndFragment--><\/p>\n\n\n<div class=\"wp-container-69f42c3714108 wp-block-group grand-taste-top-section\"><\/div>\n\n\n        <div class=\"service-section\">\n            <div class=\"container\">\n                <div class=\"row\">\n                    <div class=\"inner-service-col col-12\">\n                                                <div class=\"all-section-title\">\n                            <h2>Nossos servi\u00e7os<\/h2>\n                        <\/div>\n                                                <div class=\"d-flex flex-wrap inner-service-section justify-content-center\">\n                                    <div class=\"col-6 col-sm-4 col-lg-3 custom-3-col\">\n                                <a href=\"https:\/\/www.pacoteshyatt.com.br\/rio-de-janeiro\/piscina-e-praia\/\" class=\"service-image\">\n                                    <div class=\"inner-service-image\">\n                                        <img src=\"https:\/\/www.pacoteshyatt.com.br\/rio-de-janeiro\/wp-content\/uploads\/sites\/2\/2020\/12\/PRAIA-MENOR.jpg\" alt=\"PISCINA E PRAIA\">\n                                    <\/div>\n                                    <div class=\"btn-col\">\n                                        <span class=\"btn with-border\">| PISCINA E PRAIA<\/span>\n                                    <\/div>\n                                <\/a>\n                            <\/div>\n                                        <div class=\"col-6 col-sm-4 col-lg-3 custom-3-col\">\n                                <a href=\"https:\/\/www.pacoteshyatt.com.br\/rio-de-janeiro\/grand-hyatt-rio-de-janeiro\/estacionamento\/\" class=\"service-image\">\n                                    <div class=\"inner-service-image\">\n                                        <img src=\"https:\/\/www.pacoteshyatt.com.br\/rio-de-janeiro\/wp-content\/uploads\/sites\/2\/2020\/12\/valet.png\" alt=\"ESTACIONAMENTO\">\n                                    <\/div>\n                                    <div class=\"btn-col\">\n                                        <span class=\"btn with-border\">| ESTACIONAMENTO<\/span>\n                                    <\/div>\n                                <\/a>\n                            <\/div>\n                                        <div class=\"col-6 col-sm-4 col-lg-3 custom-3-col\">\n                                <a href=\"https:\/\/www.pacoteshyatt.com.br\/rio-de-janeiro\/grand-hyatt-rio-de-janeiro\/atiaia\/\" class=\"service-image\">\n                                    <div class=\"inner-service-image\">\n                                        <img src=\"https:\/\/www.pacoteshyatt.com.br\/rio-de-janeiro\/wp-content\/uploads\/sites\/2\/2020\/12\/atiaia_1.jpg\" alt=\"ATIAIA SPA &#038; FITNESS\">\n                                    <\/div>\n                                    <div class=\"btn-col\">\n                                        <span class=\"btn with-border\">| ATIAIA SPA &#038; FITNESS<\/span>\n                                    <\/div>\n                                <\/a>\n                            <\/div>\n                                    <\/div>\n                    <\/div>\n                <\/div>\n            <\/div>\n        <\/div>\n        \n\n\n<div class=\"wp-container-69f42c3716d4c wp-block-group\"><\/div>\n","protected":false},"excerpt":{"rendered":"","protected":false},"author":1,"featured_media":0,"parent":179,"menu_order":0,"comment_status":"closed","ping_status":"closed","template":"","meta":{"_eb_attr":""},"yoast_head":"<!-- This site is optimized with the Yoast SEO plugin v18.4.1 - https:\/\/yoast.com\/wordpress\/plugins\/seo\/ -->\n<title>Espa\u00e7o para Eventos Corporativos em Hotel no Rio - Hyatt<\/title>\n<meta name=\"description\" content=\"O luxuoso hotel Grand Hyatt RJ tem espa\u00e7os bem estruturados e sofisticados para realizar os melhores eventos corporativos do RJ. Conhe\u00e7a nossas op\u00e7\u00f5es!\" \/>\n<meta name=\"robots\" content=\"index, follow, max-snippet:-1, max-image-preview:large, max-video-preview:-1\" \/>\n<link rel=\"canonical\" href=\"https:\/\/www.pacoteshyatt.com.br\/rio-de-janeiro\/eventos\/corporativos\/\" \/>\n<meta property=\"og:locale\" content=\"pt_BR\" \/>\n<meta property=\"og:type\" content=\"article\" \/>\n<meta property=\"og:title\" content=\"Espa\u00e7o para Eventos Corporativos em Hotel no Rio - Hyatt\" \/>\n<meta property=\"og:description\" content=\"O luxuoso hotel Grand Hyatt RJ tem espa\u00e7os bem estruturados e sofisticados para realizar os melhores eventos corporativos do RJ. Conhe\u00e7a nossas op\u00e7\u00f5es!\" \/>\n<meta property=\"og:url\" content=\"https:\/\/www.pacoteshyatt.com.br\/rio-de-janeiro\/eventos\/corporativos\/\" \/>\n<meta property=\"og:site_name\" content=\"GRAND HYATT RIO DE JANEIRO\" \/>\n<meta property=\"article:modified_time\" content=\"2025-12-10T13:00:57+00:00\" \/>\n<meta property=\"og:image\" content=\"https:\/\/www.pacoteshyatt.com.br\/rio-de-janeiro\/wp-content\/uploads\/sites\/2\/2025\/12\/Captura-de-tela-2025-12-10-094611-1.png\" \/>\n<meta name=\"twitter:card\" content=\"summary_large_image\" \/>\n<meta name=\"twitter:label1\" content=\"Est. tempo de leitura\" \/>\n\t<meta name=\"twitter:data1\" content=\"4 minutos\" \/>\n<script type=\"application\/ld+json\" class=\"yoast-schema-graph\">{\"@context\":\"https:\/\/schema.org\",\"@graph\":[{\"@type\":\"WebSite\",\"@id\":\"https:\/\/www.pacoteshyatt.com.br\/rio-de-janeiro\/#website\",\"url\":\"https:\/\/www.pacoteshyatt.com.br\/rio-de-janeiro\/\",\"name\":\"GRAND HYATT RIO DE JANEIRO\",\"description\":\"Um verdadeiro resort urbano na Barra da Tijuca!\",\"potentialAction\":[{\"@type\":\"SearchAction\",\"target\":{\"@type\":\"EntryPoint\",\"urlTemplate\":\"https:\/\/www.pacoteshyatt.com.br\/rio-de-janeiro\/?s={search_term_string}\"},\"query-input\":\"required name=search_term_string\"}],\"inLanguage\":\"pt-BR\"},{\"@type\":\"ImageObject\",\"@id\":\"https:\/\/www.pacoteshyatt.com.br\/rio-de-janeiro\/eventos\/corporativos\/#primaryimage\",\"inLanguage\":\"pt-BR\",\"url\":\"https:\/\/www.pacoteshyatt.com.br\/rio-de-janeiro\/wp-content\/uploads\/sites\/2\/2025\/12\/Captura-de-tela-2025-12-10-094611-1.png\",\"contentUrl\":\"https:\/\/www.pacoteshyatt.com.br\/rio-de-janeiro\/wp-content\/uploads\/sites\/2\/2025\/12\/Captura-de-tela-2025-12-10-094611-1.png\",\"width\":1546,\"height\":482},{\"@type\":\"WebPage\",\"@id\":\"https:\/\/www.pacoteshyatt.com.br\/rio-de-janeiro\/eventos\/corporativos\/#webpage\",\"url\":\"https:\/\/www.pacoteshyatt.com.br\/rio-de-janeiro\/eventos\/corporativos\/\",\"name\":\"Espa\u00e7o para Eventos Corporativos em Hotel no Rio - Hyatt\",\"isPartOf\":{\"@id\":\"https:\/\/www.pacoteshyatt.com.br\/rio-de-janeiro\/#website\"},\"primaryImageOfPage\":{\"@id\":\"https:\/\/www.pacoteshyatt.com.br\/rio-de-janeiro\/eventos\/corporativos\/#primaryimage\"},\"datePublished\":\"2020-12-08T15:15:45+00:00\",\"dateModified\":\"2025-12-10T13:00:57+00:00\",\"description\":\"O luxuoso hotel Grand Hyatt RJ tem espa\u00e7os bem estruturados e sofisticados para realizar os melhores eventos corporativos do RJ. Conhe\u00e7a nossas op\u00e7\u00f5es!\",\"breadcrumb\":{\"@id\":\"https:\/\/www.pacoteshyatt.com.br\/rio-de-janeiro\/eventos\/corporativos\/#breadcrumb\"},\"inLanguage\":\"pt-BR\",\"potentialAction\":[{\"@type\":\"ReadAction\",\"target\":[\"https:\/\/www.pacoteshyatt.com.br\/rio-de-janeiro\/eventos\/corporativos\/\"]}]},{\"@type\":\"BreadcrumbList\",\"@id\":\"https:\/\/www.pacoteshyatt.com.br\/rio-de-janeiro\/eventos\/corporativos\/#breadcrumb\",\"itemListElement\":[{\"@type\":\"ListItem\",\"position\":1,\"name\":\"Home\",\"item\":\"https:\/\/www.pacoteshyatt.com.br\/rio-de-janeiro\/\"},{\"@type\":\"ListItem\",\"position\":2,\"name\":\"Eventos\",\"item\":\"https:\/\/www.pacoteshyatt.com.br\/rio-de-janeiro\/eventos\/\"},{\"@type\":\"ListItem\",\"position\":3,\"name\":\"Eventos Corporativos\"}]}]}<\/script>\n<!-- \/ Yoast SEO plugin. -->","yoast_head_json":{"title":"Espa\u00e7o para Eventos Corporativos em Hotel no Rio - Hyatt","description":"O luxuoso hotel Grand Hyatt RJ tem espa\u00e7os bem estruturados e sofisticados para realizar os melhores eventos corporativos do RJ. Conhe\u00e7a nossas op\u00e7\u00f5es!","robots":{"index":"index","follow":"follow","max-snippet":"max-snippet:-1","max-image-preview":"max-image-preview:large","max-video-preview":"max-video-preview:-1"},"canonical":"https:\/\/www.pacoteshyatt.com.br\/rio-de-janeiro\/eventos\/corporativos\/","og_locale":"pt_BR","og_type":"article","og_title":"Espa\u00e7o para Eventos Corporativos em Hotel no Rio - Hyatt","og_description":"O luxuoso hotel Grand Hyatt RJ tem espa\u00e7os bem estruturados e sofisticados para realizar os melhores eventos corporativos do RJ. Conhe\u00e7a nossas op\u00e7\u00f5es!","og_url":"https:\/\/www.pacoteshyatt.com.br\/rio-de-janeiro\/eventos\/corporativos\/","og_site_name":"GRAND HYATT RIO DE JANEIRO","article_modified_time":"2025-12-10T13:00:57+00:00","og_image":[{"url":"https:\/\/www.pacoteshyatt.com.br\/rio-de-janeiro\/wp-content\/uploads\/sites\/2\/2025\/12\/Captura-de-tela-2025-12-10-094611-1.png"}],"twitter_card":"summary_large_image","twitter_misc":{"Est. tempo de leitura":"4 minutos"},"schema":{"@context":"https:\/\/schema.org","@graph":[{"@type":"WebSite","@id":"https:\/\/www.pacoteshyatt.com.br\/rio-de-janeiro\/#website","url":"https:\/\/www.pacoteshyatt.com.br\/rio-de-janeiro\/","name":"GRAND HYATT RIO DE JANEIRO","description":"Um verdadeiro resort urbano na Barra da Tijuca!","potentialAction":[{"@type":"SearchAction","target":{"@type":"EntryPoint","urlTemplate":"https:\/\/www.pacoteshyatt.com.br\/rio-de-janeiro\/?s={search_term_string}"},"query-input":"required name=search_term_string"}],"inLanguage":"pt-BR"},{"@type":"ImageObject","@id":"https:\/\/www.pacoteshyatt.com.br\/rio-de-janeiro\/eventos\/corporativos\/#primaryimage","inLanguage":"pt-BR","url":"https:\/\/www.pacoteshyatt.com.br\/rio-de-janeiro\/wp-content\/uploads\/sites\/2\/2025\/12\/Captura-de-tela-2025-12-10-094611-1.png","contentUrl":"https:\/\/www.pacoteshyatt.com.br\/rio-de-janeiro\/wp-content\/uploads\/sites\/2\/2025\/12\/Captura-de-tela-2025-12-10-094611-1.png","width":1546,"height":482},{"@type":"WebPage","@id":"https:\/\/www.pacoteshyatt.com.br\/rio-de-janeiro\/eventos\/corporativos\/#webpage","url":"https:\/\/www.pacoteshyatt.com.br\/rio-de-janeiro\/eventos\/corporativos\/","name":"Espa\u00e7o para Eventos Corporativos em Hotel no Rio - Hyatt","isPartOf":{"@id":"https:\/\/www.pacoteshyatt.com.br\/rio-de-janeiro\/#website"},"primaryImageOfPage":{"@id":"https:\/\/www.pacoteshyatt.com.br\/rio-de-janeiro\/eventos\/corporativos\/#primaryimage"},"datePublished":"2020-12-08T15:15:45+00:00","dateModified":"2025-12-10T13:00:57+00:00","description":"O luxuoso hotel Grand Hyatt RJ tem espa\u00e7os bem estruturados e sofisticados para realizar os melhores eventos corporativos do RJ. Conhe\u00e7a nossas op\u00e7\u00f5es!","breadcrumb":{"@id":"https:\/\/www.pacoteshyatt.com.br\/rio-de-janeiro\/eventos\/corporativos\/#breadcrumb"},"inLanguage":"pt-BR","potentialAction":[{"@type":"ReadAction","target":["https:\/\/www.pacoteshyatt.com.br\/rio-de-janeiro\/eventos\/corporativos\/"]}]},{"@type":"BreadcrumbList","@id":"https:\/\/www.pacoteshyatt.com.br\/rio-de-janeiro\/eventos\/corporativos\/#breadcrumb","itemListElement":[{"@type":"ListItem","position":1,"name":"Home","item":"https:\/\/www.pacoteshyatt.com.br\/rio-de-janeiro\/"},{"@type":"ListItem","position":2,"name":"Eventos","item":"https:\/\/www.pacoteshyatt.com.br\/rio-de-janeiro\/eventos\/"},{"@type":"ListItem","position":3,"name":"Eventos Corporativos"}]}]}},"_links":{"self":[{"href":"https:\/\/www.pacoteshyatt.com.br\/rio-de-janeiro\/wp-json\/wp\/v2\/pages\/883"}],"collection":[{"href":"https:\/\/www.pacoteshyatt.com.br\/rio-de-janeiro\/wp-json\/wp\/v2\/pages"}],"about":[{"href":"https:\/\/www.pacoteshyatt.com.br\/rio-de-janeiro\/wp-json\/wp\/v2\/types\/page"}],"author":[{"embeddable":true,"href":"https:\/\/www.pacoteshyatt.com.br\/rio-de-janeiro\/wp-json\/wp\/v2\/users\/1"}],"replies":[{"embeddable":true,"href":"https:\/\/www.pacoteshyatt.com.br\/rio-de-janeiro\/wp-json\/wp\/v2\/comments?post=883"}],"version-history":[{"count":43,"href":"https:\/\/www.pacoteshyatt.com.br\/rio-de-janeiro\/wp-json\/wp\/v2\/pages\/883\/revisions"}],"predecessor-version":[{"id":21875,"href":"https:\/\/www.pacoteshyatt.com.br\/rio-de-janeiro\/wp-json\/wp\/v2\/pages\/883\/revisions\/21875"}],"up":[{"embeddable":true,"href":"https:\/\/www.pacoteshyatt.com.br\/rio-de-janeiro\/wp-json\/wp\/v2\/pages\/179"}],"wp:attachment":[{"href":"https:\/\/www.pacoteshyatt.com.br\/rio-de-janeiro\/wp-json\/wp\/v2\/media?parent=883"}],"curies":[{"name":"wp","href":"https:\/\/api.w.org\/{rel}","templated":true}]}}