{"id":9446,"date":"2023-06-14T10:34:47","date_gmt":"2023-06-14T13:34:47","guid":{"rendered":"https:\/\/www.pacoteshyatt.com.br\/rio-de-janeiro\/?page_id=9446"},"modified":"2024-02-01T11:17:28","modified_gmt":"2024-02-01T14:17:28","slug":"ferias-no-rio","status":"publish","type":"page","link":"https:\/\/www.pacoteshyatt.com.br\/rio-de-janeiro\/ferias-no-rio\/","title":{"rendered":"Ver\u00e3o no Rio"},"content":{"rendered":"\n<div class=\"wp-container-69f5d4358cd00 wp-block-group intro-content-home text-center\"><div class=\"wp-bootstrap-blocks-container container mb-2\">\n\t\n<div class=\"wp-bootstrap-blocks-row row\">\n\t\n\n<div class=\"col-12 col-md-12 inner-intro-content\">\n\t\t\t\n\n<div class=\"wp-container-69f5d4358c813 wp-block-group inner-content\">\n<div class=\"wp-container-69f5d4358c3b6 wp-block-group\">\n<h1 class=\"has-pink-color has-white-background-color has-text-color has-background\">Ver\u00e3o no Rio de Janeiro \u00e9 no Grand Hyatt<\/h1>\n<\/div>\n\n\n\n<p class=\"has-black-color has-white-background-color has-text-color has-background has-medium-font-size\"><em>O ano come\u00e7ou, seja muito bem vindo 2024!<\/em><br>Nesse <strong>Ver\u00e3o no Rio de Janeiro<\/strong>, o Grand Hyatt Rio de Janeiro preparou um cronograma de atividades para voc\u00ea aproveitar da melhor forma!<\/p>\n<\/div>\n\n\t<\/div>\n\n<\/div>\n\n<\/div>\n<\/div>\n\n\n\n<div class=\"wp-container-69f5d43591c32 wp-block-group grand-taste-top-section\"><div class=\"wp-bootstrap-blocks-container container mb-2 product-descrip-section\">\n\t\n<div class=\"wp-bootstrap-blocks-row row inner-taste-col\">\n\t\n\n<div class=\"col-12 col-md-6\">\n\t\t\t\n                <div class=\"gallery-top-col\">\n                    <div class=\"swiper-container gallery-top\">\n                        <div class=\"swiper-wrapper\">\n                                                            <div class=\"swiper-slide\">\n                                    <img width=\"611\" height=\"410\" src=\"https:\/\/www.pacoteshyatt.com.br\/rio-de-janeiro\/wp-content\/uploads\/sites\/2\/2024\/01\/Copia-de-GHRJ_VeraoNoGrandHyatt_Banner_649x435_Brunch-Infantil_v1.png\" class=\"attachment-611x621 size-611x621\" alt=\"Brunch Infantil no Ver\u00e3o do Rio de Janeiro\" loading=\"lazy\" srcset=\"https:\/\/www.pacoteshyatt.com.br\/rio-de-janeiro\/wp-content\/uploads\/sites\/2\/2024\/01\/Copia-de-GHRJ_VeraoNoGrandHyatt_Banner_649x435_Brunch-Infantil_v1.png 649w, https:\/\/www.pacoteshyatt.com.br\/rio-de-janeiro\/wp-content\/uploads\/sites\/2\/2024\/01\/Copia-de-GHRJ_VeraoNoGrandHyatt_Banner_649x435_Brunch-Infantil_v1-300x201.png 300w, https:\/\/www.pacoteshyatt.com.br\/rio-de-janeiro\/wp-content\/uploads\/sites\/2\/2024\/01\/Copia-de-GHRJ_VeraoNoGrandHyatt_Banner_649x435_Brunch-Infantil_v1-237x158.png 237w, https:\/\/www.pacoteshyatt.com.br\/rio-de-janeiro\/wp-content\/uploads\/sites\/2\/2024\/01\/Copia-de-GHRJ_VeraoNoGrandHyatt_Banner_649x435_Brunch-Infantil_v1-298x200.png 298w, https:\/\/www.pacoteshyatt.com.br\/rio-de-janeiro\/wp-content\/uploads\/sites\/2\/2024\/01\/Copia-de-GHRJ_VeraoNoGrandHyatt_Banner_649x435_Brunch-Infantil_v1-348x233.png 348w\" sizes=\"(max-width: 611px) 100vw, 611px\" \/>                                <\/div>\n                                                            <div class=\"swiper-slide\">\n                                    <img width=\"425\" height=\"425\" src=\"https:\/\/www.pacoteshyatt.com.br\/rio-de-janeiro\/wp-content\/uploads\/sites\/2\/2024\/01\/Campanha_BrunchKids_Carnaval_01-e1768245100945.jpg\" class=\"attachment-611x621 size-611x621\" alt=\"Brunch e Carnaval para crian\u00e7as no Rio de Janeiro\" loading=\"lazy\" \/>                                <\/div>\n                                                            <div class=\"swiper-slide\">\n                                    <img width=\"425\" height=\"425\" src=\"https:\/\/www.pacoteshyatt.com.br\/rio-de-janeiro\/wp-content\/uploads\/sites\/2\/2024\/01\/Campanha_BrunchKids_Carnaval_02-e1768245080231.jpg\" class=\"attachment-611x621 size-611x621\" alt=\"Carnaval kids no rio com Brunch no Grand Hyatt\" loading=\"lazy\" \/>                                <\/div>\n                                                            <div class=\"swiper-slide\">\n                                    <img width=\"520\" height=\"520\" src=\"https:\/\/www.pacoteshyatt.com.br\/rio-de-janeiro\/wp-content\/uploads\/sites\/2\/2024\/01\/Campanha_BrunchKids_Carnaval_03.jpg\" class=\"attachment-611x621 size-611x621\" alt=\"Brunch Kids de Carnaval no Rio de Janeiro\" loading=\"lazy\" srcset=\"https:\/\/www.pacoteshyatt.com.br\/rio-de-janeiro\/wp-content\/uploads\/sites\/2\/2024\/01\/Campanha_BrunchKids_Carnaval_03.jpg 520w, https:\/\/www.pacoteshyatt.com.br\/rio-de-janeiro\/wp-content\/uploads\/sites\/2\/2024\/01\/Campanha_BrunchKids_Carnaval_03-300x300.jpg 300w, https:\/\/www.pacoteshyatt.com.br\/rio-de-janeiro\/wp-content\/uploads\/sites\/2\/2024\/01\/Campanha_BrunchKids_Carnaval_03-150x150.jpg 150w, https:\/\/www.pacoteshyatt.com.br\/rio-de-janeiro\/wp-content\/uploads\/sites\/2\/2024\/01\/Campanha_BrunchKids_Carnaval_03-200x200.jpg 200w, https:\/\/www.pacoteshyatt.com.br\/rio-de-janeiro\/wp-content\/uploads\/sites\/2\/2024\/01\/Campanha_BrunchKids_Carnaval_03-462x462.jpg 462w, https:\/\/www.pacoteshyatt.com.br\/rio-de-janeiro\/wp-content\/uploads\/sites\/2\/2024\/01\/Campanha_BrunchKids_Carnaval_03-348x348.jpg 348w, https:\/\/www.pacoteshyatt.com.br\/rio-de-janeiro\/wp-content\/uploads\/sites\/2\/2024\/01\/Campanha_BrunchKids_Carnaval_03-100x100.jpg 100w\" sizes=\"(max-width: 520px) 100vw, 520px\" \/>                                <\/div>\n                                                            <div class=\"swiper-slide\">\n                                    <img width=\"520\" height=\"520\" src=\"https:\/\/www.pacoteshyatt.com.br\/rio-de-janeiro\/wp-content\/uploads\/sites\/2\/2024\/01\/Campanha_BrunchKids_Carnaval_04-1.jpg\" class=\"attachment-611x621 size-611x621\" alt=\"\" loading=\"lazy\" srcset=\"https:\/\/www.pacoteshyatt.com.br\/rio-de-janeiro\/wp-content\/uploads\/sites\/2\/2024\/01\/Campanha_BrunchKids_Carnaval_04-1.jpg 520w, https:\/\/www.pacoteshyatt.com.br\/rio-de-janeiro\/wp-content\/uploads\/sites\/2\/2024\/01\/Campanha_BrunchKids_Carnaval_04-1-300x300.jpg 300w, https:\/\/www.pacoteshyatt.com.br\/rio-de-janeiro\/wp-content\/uploads\/sites\/2\/2024\/01\/Campanha_BrunchKids_Carnaval_04-1-150x150.jpg 150w, https:\/\/www.pacoteshyatt.com.br\/rio-de-janeiro\/wp-content\/uploads\/sites\/2\/2024\/01\/Campanha_BrunchKids_Carnaval_04-1-200x200.jpg 200w, https:\/\/www.pacoteshyatt.com.br\/rio-de-janeiro\/wp-content\/uploads\/sites\/2\/2024\/01\/Campanha_BrunchKids_Carnaval_04-1-462x462.jpg 462w, https:\/\/www.pacoteshyatt.com.br\/rio-de-janeiro\/wp-content\/uploads\/sites\/2\/2024\/01\/Campanha_BrunchKids_Carnaval_04-1-348x348.jpg 348w, https:\/\/www.pacoteshyatt.com.br\/rio-de-janeiro\/wp-content\/uploads\/sites\/2\/2024\/01\/Campanha_BrunchKids_Carnaval_04-1-100x100.jpg 100w\" sizes=\"(max-width: 520px) 100vw, 520px\" \/>                                <\/div>\n                                                    <\/div>\n                    <\/div>\n                    <div class=\"swiper-button-next swiper-button-white\"><\/div>\n                    <div class=\"swiper-button-prev swiper-button-white\"><\/div>\n                <\/div>\n                <div class=\"gallery-thumbs-col\">\n                    <div class=\"swiper-container gallery-thumbs\">\n                        <div class=\"swiper-wrapper\">\n                                                            <div class=\"swiper-slide\">\n                                   <img width=\"153\" height=\"104\" src=\"https:\/\/www.pacoteshyatt.com.br\/rio-de-janeiro\/wp-content\/uploads\/sites\/2\/2024\/01\/Copia-de-GHRJ_VeraoNoGrandHyatt_Banner_649x435_Brunch-Infantil_v1-298x200.png\" class=\"attachment-153x104 size-153x104\" alt=\"Brunch Infantil no Ver\u00e3o do Rio de Janeiro\" loading=\"lazy\" srcset=\"https:\/\/www.pacoteshyatt.com.br\/rio-de-janeiro\/wp-content\/uploads\/sites\/2\/2024\/01\/Copia-de-GHRJ_VeraoNoGrandHyatt_Banner_649x435_Brunch-Infantil_v1-298x200.png 298w, https:\/\/www.pacoteshyatt.com.br\/rio-de-janeiro\/wp-content\/uploads\/sites\/2\/2024\/01\/Copia-de-GHRJ_VeraoNoGrandHyatt_Banner_649x435_Brunch-Infantil_v1-300x201.png 300w, https:\/\/www.pacoteshyatt.com.br\/rio-de-janeiro\/wp-content\/uploads\/sites\/2\/2024\/01\/Copia-de-GHRJ_VeraoNoGrandHyatt_Banner_649x435_Brunch-Infantil_v1.png 649w\" sizes=\"(max-width: 153px) 100vw, 153px\" \/>                                <\/div>\n                                                            <div class=\"swiper-slide\">\n                                   <img width=\"104\" height=\"104\" src=\"https:\/\/www.pacoteshyatt.com.br\/rio-de-janeiro\/wp-content\/uploads\/sites\/2\/2024\/01\/Campanha_BrunchKids_Carnaval_01-e1768245100945.jpg\" class=\"attachment-153x104 size-153x104\" alt=\"Brunch e Carnaval para crian\u00e7as no Rio de Janeiro\" loading=\"lazy\" \/>                                <\/div>\n                                                            <div class=\"swiper-slide\">\n                                   <img width=\"104\" height=\"104\" src=\"https:\/\/www.pacoteshyatt.com.br\/rio-de-janeiro\/wp-content\/uploads\/sites\/2\/2024\/01\/Campanha_BrunchKids_Carnaval_02-e1768245080231.jpg\" class=\"attachment-153x104 size-153x104\" alt=\"Carnaval kids no rio com Brunch no Grand Hyatt\" loading=\"lazy\" \/>                                <\/div>\n                                                            <div class=\"swiper-slide\">\n                                   <img width=\"104\" height=\"104\" src=\"https:\/\/www.pacoteshyatt.com.br\/rio-de-janeiro\/wp-content\/uploads\/sites\/2\/2024\/01\/Campanha_BrunchKids_Carnaval_03.jpg\" class=\"attachment-153x104 size-153x104\" alt=\"Brunch Kids de Carnaval no Rio de Janeiro\" loading=\"lazy\" srcset=\"https:\/\/www.pacoteshyatt.com.br\/rio-de-janeiro\/wp-content\/uploads\/sites\/2\/2024\/01\/Campanha_BrunchKids_Carnaval_03.jpg 520w, https:\/\/www.pacoteshyatt.com.br\/rio-de-janeiro\/wp-content\/uploads\/sites\/2\/2024\/01\/Campanha_BrunchKids_Carnaval_03-300x300.jpg 300w, https:\/\/www.pacoteshyatt.com.br\/rio-de-janeiro\/wp-content\/uploads\/sites\/2\/2024\/01\/Campanha_BrunchKids_Carnaval_03-150x150.jpg 150w, https:\/\/www.pacoteshyatt.com.br\/rio-de-janeiro\/wp-content\/uploads\/sites\/2\/2024\/01\/Campanha_BrunchKids_Carnaval_03-200x200.jpg 200w, https:\/\/www.pacoteshyatt.com.br\/rio-de-janeiro\/wp-content\/uploads\/sites\/2\/2024\/01\/Campanha_BrunchKids_Carnaval_03-462x462.jpg 462w, https:\/\/www.pacoteshyatt.com.br\/rio-de-janeiro\/wp-content\/uploads\/sites\/2\/2024\/01\/Campanha_BrunchKids_Carnaval_03-348x348.jpg 348w, https:\/\/www.pacoteshyatt.com.br\/rio-de-janeiro\/wp-content\/uploads\/sites\/2\/2024\/01\/Campanha_BrunchKids_Carnaval_03-100x100.jpg 100w\" sizes=\"(max-width: 104px) 100vw, 104px\" \/>                                <\/div>\n                                                            <div class=\"swiper-slide\">\n                                   <img width=\"104\" height=\"104\" src=\"https:\/\/www.pacoteshyatt.com.br\/rio-de-janeiro\/wp-content\/uploads\/sites\/2\/2024\/01\/Campanha_BrunchKids_Carnaval_04-1.jpg\" class=\"attachment-153x104 size-153x104\" alt=\"\" loading=\"lazy\" srcset=\"https:\/\/www.pacoteshyatt.com.br\/rio-de-janeiro\/wp-content\/uploads\/sites\/2\/2024\/01\/Campanha_BrunchKids_Carnaval_04-1.jpg 520w, https:\/\/www.pacoteshyatt.com.br\/rio-de-janeiro\/wp-content\/uploads\/sites\/2\/2024\/01\/Campanha_BrunchKids_Carnaval_04-1-300x300.jpg 300w, https:\/\/www.pacoteshyatt.com.br\/rio-de-janeiro\/wp-content\/uploads\/sites\/2\/2024\/01\/Campanha_BrunchKids_Carnaval_04-1-150x150.jpg 150w, https:\/\/www.pacoteshyatt.com.br\/rio-de-janeiro\/wp-content\/uploads\/sites\/2\/2024\/01\/Campanha_BrunchKids_Carnaval_04-1-200x200.jpg 200w, https:\/\/www.pacoteshyatt.com.br\/rio-de-janeiro\/wp-content\/uploads\/sites\/2\/2024\/01\/Campanha_BrunchKids_Carnaval_04-1-462x462.jpg 462w, https:\/\/www.pacoteshyatt.com.br\/rio-de-janeiro\/wp-content\/uploads\/sites\/2\/2024\/01\/Campanha_BrunchKids_Carnaval_04-1-348x348.jpg 348w, https:\/\/www.pacoteshyatt.com.br\/rio-de-janeiro\/wp-content\/uploads\/sites\/2\/2024\/01\/Campanha_BrunchKids_Carnaval_04-1-100x100.jpg 100w\" sizes=\"(max-width: 104px) 100vw, 104px\" \/>                                <\/div>\n                                                    <\/div>\n                    <\/div>\n                <\/div>\n        \n\t<\/div>\n\n\n\n<div class=\"col-12 col-md-6\">\n\t\t\t\n\n<div class=\"wp-container-69f5d4358e920 wp-block-group description-content\">\n<h2>04\/02 Brunch Infantil: Bailinho de Carnaval<\/h2>\n\n\n\n<p><strong>No dia 4 de Fevereiro o Grand Hyatt Rio de Janeiro se torna uma grande avenida de carnaval!<\/strong><\/p>\n\n\n\n<p>Traga a sua melhor fantasia e venha aproveitar o Bailinho de Carnaval para as crian\u00e7as e toda a fam\u00edlia! Teremos tamb\u00e9m uma uma esta\u00e7\u00e3o no Brunch inteira infantil, com pizza, mini hamb\u00farguer e mais!<\/p>\n\n\n\n<p><strong>Teremos banda tocando o melhor das marchinhas de Carnaval. <\/strong><br><strong>E quem vier ganhar\u00e1 um ingresso para  exposi\u00e7\u00e3o Blow Up<\/strong><\/p>\n\n\n\n<p><strong><br>Venha para o Brunch mais divertido do Rio de Janeiro!<\/strong><\/p>\n\n\n\n<p class=\"has-text-align-center\"><a href=\"https:\/\/www.pacoteshyatt.com.br\/rio-de-janeiro\/product\/15-10-brunch-infantil\/\">Aproveite!<\/a><\/p>\n<\/div>\n\n\t<\/div>\n\n<\/div>\n\n<\/div>\n\n\n<div class=\"wp-bootstrap-blocks-container container mb-2 product-descrip-section\">\n\t\n<div class=\"wp-bootstrap-blocks-row row inner-taste-col\">\n\t\n\n<div class=\"col-12 col-md-6 order-1 order-lg-0\">\n\t\t\t\n\n<div class=\"wp-container-69f5d4358edfc wp-block-group description-content\">\n<h2>Day Spa Ver\u00e3o<\/h2>\n\n\n\n<p>O Atiaia Spa preparou uma experi\u00eancia especial para que voc\u00ea aproveite o ver\u00e3o na Cidade Maravilhosa sem preocupa\u00e7\u00f5es!<\/p>\n\n\n\n<p>Venha viver uma nova experi\u00eancia: o Day Spa de Ver\u00e3o, um protocolo de 2h20 pensado para estimular o frescor, hidrata\u00e7\u00e3o e relaxamento nesta esta\u00e7\u00e3o.<\/p>\n\n\n\n<p class=\"has-text-align-center\"><a href=\"https:\/\/www.pacoteshyatt.com.br\/rio-de-janeiro\/product\/day-spa-verao\/\">Saiba mais!<\/a><\/p>\n<\/div>\n\n\t<\/div>\n\n\n\n<div class=\"col-12 col-md-6\">\n\t\t\t\n                <div class=\"gallery-top-col\">\n                    <div class=\"swiper-container gallery-top\">\n                        <div class=\"swiper-wrapper\">\n                                                            <div class=\"swiper-slide\">\n                                    <img width=\"611\" height=\"410\" src=\"https:\/\/www.pacoteshyatt.com.br\/rio-de-janeiro\/wp-content\/uploads\/sites\/2\/2024\/01\/Copia-de-GHRJ_VeraoNoGrandHyatt_Banner_649x435_DaySpaVerao_v1.png\" class=\"attachment-611x621 size-611x621\" alt=\"Day Spa Ver\u00e3o\" loading=\"lazy\" srcset=\"https:\/\/www.pacoteshyatt.com.br\/rio-de-janeiro\/wp-content\/uploads\/sites\/2\/2024\/01\/Copia-de-GHRJ_VeraoNoGrandHyatt_Banner_649x435_DaySpaVerao_v1.png 649w, https:\/\/www.pacoteshyatt.com.br\/rio-de-janeiro\/wp-content\/uploads\/sites\/2\/2024\/01\/Copia-de-GHRJ_VeraoNoGrandHyatt_Banner_649x435_DaySpaVerao_v1-300x201.png 300w, https:\/\/www.pacoteshyatt.com.br\/rio-de-janeiro\/wp-content\/uploads\/sites\/2\/2024\/01\/Copia-de-GHRJ_VeraoNoGrandHyatt_Banner_649x435_DaySpaVerao_v1-237x158.png 237w, https:\/\/www.pacoteshyatt.com.br\/rio-de-janeiro\/wp-content\/uploads\/sites\/2\/2024\/01\/Copia-de-GHRJ_VeraoNoGrandHyatt_Banner_649x435_DaySpaVerao_v1-298x200.png 298w, https:\/\/www.pacoteshyatt.com.br\/rio-de-janeiro\/wp-content\/uploads\/sites\/2\/2024\/01\/Copia-de-GHRJ_VeraoNoGrandHyatt_Banner_649x435_DaySpaVerao_v1-348x233.png 348w\" sizes=\"(max-width: 611px) 100vw, 611px\" \/>                                <\/div>\n                                                            <div class=\"swiper-slide\">\n                                    <img width=\"611\" height=\"344\" src=\"https:\/\/www.pacoteshyatt.com.br\/rio-de-janeiro\/wp-content\/uploads\/sites\/2\/2023\/12\/Grand-Hyatt-Rio-de-Janeiro-Fotografo_Gabriel-Cardoso_29deJulho2019-36-scaled.jpg\" class=\"attachment-611x621 size-611x621\" alt=\"Spa de Ver\u00e3o no Rio de Janeiro\" loading=\"lazy\" srcset=\"https:\/\/www.pacoteshyatt.com.br\/rio-de-janeiro\/wp-content\/uploads\/sites\/2\/2023\/12\/Grand-Hyatt-Rio-de-Janeiro-Fotografo_Gabriel-Cardoso_29deJulho2019-36-scaled.jpg 2560w, https:\/\/www.pacoteshyatt.com.br\/rio-de-janeiro\/wp-content\/uploads\/sites\/2\/2023\/12\/Grand-Hyatt-Rio-de-Janeiro-Fotografo_Gabriel-Cardoso_29deJulho2019-36-300x169.jpg 300w, https:\/\/www.pacoteshyatt.com.br\/rio-de-janeiro\/wp-content\/uploads\/sites\/2\/2023\/12\/Grand-Hyatt-Rio-de-Janeiro-Fotografo_Gabriel-Cardoso_29deJulho2019-36-1024x576.jpg 1024w, https:\/\/www.pacoteshyatt.com.br\/rio-de-janeiro\/wp-content\/uploads\/sites\/2\/2023\/12\/Grand-Hyatt-Rio-de-Janeiro-Fotografo_Gabriel-Cardoso_29deJulho2019-36-768x432.jpg 768w, https:\/\/www.pacoteshyatt.com.br\/rio-de-janeiro\/wp-content\/uploads\/sites\/2\/2023\/12\/Grand-Hyatt-Rio-de-Janeiro-Fotografo_Gabriel-Cardoso_29deJulho2019-36-1536x864.jpg 1536w, https:\/\/www.pacoteshyatt.com.br\/rio-de-janeiro\/wp-content\/uploads\/sites\/2\/2023\/12\/Grand-Hyatt-Rio-de-Janeiro-Fotografo_Gabriel-Cardoso_29deJulho2019-36-2048x1152.jpg 2048w, https:\/\/www.pacoteshyatt.com.br\/rio-de-janeiro\/wp-content\/uploads\/sites\/2\/2023\/12\/Grand-Hyatt-Rio-de-Janeiro-Fotografo_Gabriel-Cardoso_29deJulho2019-36-308x173.jpg 308w, https:\/\/www.pacoteshyatt.com.br\/rio-de-janeiro\/wp-content\/uploads\/sites\/2\/2023\/12\/Grand-Hyatt-Rio-de-Janeiro-Fotografo_Gabriel-Cardoso_29deJulho2019-36-348x196.jpg 348w\" sizes=\"(max-width: 611px) 100vw, 611px\" \/>                                <\/div>\n                                                            <div class=\"swiper-slide\">\n                                    <img width=\"611\" height=\"407\" src=\"https:\/\/www.pacoteshyatt.com.br\/rio-de-janeiro\/wp-content\/uploads\/sites\/2\/2023\/12\/RIOGH_P438-Atiaia-Spa-Woman.jpg\" class=\"attachment-611x621 size-611x621\" alt=\"Spa de Ver\u00e3o no Rio de Janeiro\" loading=\"lazy\" srcset=\"https:\/\/www.pacoteshyatt.com.br\/rio-de-janeiro\/wp-content\/uploads\/sites\/2\/2023\/12\/RIOGH_P438-Atiaia-Spa-Woman.jpg 900w, https:\/\/www.pacoteshyatt.com.br\/rio-de-janeiro\/wp-content\/uploads\/sites\/2\/2023\/12\/RIOGH_P438-Atiaia-Spa-Woman-300x200.jpg 300w, https:\/\/www.pacoteshyatt.com.br\/rio-de-janeiro\/wp-content\/uploads\/sites\/2\/2023\/12\/RIOGH_P438-Atiaia-Spa-Woman-768x511.jpg 768w, https:\/\/www.pacoteshyatt.com.br\/rio-de-janeiro\/wp-content\/uploads\/sites\/2\/2023\/12\/RIOGH_P438-Atiaia-Spa-Woman-438x292.jpg 438w, https:\/\/www.pacoteshyatt.com.br\/rio-de-janeiro\/wp-content\/uploads\/sites\/2\/2023\/12\/RIOGH_P438-Atiaia-Spa-Woman-237x158.jpg 237w, https:\/\/www.pacoteshyatt.com.br\/rio-de-janeiro\/wp-content\/uploads\/sites\/2\/2023\/12\/RIOGH_P438-Atiaia-Spa-Woman-301x200.jpg 301w, https:\/\/www.pacoteshyatt.com.br\/rio-de-janeiro\/wp-content\/uploads\/sites\/2\/2023\/12\/RIOGH_P438-Atiaia-Spa-Woman-348x232.jpg 348w\" sizes=\"(max-width: 611px) 100vw, 611px\" \/>                                <\/div>\n                                                            <div class=\"swiper-slide\">\n                                    <img width=\"611\" height=\"407\" src=\"https:\/\/www.pacoteshyatt.com.br\/rio-de-janeiro\/wp-content\/uploads\/sites\/2\/2023\/12\/HYATT_TBF_4052-rotated.jpg\" class=\"attachment-611x621 size-611x621\" alt=\"Spa de Ver\u00e3o no Rio de Janeiro no Atiaia\" loading=\"lazy\" srcset=\"https:\/\/www.pacoteshyatt.com.br\/rio-de-janeiro\/wp-content\/uploads\/sites\/2\/2023\/12\/HYATT_TBF_4052-rotated.jpg 900w, https:\/\/www.pacoteshyatt.com.br\/rio-de-janeiro\/wp-content\/uploads\/sites\/2\/2023\/12\/HYATT_TBF_4052-300x200.jpg 300w, https:\/\/www.pacoteshyatt.com.br\/rio-de-janeiro\/wp-content\/uploads\/sites\/2\/2023\/12\/HYATT_TBF_4052-768x511.jpg 768w, https:\/\/www.pacoteshyatt.com.br\/rio-de-janeiro\/wp-content\/uploads\/sites\/2\/2023\/12\/HYATT_TBF_4052-438x292.jpg 438w, https:\/\/www.pacoteshyatt.com.br\/rio-de-janeiro\/wp-content\/uploads\/sites\/2\/2023\/12\/HYATT_TBF_4052-237x158.jpg 237w, https:\/\/www.pacoteshyatt.com.br\/rio-de-janeiro\/wp-content\/uploads\/sites\/2\/2023\/12\/HYATT_TBF_4052-301x200.jpg 301w, https:\/\/www.pacoteshyatt.com.br\/rio-de-janeiro\/wp-content\/uploads\/sites\/2\/2023\/12\/HYATT_TBF_4052-348x232.jpg 348w\" sizes=\"(max-width: 611px) 100vw, 611px\" \/>                                <\/div>\n                                                            <div class=\"swiper-slide\">\n                                    <img width=\"611\" height=\"407\" src=\"https:\/\/www.pacoteshyatt.com.br\/rio-de-janeiro\/wp-content\/uploads\/sites\/2\/2023\/12\/RIOGH_P434-Atiaia-Spa-Massage-Woman.jpg\" class=\"attachment-611x621 size-611x621\" alt=\"Mulher relaxando no Atiaia Spa de Ver\u00e3o\" loading=\"lazy\" srcset=\"https:\/\/www.pacoteshyatt.com.br\/rio-de-janeiro\/wp-content\/uploads\/sites\/2\/2023\/12\/RIOGH_P434-Atiaia-Spa-Massage-Woman.jpg 900w, https:\/\/www.pacoteshyatt.com.br\/rio-de-janeiro\/wp-content\/uploads\/sites\/2\/2023\/12\/RIOGH_P434-Atiaia-Spa-Massage-Woman-300x200.jpg 300w, https:\/\/www.pacoteshyatt.com.br\/rio-de-janeiro\/wp-content\/uploads\/sites\/2\/2023\/12\/RIOGH_P434-Atiaia-Spa-Massage-Woman-768x511.jpg 768w, https:\/\/www.pacoteshyatt.com.br\/rio-de-janeiro\/wp-content\/uploads\/sites\/2\/2023\/12\/RIOGH_P434-Atiaia-Spa-Massage-Woman-438x292.jpg 438w, https:\/\/www.pacoteshyatt.com.br\/rio-de-janeiro\/wp-content\/uploads\/sites\/2\/2023\/12\/RIOGH_P434-Atiaia-Spa-Massage-Woman-237x158.jpg 237w, https:\/\/www.pacoteshyatt.com.br\/rio-de-janeiro\/wp-content\/uploads\/sites\/2\/2023\/12\/RIOGH_P434-Atiaia-Spa-Massage-Woman-301x200.jpg 301w, https:\/\/www.pacoteshyatt.com.br\/rio-de-janeiro\/wp-content\/uploads\/sites\/2\/2023\/12\/RIOGH_P434-Atiaia-Spa-Massage-Woman-348x232.jpg 348w\" sizes=\"(max-width: 611px) 100vw, 611px\" \/>                                <\/div>\n                                                            <div class=\"swiper-slide\">\n                                    <img width=\"611\" height=\"407\" src=\"https:\/\/www.pacoteshyatt.com.br\/rio-de-janeiro\/wp-content\/uploads\/sites\/2\/2023\/12\/RIOGH_P496-Individual-Massage-scaled.jpg\" class=\"attachment-611x621 size-611x621\" alt=\"Casal curtindo Spa de Ver\u00e3o no Rio de Janeiro\" loading=\"lazy\" srcset=\"https:\/\/www.pacoteshyatt.com.br\/rio-de-janeiro\/wp-content\/uploads\/sites\/2\/2023\/12\/RIOGH_P496-Individual-Massage-scaled.jpg 2560w, https:\/\/www.pacoteshyatt.com.br\/rio-de-janeiro\/wp-content\/uploads\/sites\/2\/2023\/12\/RIOGH_P496-Individual-Massage-300x200.jpg 300w, https:\/\/www.pacoteshyatt.com.br\/rio-de-janeiro\/wp-content\/uploads\/sites\/2\/2023\/12\/RIOGH_P496-Individual-Massage-1024x682.jpg 1024w, https:\/\/www.pacoteshyatt.com.br\/rio-de-janeiro\/wp-content\/uploads\/sites\/2\/2023\/12\/RIOGH_P496-Individual-Massage-768x511.jpg 768w, https:\/\/www.pacoteshyatt.com.br\/rio-de-janeiro\/wp-content\/uploads\/sites\/2\/2023\/12\/RIOGH_P496-Individual-Massage-1536x1022.jpg 1536w, https:\/\/www.pacoteshyatt.com.br\/rio-de-janeiro\/wp-content\/uploads\/sites\/2\/2023\/12\/RIOGH_P496-Individual-Massage-2048x1363.jpg 2048w, https:\/\/www.pacoteshyatt.com.br\/rio-de-janeiro\/wp-content\/uploads\/sites\/2\/2023\/12\/RIOGH_P496-Individual-Massage-438x292.jpg 438w, https:\/\/www.pacoteshyatt.com.br\/rio-de-janeiro\/wp-content\/uploads\/sites\/2\/2023\/12\/RIOGH_P496-Individual-Massage-237x158.jpg 237w, https:\/\/www.pacoteshyatt.com.br\/rio-de-janeiro\/wp-content\/uploads\/sites\/2\/2023\/12\/RIOGH_P496-Individual-Massage-348x232.jpg 348w\" sizes=\"(max-width: 611px) 100vw, 611px\" \/>                                <\/div>\n                                                            <div class=\"swiper-slide\">\n                                    <img width=\"611\" height=\"407\" src=\"https:\/\/www.pacoteshyatt.com.br\/rio-de-janeiro\/wp-content\/uploads\/sites\/2\/2023\/12\/Atiaia-Spa-Towel-Details-scaled.jpg\" class=\"attachment-611x621 size-611x621\" alt=\"Spa no Rio\" loading=\"lazy\" srcset=\"https:\/\/www.pacoteshyatt.com.br\/rio-de-janeiro\/wp-content\/uploads\/sites\/2\/2023\/12\/Atiaia-Spa-Towel-Details-scaled.jpg 2560w, https:\/\/www.pacoteshyatt.com.br\/rio-de-janeiro\/wp-content\/uploads\/sites\/2\/2023\/12\/Atiaia-Spa-Towel-Details-300x200.jpg 300w, https:\/\/www.pacoteshyatt.com.br\/rio-de-janeiro\/wp-content\/uploads\/sites\/2\/2023\/12\/Atiaia-Spa-Towel-Details-1024x682.jpg 1024w, https:\/\/www.pacoteshyatt.com.br\/rio-de-janeiro\/wp-content\/uploads\/sites\/2\/2023\/12\/Atiaia-Spa-Towel-Details-768x511.jpg 768w, https:\/\/www.pacoteshyatt.com.br\/rio-de-janeiro\/wp-content\/uploads\/sites\/2\/2023\/12\/Atiaia-Spa-Towel-Details-1536x1022.jpg 1536w, https:\/\/www.pacoteshyatt.com.br\/rio-de-janeiro\/wp-content\/uploads\/sites\/2\/2023\/12\/Atiaia-Spa-Towel-Details-2048x1363.jpg 2048w, https:\/\/www.pacoteshyatt.com.br\/rio-de-janeiro\/wp-content\/uploads\/sites\/2\/2023\/12\/Atiaia-Spa-Towel-Details-438x292.jpg 438w, https:\/\/www.pacoteshyatt.com.br\/rio-de-janeiro\/wp-content\/uploads\/sites\/2\/2023\/12\/Atiaia-Spa-Towel-Details-237x158.jpg 237w, https:\/\/www.pacoteshyatt.com.br\/rio-de-janeiro\/wp-content\/uploads\/sites\/2\/2023\/12\/Atiaia-Spa-Towel-Details-348x232.jpg 348w\" sizes=\"(max-width: 611px) 100vw, 611px\" \/>                                <\/div>\n                                                    <\/div>\n                    <\/div>\n                    <div class=\"swiper-button-next swiper-button-white\"><\/div>\n                    <div class=\"swiper-button-prev swiper-button-white\"><\/div>\n                <\/div>\n                <div class=\"gallery-thumbs-col\">\n                    <div class=\"swiper-container gallery-thumbs\">\n                        <div class=\"swiper-wrapper\">\n                                                            <div class=\"swiper-slide\">\n                                   <img width=\"153\" height=\"104\" src=\"https:\/\/www.pacoteshyatt.com.br\/rio-de-janeiro\/wp-content\/uploads\/sites\/2\/2024\/01\/Copia-de-GHRJ_VeraoNoGrandHyatt_Banner_649x435_DaySpaVerao_v1-298x200.png\" class=\"attachment-153x104 size-153x104\" alt=\"Day Spa Ver\u00e3o\" loading=\"lazy\" srcset=\"https:\/\/www.pacoteshyatt.com.br\/rio-de-janeiro\/wp-content\/uploads\/sites\/2\/2024\/01\/Copia-de-GHRJ_VeraoNoGrandHyatt_Banner_649x435_DaySpaVerao_v1-298x200.png 298w, https:\/\/www.pacoteshyatt.com.br\/rio-de-janeiro\/wp-content\/uploads\/sites\/2\/2024\/01\/Copia-de-GHRJ_VeraoNoGrandHyatt_Banner_649x435_DaySpaVerao_v1-300x201.png 300w, https:\/\/www.pacoteshyatt.com.br\/rio-de-janeiro\/wp-content\/uploads\/sites\/2\/2024\/01\/Copia-de-GHRJ_VeraoNoGrandHyatt_Banner_649x435_DaySpaVerao_v1.png 649w\" sizes=\"(max-width: 153px) 100vw, 153px\" \/>                                <\/div>\n                                                            <div class=\"swiper-slide\">\n                                   <img width=\"153\" height=\"86\" src=\"https:\/\/www.pacoteshyatt.com.br\/rio-de-janeiro\/wp-content\/uploads\/sites\/2\/2023\/12\/Grand-Hyatt-Rio-de-Janeiro-Fotografo_Gabriel-Cardoso_29deJulho2019-36-scaled.jpg\" class=\"attachment-153x104 size-153x104\" alt=\"Spa de Ver\u00e3o no Rio de Janeiro\" loading=\"lazy\" srcset=\"https:\/\/www.pacoteshyatt.com.br\/rio-de-janeiro\/wp-content\/uploads\/sites\/2\/2023\/12\/Grand-Hyatt-Rio-de-Janeiro-Fotografo_Gabriel-Cardoso_29deJulho2019-36-scaled.jpg 2560w, https:\/\/www.pacoteshyatt.com.br\/rio-de-janeiro\/wp-content\/uploads\/sites\/2\/2023\/12\/Grand-Hyatt-Rio-de-Janeiro-Fotografo_Gabriel-Cardoso_29deJulho2019-36-300x169.jpg 300w, https:\/\/www.pacoteshyatt.com.br\/rio-de-janeiro\/wp-content\/uploads\/sites\/2\/2023\/12\/Grand-Hyatt-Rio-de-Janeiro-Fotografo_Gabriel-Cardoso_29deJulho2019-36-1024x576.jpg 1024w, https:\/\/www.pacoteshyatt.com.br\/rio-de-janeiro\/wp-content\/uploads\/sites\/2\/2023\/12\/Grand-Hyatt-Rio-de-Janeiro-Fotografo_Gabriel-Cardoso_29deJulho2019-36-768x432.jpg 768w, https:\/\/www.pacoteshyatt.com.br\/rio-de-janeiro\/wp-content\/uploads\/sites\/2\/2023\/12\/Grand-Hyatt-Rio-de-Janeiro-Fotografo_Gabriel-Cardoso_29deJulho2019-36-1536x864.jpg 1536w, https:\/\/www.pacoteshyatt.com.br\/rio-de-janeiro\/wp-content\/uploads\/sites\/2\/2023\/12\/Grand-Hyatt-Rio-de-Janeiro-Fotografo_Gabriel-Cardoso_29deJulho2019-36-2048x1152.jpg 2048w, https:\/\/www.pacoteshyatt.com.br\/rio-de-janeiro\/wp-content\/uploads\/sites\/2\/2023\/12\/Grand-Hyatt-Rio-de-Janeiro-Fotografo_Gabriel-Cardoso_29deJulho2019-36-308x173.jpg 308w, https:\/\/www.pacoteshyatt.com.br\/rio-de-janeiro\/wp-content\/uploads\/sites\/2\/2023\/12\/Grand-Hyatt-Rio-de-Janeiro-Fotografo_Gabriel-Cardoso_29deJulho2019-36-348x196.jpg 348w\" sizes=\"(max-width: 153px) 100vw, 153px\" \/>                                <\/div>\n                                                            <div class=\"swiper-slide\">\n                                   <img width=\"153\" height=\"102\" src=\"https:\/\/www.pacoteshyatt.com.br\/rio-de-janeiro\/wp-content\/uploads\/sites\/2\/2023\/12\/RIOGH_P438-Atiaia-Spa-Woman.jpg\" class=\"attachment-153x104 size-153x104\" alt=\"Spa de Ver\u00e3o no Rio de Janeiro\" loading=\"lazy\" srcset=\"https:\/\/www.pacoteshyatt.com.br\/rio-de-janeiro\/wp-content\/uploads\/sites\/2\/2023\/12\/RIOGH_P438-Atiaia-Spa-Woman.jpg 900w, https:\/\/www.pacoteshyatt.com.br\/rio-de-janeiro\/wp-content\/uploads\/sites\/2\/2023\/12\/RIOGH_P438-Atiaia-Spa-Woman-300x200.jpg 300w, https:\/\/www.pacoteshyatt.com.br\/rio-de-janeiro\/wp-content\/uploads\/sites\/2\/2023\/12\/RIOGH_P438-Atiaia-Spa-Woman-768x511.jpg 768w, https:\/\/www.pacoteshyatt.com.br\/rio-de-janeiro\/wp-content\/uploads\/sites\/2\/2023\/12\/RIOGH_P438-Atiaia-Spa-Woman-438x292.jpg 438w, https:\/\/www.pacoteshyatt.com.br\/rio-de-janeiro\/wp-content\/uploads\/sites\/2\/2023\/12\/RIOGH_P438-Atiaia-Spa-Woman-237x158.jpg 237w, https:\/\/www.pacoteshyatt.com.br\/rio-de-janeiro\/wp-content\/uploads\/sites\/2\/2023\/12\/RIOGH_P438-Atiaia-Spa-Woman-301x200.jpg 301w, https:\/\/www.pacoteshyatt.com.br\/rio-de-janeiro\/wp-content\/uploads\/sites\/2\/2023\/12\/RIOGH_P438-Atiaia-Spa-Woman-348x232.jpg 348w\" sizes=\"(max-width: 153px) 100vw, 153px\" \/>                                <\/div>\n                                                            <div class=\"swiper-slide\">\n                                   <img width=\"153\" height=\"102\" src=\"https:\/\/www.pacoteshyatt.com.br\/rio-de-janeiro\/wp-content\/uploads\/sites\/2\/2023\/12\/HYATT_TBF_4052-rotated.jpg\" class=\"attachment-153x104 size-153x104\" alt=\"Spa de Ver\u00e3o no Rio de Janeiro no Atiaia\" loading=\"lazy\" srcset=\"https:\/\/www.pacoteshyatt.com.br\/rio-de-janeiro\/wp-content\/uploads\/sites\/2\/2023\/12\/HYATT_TBF_4052-rotated.jpg 900w, https:\/\/www.pacoteshyatt.com.br\/rio-de-janeiro\/wp-content\/uploads\/sites\/2\/2023\/12\/HYATT_TBF_4052-300x200.jpg 300w, https:\/\/www.pacoteshyatt.com.br\/rio-de-janeiro\/wp-content\/uploads\/sites\/2\/2023\/12\/HYATT_TBF_4052-768x511.jpg 768w, https:\/\/www.pacoteshyatt.com.br\/rio-de-janeiro\/wp-content\/uploads\/sites\/2\/2023\/12\/HYATT_TBF_4052-438x292.jpg 438w, https:\/\/www.pacoteshyatt.com.br\/rio-de-janeiro\/wp-content\/uploads\/sites\/2\/2023\/12\/HYATT_TBF_4052-237x158.jpg 237w, https:\/\/www.pacoteshyatt.com.br\/rio-de-janeiro\/wp-content\/uploads\/sites\/2\/2023\/12\/HYATT_TBF_4052-301x200.jpg 301w, https:\/\/www.pacoteshyatt.com.br\/rio-de-janeiro\/wp-content\/uploads\/sites\/2\/2023\/12\/HYATT_TBF_4052-348x232.jpg 348w\" sizes=\"(max-width: 153px) 100vw, 153px\" \/>                                <\/div>\n                                                            <div class=\"swiper-slide\">\n                                   <img width=\"153\" height=\"102\" src=\"https:\/\/www.pacoteshyatt.com.br\/rio-de-janeiro\/wp-content\/uploads\/sites\/2\/2023\/12\/RIOGH_P434-Atiaia-Spa-Massage-Woman.jpg\" class=\"attachment-153x104 size-153x104\" alt=\"Mulher relaxando no Atiaia Spa de Ver\u00e3o\" loading=\"lazy\" srcset=\"https:\/\/www.pacoteshyatt.com.br\/rio-de-janeiro\/wp-content\/uploads\/sites\/2\/2023\/12\/RIOGH_P434-Atiaia-Spa-Massage-Woman.jpg 900w, https:\/\/www.pacoteshyatt.com.br\/rio-de-janeiro\/wp-content\/uploads\/sites\/2\/2023\/12\/RIOGH_P434-Atiaia-Spa-Massage-Woman-300x200.jpg 300w, https:\/\/www.pacoteshyatt.com.br\/rio-de-janeiro\/wp-content\/uploads\/sites\/2\/2023\/12\/RIOGH_P434-Atiaia-Spa-Massage-Woman-768x511.jpg 768w, https:\/\/www.pacoteshyatt.com.br\/rio-de-janeiro\/wp-content\/uploads\/sites\/2\/2023\/12\/RIOGH_P434-Atiaia-Spa-Massage-Woman-438x292.jpg 438w, https:\/\/www.pacoteshyatt.com.br\/rio-de-janeiro\/wp-content\/uploads\/sites\/2\/2023\/12\/RIOGH_P434-Atiaia-Spa-Massage-Woman-237x158.jpg 237w, https:\/\/www.pacoteshyatt.com.br\/rio-de-janeiro\/wp-content\/uploads\/sites\/2\/2023\/12\/RIOGH_P434-Atiaia-Spa-Massage-Woman-301x200.jpg 301w, https:\/\/www.pacoteshyatt.com.br\/rio-de-janeiro\/wp-content\/uploads\/sites\/2\/2023\/12\/RIOGH_P434-Atiaia-Spa-Massage-Woman-348x232.jpg 348w\" sizes=\"(max-width: 153px) 100vw, 153px\" \/>                                <\/div>\n                                                            <div class=\"swiper-slide\">\n                                   <img width=\"153\" height=\"102\" src=\"https:\/\/www.pacoteshyatt.com.br\/rio-de-janeiro\/wp-content\/uploads\/sites\/2\/2023\/12\/RIOGH_P496-Individual-Massage-scaled.jpg\" class=\"attachment-153x104 size-153x104\" alt=\"Casal curtindo Spa de Ver\u00e3o no Rio de Janeiro\" loading=\"lazy\" srcset=\"https:\/\/www.pacoteshyatt.com.br\/rio-de-janeiro\/wp-content\/uploads\/sites\/2\/2023\/12\/RIOGH_P496-Individual-Massage-scaled.jpg 2560w, https:\/\/www.pacoteshyatt.com.br\/rio-de-janeiro\/wp-content\/uploads\/sites\/2\/2023\/12\/RIOGH_P496-Individual-Massage-300x200.jpg 300w, https:\/\/www.pacoteshyatt.com.br\/rio-de-janeiro\/wp-content\/uploads\/sites\/2\/2023\/12\/RIOGH_P496-Individual-Massage-1024x682.jpg 1024w, https:\/\/www.pacoteshyatt.com.br\/rio-de-janeiro\/wp-content\/uploads\/sites\/2\/2023\/12\/RIOGH_P496-Individual-Massage-768x511.jpg 768w, https:\/\/www.pacoteshyatt.com.br\/rio-de-janeiro\/wp-content\/uploads\/sites\/2\/2023\/12\/RIOGH_P496-Individual-Massage-1536x1022.jpg 1536w, https:\/\/www.pacoteshyatt.com.br\/rio-de-janeiro\/wp-content\/uploads\/sites\/2\/2023\/12\/RIOGH_P496-Individual-Massage-2048x1363.jpg 2048w, https:\/\/www.pacoteshyatt.com.br\/rio-de-janeiro\/wp-content\/uploads\/sites\/2\/2023\/12\/RIOGH_P496-Individual-Massage-438x292.jpg 438w, https:\/\/www.pacoteshyatt.com.br\/rio-de-janeiro\/wp-content\/uploads\/sites\/2\/2023\/12\/RIOGH_P496-Individual-Massage-237x158.jpg 237w, https:\/\/www.pacoteshyatt.com.br\/rio-de-janeiro\/wp-content\/uploads\/sites\/2\/2023\/12\/RIOGH_P496-Individual-Massage-348x232.jpg 348w\" sizes=\"(max-width: 153px) 100vw, 153px\" \/>                                <\/div>\n                                                            <div class=\"swiper-slide\">\n                                   <img width=\"153\" height=\"102\" src=\"https:\/\/www.pacoteshyatt.com.br\/rio-de-janeiro\/wp-content\/uploads\/sites\/2\/2023\/12\/Atiaia-Spa-Towel-Details-scaled.jpg\" class=\"attachment-153x104 size-153x104\" alt=\"Spa no Rio\" loading=\"lazy\" srcset=\"https:\/\/www.pacoteshyatt.com.br\/rio-de-janeiro\/wp-content\/uploads\/sites\/2\/2023\/12\/Atiaia-Spa-Towel-Details-scaled.jpg 2560w, https:\/\/www.pacoteshyatt.com.br\/rio-de-janeiro\/wp-content\/uploads\/sites\/2\/2023\/12\/Atiaia-Spa-Towel-Details-300x200.jpg 300w, https:\/\/www.pacoteshyatt.com.br\/rio-de-janeiro\/wp-content\/uploads\/sites\/2\/2023\/12\/Atiaia-Spa-Towel-Details-1024x682.jpg 1024w, https:\/\/www.pacoteshyatt.com.br\/rio-de-janeiro\/wp-content\/uploads\/sites\/2\/2023\/12\/Atiaia-Spa-Towel-Details-768x511.jpg 768w, https:\/\/www.pacoteshyatt.com.br\/rio-de-janeiro\/wp-content\/uploads\/sites\/2\/2023\/12\/Atiaia-Spa-Towel-Details-1536x1022.jpg 1536w, https:\/\/www.pacoteshyatt.com.br\/rio-de-janeiro\/wp-content\/uploads\/sites\/2\/2023\/12\/Atiaia-Spa-Towel-Details-2048x1363.jpg 2048w, https:\/\/www.pacoteshyatt.com.br\/rio-de-janeiro\/wp-content\/uploads\/sites\/2\/2023\/12\/Atiaia-Spa-Towel-Details-438x292.jpg 438w, https:\/\/www.pacoteshyatt.com.br\/rio-de-janeiro\/wp-content\/uploads\/sites\/2\/2023\/12\/Atiaia-Spa-Towel-Details-237x158.jpg 237w, https:\/\/www.pacoteshyatt.com.br\/rio-de-janeiro\/wp-content\/uploads\/sites\/2\/2023\/12\/Atiaia-Spa-Towel-Details-348x232.jpg 348w\" sizes=\"(max-width: 153px) 100vw, 153px\" \/>                                <\/div>\n                                                    <\/div>\n                    <\/div>\n                <\/div>\n        \n\t<\/div>\n\n<\/div>\n\n<\/div>\n\n\n<div class=\"wp-bootstrap-blocks-container container mb-2 product-descrip-section\">\n\t\n<div class=\"wp-bootstrap-blocks-row row inner-taste-col\">\n\t\n\n<div class=\"col-12 col-md-6\">\n\t\t\t\n                <div class=\"gallery-top-col\">\n                    <div class=\"swiper-container gallery-top\">\n                        <div class=\"swiper-wrapper\">\n                                                            <div class=\"swiper-slide\">\n                                    <img width=\"611\" height=\"410\" src=\"https:\/\/www.pacoteshyatt.com.br\/rio-de-janeiro\/wp-content\/uploads\/sites\/2\/2024\/01\/Copia-de-GHRJ_VeraoNoGrandHyatt_Banner_649x435_Hospedagem_v1.png\" class=\"attachment-611x621 size-611x621\" alt=\"Hospedagem nas f\u00e9rias de Ver\u00e3o no Rio de Janeiro\" loading=\"lazy\" srcset=\"https:\/\/www.pacoteshyatt.com.br\/rio-de-janeiro\/wp-content\/uploads\/sites\/2\/2024\/01\/Copia-de-GHRJ_VeraoNoGrandHyatt_Banner_649x435_Hospedagem_v1.png 649w, https:\/\/www.pacoteshyatt.com.br\/rio-de-janeiro\/wp-content\/uploads\/sites\/2\/2024\/01\/Copia-de-GHRJ_VeraoNoGrandHyatt_Banner_649x435_Hospedagem_v1-300x201.png 300w, https:\/\/www.pacoteshyatt.com.br\/rio-de-janeiro\/wp-content\/uploads\/sites\/2\/2024\/01\/Copia-de-GHRJ_VeraoNoGrandHyatt_Banner_649x435_Hospedagem_v1-237x158.png 237w, https:\/\/www.pacoteshyatt.com.br\/rio-de-janeiro\/wp-content\/uploads\/sites\/2\/2024\/01\/Copia-de-GHRJ_VeraoNoGrandHyatt_Banner_649x435_Hospedagem_v1-298x200.png 298w, https:\/\/www.pacoteshyatt.com.br\/rio-de-janeiro\/wp-content\/uploads\/sites\/2\/2024\/01\/Copia-de-GHRJ_VeraoNoGrandHyatt_Banner_649x435_Hospedagem_v1-348x233.png 348w\" sizes=\"(max-width: 611px) 100vw, 611px\" \/>                                <\/div>\n                                                            <div class=\"swiper-slide\">\n                                    <img width=\"611\" height=\"407\" src=\"https:\/\/www.pacoteshyatt.com.br\/rio-de-janeiro\/wp-content\/uploads\/sites\/2\/2023\/06\/Grand-Hyatt-Rio-De-Janeiro-13-scaled.jpg\" class=\"attachment-611x621 size-611x621\" alt=\"Fam\u00edlia de f\u00e9rias no Rio de Janeiro no Hyatt RJ\" loading=\"lazy\" srcset=\"https:\/\/www.pacoteshyatt.com.br\/rio-de-janeiro\/wp-content\/uploads\/sites\/2\/2023\/06\/Grand-Hyatt-Rio-De-Janeiro-13-scaled.jpg 2560w, https:\/\/www.pacoteshyatt.com.br\/rio-de-janeiro\/wp-content\/uploads\/sites\/2\/2023\/06\/Grand-Hyatt-Rio-De-Janeiro-13-300x200.jpg 300w, https:\/\/www.pacoteshyatt.com.br\/rio-de-janeiro\/wp-content\/uploads\/sites\/2\/2023\/06\/Grand-Hyatt-Rio-De-Janeiro-13-1024x683.jpg 1024w, https:\/\/www.pacoteshyatt.com.br\/rio-de-janeiro\/wp-content\/uploads\/sites\/2\/2023\/06\/Grand-Hyatt-Rio-De-Janeiro-13-768x512.jpg 768w, https:\/\/www.pacoteshyatt.com.br\/rio-de-janeiro\/wp-content\/uploads\/sites\/2\/2023\/06\/Grand-Hyatt-Rio-De-Janeiro-13-1536x1024.jpg 1536w, https:\/\/www.pacoteshyatt.com.br\/rio-de-janeiro\/wp-content\/uploads\/sites\/2\/2023\/06\/Grand-Hyatt-Rio-De-Janeiro-13-2048x1365.jpg 2048w, https:\/\/www.pacoteshyatt.com.br\/rio-de-janeiro\/wp-content\/uploads\/sites\/2\/2023\/06\/Grand-Hyatt-Rio-De-Janeiro-13-438x292.jpg 438w, https:\/\/www.pacoteshyatt.com.br\/rio-de-janeiro\/wp-content\/uploads\/sites\/2\/2023\/06\/Grand-Hyatt-Rio-De-Janeiro-13-237x158.jpg 237w, https:\/\/www.pacoteshyatt.com.br\/rio-de-janeiro\/wp-content\/uploads\/sites\/2\/2023\/06\/Grand-Hyatt-Rio-De-Janeiro-13-348x232.jpg 348w\" sizes=\"(max-width: 611px) 100vw, 611px\" \/>                                <\/div>\n                                                            <div class=\"swiper-slide\">\n                                    <img width=\"611\" height=\"407\" src=\"https:\/\/www.pacoteshyatt.com.br\/rio-de-janeiro\/wp-content\/uploads\/sites\/2\/2023\/06\/1-RIOGH_P460_Presidential_New-scaled.jpg\" class=\"attachment-611x621 size-611x621\" alt=\"Quarto presidencial no Hyatt RJ\" loading=\"lazy\" srcset=\"https:\/\/www.pacoteshyatt.com.br\/rio-de-janeiro\/wp-content\/uploads\/sites\/2\/2023\/06\/1-RIOGH_P460_Presidential_New-scaled.jpg 2560w, https:\/\/www.pacoteshyatt.com.br\/rio-de-janeiro\/wp-content\/uploads\/sites\/2\/2023\/06\/1-RIOGH_P460_Presidential_New-300x200.jpg 300w, https:\/\/www.pacoteshyatt.com.br\/rio-de-janeiro\/wp-content\/uploads\/sites\/2\/2023\/06\/1-RIOGH_P460_Presidential_New-1024x682.jpg 1024w, https:\/\/www.pacoteshyatt.com.br\/rio-de-janeiro\/wp-content\/uploads\/sites\/2\/2023\/06\/1-RIOGH_P460_Presidential_New-768x511.jpg 768w, https:\/\/www.pacoteshyatt.com.br\/rio-de-janeiro\/wp-content\/uploads\/sites\/2\/2023\/06\/1-RIOGH_P460_Presidential_New-1536x1022.jpg 1536w, https:\/\/www.pacoteshyatt.com.br\/rio-de-janeiro\/wp-content\/uploads\/sites\/2\/2023\/06\/1-RIOGH_P460_Presidential_New-2048x1363.jpg 2048w, https:\/\/www.pacoteshyatt.com.br\/rio-de-janeiro\/wp-content\/uploads\/sites\/2\/2023\/06\/1-RIOGH_P460_Presidential_New-438x292.jpg 438w, https:\/\/www.pacoteshyatt.com.br\/rio-de-janeiro\/wp-content\/uploads\/sites\/2\/2023\/06\/1-RIOGH_P460_Presidential_New-237x158.jpg 237w, https:\/\/www.pacoteshyatt.com.br\/rio-de-janeiro\/wp-content\/uploads\/sites\/2\/2023\/06\/1-RIOGH_P460_Presidential_New-348x232.jpg 348w\" sizes=\"(max-width: 611px) 100vw, 611px\" \/>                                <\/div>\n                                                            <div class=\"swiper-slide\">\n                                    <img width=\"611\" height=\"407\" src=\"https:\/\/www.pacoteshyatt.com.br\/rio-de-janeiro\/wp-content\/uploads\/sites\/2\/2023\/06\/Grand-Club-Twin-2_RIOGH_P242-Twin-Room-scaled.jpg\" class=\"attachment-611x621 size-611x621\" alt=\"quarto com duas camas no Rio de Janeiro\" loading=\"lazy\" srcset=\"https:\/\/www.pacoteshyatt.com.br\/rio-de-janeiro\/wp-content\/uploads\/sites\/2\/2023\/06\/Grand-Club-Twin-2_RIOGH_P242-Twin-Room-scaled.jpg 2560w, https:\/\/www.pacoteshyatt.com.br\/rio-de-janeiro\/wp-content\/uploads\/sites\/2\/2023\/06\/Grand-Club-Twin-2_RIOGH_P242-Twin-Room-300x200.jpg 300w, https:\/\/www.pacoteshyatt.com.br\/rio-de-janeiro\/wp-content\/uploads\/sites\/2\/2023\/06\/Grand-Club-Twin-2_RIOGH_P242-Twin-Room-1024x682.jpg 1024w, https:\/\/www.pacoteshyatt.com.br\/rio-de-janeiro\/wp-content\/uploads\/sites\/2\/2023\/06\/Grand-Club-Twin-2_RIOGH_P242-Twin-Room-768x511.jpg 768w, https:\/\/www.pacoteshyatt.com.br\/rio-de-janeiro\/wp-content\/uploads\/sites\/2\/2023\/06\/Grand-Club-Twin-2_RIOGH_P242-Twin-Room-1536x1022.jpg 1536w, https:\/\/www.pacoteshyatt.com.br\/rio-de-janeiro\/wp-content\/uploads\/sites\/2\/2023\/06\/Grand-Club-Twin-2_RIOGH_P242-Twin-Room-2048x1363.jpg 2048w, https:\/\/www.pacoteshyatt.com.br\/rio-de-janeiro\/wp-content\/uploads\/sites\/2\/2023\/06\/Grand-Club-Twin-2_RIOGH_P242-Twin-Room-438x292.jpg 438w, https:\/\/www.pacoteshyatt.com.br\/rio-de-janeiro\/wp-content\/uploads\/sites\/2\/2023\/06\/Grand-Club-Twin-2_RIOGH_P242-Twin-Room-237x158.jpg 237w, https:\/\/www.pacoteshyatt.com.br\/rio-de-janeiro\/wp-content\/uploads\/sites\/2\/2023\/06\/Grand-Club-Twin-2_RIOGH_P242-Twin-Room-348x232.jpg 348w\" sizes=\"(max-width: 611px) 100vw, 611px\" \/>                                <\/div>\n                                                            <div class=\"swiper-slide\">\n                                    <img width=\"506\" height=\"313\" src=\"https:\/\/www.pacoteshyatt.com.br\/rio-de-janeiro\/wp-content\/uploads\/sites\/2\/2023\/04\/hospedagem-grand-hyatt-rio-de-janeiro.jpg\" class=\"attachment-611x621 size-611x621\" alt=\"f\u00e9rias no Rio de Janeiro no Hyatt Rio\" loading=\"lazy\" srcset=\"https:\/\/www.pacoteshyatt.com.br\/rio-de-janeiro\/wp-content\/uploads\/sites\/2\/2023\/04\/hospedagem-grand-hyatt-rio-de-janeiro.jpg 506w, https:\/\/www.pacoteshyatt.com.br\/rio-de-janeiro\/wp-content\/uploads\/sites\/2\/2023\/04\/hospedagem-grand-hyatt-rio-de-janeiro-300x186.jpg 300w, https:\/\/www.pacoteshyatt.com.br\/rio-de-janeiro\/wp-content\/uploads\/sites\/2\/2023\/04\/hospedagem-grand-hyatt-rio-de-janeiro-308x191.jpg 308w, https:\/\/www.pacoteshyatt.com.br\/rio-de-janeiro\/wp-content\/uploads\/sites\/2\/2023\/04\/hospedagem-grand-hyatt-rio-de-janeiro-348x215.jpg 348w\" sizes=\"(max-width: 506px) 100vw, 506px\" \/>                                <\/div>\n                                                    <\/div>\n                    <\/div>\n                    <div class=\"swiper-button-next swiper-button-white\"><\/div>\n                    <div class=\"swiper-button-prev swiper-button-white\"><\/div>\n                <\/div>\n                <div class=\"gallery-thumbs-col\">\n                    <div class=\"swiper-container gallery-thumbs\">\n                        <div class=\"swiper-wrapper\">\n                                                            <div class=\"swiper-slide\">\n                                   <img width=\"153\" height=\"104\" src=\"https:\/\/www.pacoteshyatt.com.br\/rio-de-janeiro\/wp-content\/uploads\/sites\/2\/2024\/01\/Copia-de-GHRJ_VeraoNoGrandHyatt_Banner_649x435_Hospedagem_v1-298x200.png\" class=\"attachment-153x104 size-153x104\" alt=\"Hospedagem nas f\u00e9rias de Ver\u00e3o no Rio de Janeiro\" loading=\"lazy\" srcset=\"https:\/\/www.pacoteshyatt.com.br\/rio-de-janeiro\/wp-content\/uploads\/sites\/2\/2024\/01\/Copia-de-GHRJ_VeraoNoGrandHyatt_Banner_649x435_Hospedagem_v1-298x200.png 298w, https:\/\/www.pacoteshyatt.com.br\/rio-de-janeiro\/wp-content\/uploads\/sites\/2\/2024\/01\/Copia-de-GHRJ_VeraoNoGrandHyatt_Banner_649x435_Hospedagem_v1-300x201.png 300w, https:\/\/www.pacoteshyatt.com.br\/rio-de-janeiro\/wp-content\/uploads\/sites\/2\/2024\/01\/Copia-de-GHRJ_VeraoNoGrandHyatt_Banner_649x435_Hospedagem_v1.png 649w\" sizes=\"(max-width: 153px) 100vw, 153px\" \/>                                <\/div>\n                                                            <div class=\"swiper-slide\">\n                                   <img width=\"153\" height=\"102\" src=\"https:\/\/www.pacoteshyatt.com.br\/rio-de-janeiro\/wp-content\/uploads\/sites\/2\/2023\/06\/Grand-Hyatt-Rio-De-Janeiro-13-scaled.jpg\" class=\"attachment-153x104 size-153x104\" alt=\"Fam\u00edlia de f\u00e9rias no Rio de Janeiro no Hyatt RJ\" loading=\"lazy\" srcset=\"https:\/\/www.pacoteshyatt.com.br\/rio-de-janeiro\/wp-content\/uploads\/sites\/2\/2023\/06\/Grand-Hyatt-Rio-De-Janeiro-13-scaled.jpg 2560w, https:\/\/www.pacoteshyatt.com.br\/rio-de-janeiro\/wp-content\/uploads\/sites\/2\/2023\/06\/Grand-Hyatt-Rio-De-Janeiro-13-300x200.jpg 300w, https:\/\/www.pacoteshyatt.com.br\/rio-de-janeiro\/wp-content\/uploads\/sites\/2\/2023\/06\/Grand-Hyatt-Rio-De-Janeiro-13-1024x683.jpg 1024w, https:\/\/www.pacoteshyatt.com.br\/rio-de-janeiro\/wp-content\/uploads\/sites\/2\/2023\/06\/Grand-Hyatt-Rio-De-Janeiro-13-768x512.jpg 768w, https:\/\/www.pacoteshyatt.com.br\/rio-de-janeiro\/wp-content\/uploads\/sites\/2\/2023\/06\/Grand-Hyatt-Rio-De-Janeiro-13-1536x1024.jpg 1536w, https:\/\/www.pacoteshyatt.com.br\/rio-de-janeiro\/wp-content\/uploads\/sites\/2\/2023\/06\/Grand-Hyatt-Rio-De-Janeiro-13-2048x1365.jpg 2048w, https:\/\/www.pacoteshyatt.com.br\/rio-de-janeiro\/wp-content\/uploads\/sites\/2\/2023\/06\/Grand-Hyatt-Rio-De-Janeiro-13-438x292.jpg 438w, https:\/\/www.pacoteshyatt.com.br\/rio-de-janeiro\/wp-content\/uploads\/sites\/2\/2023\/06\/Grand-Hyatt-Rio-De-Janeiro-13-237x158.jpg 237w, https:\/\/www.pacoteshyatt.com.br\/rio-de-janeiro\/wp-content\/uploads\/sites\/2\/2023\/06\/Grand-Hyatt-Rio-De-Janeiro-13-348x232.jpg 348w\" sizes=\"(max-width: 153px) 100vw, 153px\" \/>                                <\/div>\n                                                            <div class=\"swiper-slide\">\n                                   <img width=\"153\" height=\"102\" src=\"https:\/\/www.pacoteshyatt.com.br\/rio-de-janeiro\/wp-content\/uploads\/sites\/2\/2023\/06\/1-RIOGH_P460_Presidential_New-scaled.jpg\" class=\"attachment-153x104 size-153x104\" alt=\"Quarto presidencial no Hyatt RJ\" loading=\"lazy\" srcset=\"https:\/\/www.pacoteshyatt.com.br\/rio-de-janeiro\/wp-content\/uploads\/sites\/2\/2023\/06\/1-RIOGH_P460_Presidential_New-scaled.jpg 2560w, https:\/\/www.pacoteshyatt.com.br\/rio-de-janeiro\/wp-content\/uploads\/sites\/2\/2023\/06\/1-RIOGH_P460_Presidential_New-300x200.jpg 300w, https:\/\/www.pacoteshyatt.com.br\/rio-de-janeiro\/wp-content\/uploads\/sites\/2\/2023\/06\/1-RIOGH_P460_Presidential_New-1024x682.jpg 1024w, https:\/\/www.pacoteshyatt.com.br\/rio-de-janeiro\/wp-content\/uploads\/sites\/2\/2023\/06\/1-RIOGH_P460_Presidential_New-768x511.jpg 768w, https:\/\/www.pacoteshyatt.com.br\/rio-de-janeiro\/wp-content\/uploads\/sites\/2\/2023\/06\/1-RIOGH_P460_Presidential_New-1536x1022.jpg 1536w, https:\/\/www.pacoteshyatt.com.br\/rio-de-janeiro\/wp-content\/uploads\/sites\/2\/2023\/06\/1-RIOGH_P460_Presidential_New-2048x1363.jpg 2048w, https:\/\/www.pacoteshyatt.com.br\/rio-de-janeiro\/wp-content\/uploads\/sites\/2\/2023\/06\/1-RIOGH_P460_Presidential_New-438x292.jpg 438w, https:\/\/www.pacoteshyatt.com.br\/rio-de-janeiro\/wp-content\/uploads\/sites\/2\/2023\/06\/1-RIOGH_P460_Presidential_New-237x158.jpg 237w, https:\/\/www.pacoteshyatt.com.br\/rio-de-janeiro\/wp-content\/uploads\/sites\/2\/2023\/06\/1-RIOGH_P460_Presidential_New-348x232.jpg 348w\" sizes=\"(max-width: 153px) 100vw, 153px\" \/>                                <\/div>\n                                                            <div class=\"swiper-slide\">\n                                   <img width=\"153\" height=\"102\" src=\"https:\/\/www.pacoteshyatt.com.br\/rio-de-janeiro\/wp-content\/uploads\/sites\/2\/2023\/06\/Grand-Club-Twin-2_RIOGH_P242-Twin-Room-scaled.jpg\" class=\"attachment-153x104 size-153x104\" alt=\"quarto com duas camas no Rio de Janeiro\" loading=\"lazy\" srcset=\"https:\/\/www.pacoteshyatt.com.br\/rio-de-janeiro\/wp-content\/uploads\/sites\/2\/2023\/06\/Grand-Club-Twin-2_RIOGH_P242-Twin-Room-scaled.jpg 2560w, https:\/\/www.pacoteshyatt.com.br\/rio-de-janeiro\/wp-content\/uploads\/sites\/2\/2023\/06\/Grand-Club-Twin-2_RIOGH_P242-Twin-Room-300x200.jpg 300w, https:\/\/www.pacoteshyatt.com.br\/rio-de-janeiro\/wp-content\/uploads\/sites\/2\/2023\/06\/Grand-Club-Twin-2_RIOGH_P242-Twin-Room-1024x682.jpg 1024w, https:\/\/www.pacoteshyatt.com.br\/rio-de-janeiro\/wp-content\/uploads\/sites\/2\/2023\/06\/Grand-Club-Twin-2_RIOGH_P242-Twin-Room-768x511.jpg 768w, https:\/\/www.pacoteshyatt.com.br\/rio-de-janeiro\/wp-content\/uploads\/sites\/2\/2023\/06\/Grand-Club-Twin-2_RIOGH_P242-Twin-Room-1536x1022.jpg 1536w, https:\/\/www.pacoteshyatt.com.br\/rio-de-janeiro\/wp-content\/uploads\/sites\/2\/2023\/06\/Grand-Club-Twin-2_RIOGH_P242-Twin-Room-2048x1363.jpg 2048w, https:\/\/www.pacoteshyatt.com.br\/rio-de-janeiro\/wp-content\/uploads\/sites\/2\/2023\/06\/Grand-Club-Twin-2_RIOGH_P242-Twin-Room-438x292.jpg 438w, https:\/\/www.pacoteshyatt.com.br\/rio-de-janeiro\/wp-content\/uploads\/sites\/2\/2023\/06\/Grand-Club-Twin-2_RIOGH_P242-Twin-Room-237x158.jpg 237w, https:\/\/www.pacoteshyatt.com.br\/rio-de-janeiro\/wp-content\/uploads\/sites\/2\/2023\/06\/Grand-Club-Twin-2_RIOGH_P242-Twin-Room-348x232.jpg 348w\" sizes=\"(max-width: 153px) 100vw, 153px\" \/>                                <\/div>\n                                                            <div class=\"swiper-slide\">\n                                   <img width=\"153\" height=\"104\" src=\"https:\/\/www.pacoteshyatt.com.br\/rio-de-janeiro\/wp-content\/uploads\/sites\/2\/2023\/04\/hospedagem-grand-hyatt-rio-de-janeiro-462x313.jpg\" class=\"attachment-153x104 size-153x104\" alt=\"f\u00e9rias no Rio de Janeiro no Hyatt Rio\" loading=\"lazy\" \/>                                <\/div>\n                                                    <\/div>\n                    <\/div>\n                <\/div>\n        \n\t<\/div>\n\n\n\n<div class=\"col-12 col-md-6\">\n\t\t\t\n\n<div class=\"wp-container-69f5d43591771 wp-block-group description-content\">\n<h2>Passe o Ver\u00e3o no Grand Hyatt<\/h2>\n\n\n\n<p>Localizado entre o azul da Praia da Barra, e o verde da Lagoa de Marapendi, o Grand Hyatt Rio de Janeiro \u00e9 o local ideal para quem busca relaxar e se refrescar durante o ver\u00e3o carioca.  <br><br><br>Viva essa experi\u00eancia no maior resort urbano do Rio de Janeiro.<\/p>\n\n\n\n<p class=\"has-text-align-center\"><a href=\"https:\/\/www.hyatt.com\/pt-PT\/hotel\/brazil\/grand-hyatt-rio-de-janeiro\/riogh\">Reserve agora!<\/a><\/p>\n<\/div>\n\n\t<\/div>\n\n<\/div>\n\n<\/div>\n<\/div>\n\n\n        <div class=\"destaques-section d-md-block\">\n            <div class=\"container\">\n                <div class=\"row\">\n                    <div class=\"inner-destaques-col col-12\">\n                        <div class=\"all-section-title\">\n                            <h2>Complemente sua experi\u00eancia com as ofertas de ver\u00e3o:<\/h2>\n                        <\/div>\n                                                    <div class=\"swiper-container\">\n                               <div class=\"swiper-wrapper\">\n                                                                      <div class=\"swiper-slide product type-product post-6308 status-publish first instock product_cat-atiaia-spa-fitness product_cat-day-use-piscina-hotel-rio-de-janeiro product_cat-inverno has-post-thumbnail featured virtual purchasable product-type-simple\" >\n                                       <div>\n                                           <a href=\"https:\/\/www.pacoteshyatt.com.br\/rio-de-janeiro\/product\/cafe-da-manha-day-use-piscina-massagem\/\" class=\"woocommerce-LoopProduct-link woocommerce-loop-product__link\"><img class=\"catalog-image\" src=\"https:\/\/www.pacoteshyatt.com.br\/rio-de-janeiro\/wp-content\/uploads\/sites\/2\/2022\/03\/oferta_spa-pacote-piscina-massagem-cafe-da-manha.jpg\"\/><\/a>                                           <div class=\"product-details\">\n                                               <a href=\"https:\/\/www.pacoteshyatt.com.br\/rio-de-janeiro\/product\/cafe-da-manha-day-use-piscina-massagem\/\" class=\"woocommerce-LoopProduct-link woocommerce-loop-product__link\"><h2 class=\"woocommerce-loop-product__title\">Caf\u00e9 da manh\u00e3 + Day use piscina + Massagem | Dias de Semana<\/h2><\/a>                                           <\/div>\n                                       <\/div>\n                                       <div>\n                                           <div class=\"product-details\">\n                                               \n<div class=\"price\"><span class=\"part\">&nbsp;<\/span><strong class=\"price\">&#82;&#36; 720,00<\/strong><\/div>\n<div class=\"d-flex justify-content-between align-items-center mb-2 mr-3\">\n<a href=\"https:\/\/www.pacoteshyatt.com.br\/rio-de-janeiro\/product\/cafe-da-manha-day-use-piscina-massagem\/\" class=\"btn button product_type_simple add_to_cart_button ajax_add_to_cart\" >Saiba Mais<\/a><span class=\"cart-icon pr-2\"><a href=\"?add-to-cart=6308\" data-quantity=\"1\" class=\"button product_type_simple add_to_cart_button ajax_add_to_cart\" data-product_id=\"6308\" data-product_sku=\"\" aria-label=\"Adicionar &ldquo;Caf\u00e9 da manh\u00e3 + Day use piscina + Massagem | Dias de Semana&rdquo; no seu carrinho\" rel=\"nofollow\"><\/a><\/span><\/div>\n                                           <\/div>\n                                       <\/div>\n                                   <\/div>\n                                                                      <div class=\"swiper-slide product type-product post-45 status-publish instock product_cat-destaque product_cat-gastronomia product_cat-ofertas-de-gastronomia product_cat-inverno product_cat-ofertas-gastronomicas product_cat-portas-abertas has-post-thumbnail virtual purchasable product-type-variable\" >\n                                       <div>\n                                           <a href=\"https:\/\/www.pacoteshyatt.com.br\/rio-de-janeiro\/product\/cafe-da-manha\/\" class=\"woocommerce-LoopProduct-link woocommerce-loop-product__link\"><img class=\"catalog-image\" src=\"https:\/\/www.pacoteshyatt.com.br\/rio-de-janeiro\/wp-content\/uploads\/sites\/2\/2020\/10\/cafe-da-manha-308x200-1.png\"\/><\/a>                                           <div class=\"product-details\">\n                                               <a href=\"https:\/\/www.pacoteshyatt.com.br\/rio-de-janeiro\/product\/cafe-da-manha\/\" class=\"woocommerce-LoopProduct-link woocommerce-loop-product__link\"><h2 class=\"woocommerce-loop-product__title\">Caf\u00e9 da Manh\u00e3 do Tano<\/h2><\/a>                                           <\/div>\n                                       <\/div>\n                                       <div>\n                                           <div class=\"product-details\">\n                                               \n<div class=\"price\"><span class=\"part\">&nbsp;<\/span><strong class=\"price\">&#82;&#36; 149,60<\/strong><\/div>\n<div class=\"d-flex justify-content-between align-items-center mb-2 mr-3\">\n<a href=\"https:\/\/www.pacoteshyatt.com.br\/rio-de-janeiro\/product\/cafe-da-manha\/\" class=\"btn button product_type_variable add_to_cart_button\" >Saiba Mais<\/a><span class=\"cart-icon pr-2\"><a href=\"https:\/\/www.pacoteshyatt.com.br\/rio-de-janeiro\/product\/cafe-da-manha\/\" data-quantity=\"1\" class=\"button product_type_variable add_to_cart_button\" data-product_id=\"45\" data-product_sku=\"\" aria-label=\"Selecione as op\u00e7\u00f5es para &ldquo;Caf\u00e9 da Manh\u00e3 do Tano&rdquo;\" rel=\"nofollow\"><\/a><\/span><\/div>\n                                           <\/div>\n                                       <\/div>\n                                   <\/div>\n                                                                      <div class=\"swiper-slide product type-product post-69 status-publish instock product_cat-atiaia-spa-fitness product_cat-inverno product_cat-pacotes-de-massagens product_cat-portas-abertas product_cat-ofertas-de-spa has-post-thumbnail virtual purchasable product-type-simple\" >\n                                       <div>\n                                           <a href=\"https:\/\/www.pacoteshyatt.com.br\/rio-de-janeiro\/product\/massagem-pedras-quentes\/\" class=\"woocommerce-LoopProduct-link woocommerce-loop-product__link\"><img class=\"catalog-image\" src=\"https:\/\/www.pacoteshyatt.com.br\/rio-de-janeiro\/wp-content\/uploads\/sites\/2\/2020\/10\/2976.jpg\"\/><\/a>                                           <div class=\"product-details\">\n                                               <a href=\"https:\/\/www.pacoteshyatt.com.br\/rio-de-janeiro\/product\/massagem-pedras-quentes\/\" class=\"woocommerce-LoopProduct-link woocommerce-loop-product__link\"><h2 class=\"woocommerce-loop-product__title\">Massagem Pedras Quentes<\/h2><\/a>                                           <\/div>\n                                       <\/div>\n                                       <div>\n                                           <div class=\"product-details\">\n                                               \n<div class=\"price\"><span class=\"part\">&nbsp;<\/span><strong class=\"price\">&#82;&#36; 528,00<\/strong><\/div>\n<div class=\"d-flex justify-content-between align-items-center mb-2 mr-3\">\n<a href=\"https:\/\/www.pacoteshyatt.com.br\/rio-de-janeiro\/product\/massagem-pedras-quentes\/\" class=\"btn button product_type_simple add_to_cart_button ajax_add_to_cart\" >Saiba Mais<\/a><span class=\"cart-icon pr-2\"><a href=\"?add-to-cart=69\" data-quantity=\"1\" class=\"button product_type_simple add_to_cart_button ajax_add_to_cart\" data-product_id=\"69\" data-product_sku=\"\" aria-label=\"Adicionar &ldquo;Massagem Pedras Quentes&rdquo; no seu carrinho\" rel=\"nofollow\"><\/a><\/span><\/div>\n                                           <\/div>\n                                       <\/div>\n                                   <\/div>\n                                                                  <\/div>\n                           <\/div>\n                           <div class=\"swiper-button-next\"><\/div>\n                           <div class=\"swiper-button-prev\"><\/div>\n                                        <\/div>\n                <\/div>\n            <\/div>\n        <\/div>\n                       \n        ","protected":false},"excerpt":{"rendered":"","protected":false},"author":106058,"featured_media":12606,"parent":0,"menu_order":0,"comment_status":"closed","ping_status":"closed","template":"","meta":{"_eb_attr":""},"yoast_head":"<!-- This site is optimized with the Yoast SEO plugin v18.4.1 - https:\/\/yoast.com\/wordpress\/plugins\/seo\/ -->\n<title>Ver\u00e3o no Grand Hyatt - Pacotes Hyatt Rio de Janeiro<\/title>\n<meta name=\"description\" content=\"Nesse Ver\u00e3o o Grand Hyatt Rio de Janeiro preparou um cronograma de atividades para voc\u00ea aproveitar da melhor forma!\" \/>\n<meta name=\"robots\" content=\"index, follow, max-snippet:-1, max-image-preview:large, max-video-preview:-1\" \/>\n<link rel=\"canonical\" href=\"https:\/\/www.pacoteshyatt.com.br\/rio-de-janeiro\/ferias-no-rio\/\" \/>\n<meta property=\"og:locale\" content=\"pt_BR\" \/>\n<meta property=\"og:type\" content=\"article\" \/>\n<meta property=\"og:title\" content=\"Ver\u00e3o no Grand Hyatt - Pacotes Hyatt Rio de Janeiro\" \/>\n<meta property=\"og:description\" content=\"Nesse Ver\u00e3o o Grand Hyatt Rio de Janeiro preparou um cronograma de atividades para voc\u00ea aproveitar da melhor forma!\" \/>\n<meta property=\"og:url\" content=\"https:\/\/www.pacoteshyatt.com.br\/rio-de-janeiro\/ferias-no-rio\/\" \/>\n<meta property=\"og:site_name\" content=\"GRAND HYATT RIO DE JANEIRO\" \/>\n<meta property=\"article:modified_time\" content=\"2024-02-01T14:17:28+00:00\" \/>\n<meta property=\"og:image\" content=\"https:\/\/www.pacoteshyatt.com.br\/rio-de-janeiro\/wp-content\/uploads\/sites\/2\/2023\/12\/Design-sem-nome-23.png\" \/>\n\t<meta property=\"og:image:width\" content=\"425\" \/>\n\t<meta property=\"og:image:height\" content=\"425\" \/>\n\t<meta property=\"og:image:type\" content=\"image\/png\" \/>\n<meta name=\"twitter:card\" content=\"summary_large_image\" \/>\n<meta name=\"twitter:label1\" content=\"Est. tempo de leitura\" \/>\n\t<meta name=\"twitter:data1\" content=\"2 minutos\" \/>\n<script type=\"application\/ld+json\" class=\"yoast-schema-graph\">{\"@context\":\"https:\/\/schema.org\",\"@graph\":[{\"@type\":\"WebSite\",\"@id\":\"https:\/\/www.pacoteshyatt.com.br\/rio-de-janeiro\/#website\",\"url\":\"https:\/\/www.pacoteshyatt.com.br\/rio-de-janeiro\/\",\"name\":\"GRAND HYATT RIO DE JANEIRO\",\"description\":\"Um verdadeiro resort urbano na Barra da Tijuca!\",\"potentialAction\":[{\"@type\":\"SearchAction\",\"target\":{\"@type\":\"EntryPoint\",\"urlTemplate\":\"https:\/\/www.pacoteshyatt.com.br\/rio-de-janeiro\/?s={search_term_string}\"},\"query-input\":\"required name=search_term_string\"}],\"inLanguage\":\"pt-BR\"},{\"@type\":\"ImageObject\",\"@id\":\"https:\/\/www.pacoteshyatt.com.br\/rio-de-janeiro\/ferias-no-rio\/#primaryimage\",\"inLanguage\":\"pt-BR\",\"url\":\"https:\/\/www.pacoteshyatt.com.br\/rio-de-janeiro\/wp-content\/uploads\/sites\/2\/2023\/12\/Design-sem-nome-23.png\",\"contentUrl\":\"https:\/\/www.pacoteshyatt.com.br\/rio-de-janeiro\/wp-content\/uploads\/sites\/2\/2023\/12\/Design-sem-nome-23.png\",\"width\":425,\"height\":425,\"caption\":\"Ver\u00e3o no Rio de Janeiro \u00e9 no Grand Hyatt\"},{\"@type\":\"WebPage\",\"@id\":\"https:\/\/www.pacoteshyatt.com.br\/rio-de-janeiro\/ferias-no-rio\/#webpage\",\"url\":\"https:\/\/www.pacoteshyatt.com.br\/rio-de-janeiro\/ferias-no-rio\/\",\"name\":\"Ver\u00e3o no Grand Hyatt - Pacotes Hyatt Rio de Janeiro\",\"isPartOf\":{\"@id\":\"https:\/\/www.pacoteshyatt.com.br\/rio-de-janeiro\/#website\"},\"primaryImageOfPage\":{\"@id\":\"https:\/\/www.pacoteshyatt.com.br\/rio-de-janeiro\/ferias-no-rio\/#primaryimage\"},\"datePublished\":\"2023-06-14T13:34:47+00:00\",\"dateModified\":\"2024-02-01T14:17:28+00:00\",\"description\":\"Nesse Ver\u00e3o o Grand Hyatt Rio de Janeiro preparou um cronograma de atividades para voc\u00ea aproveitar da melhor forma!\",\"breadcrumb\":{\"@id\":\"https:\/\/www.pacoteshyatt.com.br\/rio-de-janeiro\/ferias-no-rio\/#breadcrumb\"},\"inLanguage\":\"pt-BR\",\"potentialAction\":[{\"@type\":\"ReadAction\",\"target\":[\"https:\/\/www.pacoteshyatt.com.br\/rio-de-janeiro\/ferias-no-rio\/\"]}]},{\"@type\":\"BreadcrumbList\",\"@id\":\"https:\/\/www.pacoteshyatt.com.br\/rio-de-janeiro\/ferias-no-rio\/#breadcrumb\",\"itemListElement\":[{\"@type\":\"ListItem\",\"position\":1,\"name\":\"Home\",\"item\":\"https:\/\/www.pacoteshyatt.com.br\/rio-de-janeiro\/\"},{\"@type\":\"ListItem\",\"position\":2,\"name\":\"Ver\u00e3o no Rio\"}]}]}<\/script>\n<!-- \/ Yoast SEO plugin. -->","yoast_head_json":{"title":"Ver\u00e3o no Grand Hyatt - Pacotes Hyatt Rio de Janeiro","description":"Nesse Ver\u00e3o o Grand Hyatt Rio de Janeiro preparou um cronograma de atividades para voc\u00ea aproveitar da melhor forma!","robots":{"index":"index","follow":"follow","max-snippet":"max-snippet:-1","max-image-preview":"max-image-preview:large","max-video-preview":"max-video-preview:-1"},"canonical":"https:\/\/www.pacoteshyatt.com.br\/rio-de-janeiro\/ferias-no-rio\/","og_locale":"pt_BR","og_type":"article","og_title":"Ver\u00e3o no Grand Hyatt - Pacotes Hyatt Rio de Janeiro","og_description":"Nesse Ver\u00e3o o Grand Hyatt Rio de Janeiro preparou um cronograma de atividades para voc\u00ea aproveitar da melhor forma!","og_url":"https:\/\/www.pacoteshyatt.com.br\/rio-de-janeiro\/ferias-no-rio\/","og_site_name":"GRAND HYATT RIO DE JANEIRO","article_modified_time":"2024-02-01T14:17:28+00:00","og_image":[{"width":425,"height":425,"url":"https:\/\/www.pacoteshyatt.com.br\/rio-de-janeiro\/wp-content\/uploads\/sites\/2\/2023\/12\/Design-sem-nome-23.png","type":"image\/png"}],"twitter_card":"summary_large_image","twitter_misc":{"Est. tempo de leitura":"2 minutos"},"schema":{"@context":"https:\/\/schema.org","@graph":[{"@type":"WebSite","@id":"https:\/\/www.pacoteshyatt.com.br\/rio-de-janeiro\/#website","url":"https:\/\/www.pacoteshyatt.com.br\/rio-de-janeiro\/","name":"GRAND HYATT RIO DE JANEIRO","description":"Um verdadeiro resort urbano na Barra da Tijuca!","potentialAction":[{"@type":"SearchAction","target":{"@type":"EntryPoint","urlTemplate":"https:\/\/www.pacoteshyatt.com.br\/rio-de-janeiro\/?s={search_term_string}"},"query-input":"required name=search_term_string"}],"inLanguage":"pt-BR"},{"@type":"ImageObject","@id":"https:\/\/www.pacoteshyatt.com.br\/rio-de-janeiro\/ferias-no-rio\/#primaryimage","inLanguage":"pt-BR","url":"https:\/\/www.pacoteshyatt.com.br\/rio-de-janeiro\/wp-content\/uploads\/sites\/2\/2023\/12\/Design-sem-nome-23.png","contentUrl":"https:\/\/www.pacoteshyatt.com.br\/rio-de-janeiro\/wp-content\/uploads\/sites\/2\/2023\/12\/Design-sem-nome-23.png","width":425,"height":425,"caption":"Ver\u00e3o no Rio de Janeiro \u00e9 no Grand Hyatt"},{"@type":"WebPage","@id":"https:\/\/www.pacoteshyatt.com.br\/rio-de-janeiro\/ferias-no-rio\/#webpage","url":"https:\/\/www.pacoteshyatt.com.br\/rio-de-janeiro\/ferias-no-rio\/","name":"Ver\u00e3o no Grand Hyatt - Pacotes Hyatt Rio de Janeiro","isPartOf":{"@id":"https:\/\/www.pacoteshyatt.com.br\/rio-de-janeiro\/#website"},"primaryImageOfPage":{"@id":"https:\/\/www.pacoteshyatt.com.br\/rio-de-janeiro\/ferias-no-rio\/#primaryimage"},"datePublished":"2023-06-14T13:34:47+00:00","dateModified":"2024-02-01T14:17:28+00:00","description":"Nesse Ver\u00e3o o Grand Hyatt Rio de Janeiro preparou um cronograma de atividades para voc\u00ea aproveitar da melhor forma!","breadcrumb":{"@id":"https:\/\/www.pacoteshyatt.com.br\/rio-de-janeiro\/ferias-no-rio\/#breadcrumb"},"inLanguage":"pt-BR","potentialAction":[{"@type":"ReadAction","target":["https:\/\/www.pacoteshyatt.com.br\/rio-de-janeiro\/ferias-no-rio\/"]}]},{"@type":"BreadcrumbList","@id":"https:\/\/www.pacoteshyatt.com.br\/rio-de-janeiro\/ferias-no-rio\/#breadcrumb","itemListElement":[{"@type":"ListItem","position":1,"name":"Home","item":"https:\/\/www.pacoteshyatt.com.br\/rio-de-janeiro\/"},{"@type":"ListItem","position":2,"name":"Ver\u00e3o no Rio"}]}]}},"_links":{"self":[{"href":"https:\/\/www.pacoteshyatt.com.br\/rio-de-janeiro\/wp-json\/wp\/v2\/pages\/9446"}],"collection":[{"href":"https:\/\/www.pacoteshyatt.com.br\/rio-de-janeiro\/wp-json\/wp\/v2\/pages"}],"about":[{"href":"https:\/\/www.pacoteshyatt.com.br\/rio-de-janeiro\/wp-json\/wp\/v2\/types\/page"}],"author":[{"embeddable":true,"href":"https:\/\/www.pacoteshyatt.com.br\/rio-de-janeiro\/wp-json\/wp\/v2\/users\/106058"}],"replies":[{"embeddable":true,"href":"https:\/\/www.pacoteshyatt.com.br\/rio-de-janeiro\/wp-json\/wp\/v2\/comments?post=9446"}],"version-history":[{"count":174,"href":"https:\/\/www.pacoteshyatt.com.br\/rio-de-janeiro\/wp-json\/wp\/v2\/pages\/9446\/revisions"}],"predecessor-version":[{"id":13400,"href":"https:\/\/www.pacoteshyatt.com.br\/rio-de-janeiro\/wp-json\/wp\/v2\/pages\/9446\/revisions\/13400"}],"wp:featuredmedia":[{"embeddable":true,"href":"https:\/\/www.pacoteshyatt.com.br\/rio-de-janeiro\/wp-json\/wp\/v2\/media\/12606"}],"wp:attachment":[{"href":"https:\/\/www.pacoteshyatt.com.br\/rio-de-janeiro\/wp-json\/wp\/v2\/media?parent=9446"}],"curies":[{"name":"wp","href":"https:\/\/api.w.org\/{rel}","templated":true}]}}