{"id":11918,"date":"2024-02-28T13:06:26","date_gmt":"2024-02-28T16:06:26","guid":{"rendered":"https:\/\/www.pacoteshyatt.com.br\/sao-paulo\/?page_id=11918"},"modified":"2024-03-22T16:40:23","modified_gmt":"2024-03-22T19:40:23","slug":"eventos","status":"publish","type":"page","link":"https:\/\/www.pacoteshyatt.com.br\/sao-paulo\/eventos\/","title":{"rendered":"Eventos"},"content":{"rendered":"\n<div class=\"wp-container-69efc8859ef80 wp-block-group intro-content-home text-center\"><div class=\"wp-block-group__inner-container\"><div class=\"wp-bootstrap-blocks-container container mb-2\">\n\t\n<div class=\"wp-bootstrap-blocks-row row\">\n\t\n\n<div class=\"col-12 col-md-12 inner-intro-content\">\n\t\t\t\n\n<div class=\"wp-container-69efc8859eab3 wp-block-group inner-content\"><div class=\"wp-block-group__inner-container\">\n<h1>Espa\u00e7o de Eventos em S\u00e3o Paulo &#8211; EGH<\/h1>\n\n\n\n<p> <\/p>\n\n\n\n<p>Nossos <strong>Espa\u00e7os para Eventos<\/strong> foram projetados para receber encontros extraordin\u00e1rios, marcando a paisagem e a hist\u00f3ria da cidade de S\u00e3o Paulo com sofistica\u00e7\u00e3o. Seja para uma <strong>reuni\u00e3o ou grandes eventos em S\u00e3o Paulo<\/strong>, oferecemos espa\u00e7os vers\u00e1teis que proporcionam a voc\u00ea e aos seus convidados um evento \u00fanico e memor\u00e1vel.<\/p>\n\n\n\n<p><br>Contamos com 27 espa\u00e7os para atender \u00e0s suas prefer\u00eancias e possu\u00edmos um conjunto de ferramentas tecnol\u00f3gicas ao dispor para promover a intera\u00e7\u00e3o e comunica\u00e7\u00e3o audiovisual que desejar.<\/p>\n\n\n\n<p><br>Seja a sua prefer\u00eancia um almo\u00e7o buffet descontra\u00eddo, um coffee break revitalizante ou um coquetel elegante com aperitivos servidos por nossos mordomos especializados, proporcionamos uma ampla gama de menus criativos, repletos de sabores e iguarias que elevam qualquer evento a uma experi\u00eancia inesquec\u00edvel.<\/p>\n\n\n\n<p><br>Estamos ansiosos para receb\u00ea-lo em nossos elegantes <strong>Espa\u00e7os para Eventos<\/strong> em S\u00e3o Paulo que somente os Hot\u00e9is Grand Hyatt podem oferecer!<\/p>\n\n\n\n<p>  <\/p>\n<\/div><\/div>\n\n\t<\/div>\n\n<\/div>\n\n<\/div>\n<\/div><\/div>\n\n\n\n<div class=\"wp-container-69efc8859f98b wp-block-group grand-taste-top-section\"><div class=\"wp-block-group__inner-container\"><div class=\"wp-bootstrap-blocks-container container mb-2 product-descrip-section\">\n\t\n<div class=\"wp-bootstrap-blocks-row row inner-taste-col\">\n\t\n\n<div class=\"col-12 col-md-6\">\n\t\t\t\n\n<figure class=\"wp-block-image size-full\"><img loading=\"lazy\" width=\"544\" height=\"369\" src=\"https:\/\/www.pacoteshyatt.com.br\/sao-paulo\/wp-content\/uploads\/sites\/3\/2024\/03\/Corporativo-Slide-2.png\" alt=\"Espa\u00e7o para Eventos Corporativos em Hotel\" class=\"wp-image-12214\" srcset=\"https:\/\/www.pacoteshyatt.com.br\/sao-paulo\/wp-content\/uploads\/sites\/3\/2024\/03\/Corporativo-Slide-2.png 544w, https:\/\/www.pacoteshyatt.com.br\/sao-paulo\/wp-content\/uploads\/sites\/3\/2024\/03\/Corporativo-Slide-2-300x203.png 300w, https:\/\/www.pacoteshyatt.com.br\/sao-paulo\/wp-content\/uploads\/sites\/3\/2024\/03\/Corporativo-Slide-2-295x200.png 295w, https:\/\/www.pacoteshyatt.com.br\/sao-paulo\/wp-content\/uploads\/sites\/3\/2024\/03\/Corporativo-Slide-2-348x236.png 348w\" sizes=\"(max-width: 544px) 100vw, 544px\" \/><\/figure>\n\n\t<\/div>\n\n\n\n<div class=\"col-12 col-md-6 description-content\">\n\t\t\t\n\n<h2><strong>Eventos Corporativos em Hotel<\/strong><\/h2>\n\n\n\n<p>Seja para grandes eventos, pequenas reuni\u00f5es ou encontros intimistas, as nossas 27 salas disp\u00f5em de entrada e check-in exclusivos, menus personalizados e um gerente de eventos para garantir que sua experi\u00eancia seja impec\u00e1vel. Nosso estacionamento com manobrista coberto possui capacidade para at\u00e9 600 ve\u00edculos, assegurando conveni\u00eancia e seguran\u00e7a. Al\u00e9m disso, nosso inovador Complexo 17 oferece espa\u00e7os adicionais, perfeitos para eventos pequenos e sofisticados.<\/p>\n\n\n\n<p><a href=\"https:\/\/www.pacoteshyatt.com.br\/sao-paulo\/eventos\/corporativos\/\">Conhe\u00e7a!<\/a><\/p>\n\n\t<\/div>\n\n<\/div>\n\n<\/div>\n\n\n<div class=\"wp-bootstrap-blocks-container container mb-2 product-descrip-section\">\n\t\n<div class=\"wp-bootstrap-blocks-row row inner-taste-col\">\n\t\n\n<div class=\"col-12 col-md-6 description-content\">\n\t\t\t\n\n<h2><strong>Eventos Sociais em Hotel<\/strong><\/h2>\n\n\n\n<div class=\"wp-container-69efc8859f478 wp-block-group\"><div class=\"wp-block-group__inner-container\">\n<p class=\"mb-3\">Desfrute a alta gastronomia, a entrada de luz natural e as vistas deslumbrantes da cidade mais vibrante do pa\u00eds no Espa\u00e7o de Eventos do Grand Hyatt S\u00e3o Paulo. Se voc\u00ea est\u00e1 em busca de locais para eventos sociais, nossos espa\u00e7os foram projetados para oferecer um ambiente sofisticado e acolhedor, perfeito para tornar a sua celebra\u00e7\u00e3o verdadeiramente inesquec\u00edvel.<br><\/p>\n<\/div><\/div>\n\n\n\n<p> <a href=\"https:\/\/www.pacoteshyatt.com.br\/sao-paulo\/eventos\/sociais\/\">Saiba mais!<\/a> <\/p>\n\n\t<\/div>\n\n\n\n<div class=\"col-12 col-md-6 p-relative\">\n\t\t\t\n\n<figure class=\"wp-block-image size-full is-style-default\"><img loading=\"lazy\" width=\"544\" height=\"369\" src=\"https:\/\/www.pacoteshyatt.com.br\/sao-paulo\/wp-content\/uploads\/sites\/3\/2024\/03\/Social-Slide-2.png\" alt=\"Espa\u00e7o para Eventos sociais em Hotel\" class=\"wp-image-12217\" srcset=\"https:\/\/www.pacoteshyatt.com.br\/sao-paulo\/wp-content\/uploads\/sites\/3\/2024\/03\/Social-Slide-2.png 544w, https:\/\/www.pacoteshyatt.com.br\/sao-paulo\/wp-content\/uploads\/sites\/3\/2024\/03\/Social-Slide-2-300x203.png 300w, https:\/\/www.pacoteshyatt.com.br\/sao-paulo\/wp-content\/uploads\/sites\/3\/2024\/03\/Social-Slide-2-295x200.png 295w, https:\/\/www.pacoteshyatt.com.br\/sao-paulo\/wp-content\/uploads\/sites\/3\/2024\/03\/Social-Slide-2-348x236.png 348w\" sizes=\"(max-width: 544px) 100vw, 544px\" \/><\/figure>\n\n\t<\/div>\n\n<\/div>\n\n<\/div>\n<\/div><\/div>\n","protected":false},"excerpt":{"rendered":"","protected":false},"author":8,"featured_media":12217,"parent":0,"menu_order":0,"comment_status":"closed","ping_status":"closed","template":"","meta":{"_eb_attr":""},"yoast_head":"<!-- This site is optimized with the Yoast SEO plugin v18.4.1 - https:\/\/yoast.com\/wordpress\/plugins\/seo\/ -->\n<title>Eventos e Festas em Hotel em S\u00e3o Paulo - Grand Hyatt SP<\/title>\n<meta name=\"description\" content=\"Os Espa\u00e7os de Eventos no Hotel Grand Hyatt SP s\u00e3o projetados para ocasi\u00f5es \u00fanicas. Oferecemos sofistica\u00e7\u00e3o para reuni\u00f5es ou grandes eventos. Conhe\u00e7a aqui:\" \/>\n<meta name=\"robots\" content=\"index, follow, max-snippet:-1, max-image-preview:large, max-video-preview:-1\" \/>\n<link rel=\"canonical\" href=\"https:\/\/www.pacoteshyatt.com.br\/sao-paulo\/eventos\/\" \/>\n<meta property=\"og:locale\" content=\"pt_BR\" \/>\n<meta property=\"og:type\" content=\"article\" \/>\n<meta property=\"og:title\" content=\"Eventos e Festas em Hotel em S\u00e3o Paulo - Grand Hyatt SP\" \/>\n<meta property=\"og:description\" content=\"Os Espa\u00e7os de Eventos no Hotel Grand Hyatt SP s\u00e3o projetados para ocasi\u00f5es \u00fanicas. Oferecemos sofistica\u00e7\u00e3o para reuni\u00f5es ou grandes eventos. Conhe\u00e7a aqui:\" \/>\n<meta property=\"og:url\" content=\"https:\/\/www.pacoteshyatt.com.br\/sao-paulo\/eventos\/\" \/>\n<meta property=\"og:site_name\" content=\"GRAND HYATT S\u00c3O PAULO\" \/>\n<meta property=\"article:modified_time\" content=\"2024-03-22T19:40:23+00:00\" \/>\n<meta property=\"og:image\" content=\"https:\/\/www.pacoteshyatt.com.br\/sao-paulo\/wp-content\/uploads\/sites\/3\/2024\/03\/Social-Slide-2.png\" \/>\n\t<meta property=\"og:image:width\" content=\"544\" \/>\n\t<meta property=\"og:image:height\" content=\"369\" \/>\n\t<meta property=\"og:image:type\" content=\"image\/png\" \/>\n<meta name=\"twitter:card\" content=\"summary_large_image\" \/>\n<meta name=\"twitter:label1\" content=\"Est. tempo de leitura\" \/>\n\t<meta name=\"twitter:data1\" content=\"2 minutos\" \/>\n<script type=\"application\/ld+json\" class=\"yoast-schema-graph\">{\"@context\":\"https:\/\/schema.org\",\"@graph\":[{\"@type\":\"WebSite\",\"@id\":\"https:\/\/www.pacoteshyatt.com.br\/sao-paulo\/#website\",\"url\":\"https:\/\/www.pacoteshyatt.com.br\/sao-paulo\/\",\"name\":\"GRAND HYATT S\u00c3O PAULO\",\"description\":\"S\u00f3 mais um site Hot\u00e9is Grand Hyatt Rio de Janeiro e S\u00e3o Paulo sites\",\"potentialAction\":[{\"@type\":\"SearchAction\",\"target\":{\"@type\":\"EntryPoint\",\"urlTemplate\":\"https:\/\/www.pacoteshyatt.com.br\/sao-paulo\/?s={search_term_string}\"},\"query-input\":\"required name=search_term_string\"}],\"inLanguage\":\"pt-BR\"},{\"@type\":\"ImageObject\",\"@id\":\"https:\/\/www.pacoteshyatt.com.br\/sao-paulo\/eventos\/#primaryimage\",\"inLanguage\":\"pt-BR\",\"url\":\"https:\/\/www.pacoteshyatt.com.br\/sao-paulo\/wp-content\/uploads\/sites\/3\/2024\/03\/Social-Slide-2.png\",\"contentUrl\":\"https:\/\/www.pacoteshyatt.com.br\/sao-paulo\/wp-content\/uploads\/sites\/3\/2024\/03\/Social-Slide-2.png\",\"width\":544,\"height\":369,\"caption\":\"Social-Slide-2\"},{\"@type\":\"WebPage\",\"@id\":\"https:\/\/www.pacoteshyatt.com.br\/sao-paulo\/eventos\/#webpage\",\"url\":\"https:\/\/www.pacoteshyatt.com.br\/sao-paulo\/eventos\/\",\"name\":\"Eventos e Festas em Hotel em S\u00e3o Paulo - Grand Hyatt SP\",\"isPartOf\":{\"@id\":\"https:\/\/www.pacoteshyatt.com.br\/sao-paulo\/#website\"},\"primaryImageOfPage\":{\"@id\":\"https:\/\/www.pacoteshyatt.com.br\/sao-paulo\/eventos\/#primaryimage\"},\"datePublished\":\"2024-02-28T16:06:26+00:00\",\"dateModified\":\"2024-03-22T19:40:23+00:00\",\"description\":\"Os Espa\u00e7os de Eventos no Hotel Grand Hyatt SP s\u00e3o projetados para ocasi\u00f5es \u00fanicas. Oferecemos sofistica\u00e7\u00e3o para reuni\u00f5es ou grandes eventos. Conhe\u00e7a aqui:\",\"breadcrumb\":{\"@id\":\"https:\/\/www.pacoteshyatt.com.br\/sao-paulo\/eventos\/#breadcrumb\"},\"inLanguage\":\"pt-BR\",\"potentialAction\":[{\"@type\":\"ReadAction\",\"target\":[\"https:\/\/www.pacoteshyatt.com.br\/sao-paulo\/eventos\/\"]}]},{\"@type\":\"BreadcrumbList\",\"@id\":\"https:\/\/www.pacoteshyatt.com.br\/sao-paulo\/eventos\/#breadcrumb\",\"itemListElement\":[{\"@type\":\"ListItem\",\"position\":1,\"name\":\"Home\",\"item\":\"https:\/\/www.pacoteshyatt.com.br\/sao-paulo\/\"},{\"@type\":\"ListItem\",\"position\":2,\"name\":\"Eventos\"}]}]}<\/script>\n<!-- \/ Yoast SEO plugin. -->","yoast_head_json":{"title":"Eventos e Festas em Hotel em S\u00e3o Paulo - Grand Hyatt SP","description":"Os Espa\u00e7os de Eventos no Hotel Grand Hyatt SP s\u00e3o projetados para ocasi\u00f5es \u00fanicas. Oferecemos sofistica\u00e7\u00e3o para reuni\u00f5es ou grandes eventos. Conhe\u00e7a aqui:","robots":{"index":"index","follow":"follow","max-snippet":"max-snippet:-1","max-image-preview":"max-image-preview:large","max-video-preview":"max-video-preview:-1"},"canonical":"https:\/\/www.pacoteshyatt.com.br\/sao-paulo\/eventos\/","og_locale":"pt_BR","og_type":"article","og_title":"Eventos e Festas em Hotel em S\u00e3o Paulo - Grand Hyatt SP","og_description":"Os Espa\u00e7os de Eventos no Hotel Grand Hyatt SP s\u00e3o projetados para ocasi\u00f5es \u00fanicas. Oferecemos sofistica\u00e7\u00e3o para reuni\u00f5es ou grandes eventos. Conhe\u00e7a aqui:","og_url":"https:\/\/www.pacoteshyatt.com.br\/sao-paulo\/eventos\/","og_site_name":"GRAND HYATT S\u00c3O PAULO","article_modified_time":"2024-03-22T19:40:23+00:00","og_image":[{"width":544,"height":369,"url":"https:\/\/www.pacoteshyatt.com.br\/sao-paulo\/wp-content\/uploads\/sites\/3\/2024\/03\/Social-Slide-2.png","type":"image\/png"}],"twitter_card":"summary_large_image","twitter_misc":{"Est. tempo de leitura":"2 minutos"},"schema":{"@context":"https:\/\/schema.org","@graph":[{"@type":"WebSite","@id":"https:\/\/www.pacoteshyatt.com.br\/sao-paulo\/#website","url":"https:\/\/www.pacoteshyatt.com.br\/sao-paulo\/","name":"GRAND HYATT S\u00c3O PAULO","description":"S\u00f3 mais um site Hot\u00e9is Grand Hyatt Rio de Janeiro e S\u00e3o Paulo sites","potentialAction":[{"@type":"SearchAction","target":{"@type":"EntryPoint","urlTemplate":"https:\/\/www.pacoteshyatt.com.br\/sao-paulo\/?s={search_term_string}"},"query-input":"required name=search_term_string"}],"inLanguage":"pt-BR"},{"@type":"ImageObject","@id":"https:\/\/www.pacoteshyatt.com.br\/sao-paulo\/eventos\/#primaryimage","inLanguage":"pt-BR","url":"https:\/\/www.pacoteshyatt.com.br\/sao-paulo\/wp-content\/uploads\/sites\/3\/2024\/03\/Social-Slide-2.png","contentUrl":"https:\/\/www.pacoteshyatt.com.br\/sao-paulo\/wp-content\/uploads\/sites\/3\/2024\/03\/Social-Slide-2.png","width":544,"height":369,"caption":"Social-Slide-2"},{"@type":"WebPage","@id":"https:\/\/www.pacoteshyatt.com.br\/sao-paulo\/eventos\/#webpage","url":"https:\/\/www.pacoteshyatt.com.br\/sao-paulo\/eventos\/","name":"Eventos e Festas em Hotel em S\u00e3o Paulo - Grand Hyatt SP","isPartOf":{"@id":"https:\/\/www.pacoteshyatt.com.br\/sao-paulo\/#website"},"primaryImageOfPage":{"@id":"https:\/\/www.pacoteshyatt.com.br\/sao-paulo\/eventos\/#primaryimage"},"datePublished":"2024-02-28T16:06:26+00:00","dateModified":"2024-03-22T19:40:23+00:00","description":"Os Espa\u00e7os de Eventos no Hotel Grand Hyatt SP s\u00e3o projetados para ocasi\u00f5es \u00fanicas. Oferecemos sofistica\u00e7\u00e3o para reuni\u00f5es ou grandes eventos. Conhe\u00e7a aqui:","breadcrumb":{"@id":"https:\/\/www.pacoteshyatt.com.br\/sao-paulo\/eventos\/#breadcrumb"},"inLanguage":"pt-BR","potentialAction":[{"@type":"ReadAction","target":["https:\/\/www.pacoteshyatt.com.br\/sao-paulo\/eventos\/"]}]},{"@type":"BreadcrumbList","@id":"https:\/\/www.pacoteshyatt.com.br\/sao-paulo\/eventos\/#breadcrumb","itemListElement":[{"@type":"ListItem","position":1,"name":"Home","item":"https:\/\/www.pacoteshyatt.com.br\/sao-paulo\/"},{"@type":"ListItem","position":2,"name":"Eventos"}]}]}},"_links":{"self":[{"href":"https:\/\/www.pacoteshyatt.com.br\/sao-paulo\/wp-json\/wp\/v2\/pages\/11918"}],"collection":[{"href":"https:\/\/www.pacoteshyatt.com.br\/sao-paulo\/wp-json\/wp\/v2\/pages"}],"about":[{"href":"https:\/\/www.pacoteshyatt.com.br\/sao-paulo\/wp-json\/wp\/v2\/types\/page"}],"author":[{"embeddable":true,"href":"https:\/\/www.pacoteshyatt.com.br\/sao-paulo\/wp-json\/wp\/v2\/users\/8"}],"replies":[{"embeddable":true,"href":"https:\/\/www.pacoteshyatt.com.br\/sao-paulo\/wp-json\/wp\/v2\/comments?post=11918"}],"version-history":[{"count":14,"href":"https:\/\/www.pacoteshyatt.com.br\/sao-paulo\/wp-json\/wp\/v2\/pages\/11918\/revisions"}],"predecessor-version":[{"id":18674,"href":"https:\/\/www.pacoteshyatt.com.br\/sao-paulo\/wp-json\/wp\/v2\/pages\/11918\/revisions\/18674"}],"wp:featuredmedia":[{"embeddable":true,"href":"https:\/\/www.pacoteshyatt.com.br\/sao-paulo\/wp-json\/wp\/v2\/media\/12217"}],"wp:attachment":[{"href":"https:\/\/www.pacoteshyatt.com.br\/sao-paulo\/wp-json\/wp\/v2\/media?parent=11918"}],"curies":[{"name":"wp","href":"https:\/\/api.w.org\/{rel}","templated":true}]}}