{"id":11921,"date":"2024-02-28T13:13:03","date_gmt":"2024-02-28T16:13:03","guid":{"rendered":"https:\/\/www.pacoteshyatt.com.br\/sao-paulo\/?page_id=11921"},"modified":"2025-07-25T16:30:19","modified_gmt":"2025-07-25T19:30:19","slug":"corporativos","status":"publish","type":"page","link":"https:\/\/www.pacoteshyatt.com.br\/sao-paulo\/eventos\/corporativos\/","title":{"rendered":"Eventos Corporativos"},"content":{"rendered":"<div class=\"wp-bootstrap-blocks-container container mb-2\">\n\t\n\n<div class=\"wp-container-69f38b4d9bf90 wp-block-group grand-taste-top-section\"><div class=\"wp-block-group__inner-container\"><div class=\"wp-bootstrap-blocks-container container mb-2 product-descrip-section\">\n\t\n<div class=\"wp-bootstrap-blocks-row row inner-taste-col\">\n\t\n\n<div class=\"col-12 col-md-6\">\n\t\t\t\n\n<figure class=\"wp-block-embed is-type-video is-provider-youtube wp-block-embed-youtube wp-embed-aspect-16-9 wp-has-aspect-ratio\"><div class=\"wp-block-embed__wrapper\">\n<iframe loading=\"lazy\" title=\"Novo Espa\u00e7o de Eventos Grand Hyatt\" width=\"500\" height=\"281\" src=\"https:\/\/www.youtube.com\/embed\/j4N_Arj15LQ?feature=oembed&#038;enablejsapi=1&#038;origin=https:\/\/www.pacoteshyatt.com.br\" frameborder=\"0\" allow=\"accelerometer; autoplay; clipboard-write; encrypted-media; gyroscope; picture-in-picture; web-share\" referrerpolicy=\"strict-origin-when-cross-origin\" allowfullscreen><\/iframe>\n<\/div><\/figure>\n\n\t<\/div>\n\n\n\n<div class=\"col-12 col-md-6 description-content\">\n\t\t\t\n\n<h1><strong>Espa\u00e7o para Eventos em Hotel<\/strong><\/h1>\n\n\n\n<p>Nossos <strong>espa\u00e7os para eventos em S\u00e3o Paulo <\/strong>incluem 27 salas para reuni\u00f5es e eventos corporativos com entrada e check-in exclusivos, menus personalizados, gerente de eventos no local e estacionamento com manobrista coberto com capacidade para 600 ve\u00edculos. Al\u00e9m disso, o inovador Complexo 17 oferece espa\u00e7os adicionais para eventos pequenos e sofisticados.<\/p>\n\n\t<\/div>\n\n<\/div>\n\n<\/div>\n<\/div><\/div>\n\n\n        <div class=\"casamentos-form-section\">\n            <div class=\"container\">\n                <div class=\"row inner-casamentos-form\">\n                    <div role=\"form\" class=\"wpcf7\" id=\"wpcf7-f11924-o1\" lang=\"pt-BR\" dir=\"ltr\">\n<div class=\"screen-reader-response\"><p role=\"status\" aria-live=\"polite\" aria-atomic=\"true\"><\/p> <ul><\/ul><\/div>\n<form action=\"\/sao-paulo\/wp-json\/wp\/v2\/pages\/11921#wpcf7-f11924-o1\" method=\"post\" class=\"wpcf7-form init cf7mls-no-scroll cf7mls-no-moving-animation\" novalidate=\"novalidate\" data-status=\"init\">\n<div style=\"display: none;\">\n<input type=\"hidden\" name=\"_wpcf7\" value=\"11924\" \/>\n<input type=\"hidden\" name=\"_wpcf7_version\" value=\"5.5.6\" \/>\n<input type=\"hidden\" name=\"_wpcf7_locale\" value=\"pt_BR\" \/>\n<input type=\"hidden\" name=\"_wpcf7_unit_tag\" value=\"wpcf7-f11924-o1\" \/>\n<input type=\"hidden\" name=\"_wpcf7_container_post\" value=\"0\" \/>\n<input type=\"hidden\" name=\"_wpcf7_posted_data_hash\" value=\"\" \/>\n<\/div>\n<div class=\"all-section-title\">\n<h2>Solicitar or\u00e7amento<\/h2>\n<\/div>\n<div class=\"inner-form-col\">\n<ul>\n<li>\n            <label>NOME<\/label><br \/>\n            <span class=\"wpcf7-form-control-wrap nome\"><input type=\"text\" name=\"nome\" value=\"\" size=\"40\" class=\"wpcf7-form-control wpcf7-text\" aria-invalid=\"false\" \/><\/span>\n        <\/li>\n<li>\n            <label>Empresa<\/label><br \/>\n            <span class=\"wpcf7-form-control-wrap empresa\"><input type=\"text\" name=\"empresa\" value=\"\" size=\"40\" class=\"wpcf7-form-control wpcf7-text wpcf7-validates-as-required\" aria-required=\"true\" aria-invalid=\"false\" \/><\/span>\n        <\/li>\n<li>\n            <label>Data do evento<\/label><br \/>\n            <span class=\"wpcf7-form-control-wrap data\"><input type=\"date\" name=\"data\" value=\"\" class=\"wpcf7-form-control wpcf7-date wpcf7-validates-as-required wpcf7-validates-as-date\" aria-required=\"true\" aria-invalid=\"false\" \/><\/span>\n        <\/li>\n<li>\n            <label>Telefone<\/label><br \/>\n            <span class=\"wpcf7-form-control-wrap telefone\"><input type=\"tel\" name=\"telefone\" value=\"\" size=\"40\" class=\"wpcf7-form-control wpcf7-text wpcf7-tel wpcf7-validates-as-required wpcf7-validates-as-tel\" aria-required=\"true\" aria-invalid=\"false\" \/><\/span>\n        <\/li>\n<li>\n            <label>Hor\u00e1rio<\/label><br \/>\n            <span class=\"wpcf7-form-control-wrap horario\"><input type=\"text\" name=\"horario\" value=\"\" size=\"40\" class=\"wpcf7-form-control wpcf7-text\" aria-invalid=\"false\" \/><\/span>\n        <\/li>\n<li>\n            <label>e-mail corporativo<\/label><br \/>\n            <span class=\"wpcf7-form-control-wrap email\"><input type=\"email\" name=\"email\" value=\"\" size=\"40\" class=\"wpcf7-form-control wpcf7-text wpcf7-email wpcf7-validates-as-required wpcf7-validates-as-email\" aria-required=\"true\" aria-invalid=\"false\" \/><\/span>\n        <\/li>\n<li>\n            <label>N\u00famero de participantes<\/label><br \/>\n            <span class=\"wpcf7-form-control-wrap convidados\"><input type=\"number\" name=\"convidados\" value=\"\" class=\"wpcf7-form-control wpcf7-number wpcf7-validates-as-number\" aria-invalid=\"false\" \/><\/span>\n        <\/li>\n<li>\n            <label>Hospedagem<\/label><br \/>\n            <span class=\"wpcf7-form-control-wrap hospedagem\"><select name=\"hospedagem\" class=\"wpcf7-form-control wpcf7-select\" aria-invalid=\"false\"><option value=\"Sim\">Sim<\/option><option value=\"N\u00e3o\">N\u00e3o<\/option><\/select><\/span>\n        <\/li>\n<li>\n            <label>Quantas acomoda\u00e7\u00f5es?<\/label><br \/>\n            <span class=\"wpcf7-form-control-wrap acomodacoes\"><input type=\"number\" name=\"acomodacoes\" value=\"\" class=\"wpcf7-form-control wpcf7-number wpcf7-validates-as-number\" min=\"1\" max=\"466\" aria-invalid=\"false\" \/><\/span>\n        <\/li>\n<li class=\"full-width text-center\">\n                    <input type=\"submit\" value=\"SOLICITE SEU OR\u00c7AMENTO\" class=\"wpcf7-form-control has-spinner wpcf7-submit btn\" \/>\n        <\/li>\n<\/ul>\n<\/div>\n<div class=\"wpcf7-response-output\" aria-hidden=\"true\"><\/div><\/form><\/div>                <\/div>\n            <\/div>\n        <\/div>\n        \n<\/div>\n\n\n\n<div class=\"wp-container-69f38b4d9e2fb wp-block-group grand-taste-top-section\"><div class=\"wp-block-group__inner-container\"><div class=\"wp-bootstrap-blocks-container container mb-2 product-descrip-section\">\n\t\n<div class=\"wp-bootstrap-blocks-row row inner-taste-col\">\n\t\n\n<div class=\"col-12 col-md-6\">\n\t\t\t\n\n<figure class=\"wp-block-image size-full\"><img loading=\"lazy\" width=\"544\" height=\"369\" src=\"https:\/\/www.pacoteshyatt.com.br\/sao-paulo\/wp-content\/uploads\/sites\/3\/2024\/03\/Grand-Ballroom-Slide-6.png\" alt=\"Eventos Corporativos em Hotel Sal\u00e3o Grand Ballroom\" class=\"wp-image-12232\" srcset=\"https:\/\/www.pacoteshyatt.com.br\/sao-paulo\/wp-content\/uploads\/sites\/3\/2024\/03\/Grand-Ballroom-Slide-6.png 544w, https:\/\/www.pacoteshyatt.com.br\/sao-paulo\/wp-content\/uploads\/sites\/3\/2024\/03\/Grand-Ballroom-Slide-6-300x203.png 300w, https:\/\/www.pacoteshyatt.com.br\/sao-paulo\/wp-content\/uploads\/sites\/3\/2024\/03\/Grand-Ballroom-Slide-6-295x200.png 295w, https:\/\/www.pacoteshyatt.com.br\/sao-paulo\/wp-content\/uploads\/sites\/3\/2024\/03\/Grand-Ballroom-Slide-6-348x236.png 348w\" sizes=\"(max-width: 544px) 100vw, 544px\" \/><\/figure>\n\n\t<\/div>\n\n\n\n<div class=\"col-12 col-md-6 description-content\">\n\t\t\t\n\n<h2>Grand Ballroom<\/h2>\n\n\n\n<div class=\"wp-container-69f38b4d9dde0 wp-block-group\"><div class=\"wp-block-group__inner-container\">\n<p>Com capacidade para at\u00e9 1.200 pessoas, com p\u00e9 direito de 6,8 metros e possibilidade de ser Recomendado para eventos corporativos de grande porte e que tenham a necessidade de recursos de audiovisual, o Grand Ballroom \u00e9 um sal\u00e3o de 1.027 m\u00b2 com janelas do ch\u00e3o ao teto, decora\u00e7\u00e3o sofisticada, design moderno e \u00f3timo sistema de ilumina\u00e7\u00e3o. Features: capacidade de at\u00e9 1.200 pessoas, 6,8m de p\u00e9 direito e modul\u00e1vel em at\u00e9 3 espa\u00e7os separados.<\/p>\n\n\n\n<p><a href=\"https:\/\/visitingmedia.com\/tt8\/?ttid=grand-hyatt-sao-paulo#\/3d-model\/0\/4\">Conhe\u00e7a o espa\u00e7o em um tour virtual!<\/a><\/p>\n\n\n\n<p> <\/p>\n<\/div><\/div>\n\n\t<\/div>\n\n<\/div>\n\n<\/div>\n<\/div><\/div>\n\n\n\n<div class=\"wp-container-69f38b4d9eb86 wp-block-group grand-taste-top-section\"><div class=\"wp-block-group__inner-container\"><div class=\"wp-bootstrap-blocks-container container mb-2 product-descrip-section\">\n\t\n<div class=\"wp-bootstrap-blocks-row row inner-taste-col\">\n\t\n\n<div class=\"col-12 col-md-6 description-content\">\n\t\t\t\n\n<h2>Grand Foyer<\/h2>\n\n\n\n<div class=\"wp-container-69f38b4d9e703 wp-block-group\"><div class=\"wp-block-group__inner-container\">\n<p>Para o momento de networking e descontra\u00e7\u00e3o, ao lado do Grand Ballroom, este espa\u00e7o \u00e9 ideal para o seu coffee break ou coquetel para eventos de grande porte.<\/p>\n\n\n\n<p><a href=\"https:\/\/visitingmedia.com\/tt8\/?ttid=grand-hyatt-sao-paulo#\/3d-model\/0\/10\">Conhe\u00e7a o espa\u00e7o em um tour virtual!<\/a><\/p>\n\n\n\n<p> <\/p>\n<\/div><\/div>\n\n\t<\/div>\n\n\n\n<div class=\"col-12 col-md-6\">\n\t\t\t\n\n<figure class=\"wp-block-image size-full\"><img loading=\"lazy\" width=\"544\" height=\"369\" src=\"https:\/\/www.pacoteshyatt.com.br\/sao-paulo\/wp-content\/uploads\/sites\/3\/2024\/03\/Foyer-Grand-Slide-6_.png\" alt=\"Eventos Corporativos em Hotel Sal\u00e3o Grand Foyer\" class=\"wp-image-12240\" srcset=\"https:\/\/www.pacoteshyatt.com.br\/sao-paulo\/wp-content\/uploads\/sites\/3\/2024\/03\/Foyer-Grand-Slide-6_.png 544w, https:\/\/www.pacoteshyatt.com.br\/sao-paulo\/wp-content\/uploads\/sites\/3\/2024\/03\/Foyer-Grand-Slide-6_-300x203.png 300w, https:\/\/www.pacoteshyatt.com.br\/sao-paulo\/wp-content\/uploads\/sites\/3\/2024\/03\/Foyer-Grand-Slide-6_-295x200.png 295w, https:\/\/www.pacoteshyatt.com.br\/sao-paulo\/wp-content\/uploads\/sites\/3\/2024\/03\/Foyer-Grand-Slide-6_-348x236.png 348w\" sizes=\"(max-width: 544px) 100vw, 544px\" \/><\/figure>\n\n\t<\/div>\n\n<\/div>\n\n<\/div>\n<\/div><\/div>\n\n\n\n<div class=\"wp-container-69f38b4d9f40c wp-block-group grand-taste-top-section\"><div class=\"wp-block-group__inner-container\"><div class=\"wp-bootstrap-blocks-container container mb-2 product-descrip-section\">\n\t\n<div class=\"wp-bootstrap-blocks-row row inner-taste-col\">\n\t\n\n<div class=\"col-12 col-md-6\">\n\t\t\t\n\n<figure class=\"wp-block-image size-full\"><img loading=\"lazy\" width=\"544\" height=\"369\" src=\"https:\/\/www.pacoteshyatt.com.br\/sao-paulo\/wp-content\/uploads\/sites\/3\/2024\/03\/Vanguarda-Ballroom-Slide-6_.png\" alt=\"Eventos Corporativos em Hotel Sal\u00e3o Vanguarda Ballroom\" class=\"wp-image-12236\" srcset=\"https:\/\/www.pacoteshyatt.com.br\/sao-paulo\/wp-content\/uploads\/sites\/3\/2024\/03\/Vanguarda-Ballroom-Slide-6_.png 544w, https:\/\/www.pacoteshyatt.com.br\/sao-paulo\/wp-content\/uploads\/sites\/3\/2024\/03\/Vanguarda-Ballroom-Slide-6_-300x203.png 300w, https:\/\/www.pacoteshyatt.com.br\/sao-paulo\/wp-content\/uploads\/sites\/3\/2024\/03\/Vanguarda-Ballroom-Slide-6_-295x200.png 295w, https:\/\/www.pacoteshyatt.com.br\/sao-paulo\/wp-content\/uploads\/sites\/3\/2024\/03\/Vanguarda-Ballroom-Slide-6_-348x236.png 348w\" sizes=\"(max-width: 544px) 100vw, 544px\" \/><\/figure>\n\n\t<\/div>\n\n\n\n<div class=\"col-12 col-md-6 description-content\">\n\t\t\t\n\n<h2>Vanguarda Ballroom<\/h2>\n\n\n\n<div class=\"wp-container-69f38b4d9efd2 wp-block-group\"><div class=\"wp-block-group__inner-container\">\n<p>Com capacidade para at\u00e9 470 pessoas, com p\u00e9 direito de 5,5 metros e possibilidade de ser Recomendado para eventos de grande porte e que tenham a necessidade de recursos de audiovisual, o Grand Ballroom \u00e9 um sal\u00e3o de 1.027 m\u00b2 com janelas do ch\u00e3o ao teto, decora\u00e7\u00e3o sofisticada, design moderno e \u00f3timo sistema de ilumina\u00e7\u00e3o. Features: o espa\u00e7o para eventos possui a capacidade de at\u00e9 1.200 pessoas, 6,8m de p\u00e9 direito e modul\u00e1vel em at\u00e9 3 espa\u00e7os separados.<\/p>\n\n\n\n<p><a href=\"https:\/\/visitingmedia.com\/tt8\/?ttid=grand-hyatt-sao-paulo#\/3d-model\/0\/9\">Conhe\u00e7a o espa\u00e7o em um tour virtual!<\/a><\/p>\n\n\n\n<p> <\/p>\n<\/div><\/div>\n\n\t<\/div>\n\n<\/div>\n\n<\/div>\n<\/div><\/div>\n\n\n\n<div class=\"wp-container-69f38b4d9fcd1 wp-block-group grand-taste-top-section\"><div class=\"wp-block-group__inner-container\"><div class=\"wp-bootstrap-blocks-container container mb-2 product-descrip-section\">\n\t\n<div class=\"wp-bootstrap-blocks-row row inner-taste-col\">\n\t\n\n<div class=\"col-12 col-md-6 description-content\">\n\t\t\t\n\n<h2>Foyer Vanguarda Ballroom<\/h2>\n\n\n\n<div class=\"wp-container-69f38b4d9f865 wp-block-group\"><div class=\"wp-block-group__inner-container\">\n<p>Localizado ao lado do Vanguarda Ballroom, o Foyer Vanguarda Ballroom \u00e9 o espa\u00e7o ideal para servir o seu coffee break ou coquetel.<\/p>\n\n\n\n<p><a href=\"https:\/\/visitingmedia.com\/tt8\/?ttid=grand-hyatt-sao-paulo#\/3d-model\/0\/10\">Conhe\u00e7a o espa\u00e7o em um tour virtual!<\/a><\/p>\n\n\n\n<p> <\/p>\n<\/div><\/div>\n\n\t<\/div>\n\n\n\n<div class=\"col-12 col-md-6\">\n\t\t\t\n\n<figure class=\"wp-block-image size-full\"><img loading=\"lazy\" width=\"544\" height=\"369\" src=\"https:\/\/www.pacoteshyatt.com.br\/sao-paulo\/wp-content\/uploads\/sites\/3\/2024\/03\/Foyer-Vanguarda-Slide-6.png\" alt=\"cc\" class=\"wp-image-12230\" srcset=\"https:\/\/www.pacoteshyatt.com.br\/sao-paulo\/wp-content\/uploads\/sites\/3\/2024\/03\/Foyer-Vanguarda-Slide-6.png 544w, https:\/\/www.pacoteshyatt.com.br\/sao-paulo\/wp-content\/uploads\/sites\/3\/2024\/03\/Foyer-Vanguarda-Slide-6-300x203.png 300w, https:\/\/www.pacoteshyatt.com.br\/sao-paulo\/wp-content\/uploads\/sites\/3\/2024\/03\/Foyer-Vanguarda-Slide-6-295x200.png 295w, https:\/\/www.pacoteshyatt.com.br\/sao-paulo\/wp-content\/uploads\/sites\/3\/2024\/03\/Foyer-Vanguarda-Slide-6-348x236.png 348w\" sizes=\"(max-width: 544px) 100vw, 544px\" \/><\/figure>\n\n\t<\/div>\n\n<\/div>\n\n<\/div>\n<\/div><\/div>\n\n\n\n<div class=\"wp-container-69f38b4da057b wp-block-group grand-taste-top-section\"><div class=\"wp-block-group__inner-container\"><div class=\"wp-bootstrap-blocks-container container mb-2 product-descrip-section\">\n\t\n<div class=\"wp-bootstrap-blocks-row row inner-taste-col\">\n\t\n\n<div class=\"col-12 col-md-6\">\n\t\t\t\n\n<figure class=\"wp-block-image size-full\"><img loading=\"lazy\" width=\"544\" height=\"369\" src=\"https:\/\/www.pacoteshyatt.com.br\/sao-paulo\/wp-content\/uploads\/sites\/3\/2024\/03\/Terraco-Vanguarda-Slide-6.png\" alt=\"Terra\u00e7o para eventos corporativos em hotel\" class=\"wp-image-12234\" srcset=\"https:\/\/www.pacoteshyatt.com.br\/sao-paulo\/wp-content\/uploads\/sites\/3\/2024\/03\/Terraco-Vanguarda-Slide-6.png 544w, https:\/\/www.pacoteshyatt.com.br\/sao-paulo\/wp-content\/uploads\/sites\/3\/2024\/03\/Terraco-Vanguarda-Slide-6-300x203.png 300w, https:\/\/www.pacoteshyatt.com.br\/sao-paulo\/wp-content\/uploads\/sites\/3\/2024\/03\/Terraco-Vanguarda-Slide-6-295x200.png 295w, https:\/\/www.pacoteshyatt.com.br\/sao-paulo\/wp-content\/uploads\/sites\/3\/2024\/03\/Terraco-Vanguarda-Slide-6-348x236.png 348w\" sizes=\"(max-width: 544px) 100vw, 544px\" \/><\/figure>\n\n\t<\/div>\n\n\n\n<div class=\"col-12 col-md-6 description-content\">\n\t\t\t\n\n<h2>Terra\u00e7o Vanguarda<\/h2>\n\n\n\n<div class=\"wp-container-69f38b4da012d wp-block-group\"><div class=\"wp-block-group__inner-container\">\n<p>O espa\u00e7o Terra\u00e7o Vanguarda oferece um ambiente sofisticado, elegante e intimista, com vistas espetaculares da cidade de S\u00e3o Paulo, ideal para eventos com momentos de descontra\u00e7\u00e3o.<\/p>\n\n\n\n<p><a href=\"https:\/\/visitingmedia.com\/tt8\/?ttid=grand-hyatt-sao-paulo#\/3d-model\/0\/9\">Conhe\u00e7a o espa\u00e7o em um tour virtual!<\/a><\/p>\n\n\n\n<p> <\/p>\n<\/div><\/div>\n\n\t<\/div>\n\n<\/div>\n\n<\/div>\n<\/div><\/div>\n\n\n\n<div class=\"wp-container-69f38b4da0dde wp-block-group grand-taste-top-section\"><div class=\"wp-block-group__inner-container\"><div class=\"wp-bootstrap-blocks-container container mb-2 product-descrip-section\">\n\t\n<div class=\"wp-bootstrap-blocks-row row inner-taste-col\">\n\t\n\n<div class=\"col-12 col-md-6 description-content\">\n\t\t\t\n\n<h2>Conex\u00e3o<\/h2>\n\n\n\n<div class=\"wp-container-69f38b4da096d wp-block-group\"><div class=\"wp-block-group__inner-container\">\n<p>Com capacidade para at\u00e9 150 pessoas, com p\u00e9 direito de 3,5 metros e possibilidade de ser dividida em at\u00e9 3 espa\u00e7os separados. Esta <strong>sala de reuni\u00f5es corporativa<\/strong> de 174 m\u00b2 oferece amplas janelas do ch\u00e3o ao teto, equipadas com cortinas eletr\u00f4nicas para controle de luminosidade.<br>Sua versatilidade permite a divis\u00e3o em tr\u00eas salas menores, cada uma equipada com telas embutidas ou TVs de tela plana de 86 polegadas, al\u00e9m de conex\u00f5es audiovisuais. O foyer adjacente e o terra\u00e7o ao ar livre proporcionam flexibilidade adicional para a realiza\u00e7\u00e3o de grandes recep\u00e7\u00f5es.<\/p>\n\n\n\n<p><a href=\"https:\/\/visitingmedia.com\/tt8\/?ttid=grand-hyatt-sao-paulo#\/3d-model\/0\/9\">Conhe\u00e7a o espa\u00e7o em um tour virtual!<\/a><\/p>\n\n\n\n<p> <\/p>\n<\/div><\/div>\n\n\t<\/div>\n\n\n\n<div class=\"col-12 col-md-6\">\n\t\t\t\n\n<figure class=\"wp-block-image size-full\"><img loading=\"lazy\" width=\"544\" height=\"369\" src=\"https:\/\/www.pacoteshyatt.com.br\/sao-paulo\/wp-content\/uploads\/sites\/3\/2024\/03\/Conexao-Slide-6_.png\" alt=\"Espa\u00e7o conex\u00e3o para reuni\u00f5es e eventos em hotel em sp\" class=\"wp-image-12237\" srcset=\"https:\/\/www.pacoteshyatt.com.br\/sao-paulo\/wp-content\/uploads\/sites\/3\/2024\/03\/Conexao-Slide-6_.png 544w, https:\/\/www.pacoteshyatt.com.br\/sao-paulo\/wp-content\/uploads\/sites\/3\/2024\/03\/Conexao-Slide-6_-300x203.png 300w, https:\/\/www.pacoteshyatt.com.br\/sao-paulo\/wp-content\/uploads\/sites\/3\/2024\/03\/Conexao-Slide-6_-295x200.png 295w, https:\/\/www.pacoteshyatt.com.br\/sao-paulo\/wp-content\/uploads\/sites\/3\/2024\/03\/Conexao-Slide-6_-348x236.png 348w\" sizes=\"(max-width: 544px) 100vw, 544px\" \/><\/figure>\n\n\t<\/div>\n\n<\/div>\n\n<\/div>\n<\/div><\/div>\n\n\n\n<div class=\"wp-container-69f38b4da1698 wp-block-group grand-taste-top-section\"><div class=\"wp-block-group__inner-container\"><div class=\"wp-bootstrap-blocks-container container mb-2 product-descrip-section\">\n\t\n<div class=\"wp-bootstrap-blocks-row row inner-taste-col\">\n\t\n\n<div class=\"col-12 col-md-6\">\n\t\t\t\n\n<figure class=\"wp-block-image size-full\"><img loading=\"lazy\" width=\"544\" height=\"369\" src=\"https:\/\/www.pacoteshyatt.com.br\/sao-paulo\/wp-content\/uploads\/sites\/3\/2024\/03\/Liber-ou-Trans-Slide-6.png\" alt=\"Espa\u00e7o Liberdade e Transforma\u00e7\u00e3o para reuni\u00f5es e eventos em hotel em sp\" class=\"wp-image-12233\" srcset=\"https:\/\/www.pacoteshyatt.com.br\/sao-paulo\/wp-content\/uploads\/sites\/3\/2024\/03\/Liber-ou-Trans-Slide-6.png 544w, https:\/\/www.pacoteshyatt.com.br\/sao-paulo\/wp-content\/uploads\/sites\/3\/2024\/03\/Liber-ou-Trans-Slide-6-300x203.png 300w, https:\/\/www.pacoteshyatt.com.br\/sao-paulo\/wp-content\/uploads\/sites\/3\/2024\/03\/Liber-ou-Trans-Slide-6-295x200.png 295w, https:\/\/www.pacoteshyatt.com.br\/sao-paulo\/wp-content\/uploads\/sites\/3\/2024\/03\/Liber-ou-Trans-Slide-6-348x236.png 348w\" sizes=\"(max-width: 544px) 100vw, 544px\" \/><\/figure>\n\n\t<\/div>\n\n\n\n<div class=\"col-12 col-md-6 description-content\">\n\t\t\t\n\n<h2>Liberdade e Transforma\u00e7\u00e3o<\/h2>\n\n\n\n<div class=\"wp-container-69f38b4da1289 wp-block-group\"><div class=\"wp-block-group__inner-container\">\n<p>Liberdade e Transforma\u00e7\u00e3o s\u00e3o espa\u00e7os para eventos vers\u00e1teis que podem ser configurados para acomodar de 24 a 64 convidados. Ambos desfrutam de luz natural e est\u00e3o equipados com TVs de tela plana de 86 polegadas e conex\u00f5es audiovisuais. Al\u00e9m disso, fornecemos equipamentos e suporte t\u00e9cnico para garantir o sucesso do seu evento.<\/p>\n\n\n\n<p><a href=\"https:\/\/visitingmedia.com\/tt8\/?ttid=grand-hyatt-sao-paulo#\/3d-model\/0\/9\">Conhe\u00e7a o espa\u00e7o em um tour virtual!<\/a><\/p>\n\n\n\n<p> <\/p>\n<\/div><\/div>\n\n\t<\/div>\n\n<\/div>\n\n<\/div>\n<\/div><\/div>\n\n\n\n<div class=\"wp-container-69f38b4da1ef2 wp-block-group grand-taste-top-section\"><div class=\"wp-block-group__inner-container\"><div class=\"wp-bootstrap-blocks-container container mb-2 product-descrip-section\">\n\t\n<div class=\"wp-bootstrap-blocks-row row inner-taste-col\">\n\t\n\n<div class=\"col-12 col-md-6 description-content\">\n\t\t\t\n\n<h2>Criatividade e Celebra\u00e7\u00e3o<\/h2>\n\n\n\n<div class=\"wp-container-69f38b4da1a9f wp-block-group\"><div class=\"wp-block-group__inner-container\">\n<p>S\u00e3o espa\u00e7os que oferecem configura\u00e7\u00f5es flex\u00edveis para reuni\u00f5es e treinamentos para acomodar de 12 a 50 convidados. Ambos est\u00e3o equipados com TVs de tela plana de 86 polegadas e possuem conex\u00f5es audiovisuais para atender \u00e0s suas necessidades de apresenta\u00e7\u00e3o.<br>Al\u00e9m disso, oferecemos uma variedade de equipamentos adicionais e suporte t\u00e9cnico para garantir que seu evento seja memor\u00e1vel.<\/p>\n\n\n\n<p><a href=\"https:\/\/visitingmedia.com\/tt8\/?ttid=grand-hyatt-sao-paulo#\/3d-model\/0\/9\">Conhe\u00e7a o espa\u00e7o em um tour virtual!<\/a><\/p>\n\n\n\n<p> <\/p>\n<\/div><\/div>\n\n\t<\/div>\n\n\n\n<div class=\"col-12 col-md-6\">\n\t\t\t\n\n<figure class=\"wp-block-image size-full\"><img loading=\"lazy\" width=\"544\" height=\"369\" src=\"https:\/\/www.pacoteshyatt.com.br\/sao-paulo\/wp-content\/uploads\/sites\/3\/2024\/03\/Criat-e-Celeb-Slide-6.png\" alt=\"Espa\u00e7o Criatividade e Celebra\u00e7\u00e3o para reuni\u00f5es e eventos em hotel em sp\" class=\"wp-image-12238\" srcset=\"https:\/\/www.pacoteshyatt.com.br\/sao-paulo\/wp-content\/uploads\/sites\/3\/2024\/03\/Criat-e-Celeb-Slide-6.png 544w, https:\/\/www.pacoteshyatt.com.br\/sao-paulo\/wp-content\/uploads\/sites\/3\/2024\/03\/Criat-e-Celeb-Slide-6-300x203.png 300w, https:\/\/www.pacoteshyatt.com.br\/sao-paulo\/wp-content\/uploads\/sites\/3\/2024\/03\/Criat-e-Celeb-Slide-6-295x200.png 295w, https:\/\/www.pacoteshyatt.com.br\/sao-paulo\/wp-content\/uploads\/sites\/3\/2024\/03\/Criat-e-Celeb-Slide-6-348x236.png 348w\" sizes=\"(max-width: 544px) 100vw, 544px\" \/><\/figure>\n\n\t<\/div>\n\n<\/div>\n\n<\/div>\n<\/div><\/div>\n\n\n\n<div class=\"wp-container-69f38b4da276d wp-block-group grand-taste-top-section\"><div class=\"wp-block-group__inner-container\"><div class=\"wp-bootstrap-blocks-container container mb-2 product-descrip-section\">\n\t\n<div class=\"wp-bootstrap-blocks-row row inner-taste-col\">\n\t\n\n<div class=\"col-12 col-md-6\">\n\t\t\t\n\n<figure class=\"wp-block-image size-full\"><img loading=\"lazy\" width=\"544\" height=\"369\" src=\"https:\/\/www.pacoteshyatt.com.br\/sao-paulo\/wp-content\/uploads\/sites\/3\/2024\/03\/Upstairs-Slide-6_.png\" alt=\"Upstairs Bar, Lounge &amp; Terra\u00e7o para eventos corporativos descontra\u00eddos em s\u00e3o paulo\" class=\"wp-image-12235\" srcset=\"https:\/\/www.pacoteshyatt.com.br\/sao-paulo\/wp-content\/uploads\/sites\/3\/2024\/03\/Upstairs-Slide-6_.png 544w, https:\/\/www.pacoteshyatt.com.br\/sao-paulo\/wp-content\/uploads\/sites\/3\/2024\/03\/Upstairs-Slide-6_-300x203.png 300w, https:\/\/www.pacoteshyatt.com.br\/sao-paulo\/wp-content\/uploads\/sites\/3\/2024\/03\/Upstairs-Slide-6_-295x200.png 295w, https:\/\/www.pacoteshyatt.com.br\/sao-paulo\/wp-content\/uploads\/sites\/3\/2024\/03\/Upstairs-Slide-6_-348x236.png 348w\" sizes=\"(max-width: 544px) 100vw, 544px\" \/><\/figure>\n\n\t<\/div>\n\n\n\n<div class=\"col-12 col-md-6 description-content\">\n\t\t\t\n\n<h2>Vista e Ess\u00eancia<\/h2>\n\n\n\n<div class=\"wp-container-69f38b4da2347 wp-block-group\"><div class=\"wp-block-group__inner-container\">\n<p>A arquitetura contempor\u00e2nea faz com que o Upstairs Bar, Lounge &amp; Terra\u00e7o seja o local perfeito para encontros mais descontra\u00eddos, como festas de confraterniza\u00e7\u00e3o e eventos de lan\u00e7amento.<\/p>\n\n\n\n<p> <\/p>\n<\/div><\/div>\n\n\t<\/div>\n\n<\/div>\n\n<\/div>\n<\/div><\/div>\n\n\n\n<div class=\"wp-container-69f38b4da2fcc wp-block-group grand-taste-top-section\"><div class=\"wp-block-group__inner-container\"><div class=\"wp-bootstrap-blocks-container container mb-2 product-descrip-section\">\n\t\n<div class=\"wp-bootstrap-blocks-row row inner-taste-col\">\n\t\n\n<div class=\"col-12 col-md-6 description-content\">\n\t\t\t\n\n<h2>Espa\u00e7o Eau<\/h2>\n\n\n\n<div class=\"wp-container-69f38b4da2b64 wp-block-group\"><div class=\"wp-block-group__inner-container\">\n<p>Perfeito para almo\u00e7os ou jantares! Todos os pratos, s\u00e3o preparados pelos chefs e cozinheiros do Grand Hyatt S\u00e3o Paulo, garantindo o melhor da gastronomia ao evento. Al\u00e9m disso, a sala privativa do Espa\u00e7o Eau tem uma vista privilegiada para a Ponte Estaiada, deixando o evento ainda mais encantador.<\/p>\n\n\n\n<p> <\/p>\n<\/div><\/div>\n\n\t<\/div>\n\n\n\n<div class=\"col-12 col-md-6\">\n\t\t\t\n\n<figure class=\"wp-block-image size-full\"><img loading=\"lazy\" width=\"544\" height=\"369\" src=\"https:\/\/www.pacoteshyatt.com.br\/sao-paulo\/wp-content\/uploads\/sites\/3\/2024\/03\/EAU-Slide-6.png\" alt=\"Espa\u00e7o de eventos EAU\" class=\"wp-image-12239\" srcset=\"https:\/\/www.pacoteshyatt.com.br\/sao-paulo\/wp-content\/uploads\/sites\/3\/2024\/03\/EAU-Slide-6.png 544w, https:\/\/www.pacoteshyatt.com.br\/sao-paulo\/wp-content\/uploads\/sites\/3\/2024\/03\/EAU-Slide-6-300x203.png 300w, https:\/\/www.pacoteshyatt.com.br\/sao-paulo\/wp-content\/uploads\/sites\/3\/2024\/03\/EAU-Slide-6-295x200.png 295w, https:\/\/www.pacoteshyatt.com.br\/sao-paulo\/wp-content\/uploads\/sites\/3\/2024\/03\/EAU-Slide-6-348x236.png 348w\" sizes=\"(max-width: 544px) 100vw, 544px\" \/><\/figure>\n\n\t<\/div>\n\n<\/div>\n\n<\/div>\n<\/div><\/div>\n\n\n\n<div class=\"wp-container-69f38b4da3862 wp-block-group grand-taste-top-section\"><div class=\"wp-block-group__inner-container\"><div class=\"wp-bootstrap-blocks-container container mb-2 product-descrip-section\">\n\t\n<div class=\"wp-bootstrap-blocks-row row inner-taste-col\">\n\t\n\n<div class=\"col-12 col-md-6\">\n\t\t\t\n\n<figure class=\"wp-block-image size-full\"><img loading=\"lazy\" width=\"544\" height=\"369\" src=\"https:\/\/www.pacoteshyatt.com.br\/sao-paulo\/wp-content\/uploads\/sites\/3\/2024\/03\/Gabinetes-Slide-6_.png\" alt=\"Gabinetes para reuni\u00f5es em S\u00e3o Paulo em Hotel Grand Hyatt\" class=\"wp-image-12231\" srcset=\"https:\/\/www.pacoteshyatt.com.br\/sao-paulo\/wp-content\/uploads\/sites\/3\/2024\/03\/Gabinetes-Slide-6_.png 544w, https:\/\/www.pacoteshyatt.com.br\/sao-paulo\/wp-content\/uploads\/sites\/3\/2024\/03\/Gabinetes-Slide-6_-300x203.png 300w, https:\/\/www.pacoteshyatt.com.br\/sao-paulo\/wp-content\/uploads\/sites\/3\/2024\/03\/Gabinetes-Slide-6_-295x200.png 295w, https:\/\/www.pacoteshyatt.com.br\/sao-paulo\/wp-content\/uploads\/sites\/3\/2024\/03\/Gabinetes-Slide-6_-348x236.png 348w\" sizes=\"(max-width: 544px) 100vw, 544px\" \/><\/figure>\n\n\t<\/div>\n\n\n\n<div class=\"col-12 col-md-6 description-content\">\n\t\t\t\n\n<h2>Gabinetes<\/h2>\n\n\n\n<div class=\"wp-container-69f38b4da345e wp-block-group\"><div class=\"wp-block-group__inner-container\">\n<p>Situadas no mezanino da torre do hotel, estas tr\u00eas salas de reuni\u00f5es oferecem capacidade para acomodar de 12 a 48 pessoas em ambientes distintos. Com vistas deslumbrantes para a piscina ou o jardim, cada sala est\u00e1 equipada com TVs de tela plana de 86 polegadas e oferece conex\u00f5es audiovisuais para suas apresenta\u00e7\u00f5es.<br>Al\u00e9m disso, nosso <strong>espa\u00e7o para eventos<\/strong> proporciona uma variedade de equipamentos adicionais e suporte t\u00e9cnico para garantir a praticidade e o sucesso de sua reuni\u00e3o.<\/p>\n\n\n\n<p> <\/p>\n<\/div><\/div>\n\n\t<\/div>\n\n<\/div>\n\n<\/div>\n<\/div><\/div>\n\n\n\n<div class=\"wp-container-69f38b4da3c45 wp-block-group grand-taste-top-section d-none\"><div class=\"wp-block-group__inner-container\"><div class=\"wp-bootstrap-blocks-container container mb-2 product-descrip-section\">\n\t<\/div>\n<\/div><\/div>\n\n\n        <div class=\"service-section\">\n            <div class=\"container\">\n                <div class=\"row\">\n                    <div class=\"inner-service-col col-12\">\n                                                    <div class=\"all-section-title\">\n                                <h2>Nossos servi\u00e7os<\/h2>\n                            <\/div>\n                                                <div class=\"d-flex flex-wrap inner-service-section justify-content-center\">\n                                    <div class=\"col-6 col-sm-4 col-lg-3 custom-3-col\">\n                                <a href=\"https:\/\/saogh.hyattmenusandexperiences.com\/pt\/food-beverage\" class=\"service-image\">\n                                    <div class=\"inner-service-image\">\n                                        <img src=\"https:\/\/www.pacoteshyatt.com.br\/sao-paulo\/wp-content\/uploads\/sites\/3\/2024\/03\/Banquetes-Slide-7.png\" alt=\"MENUS\">\n                                    <\/div>\n                                    <div class=\"btn-col\">\n                                        <span class=\"btn with-border\">| MENUS<\/span>\n                                    <\/div>\n                                <\/a>\n                            <\/div>\n                                        <div class=\"col-6 col-sm-4 col-lg-3 custom-3-col\">\n                                <a href=\"https:\/\/saogh.hyattmenusandexperiences.com\/pt\" class=\"service-image\">\n                                    <div class=\"inner-service-image\">\n                                        <img src=\"https:\/\/www.pacoteshyatt.com.br\/sao-paulo\/wp-content\/uploads\/sites\/3\/2024\/03\/EEG-Slide-7.png\" alt=\"EVENT EXPERIENCE GUIDE\">\n                                    <\/div>\n                                    <div class=\"btn-col\">\n                                        <span class=\"btn with-border\">| EVENT EXPERIENCE GUIDE<\/span>\n                                    <\/div>\n                                <\/a>\n                            <\/div>\n                                        <div class=\"col-6 col-sm-4 col-lg-3 custom-3-col\">\n                                <a href=\"https:\/\/www.pacoteshyatt.com.br\/sao-paulo\/suites\/\" class=\"service-image\">\n                                    <div class=\"inner-service-image\">\n                                        <img src=\"https:\/\/www.pacoteshyatt.com.br\/sao-paulo\/wp-content\/uploads\/sites\/3\/2024\/03\/Hospedagem-Slide-7.png\" alt=\"HOSPEDAGEM\">\n                                    <\/div>\n                                    <div class=\"btn-col\">\n                                        <span class=\"btn with-border\">| HOSPEDAGEM<\/span>\n                                    <\/div>\n                                <\/a>\n                            <\/div>\n                                        <div class=\"col-6 col-sm-4 col-lg-3 custom-3-col\">\n                                <a href=\"https:\/\/visitingmedia.com\/tt8\/?ttid=grand-hyatt-sao-paulo#\/360?group=0&#038;tour=0\" class=\"service-image\">\n                                    <div class=\"inner-service-image\">\n                                        <img src=\"https:\/\/www.pacoteshyatt.com.br\/sao-paulo\/wp-content\/uploads\/sites\/3\/2024\/03\/Tour-Virtual-Slide-7.png\" alt=\"TOUR VIRTUAL\">\n                                    <\/div>\n                                    <div class=\"btn-col\">\n                                        <span class=\"btn with-border\">| TOUR VIRTUAL<\/span>\n                                    <\/div>\n                                <\/a>\n                            <\/div>\n                                    <\/div>\n                    <\/div>\n                <\/div>\n            <\/div>\n        <\/div>\n        ","protected":false},"excerpt":{"rendered":"","protected":false},"author":8,"featured_media":0,"parent":11918,"menu_order":0,"comment_status":"closed","ping_status":"closed","template":"","meta":{"_eb_attr":""},"yoast_head":"<!-- This site is optimized with the Yoast SEO plugin v18.4.1 - https:\/\/yoast.com\/wordpress\/plugins\/seo\/ -->\n<title>Espa\u00e7o para Eventos em S\u00e3o Paulo - Grand Hyatt SP<\/title>\n<meta name=\"description\" content=\"Hotel com espa\u00e7o para eventos em S\u00e3o Paulo, com ambientes sofisticados e vers\u00e1teis para reuni\u00f5es, treinamentos e festas corporativas. Solicite j\u00e1 seu or\u00e7amento!\" \/>\n<meta name=\"robots\" content=\"index, follow, max-snippet:-1, max-image-preview:large, max-video-preview:-1\" \/>\n<link rel=\"canonical\" href=\"https:\/\/www.pacoteshyatt.com.br\/sao-paulo\/eventos\/corporativos\/\" \/>\n<meta property=\"og:locale\" content=\"pt_BR\" \/>\n<meta property=\"og:type\" content=\"article\" \/>\n<meta property=\"og:title\" content=\"Espa\u00e7o para Eventos em S\u00e3o Paulo - Grand Hyatt SP\" \/>\n<meta property=\"og:description\" content=\"Hotel com espa\u00e7o para eventos em S\u00e3o Paulo, com ambientes sofisticados e vers\u00e1teis para reuni\u00f5es, treinamentos e festas corporativas. Solicite j\u00e1 seu or\u00e7amento!\" \/>\n<meta property=\"og:url\" content=\"https:\/\/www.pacoteshyatt.com.br\/sao-paulo\/eventos\/corporativos\/\" \/>\n<meta property=\"og:site_name\" content=\"GRAND HYATT S\u00c3O PAULO\" \/>\n<meta property=\"article:modified_time\" content=\"2025-07-25T19:30:19+00:00\" \/>\n<meta property=\"og:image\" content=\"https:\/\/www.pacoteshyatt.com.br\/sao-paulo\/wp-content\/uploads\/sites\/3\/2024\/03\/Grand-Ballroom-Slide-6.png\" \/>\n<meta name=\"twitter:card\" content=\"summary_large_image\" \/>\n<meta name=\"twitter:label1\" content=\"Est. tempo de leitura\" \/>\n\t<meta name=\"twitter:data1\" content=\"7 minutos\" \/>\n<script type=\"application\/ld+json\" class=\"yoast-schema-graph\">{\"@context\":\"https:\/\/schema.org\",\"@graph\":[{\"@type\":\"WebSite\",\"@id\":\"https:\/\/www.pacoteshyatt.com.br\/sao-paulo\/#website\",\"url\":\"https:\/\/www.pacoteshyatt.com.br\/sao-paulo\/\",\"name\":\"GRAND HYATT S\u00c3O PAULO\",\"description\":\"S\u00f3 mais um site Hot\u00e9is Grand Hyatt Rio de Janeiro e S\u00e3o Paulo sites\",\"potentialAction\":[{\"@type\":\"SearchAction\",\"target\":{\"@type\":\"EntryPoint\",\"urlTemplate\":\"https:\/\/www.pacoteshyatt.com.br\/sao-paulo\/?s={search_term_string}\"},\"query-input\":\"required name=search_term_string\"}],\"inLanguage\":\"pt-BR\"},{\"@type\":\"ImageObject\",\"@id\":\"https:\/\/www.pacoteshyatt.com.br\/sao-paulo\/eventos\/corporativos\/#primaryimage\",\"inLanguage\":\"pt-BR\",\"url\":\"https:\/\/www.pacoteshyatt.com.br\/sao-paulo\/wp-content\/uploads\/sites\/3\/2024\/03\/Grand-Ballroom-Slide-6.png\",\"contentUrl\":\"https:\/\/www.pacoteshyatt.com.br\/sao-paulo\/wp-content\/uploads\/sites\/3\/2024\/03\/Grand-Ballroom-Slide-6.png\",\"width\":544,\"height\":369,\"caption\":\"Grand-Ballroom-Slide-6\"},{\"@type\":\"WebPage\",\"@id\":\"https:\/\/www.pacoteshyatt.com.br\/sao-paulo\/eventos\/corporativos\/#webpage\",\"url\":\"https:\/\/www.pacoteshyatt.com.br\/sao-paulo\/eventos\/corporativos\/\",\"name\":\"Espa\u00e7o para Eventos em S\u00e3o Paulo - Grand Hyatt SP\",\"isPartOf\":{\"@id\":\"https:\/\/www.pacoteshyatt.com.br\/sao-paulo\/#website\"},\"primaryImageOfPage\":{\"@id\":\"https:\/\/www.pacoteshyatt.com.br\/sao-paulo\/eventos\/corporativos\/#primaryimage\"},\"datePublished\":\"2024-02-28T16:13:03+00:00\",\"dateModified\":\"2025-07-25T19:30:19+00:00\",\"description\":\"Hotel com espa\u00e7o para eventos em S\u00e3o Paulo, com ambientes sofisticados e vers\u00e1teis para reuni\u00f5es, treinamentos e festas corporativas. Solicite j\u00e1 seu or\u00e7amento!\",\"breadcrumb\":{\"@id\":\"https:\/\/www.pacoteshyatt.com.br\/sao-paulo\/eventos\/corporativos\/#breadcrumb\"},\"inLanguage\":\"pt-BR\",\"potentialAction\":[{\"@type\":\"ReadAction\",\"target\":[\"https:\/\/www.pacoteshyatt.com.br\/sao-paulo\/eventos\/corporativos\/\"]}]},{\"@type\":\"BreadcrumbList\",\"@id\":\"https:\/\/www.pacoteshyatt.com.br\/sao-paulo\/eventos\/corporativos\/#breadcrumb\",\"itemListElement\":[{\"@type\":\"ListItem\",\"position\":1,\"name\":\"Home\",\"item\":\"https:\/\/www.pacoteshyatt.com.br\/sao-paulo\/\"},{\"@type\":\"ListItem\",\"position\":2,\"name\":\"Eventos\",\"item\":\"https:\/\/www.pacoteshyatt.com.br\/sao-paulo\/eventos\/\"},{\"@type\":\"ListItem\",\"position\":3,\"name\":\"Eventos Corporativos\"}]}]}<\/script>\n<!-- \/ Yoast SEO plugin. -->","yoast_head_json":{"title":"Espa\u00e7o para Eventos em S\u00e3o Paulo - Grand Hyatt SP","description":"Hotel com espa\u00e7o para eventos em S\u00e3o Paulo, com ambientes sofisticados e vers\u00e1teis para reuni\u00f5es, treinamentos e festas corporativas. Solicite j\u00e1 seu or\u00e7amento!","robots":{"index":"index","follow":"follow","max-snippet":"max-snippet:-1","max-image-preview":"max-image-preview:large","max-video-preview":"max-video-preview:-1"},"canonical":"https:\/\/www.pacoteshyatt.com.br\/sao-paulo\/eventos\/corporativos\/","og_locale":"pt_BR","og_type":"article","og_title":"Espa\u00e7o para Eventos em S\u00e3o Paulo - Grand Hyatt SP","og_description":"Hotel com espa\u00e7o para eventos em S\u00e3o Paulo, com ambientes sofisticados e vers\u00e1teis para reuni\u00f5es, treinamentos e festas corporativas. Solicite j\u00e1 seu or\u00e7amento!","og_url":"https:\/\/www.pacoteshyatt.com.br\/sao-paulo\/eventos\/corporativos\/","og_site_name":"GRAND HYATT S\u00c3O PAULO","article_modified_time":"2025-07-25T19:30:19+00:00","og_image":[{"url":"https:\/\/www.pacoteshyatt.com.br\/sao-paulo\/wp-content\/uploads\/sites\/3\/2024\/03\/Grand-Ballroom-Slide-6.png"}],"twitter_card":"summary_large_image","twitter_misc":{"Est. tempo de leitura":"7 minutos"},"schema":{"@context":"https:\/\/schema.org","@graph":[{"@type":"WebSite","@id":"https:\/\/www.pacoteshyatt.com.br\/sao-paulo\/#website","url":"https:\/\/www.pacoteshyatt.com.br\/sao-paulo\/","name":"GRAND HYATT S\u00c3O PAULO","description":"S\u00f3 mais um site Hot\u00e9is Grand Hyatt Rio de Janeiro e S\u00e3o Paulo sites","potentialAction":[{"@type":"SearchAction","target":{"@type":"EntryPoint","urlTemplate":"https:\/\/www.pacoteshyatt.com.br\/sao-paulo\/?s={search_term_string}"},"query-input":"required name=search_term_string"}],"inLanguage":"pt-BR"},{"@type":"ImageObject","@id":"https:\/\/www.pacoteshyatt.com.br\/sao-paulo\/eventos\/corporativos\/#primaryimage","inLanguage":"pt-BR","url":"https:\/\/www.pacoteshyatt.com.br\/sao-paulo\/wp-content\/uploads\/sites\/3\/2024\/03\/Grand-Ballroom-Slide-6.png","contentUrl":"https:\/\/www.pacoteshyatt.com.br\/sao-paulo\/wp-content\/uploads\/sites\/3\/2024\/03\/Grand-Ballroom-Slide-6.png","width":544,"height":369,"caption":"Grand-Ballroom-Slide-6"},{"@type":"WebPage","@id":"https:\/\/www.pacoteshyatt.com.br\/sao-paulo\/eventos\/corporativos\/#webpage","url":"https:\/\/www.pacoteshyatt.com.br\/sao-paulo\/eventos\/corporativos\/","name":"Espa\u00e7o para Eventos em S\u00e3o Paulo - Grand Hyatt SP","isPartOf":{"@id":"https:\/\/www.pacoteshyatt.com.br\/sao-paulo\/#website"},"primaryImageOfPage":{"@id":"https:\/\/www.pacoteshyatt.com.br\/sao-paulo\/eventos\/corporativos\/#primaryimage"},"datePublished":"2024-02-28T16:13:03+00:00","dateModified":"2025-07-25T19:30:19+00:00","description":"Hotel com espa\u00e7o para eventos em S\u00e3o Paulo, com ambientes sofisticados e vers\u00e1teis para reuni\u00f5es, treinamentos e festas corporativas. Solicite j\u00e1 seu or\u00e7amento!","breadcrumb":{"@id":"https:\/\/www.pacoteshyatt.com.br\/sao-paulo\/eventos\/corporativos\/#breadcrumb"},"inLanguage":"pt-BR","potentialAction":[{"@type":"ReadAction","target":["https:\/\/www.pacoteshyatt.com.br\/sao-paulo\/eventos\/corporativos\/"]}]},{"@type":"BreadcrumbList","@id":"https:\/\/www.pacoteshyatt.com.br\/sao-paulo\/eventos\/corporativos\/#breadcrumb","itemListElement":[{"@type":"ListItem","position":1,"name":"Home","item":"https:\/\/www.pacoteshyatt.com.br\/sao-paulo\/"},{"@type":"ListItem","position":2,"name":"Eventos","item":"https:\/\/www.pacoteshyatt.com.br\/sao-paulo\/eventos\/"},{"@type":"ListItem","position":3,"name":"Eventos Corporativos"}]}]}},"_links":{"self":[{"href":"https:\/\/www.pacoteshyatt.com.br\/sao-paulo\/wp-json\/wp\/v2\/pages\/11921"}],"collection":[{"href":"https:\/\/www.pacoteshyatt.com.br\/sao-paulo\/wp-json\/wp\/v2\/pages"}],"about":[{"href":"https:\/\/www.pacoteshyatt.com.br\/sao-paulo\/wp-json\/wp\/v2\/types\/page"}],"author":[{"embeddable":true,"href":"https:\/\/www.pacoteshyatt.com.br\/sao-paulo\/wp-json\/wp\/v2\/users\/8"}],"replies":[{"embeddable":true,"href":"https:\/\/www.pacoteshyatt.com.br\/sao-paulo\/wp-json\/wp\/v2\/comments?post=11921"}],"version-history":[{"count":41,"href":"https:\/\/www.pacoteshyatt.com.br\/sao-paulo\/wp-json\/wp\/v2\/pages\/11921\/revisions"}],"predecessor-version":[{"id":18483,"href":"https:\/\/www.pacoteshyatt.com.br\/sao-paulo\/wp-json\/wp\/v2\/pages\/11921\/revisions\/18483"}],"up":[{"embeddable":true,"href":"https:\/\/www.pacoteshyatt.com.br\/sao-paulo\/wp-json\/wp\/v2\/pages\/11918"}],"wp:attachment":[{"href":"https:\/\/www.pacoteshyatt.com.br\/sao-paulo\/wp-json\/wp\/v2\/media?parent=11921"}],"curies":[{"name":"wp","href":"https:\/\/api.w.org\/{rel}","templated":true}]}}