{"id":11927,"date":"2024-02-28T13:17:44","date_gmt":"2024-02-28T16:17:44","guid":{"rendered":"https:\/\/www.pacoteshyatt.com.br\/sao-paulo\/?page_id=11927"},"modified":"2025-07-31T17:58:59","modified_gmt":"2025-07-31T20:58:59","slug":"sociais","status":"publish","type":"page","link":"https:\/\/www.pacoteshyatt.com.br\/sao-paulo\/eventos\/sociais\/","title":{"rendered":"Eventos Sociais"},"content":{"rendered":"<div class=\"wp-bootstrap-blocks-container container mb-2\">\n\t\n\n<div class=\"wp-container-69f4d83126c6e wp-block-group grand-taste-top-section\"><div class=\"wp-block-group__inner-container\"><div class=\"wp-bootstrap-blocks-container container mb-2 product-descrip-section\">\n\t\n<div class=\"wp-bootstrap-blocks-row row inner-taste-col\">\n\t\n\n<div class=\"col-12 col-md-6\">\n\t\t\t\n\n<figure class=\"wp-block-image size-full\"><img loading=\"lazy\" width=\"544\" height=\"369\" src=\"https:\/\/www.pacoteshyatt.com.br\/sao-paulo\/wp-content\/uploads\/sites\/3\/2024\/03\/Social-Slide-2.png\" alt=\"Espa\u00e7o para Casamento em Hotel em S\u00e3o Paulo\" class=\"wp-image-12217\" srcset=\"https:\/\/www.pacoteshyatt.com.br\/sao-paulo\/wp-content\/uploads\/sites\/3\/2024\/03\/Social-Slide-2.png 544w, https:\/\/www.pacoteshyatt.com.br\/sao-paulo\/wp-content\/uploads\/sites\/3\/2024\/03\/Social-Slide-2-300x203.png 300w, https:\/\/www.pacoteshyatt.com.br\/sao-paulo\/wp-content\/uploads\/sites\/3\/2024\/03\/Social-Slide-2-295x200.png 295w, https:\/\/www.pacoteshyatt.com.br\/sao-paulo\/wp-content\/uploads\/sites\/3\/2024\/03\/Social-Slide-2-348x236.png 348w\" sizes=\"(max-width: 544px) 100vw, 544px\" \/><\/figure>\n\n\t<\/div>\n\n\n\n<div class=\"col-12 col-md-6 description-content\">\n\t\t\t\n\n<h1><strong>Eventos Sociais e Festas em Hotel<\/strong><\/h1>\n\n\n\n<p>Se procura espa\u00e7os para Eventos Sociais, o Espa\u00e7o de Eventos do Grand Hyatt S\u00e3o Paulo \u00e9 ideal para a sua comemora\u00e7\u00e3o.<br>Desfrute da alta gastronomia, da entrada de luz natural e das vistas deslumbrantes da cidade mais vibrante do pa\u00eds. Nossos espa\u00e7os foram projetados para proporcionar um ambiente sofisticado e acolhedor, ideal para tornar a sua celebra\u00e7\u00e3o inesquec\u00edvel.<\/p>\n\n\n\n<p><\/p>\n\n\n\n<div class=\"wp-container-69f4d8312447f wp-block-group\"><div class=\"wp-block-group__inner-container\"><\/div><\/div>\n\n\t<\/div>\n\n<\/div>\n\n\n        <div class=\"casamentos-form-section\">\n            <div class=\"container\">\n                <div class=\"row inner-casamentos-form\">\n                    <div role=\"form\" class=\"wpcf7\" id=\"wpcf7-f7314-o1\" lang=\"pt-BR\" dir=\"ltr\">\n<div class=\"screen-reader-response\"><p role=\"status\" aria-live=\"polite\" aria-atomic=\"true\"><\/p> <ul><\/ul><\/div>\n<form action=\"\/sao-paulo\/wp-json\/wp\/v2\/pages\/11927#wpcf7-f7314-o1\" method=\"post\" class=\"wpcf7-form init cf7mls-no-moving-animation\" novalidate=\"novalidate\" data-status=\"init\">\n<div style=\"display: none;\">\n<input type=\"hidden\" name=\"_wpcf7\" value=\"7314\" \/>\n<input type=\"hidden\" name=\"_wpcf7_version\" value=\"5.5.6\" \/>\n<input type=\"hidden\" name=\"_wpcf7_locale\" value=\"pt_BR\" \/>\n<input type=\"hidden\" name=\"_wpcf7_unit_tag\" value=\"wpcf7-f7314-o1\" \/>\n<input type=\"hidden\" name=\"_wpcf7_container_post\" value=\"0\" \/>\n<input type=\"hidden\" name=\"_wpcf7_posted_data_hash\" value=\"\" \/>\n<\/div>\n<div class=\"fieldset-cf7mls-wrapper\" data-transition-effects><fieldset class=\"fieldset-cf7mls cf7mls_current_fs\"><div class=\"all-section-title\">\n<h2 class=\"mb-5\">Fa\u00e7a uma simula\u00e7\u00e3o de or\u00e7amento<\/h2>\n<p>Para uma estimativa de custos para realizar seu casamento no Grand Hyatt S\u00e3o Paulo, por favor preencher os campos solicitados abaixo:<\/p>\n<\/div>\n<div>\n<div class=\"row\">\n<div class=\"col-lg-6 mb-4\">\n<label>Data do evento<\/label><br \/>\n            <span class=\"wpcf7-form-control-wrap data\"><input type=\"date\" name=\"data\" value=\"\" class=\"wpcf7-form-control wpcf7-date wpcf7-validates-as-date\" aria-invalid=\"false\" \/><\/span>\n        <\/div>\n<div class=\"col-lg-6 mb-4\">\n            <label>Hor\u00e1rio<\/label><br \/>\n            <span class=\"wpcf7-form-control-wrap horario\"><input type=\"text\" name=\"horario\" value=\"\" size=\"40\" class=\"wpcf7-form-control wpcf7-text\" aria-invalid=\"false\" \/><\/span>\n        <\/div>\n<div class=\"col-lg-6 mb-4\">\n            <label>Cerim\u00f4nia no Local ?<\/label><br \/>\n            <span class=\"wpcf7-form-control-wrap cerimonia_no_local\"><select name=\"cerimonia_no_local\" class=\"wpcf7-form-control wpcf7-select wpcf7-validates-as-required\" aria-required=\"true\" aria-invalid=\"false\"><option value=\"Sim\">Sim<\/option><option value=\"N\u00e3o\">N\u00e3o<\/option><\/select><\/span><br \/>\n           <span data-value=\"10000+(10000*0.05)\" class=\"preview-cerimonia position-absolute mt-1 d-none\">Espa\u00e7o para Cerim\u00f4nia \u2013 R$ 10.000,00 + 5%<\/span>\n        <\/div>\n<div class=\"col-lg-6 mb-4\">\n            <label>N\u00famero de convidados<\/label><br \/>\n            <span class=\"wpcf7-form-control-wrap convidados\"><input type=\"number\" name=\"convidados\" value=\"\" class=\"wpcf7-form-control wpcf7-number wpcf7-validates-as-required wpcf7-validates-as-number\" id=\"convidados\" min=\"1\" max=\"600\" aria-required=\"true\" aria-invalid=\"false\" \/><\/span>\n        <\/div>\n<div class=\"col-lg-6 mb-4\">\n <label>Menu do Casamento<\/label><br \/>\n<span class=\"wpcf7-form-control-wrap menu-casamento\"><select name=\"menu-casamento\" class=\"wpcf7-form-control wpcf7-select wpcf7-validates-as-required\" id=\"menu-casamento\" aria-required=\"true\" aria-invalid=\"false\"><option value=\"\">&#8212;<\/option><option value=\"Jantar ou Almo\u00e7o Grand Day\">Jantar ou Almo\u00e7o Grand Day<\/option><option value=\"Brunch Grand Day\">Brunch Grand Day<\/option><\/select><\/span>\n<p class=\"preview-menu position-absolute mt-1 d-none\"><\/p>\n<\/div>\n<div class=\"col-lg-6 mb-4\">\n<label>Espa\u00e7o<\/label><br \/>\n<span class=\"wpcf7-form-control-wrap espaco\"><select name=\"espaco\" class=\"wpcf7-form-control wpcf7-select wpcf7-validates-as-required\" id=\"espaco\" aria-required=\"true\" aria-invalid=\"false\"><option value=\"\">&#8212;<\/option><option value=\"Espa\u00e7o at\u00e9 100 convidados\">Espa\u00e7o at\u00e9 100 convidados<\/option><option value=\"Espa\u00e7o at\u00e9 250 pessoas\">Espa\u00e7o at\u00e9 250 pessoas<\/option><option value=\"Espa\u00e7o at\u00e9 600 pessoas\">Espa\u00e7o at\u00e9 600 pessoas<\/option><\/select><\/span>\n<\/div>\n<\/div>\n<\/div>\n<p class=\"preview text-center h5 my-4 alert alert-info\">\nEstimativa de Investimento: <strong id=\"preview-casamento\"><\/strong><br \/>\n<small class=\"small\" style=\"font-size:60%\">*Valores estimados para casamentos em 2026 e est\u00e3o sujeitos \u00e0 altera\u00e7\u00e3o e disponibilidade.<\/small>\n<\/p>\n<p class=\"text-center mb-4 h6\"><strong>Voc\u00ea deseja receber o contato da nossa \u00e1rea de eventos?<\/strong><\/p>\n<p class=\"d-none\">\n<!-- \/\/\/\/\/\/\/\/\/\/\/\/\/\/\/\/\/\/\/\/\/\/\/\/\/\/\/\/\/\/\/\/\/\/\/\/ --><br \/>\n<!-- ATEN\u00c7\u00c3O, variaveis essenciais para o funcionamento do formul\u00e1rio --><br \/>\nvar form_convidados_range = [<br \/>\n    &#8221;,<br \/>\n    &#8216;0|100&#8217;,<br \/>\n    &#8216;101|150&#8217;,<br \/>\n    &#8216;151|250&#8217;,<br \/>\n    &#8216;251|500&#8217;<br \/>\n];<br \/>\n\/\/Valor | Desconto<br \/>\nvar form_espacos = [<br \/>\n    &#8221;,<br \/>\n    &#8216;30000|5&#8217;,<br \/>\n    &#8216;60000|5&#8217;,<br \/>\n    &#8216;800000|5&#8217;,<br \/>\n    &#8216;1100000|5&#8217;<br \/>\n];<br \/>\nvar form_menus_casamento = [<br \/>\n    &#8221;,<br \/>\n    &#8216;Empratado ou buffet, bebidas n\u00e3o alcoolicas inclusas&#8217;,<br \/>\n    &#8216;Com bebidas n\u00e3o alcoolicas inclusas&#8217;,<br \/>\n    &#8216;Com bebidas n\u00e3o alcoolicas inclusas&#8217;<br \/>\n];<br \/>\nvar menu_casamento = [<br \/>\n &#8220;&#8221;,560, 595<br \/>\n]<\/p>\n<p><div class=\"cf7mls-btns\"><button type=\"button\" class=\"cf7mls_next cf7mls_btn action-button\" name=\"cf7mls_next\" id=\"cf7mls-next-btn-cf7mls_step-1\">SOLICITE MAIS INFORMA\u00c7\u00d5ES<img src=\"https:\/\/www.pacoteshyatt.com.br\/sao-paulo\/wp-content\/plugins\/cf7-multi-step\/\/assets\/frontend\/img\/loader.svg\" alt=\"\" data-lazy-src=\"https:\/\/www.pacoteshyatt.com.br\/sao-paulo\/wp-content\/plugins\/cf7-multi-step\/\/assets\/frontend\/img\/loader.svg\" \/><\/button><\/div><p><\/p><\/fieldset><fieldset class=\"fieldset-cf7mls\">\n<div class=\"all-section-title\">\n<h2>Solicite um or\u00e7amento personalizado<\/h2>\n<\/div>\n<div class=\"inner-form-col\">\n<div class=\"row\">\n<div class=\"col-lg-6 mb-4\">\n            <label>NOME dos Noivos<\/label><br \/>\n            <span class=\"wpcf7-form-control-wrap nome\"><input type=\"text\" name=\"nome\" value=\"\" size=\"40\" class=\"wpcf7-form-control wpcf7-text wpcf7-validates-as-required\" aria-required=\"true\" aria-invalid=\"false\" \/><\/span>\n        <\/div>\n<div class=\"col-lg-6 mb-4\">\n            <label>Telefone<\/label><br \/>\n            <span class=\"wpcf7-form-control-wrap telefone\"><input type=\"tel\" name=\"telefone\" value=\"\" size=\"40\" class=\"wpcf7-form-control wpcf7-text wpcf7-tel wpcf7-validates-as-required wpcf7-validates-as-tel\" aria-required=\"true\" aria-invalid=\"false\" \/><\/span>\n         <\/div>\n<div class=\"col-lg-6 mb-4\">\n            <label>e-mail<\/label><br \/>\n            <span class=\"wpcf7-form-control-wrap email\"><input type=\"email\" name=\"email\" value=\"\" size=\"40\" class=\"wpcf7-form-control wpcf7-text wpcf7-email wpcf7-validates-as-required wpcf7-validates-as-email\" aria-required=\"true\" aria-invalid=\"false\" \/><\/span>\n        <\/div>\n<\/div>\n<div class=\"position-relative d-inline-block float-right\">\n<input type=\"submit\" value=\"SOLICITE SEU OR\u00c7AMENTO\" class=\"wpcf7-form-control has-spinner wpcf7-submit btn\" \/>\n<\/div>\n<\/div>\n<p><button type=\"button\" class=\"cf7mls_back action-button\" name=\"cf7mls_back\" id=\"cf7mls-back-btn-cf7mls_step-2\">Voltar<\/button><\/p>\n<\/fieldset><\/div><div class=\"wpcf7-response-output\" aria-hidden=\"true\"><\/div><\/form><\/div>                <\/div>\n            <\/div>\n        <\/div>\n        \n<\/div>\n<\/div><\/div>\n\n<\/div>\n\n\n\n<div class=\"wp-container-69f4d8312789f wp-block-group intro-content-home text-center\"><div class=\"wp-block-group__inner-container\"><div class=\"wp-bootstrap-blocks-container container mb-2\">\n\t\n<div class=\"wp-bootstrap-blocks-row row\">\n\t\n\n<div class=\"col-12 col-md-12 inner-intro-content\">\n\t\t\t\n\n<div class=\"wp-container-69f4d8312733a wp-block-group inner-content\"><div class=\"wp-block-group__inner-container\">\n<h2><strong>Casamentos, anivers\u00e1rios e demais comemora\u00e7\u00f5es em Hotel<\/strong><\/h2>\n\n\n\n<p> O Grand Hyatt S\u00e3o Paulo \u00e9 o local ideal para quem procura praticidade, conforto e versatilidade para os preparativos de um <strong>evento social em hotel<\/strong>. Proporcionamos uma infraestrutura completa, flexibilidade de espa\u00e7os, hospitalidade e alta gastronomia.<br>Permita-nos ser o local perfeito para os momentos especiais da sua vida, onde cada detalhe \u00e9 planejado para superar as expectativas!<\/p>\n\n\n\n<p>  <\/p>\n<\/div><\/div>\n\n\t<\/div>\n\n<\/div>\n\n<\/div>\n<\/div><\/div>\n\n\n\n<div class=\"wp-container-69f4d831294e4 wp-block-group grand-taste-top-section\"><div class=\"wp-block-group__inner-container\"><div class=\"wp-bootstrap-blocks-container container mb-2 product-descrip-section\">\n\t\n<div class=\"wp-bootstrap-blocks-row row inner-taste-col\">\n\t\n\n<div class=\"col-12 col-md-6\">\n\t\t\t\n\n<figure class=\"wp-block-image size-full\"><img loading=\"lazy\" width=\"544\" height=\"369\" src=\"https:\/\/www.pacoteshyatt.com.br\/sao-paulo\/wp-content\/uploads\/sites\/3\/2024\/03\/Coqueiral-Slide-11.png\" alt=\"Espa\u00e7o para recep\u00e7\u00e3o de casamento em S\u00e3o Paulo\" class=\"wp-image-12260\" srcset=\"https:\/\/www.pacoteshyatt.com.br\/sao-paulo\/wp-content\/uploads\/sites\/3\/2024\/03\/Coqueiral-Slide-11.png 544w, https:\/\/www.pacoteshyatt.com.br\/sao-paulo\/wp-content\/uploads\/sites\/3\/2024\/03\/Coqueiral-Slide-11-300x203.png 300w, https:\/\/www.pacoteshyatt.com.br\/sao-paulo\/wp-content\/uploads\/sites\/3\/2024\/03\/Coqueiral-Slide-11-295x200.png 295w, https:\/\/www.pacoteshyatt.com.br\/sao-paulo\/wp-content\/uploads\/sites\/3\/2024\/03\/Coqueiral-Slide-11-348x236.png 348w\" sizes=\"(max-width: 544px) 100vw, 544px\" \/><\/figure>\n\n\t<\/div>\n\n\n\n<div class=\"col-12 col-md-6 description-content\">\n\t\t\t\n\n<h2>Coqueiral<\/h2>\n\n\n\n<p>Uma experi\u00eancia rom\u00e2ntica ao ar livre, com uma charmosa passarela de coqueiros, o cen\u00e1rio natural perfeito para realizar uma cerim\u00f4nia de casamento ou para recepcionar os convidados em um coquetel. <\/p>\n\n\n\n<p><\/p>\n\n\t<\/div>\n\n<\/div>\n\n\n<div class=\"wp-bootstrap-blocks-row row inner-taste-col\">\n\t\n\n<div class=\"col-12 col-md-6 description-content\">\n\t\t\t\n\n<h2>Jardim<\/h2>\n\n\n\n<div class=\"wp-container-69f4d83128027 wp-block-group\"><div class=\"wp-block-group__inner-container\">\n<p>Espa\u00e7o Jardim conex\u00e3o direta ao Coqueiral, este ambiente valoriza a integra\u00e7\u00e3o com a natureza, destacando a ilumina\u00e7\u00e3o natural ideal para festas at\u00e9 90 pessoas.<\/p>\n<\/div><\/div>\n\n\t<\/div>\n\n\n\n<div class=\"col-12 col-md-6\">\n\t\t\t\n\n<figure class=\"wp-block-image size-large\"><img loading=\"lazy\" width=\"1024\" height=\"683\" src=\"https:\/\/www.pacoteshyatt.com.br\/sao-paulo\/wp-content\/uploads\/sites\/3\/2025\/05\/TBF3454-1024x683.jpg\" alt=\"Espa\u00e7o para event\" class=\"wp-image-17937\" srcset=\"https:\/\/www.pacoteshyatt.com.br\/sao-paulo\/wp-content\/uploads\/sites\/3\/2025\/05\/TBF3454-1024x683.jpg 1024w, https:\/\/www.pacoteshyatt.com.br\/sao-paulo\/wp-content\/uploads\/sites\/3\/2025\/05\/TBF3454-300x200.jpg 300w, https:\/\/www.pacoteshyatt.com.br\/sao-paulo\/wp-content\/uploads\/sites\/3\/2025\/05\/TBF3454-768x512.jpg 768w, https:\/\/www.pacoteshyatt.com.br\/sao-paulo\/wp-content\/uploads\/sites\/3\/2025\/05\/TBF3454-438x292.jpg 438w, https:\/\/www.pacoteshyatt.com.br\/sao-paulo\/wp-content\/uploads\/sites\/3\/2025\/05\/TBF3454-237x158.jpg 237w, https:\/\/www.pacoteshyatt.com.br\/sao-paulo\/wp-content\/uploads\/sites\/3\/2025\/05\/TBF3454-348x232.jpg 348w, https:\/\/www.pacoteshyatt.com.br\/sao-paulo\/wp-content\/uploads\/sites\/3\/2025\/05\/TBF3454.jpg 1200w\" sizes=\"(max-width: 1024px) 100vw, 1024px\" \/><\/figure>\n\n\t<\/div>\n\n<\/div>\n\n\n<div class=\"wp-bootstrap-blocks-row row inner-taste-col\">\n\t\n\n<div class=\"col-12 col-md-6\">\n\t\t\t\n\n<figure class=\"wp-block-image size-large\"><img loading=\"lazy\" width=\"1024\" height=\"682\" src=\"https:\/\/www.pacoteshyatt.com.br\/sao-paulo\/wp-content\/uploads\/sites\/3\/2025\/01\/30.09.23-Thais-e-Pedro-0025-1024x682.jpg\" alt=\"A origem: sal\u00e3o de festas do Grand Hyatt S\u00e3o Paulo\" class=\"wp-image-16749\" srcset=\"https:\/\/www.pacoteshyatt.com.br\/sao-paulo\/wp-content\/uploads\/sites\/3\/2025\/01\/30.09.23-Thais-e-Pedro-0025-1024x682.jpg 1024w, https:\/\/www.pacoteshyatt.com.br\/sao-paulo\/wp-content\/uploads\/sites\/3\/2025\/01\/30.09.23-Thais-e-Pedro-0025-300x200.jpg 300w, https:\/\/www.pacoteshyatt.com.br\/sao-paulo\/wp-content\/uploads\/sites\/3\/2025\/01\/30.09.23-Thais-e-Pedro-0025-768x512.jpg 768w, https:\/\/www.pacoteshyatt.com.br\/sao-paulo\/wp-content\/uploads\/sites\/3\/2025\/01\/30.09.23-Thais-e-Pedro-0025-1536x1024.jpg 1536w, https:\/\/www.pacoteshyatt.com.br\/sao-paulo\/wp-content\/uploads\/sites\/3\/2025\/01\/30.09.23-Thais-e-Pedro-0025-438x292.jpg 438w, https:\/\/www.pacoteshyatt.com.br\/sao-paulo\/wp-content\/uploads\/sites\/3\/2025\/01\/30.09.23-Thais-e-Pedro-0025-237x158.jpg 237w, https:\/\/www.pacoteshyatt.com.br\/sao-paulo\/wp-content\/uploads\/sites\/3\/2025\/01\/30.09.23-Thais-e-Pedro-0025-348x232.jpg 348w, https:\/\/www.pacoteshyatt.com.br\/sao-paulo\/wp-content\/uploads\/sites\/3\/2025\/01\/30.09.23-Thais-e-Pedro-0025.jpg 2000w\" sizes=\"(max-width: 1024px) 100vw, 1024px\" \/><\/figure>\n\n\t<\/div>\n\n\n\n<div class=\"col-12 col-md-6 description-content\">\n\t\t\t\n\n<h2>Origem<\/h2>\n\n\n\n<p>Um ambiente charmoso e iluminado com luz natural, ideal para Mini Weddings, com capacidade para at\u00e9 120 pessoas.<\/p>\n\n\n\n<p><\/p>\n\n\t<\/div>\n\n<\/div>\n\n\n<div class=\"wp-bootstrap-blocks-row row inner-taste-col\">\n\t\n\n<div class=\"col-12 col-md-6 description-content\">\n\t\t\t\n\n<h2>Ess\u00eancia<\/h2>\n\n\n\n<div class=\"wp-container-69f4d83128699 wp-block-group\"><div class=\"wp-block-group__inner-container\">\n<p>Um local aconchegante e intimista para at\u00e9 120 pessoas, com ilumina\u00e7\u00e3o natural e uma vista privilegiada para a ponte estaiada.<\/p>\n<\/div><\/div>\n\n\t<\/div>\n\n\n\n<div class=\"col-12 col-md-6\">\n\t\t\t\n\n<figure class=\"wp-block-image size-full\"><img loading=\"lazy\" width=\"585\" height=\"449\" src=\"https:\/\/www.pacoteshyatt.com.br\/sao-paulo\/wp-content\/uploads\/sites\/3\/2025\/01\/Upstairs-1.jpg\" alt=\"Ess\u00eancia: um local para eventos corporativos e luxuosos do grand Hyatt sp\" class=\"wp-image-16746\" srcset=\"https:\/\/www.pacoteshyatt.com.br\/sao-paulo\/wp-content\/uploads\/sites\/3\/2025\/01\/Upstairs-1.jpg 585w, https:\/\/www.pacoteshyatt.com.br\/sao-paulo\/wp-content\/uploads\/sites\/3\/2025\/01\/Upstairs-1-300x230.jpg 300w, https:\/\/www.pacoteshyatt.com.br\/sao-paulo\/wp-content\/uploads\/sites\/3\/2025\/01\/Upstairs-1-81x63.jpg 81w, https:\/\/www.pacoteshyatt.com.br\/sao-paulo\/wp-content\/uploads\/sites\/3\/2025\/01\/Upstairs-1-261x200.jpg 261w, https:\/\/www.pacoteshyatt.com.br\/sao-paulo\/wp-content\/uploads\/sites\/3\/2025\/01\/Upstairs-1-348x267.jpg 348w\" sizes=\"(max-width: 585px) 100vw, 585px\" \/><\/figure>\n\n\t<\/div>\n\n<\/div>\n\n\n<div class=\"wp-bootstrap-blocks-row row inner-taste-col\">\n\t\n\n<div class=\"col-12 col-md-6\">\n\t\t\t\n\n<figure class=\"wp-block-image size-full\"><img loading=\"lazy\" width=\"544\" height=\"369\" src=\"https:\/\/www.pacoteshyatt.com.br\/sao-paulo\/wp-content\/uploads\/sites\/3\/2024\/03\/Terraco-Vanguarda-Slide-6.png\" alt=\"Terra\u00e7o para eventos em sp\" class=\"wp-image-12234\" srcset=\"https:\/\/www.pacoteshyatt.com.br\/sao-paulo\/wp-content\/uploads\/sites\/3\/2024\/03\/Terraco-Vanguarda-Slide-6.png 544w, https:\/\/www.pacoteshyatt.com.br\/sao-paulo\/wp-content\/uploads\/sites\/3\/2024\/03\/Terraco-Vanguarda-Slide-6-300x203.png 300w, https:\/\/www.pacoteshyatt.com.br\/sao-paulo\/wp-content\/uploads\/sites\/3\/2024\/03\/Terraco-Vanguarda-Slide-6-295x200.png 295w, https:\/\/www.pacoteshyatt.com.br\/sao-paulo\/wp-content\/uploads\/sites\/3\/2024\/03\/Terraco-Vanguarda-Slide-6-348x236.png 348w\" sizes=\"(max-width: 544px) 100vw, 544px\" \/><\/figure>\n\n\t<\/div>\n\n\n\n<div class=\"col-12 col-md-6 description-content\">\n\t\t\t\n\n<h2>Terra\u00e7o Vanguarda<\/h2>\n\n\n\n<p>Perfeito para relaxar e descontrair! O Terra\u00e7o Vanguarda proporciona um ambiente sofisticado, elegante e intimista, com vistas deslumbrantes da cidade de S\u00e3o Paulo.  <\/p>\n\n\n\n<p><\/p>\n\n\t<\/div>\n\n<\/div>\n\n\n<div class=\"wp-bootstrap-blocks-row row inner-taste-col\">\n\t\n\n<div class=\"col-12 col-md-6 description-content\">\n\t\t\t\n\n<h2>Vanguarda Ballroom<\/h2>\n\n\n\n<div class=\"wp-container-69f4d83128e1f wp-block-group\"><div class=\"wp-block-group__inner-container\">\n<p>A Vanguarda Ballroom se destaca como um espa\u00e7o vers\u00e1til que pode ser subdividido em tr\u00eas se\u00e7\u00f5es. Al\u00e9m disso, oferece uma \u00e1rea pr\u00e9-funcional conhecida como Foyer Vanguardas, com terra\u00e7os ao ar livre que adicionam flexibilidade para a realiza\u00e7\u00e3o de grandes recep\u00e7\u00f5es. <\/p>\n<\/div><\/div>\n\n\t<\/div>\n\n\n\n<div class=\"col-12 col-md-6\">\n\t\t\t\n\n<figure class=\"wp-block-image size-large\"><img loading=\"lazy\" width=\"1024\" height=\"768\" src=\"https:\/\/www.pacoteshyatt.com.br\/sao-paulo\/wp-content\/uploads\/sites\/3\/2025\/01\/Vanguarda-1-1024x768.jpg\" alt=\"Vanguarda Ballroom espa\u00e7o para eventos corporativos do Grand Hyatt\" class=\"wp-image-16747\" srcset=\"https:\/\/www.pacoteshyatt.com.br\/sao-paulo\/wp-content\/uploads\/sites\/3\/2025\/01\/Vanguarda-1-1024x768.jpg 1024w, https:\/\/www.pacoteshyatt.com.br\/sao-paulo\/wp-content\/uploads\/sites\/3\/2025\/01\/Vanguarda-1-300x225.jpg 300w, https:\/\/www.pacoteshyatt.com.br\/sao-paulo\/wp-content\/uploads\/sites\/3\/2025\/01\/Vanguarda-1-768x576.jpg 768w, https:\/\/www.pacoteshyatt.com.br\/sao-paulo\/wp-content\/uploads\/sites\/3\/2025\/01\/Vanguarda-1-267x200.jpg 267w, https:\/\/www.pacoteshyatt.com.br\/sao-paulo\/wp-content\/uploads\/sites\/3\/2025\/01\/Vanguarda-1-348x261.jpg 348w, https:\/\/www.pacoteshyatt.com.br\/sao-paulo\/wp-content\/uploads\/sites\/3\/2025\/01\/Vanguarda-1.jpg 1124w\" sizes=\"(max-width: 1024px) 100vw, 1024px\" \/><\/figure>\n\n\t<\/div>\n\n<\/div>\n\n<\/div>\n<\/div><\/div>\n\n\n\n<div class=\"wp-container-69f4d83129b5a wp-block-group grand-taste-top-section\"><div class=\"wp-block-group__inner-container\"><div class=\"wp-bootstrap-blocks-container container mb-2 product-descrip-section\">\n\t<\/div>\n<\/div><\/div>\n\n\n<p><!--EndFragment--><\/p>\n\n\n<div class=\"wp-container-69f4d8312a085 wp-block-group grand-taste-top-section\"><div class=\"wp-block-group__inner-container\"><\/div><\/div>\n\n\n        <div class=\"service-section\">\n            <div class=\"container\">\n                <div class=\"row\">\n                    <div class=\"inner-service-col col-12\">\n                                                    <div class=\"all-section-title\">\n                                <h2>Nossos servi\u00e7os<\/h2>\n                            <\/div>\n                                                <div class=\"d-flex flex-wrap inner-service-section justify-content-center\">\n                                    <div class=\"col-6 col-sm-4 col-lg-3 custom-3-col\">\n                                <a href=\"https:\/\/saogh.hyattmenusandexperiences.com\/pt\" class=\"service-image\">\n                                    <div class=\"inner-service-image\">\n                                        <img src=\"https:\/\/www.pacoteshyatt.com.br\/sao-paulo\/wp-content\/uploads\/sites\/3\/2024\/03\/Banquetes-Slide-7.png\" alt=\"MENUS\">\n                                    <\/div>\n                                    <div class=\"btn-col\">\n                                        <span class=\"btn with-border\">| MENUS<\/span>\n                                    <\/div>\n                                <\/a>\n                            <\/div>\n                                        <div class=\"col-6 col-sm-4 col-lg-3 custom-3-col\">\n                                <a href=\"https:\/\/www.pacoteshyatt.com.br\/sao-paulo\/suites\/\" class=\"service-image\">\n                                    <div class=\"inner-service-image\">\n                                        <img src=\"https:\/\/www.pacoteshyatt.com.br\/sao-paulo\/wp-content\/uploads\/sites\/3\/2024\/03\/Hospedagem-Slide-7.png\" alt=\"HOSPEDAGEM\">\n                                    <\/div>\n                                    <div class=\"btn-col\">\n                                        <span class=\"btn with-border\">| HOSPEDAGEM<\/span>\n                                    <\/div>\n                                <\/a>\n                            <\/div>\n                                    <\/div>\n                    <\/div>\n                <\/div>\n            <\/div>\n        <\/div>\n        ","protected":false},"excerpt":{"rendered":"","protected":false},"author":1,"featured_media":12260,"parent":11918,"menu_order":0,"comment_status":"closed","ping_status":"closed","template":"","meta":{"_eb_attr":""},"yoast_head":"<!-- This site is optimized with the Yoast SEO plugin v18.4.1 - https:\/\/yoast.com\/wordpress\/plugins\/seo\/ -->\n<title>Espa\u00e7o para Eventos, Casamentos e Festas - Hyatt SP<\/title>\n<meta name=\"description\" content=\"Curta momentos inesquec\u00edveis no espa\u00e7o social para eventos, que conta com ambientes variados, desde os mais elegantes at\u00e9 os ao ar livre. Agende j\u00e1 sua visita!\" \/>\n<meta name=\"robots\" content=\"index, follow, max-snippet:-1, max-image-preview:large, max-video-preview:-1\" \/>\n<link rel=\"canonical\" href=\"https:\/\/www.pacoteshyatt.com.br\/sao-paulo\/eventos\/sociais\/\" \/>\n<meta property=\"og:locale\" content=\"pt_BR\" \/>\n<meta property=\"og:type\" content=\"article\" \/>\n<meta property=\"og:title\" content=\"Espa\u00e7o para Eventos, Casamentos e Festas - Hyatt SP\" \/>\n<meta property=\"og:description\" content=\"Curta momentos inesquec\u00edveis no espa\u00e7o social para eventos, que conta com ambientes variados, desde os mais elegantes at\u00e9 os ao ar livre. Agende j\u00e1 sua visita!\" \/>\n<meta property=\"og:url\" content=\"https:\/\/www.pacoteshyatt.com.br\/sao-paulo\/eventos\/sociais\/\" \/>\n<meta property=\"og:site_name\" content=\"GRAND HYATT S\u00c3O PAULO\" \/>\n<meta property=\"article:modified_time\" content=\"2025-07-31T20:58:59+00:00\" \/>\n<meta property=\"og:image\" content=\"https:\/\/www.pacoteshyatt.com.br\/sao-paulo\/wp-content\/uploads\/sites\/3\/2024\/03\/Coqueiral-Slide-11.png\" \/>\n\t<meta property=\"og:image:width\" content=\"544\" \/>\n\t<meta property=\"og:image:height\" content=\"369\" \/>\n\t<meta property=\"og:image:type\" content=\"image\/png\" \/>\n<meta name=\"twitter:card\" content=\"summary_large_image\" \/>\n<meta name=\"twitter:label1\" content=\"Est. tempo de leitura\" \/>\n\t<meta name=\"twitter:data1\" content=\"4 minutos\" \/>\n<script type=\"application\/ld+json\" class=\"yoast-schema-graph\">{\"@context\":\"https:\/\/schema.org\",\"@graph\":[{\"@type\":\"WebSite\",\"@id\":\"https:\/\/www.pacoteshyatt.com.br\/sao-paulo\/#website\",\"url\":\"https:\/\/www.pacoteshyatt.com.br\/sao-paulo\/\",\"name\":\"GRAND HYATT S\u00c3O PAULO\",\"description\":\"S\u00f3 mais um site Hot\u00e9is Grand Hyatt Rio de Janeiro e S\u00e3o Paulo sites\",\"potentialAction\":[{\"@type\":\"SearchAction\",\"target\":{\"@type\":\"EntryPoint\",\"urlTemplate\":\"https:\/\/www.pacoteshyatt.com.br\/sao-paulo\/?s={search_term_string}\"},\"query-input\":\"required name=search_term_string\"}],\"inLanguage\":\"pt-BR\"},{\"@type\":\"ImageObject\",\"@id\":\"https:\/\/www.pacoteshyatt.com.br\/sao-paulo\/eventos\/sociais\/#primaryimage\",\"inLanguage\":\"pt-BR\",\"url\":\"https:\/\/www.pacoteshyatt.com.br\/sao-paulo\/wp-content\/uploads\/sites\/3\/2024\/03\/Coqueiral-Slide-11.png\",\"contentUrl\":\"https:\/\/www.pacoteshyatt.com.br\/sao-paulo\/wp-content\/uploads\/sites\/3\/2024\/03\/Coqueiral-Slide-11.png\",\"width\":544,\"height\":369,\"caption\":\"Coqueiral-Slide-11\"},{\"@type\":\"WebPage\",\"@id\":\"https:\/\/www.pacoteshyatt.com.br\/sao-paulo\/eventos\/sociais\/#webpage\",\"url\":\"https:\/\/www.pacoteshyatt.com.br\/sao-paulo\/eventos\/sociais\/\",\"name\":\"Espa\u00e7o para Eventos, Casamentos e Festas - Hyatt SP\",\"isPartOf\":{\"@id\":\"https:\/\/www.pacoteshyatt.com.br\/sao-paulo\/#website\"},\"primaryImageOfPage\":{\"@id\":\"https:\/\/www.pacoteshyatt.com.br\/sao-paulo\/eventos\/sociais\/#primaryimage\"},\"datePublished\":\"2024-02-28T16:17:44+00:00\",\"dateModified\":\"2025-07-31T20:58:59+00:00\",\"description\":\"Curta momentos inesquec\u00edveis no espa\u00e7o social para eventos, que conta com ambientes variados, desde os mais elegantes at\u00e9 os ao ar livre. Agende j\u00e1 sua visita!\",\"breadcrumb\":{\"@id\":\"https:\/\/www.pacoteshyatt.com.br\/sao-paulo\/eventos\/sociais\/#breadcrumb\"},\"inLanguage\":\"pt-BR\",\"potentialAction\":[{\"@type\":\"ReadAction\",\"target\":[\"https:\/\/www.pacoteshyatt.com.br\/sao-paulo\/eventos\/sociais\/\"]}]},{\"@type\":\"BreadcrumbList\",\"@id\":\"https:\/\/www.pacoteshyatt.com.br\/sao-paulo\/eventos\/sociais\/#breadcrumb\",\"itemListElement\":[{\"@type\":\"ListItem\",\"position\":1,\"name\":\"Home\",\"item\":\"https:\/\/www.pacoteshyatt.com.br\/sao-paulo\/\"},{\"@type\":\"ListItem\",\"position\":2,\"name\":\"Eventos\",\"item\":\"https:\/\/www.pacoteshyatt.com.br\/sao-paulo\/eventos\/\"},{\"@type\":\"ListItem\",\"position\":3,\"name\":\"Eventos Sociais\"}]}]}<\/script>\n<!-- \/ Yoast SEO plugin. -->","yoast_head_json":{"title":"Espa\u00e7o para Eventos, Casamentos e Festas - Hyatt SP","description":"Curta momentos inesquec\u00edveis no espa\u00e7o social para eventos, que conta com ambientes variados, desde os mais elegantes at\u00e9 os ao ar livre. Agende j\u00e1 sua visita!","robots":{"index":"index","follow":"follow","max-snippet":"max-snippet:-1","max-image-preview":"max-image-preview:large","max-video-preview":"max-video-preview:-1"},"canonical":"https:\/\/www.pacoteshyatt.com.br\/sao-paulo\/eventos\/sociais\/","og_locale":"pt_BR","og_type":"article","og_title":"Espa\u00e7o para Eventos, Casamentos e Festas - Hyatt SP","og_description":"Curta momentos inesquec\u00edveis no espa\u00e7o social para eventos, que conta com ambientes variados, desde os mais elegantes at\u00e9 os ao ar livre. Agende j\u00e1 sua visita!","og_url":"https:\/\/www.pacoteshyatt.com.br\/sao-paulo\/eventos\/sociais\/","og_site_name":"GRAND HYATT S\u00c3O PAULO","article_modified_time":"2025-07-31T20:58:59+00:00","og_image":[{"width":544,"height":369,"url":"https:\/\/www.pacoteshyatt.com.br\/sao-paulo\/wp-content\/uploads\/sites\/3\/2024\/03\/Coqueiral-Slide-11.png","type":"image\/png"}],"twitter_card":"summary_large_image","twitter_misc":{"Est. tempo de leitura":"4 minutos"},"schema":{"@context":"https:\/\/schema.org","@graph":[{"@type":"WebSite","@id":"https:\/\/www.pacoteshyatt.com.br\/sao-paulo\/#website","url":"https:\/\/www.pacoteshyatt.com.br\/sao-paulo\/","name":"GRAND HYATT S\u00c3O PAULO","description":"S\u00f3 mais um site Hot\u00e9is Grand Hyatt Rio de Janeiro e S\u00e3o Paulo sites","potentialAction":[{"@type":"SearchAction","target":{"@type":"EntryPoint","urlTemplate":"https:\/\/www.pacoteshyatt.com.br\/sao-paulo\/?s={search_term_string}"},"query-input":"required name=search_term_string"}],"inLanguage":"pt-BR"},{"@type":"ImageObject","@id":"https:\/\/www.pacoteshyatt.com.br\/sao-paulo\/eventos\/sociais\/#primaryimage","inLanguage":"pt-BR","url":"https:\/\/www.pacoteshyatt.com.br\/sao-paulo\/wp-content\/uploads\/sites\/3\/2024\/03\/Coqueiral-Slide-11.png","contentUrl":"https:\/\/www.pacoteshyatt.com.br\/sao-paulo\/wp-content\/uploads\/sites\/3\/2024\/03\/Coqueiral-Slide-11.png","width":544,"height":369,"caption":"Coqueiral-Slide-11"},{"@type":"WebPage","@id":"https:\/\/www.pacoteshyatt.com.br\/sao-paulo\/eventos\/sociais\/#webpage","url":"https:\/\/www.pacoteshyatt.com.br\/sao-paulo\/eventos\/sociais\/","name":"Espa\u00e7o para Eventos, Casamentos e Festas - Hyatt SP","isPartOf":{"@id":"https:\/\/www.pacoteshyatt.com.br\/sao-paulo\/#website"},"primaryImageOfPage":{"@id":"https:\/\/www.pacoteshyatt.com.br\/sao-paulo\/eventos\/sociais\/#primaryimage"},"datePublished":"2024-02-28T16:17:44+00:00","dateModified":"2025-07-31T20:58:59+00:00","description":"Curta momentos inesquec\u00edveis no espa\u00e7o social para eventos, que conta com ambientes variados, desde os mais elegantes at\u00e9 os ao ar livre. Agende j\u00e1 sua visita!","breadcrumb":{"@id":"https:\/\/www.pacoteshyatt.com.br\/sao-paulo\/eventos\/sociais\/#breadcrumb"},"inLanguage":"pt-BR","potentialAction":[{"@type":"ReadAction","target":["https:\/\/www.pacoteshyatt.com.br\/sao-paulo\/eventos\/sociais\/"]}]},{"@type":"BreadcrumbList","@id":"https:\/\/www.pacoteshyatt.com.br\/sao-paulo\/eventos\/sociais\/#breadcrumb","itemListElement":[{"@type":"ListItem","position":1,"name":"Home","item":"https:\/\/www.pacoteshyatt.com.br\/sao-paulo\/"},{"@type":"ListItem","position":2,"name":"Eventos","item":"https:\/\/www.pacoteshyatt.com.br\/sao-paulo\/eventos\/"},{"@type":"ListItem","position":3,"name":"Eventos Sociais"}]}]}},"_links":{"self":[{"href":"https:\/\/www.pacoteshyatt.com.br\/sao-paulo\/wp-json\/wp\/v2\/pages\/11927"}],"collection":[{"href":"https:\/\/www.pacoteshyatt.com.br\/sao-paulo\/wp-json\/wp\/v2\/pages"}],"about":[{"href":"https:\/\/www.pacoteshyatt.com.br\/sao-paulo\/wp-json\/wp\/v2\/types\/page"}],"author":[{"embeddable":true,"href":"https:\/\/www.pacoteshyatt.com.br\/sao-paulo\/wp-json\/wp\/v2\/users\/1"}],"replies":[{"embeddable":true,"href":"https:\/\/www.pacoteshyatt.com.br\/sao-paulo\/wp-json\/wp\/v2\/comments?post=11927"}],"version-history":[{"count":48,"href":"https:\/\/www.pacoteshyatt.com.br\/sao-paulo\/wp-json\/wp\/v2\/pages\/11927\/revisions"}],"predecessor-version":[{"id":18529,"href":"https:\/\/www.pacoteshyatt.com.br\/sao-paulo\/wp-json\/wp\/v2\/pages\/11927\/revisions\/18529"}],"up":[{"embeddable":true,"href":"https:\/\/www.pacoteshyatt.com.br\/sao-paulo\/wp-json\/wp\/v2\/pages\/11918"}],"wp:featuredmedia":[{"embeddable":true,"href":"https:\/\/www.pacoteshyatt.com.br\/sao-paulo\/wp-json\/wp\/v2\/media\/12260"}],"wp:attachment":[{"href":"https:\/\/www.pacoteshyatt.com.br\/sao-paulo\/wp-json\/wp\/v2\/media?parent=11927"}],"curies":[{"name":"wp","href":"https:\/\/api.w.org\/{rel}","templated":true}]}}